{"id":103,"date":"2018-03-05T15:21:24","date_gmt":"2018-03-05T15:21:24","guid":{"rendered":"http:\/\/www.fpmislata.com\/wordpress\/?page_id=103"},"modified":"2021-09-22T05:54:47","modified_gmt":"2021-09-22T09:54:47","slug":"optica","status":"publish","type":"page","link":"https:\/\/www.fpmislata.com\/wordpress\/departamentos\/optica\/","title":{"rendered":"Departamento de \u00f3ptica"},"content":{"rendered":"<p>&nbsp;<\/p>\n<div class=\"su-button-center\"><a href=\"https:\/\/www.fpmislata.com\/wordpress\/formacion\/ciclos-formativos-optica-op\/\" class=\"su-button su-button-style-default\" style=\"color:#ffffff;background-color:#2D89EF;border-color:#246ec0;border-radius:34px;-moz-border-radius:34px;-webkit-border-radius:34px\" target=\"_self\"><span style=\"color:#ffffff;padding:0px 18px;font-size:14px;line-height:28px;border-color:#6cadf4;border-radius:34px;-moz-border-radius:34px;-webkit-border-radius:34px;text-shadow:none;-moz-text-shadow:none;-webkit-text-shadow:none\"> ENLACE A CICLOS FORMATIVOS DE \u00d3PTICA<\/span><\/a><\/div>\n<p>&nbsp;<\/p>\n<hr>\n<p style=\"text-align: justify;\">La formaci\u00f3n profesional es hoy en d\u00eda, gracias a los ciclos formativos que la constituyen, una herramienta indispensable a la hora de barajar alternativas para una futura inserci\u00f3n laboral. Dentro de este abanico profesional existente, podemos encontrar un ciclo innovador que cubre el sector profesional \u00f3ptico que hasta hace unos a\u00f1os no estaba cubierto en la Comunidad Valenciana; nos estamos refiriendo al <strong>Ciclo Superior \u00d3ptica de Anteojer\u00eda (<a href=\"https:\/\/youtu.be\/m3fr6LZAI6I\" target=\"_blank\" rel=\"noopener noreferrer\">ver video promocional<\/a>)<\/strong>. Dicho ciclo se imparte, actualmente, en el Instituto de Formaci\u00f3n Profesional <strong>CIPFP de Mislata (Valencia)<\/strong>, centro p\u00fablico integrado que apuesta por la calidad educativa como demuestra su acreditaci\u00f3n ISO 9001.<\/p>\n<ul>\n<li><a href=\"https:\/\/www.descubrelafp.org\/blog\/familia-profesional-mecanizado-gran-oportunidad_2015120159d635880cf2304a273c4a40.html\" target=\"_blank\" rel=\"noopener noreferrer\">Ver noticia: \u00abLa familia profesional de Mecanizado, una gran oportunidad\u00bb<\/a><\/li>\n<\/ul>\n<p style=\"text-align: justify;\"><strong>La \u00f3ptica<\/strong>, necesita profesionales cualificados en \u00e1reas t\u00e9cnicas, comerciales y sanitarias.En nuestro territorio, existe una gran variedad de empresas relacionadas con dicho sector, ya no s\u00f3lo en el estricto \u00e1mbito de lo que todos conocemos com\u00fanmente por \u00f3pticas, sino por un significativo tejido empresarial de fabricaci\u00f3n de lentes oft\u00e1lmicas, monturas \u00f3pticas y de suministro de productos \u00f3pticos auxiliares.<\/p>\n<p style=\"text-align: right;\"><a href=\"https:\/\/opticacipfpmislata.blogspot.com\/\" target=\"_blank\" rel=\"noopener noreferrer\">Visita el Blog de nuestro departamento&nbsp;&nbsp;&nbsp;<\/a><a style=\"outline: 0px; text-decoration-line: none;\" href=\"https:\/\/opticacipfpmislata.blogspot.com\/\" target=\"_blank\" rel=\"noopener noreferrer\"><img loading=\"lazy\" class=\"wp-image-4514 alignright lazyload\" src=\"data:image\/gif;base64,R0lGODlhAQABAAAAACH5BAEKAAEALAAAAAABAAEAAAICTAEAOw==\" alt=\"\" width=\"201\" height=\"151\" sizes=\"(max-width: 201px) 100vw, 201px\" data-src=\"https:\/\/www.fpmislata.com\/wordpress\/wp-content\/uploads\/optica2.jpg\" data-srcset=\"https:\/\/www.fpmislata.com\/wordpress\/wp-content\/uploads\/optica2.jpg 453w, https:\/\/www.fpmislata.com\/wordpress\/wp-content\/uploads\/optica2-300x225.jpg 300w\"><\/a><\/p>\n<p>&nbsp;<\/p>\n<p>&nbsp;<\/p>\n<p>&nbsp;<\/p>\n<p>&nbsp;<\/p>\n<p style=\"text-align: justify;\">Al finalizar el ciclo, el alumno contar\u00e1 con amplias habilidades profesionales, siendo capaz de aplicar t\u00e9cnicas de elaboraci\u00f3n, montaje y mantenimiento de aparatos \u00f3pticos. Igualmente podr\u00e1, a partir de una prescripci\u00f3n facultativa, asesorar al cliente en la elecci\u00f3n del tipo de producto \u00f3ptico m\u00e1s adecuado, administrar y gestionar un establecimiento\/taller de \u00f3ptica y desempe\u00f1ar tareas de t\u00e9cnico en gabinetes de contactolog\u00eda, baja visi\u00f3n y terapia visual. Toda esta formaci\u00f3n sanitaria y t\u00e9cnica va acompa\u00f1ada de unos conocimientos de f\u00edsica y tecnolog\u00eda \u00f3ptica as\u00ed como de otros m\u00f3dulos t\u00e9cnicos que abarcan el dise\u00f1o y la reparaci\u00f3n de gafas.<\/p>\n<p style=\"text-align: justify;\"><a href=\"http:\/\/www.fpmislata.com\/wordpress\/wp-content\/uploads\/cipfp-mislata-valencia-departamento-optica.jpg\"><img loading=\"lazy\" class=\"size-full wp-image-491 aligncenter lazyload\" src=\"data:image\/gif;base64,R0lGODlhAQABAAAAACH5BAEKAAEALAAAAAABAAEAAAICTAEAOw==\" alt=\"cipfp-mislata-valencia-departamento-optica\" width=\"589\" height=\"122\" sizes=\"(max-width: 589px) 100vw, 589px\" data-src=\"http:\/\/www.fpmislata.com\/wordpress\/wp-content\/uploads\/cipfp-mislata-valencia-departamento-optica.jpg\" data-srcset=\"https:\/\/www.fpmislata.com\/wordpress\/wp-content\/uploads\/cipfp-mislata-valencia-departamento-optica.jpg 589w, https:\/\/www.fpmislata.com\/wordpress\/wp-content\/uploads\/cipfp-mislata-valencia-departamento-optica-300x62.jpg 300w, https:\/\/www.fpmislata.com\/wordpress\/wp-content\/uploads\/cipfp-mislata-valencia-departamento-optica-583x121.jpg 583w\"><\/a><\/p>\n<p style=\"text-align: justify;\">Podr\u00e1n acceder a este ciclo superior todos aquellos estudiantes que tengan t\u00edtulo de bachillerato y los que est\u00e9n en posesi\u00f3n, tanto de otro t\u00edtulo de T\u00e9cnico Superior de Formaci\u00f3n Profesional, como de una titulaci\u00f3n universitaria, tambi\u00e9n si no se cumplen los requisitos anteriores mediante prueba de acceso a mayores de 20 a\u00f1os.<\/p>\n<p style=\"text-align: justify;\">Lo que persigue estos estudios es una formaci\u00f3n cualificada e integral del alumno de dos a\u00f1os acad\u00e9micos, con un alto porcentaje de horas te\u00f3ricas y de un modo especial pr\u00e1cticas,siendo \u00e9sta \u00faltima la m\u00e1s destacada, ya que el curriculum formativo abarca pr\u00e1cticas en empresas del sector, tanto de \u00e1mbito nacional como europeo cuya finalidad es alcanzar altas competencias profesionales.<\/p>\n<p>Conoce #lossuperpoderesdelafp en nuestro ciclo de \u00f3ptica<\/p>\n<div class=\"su-youtube su-u-responsive-media-yes\"><iframe width=\"240\" height=\"240\" src=\"about:blank\" frameborder=\"0\" allowfullscreen=\"\" allow=\"autoplay; encrypted-media; picture-in-picture\" title=\"\" class=\"lazyload\" data-src=\"https:\/\/www.youtube.com\/embed\/m3fr6LZAI6I?autoplay=1\"><\/iframe><\/div>\n<div class=\"su-divider su-divider-style-default\" style=\"margin:15px 0;border-width:3px;border-color:#999999\"><a href=\"#\" style=\"color:#999999\">Ir arriba<\/a><\/div>\n<div class=\"su-heading su-heading-style-default su-heading-align-center\" id=\"\" style=\"font-size:13px;margin-bottom:20px\"><div class=\"su-heading-inner\">Colaboradores:<\/div><\/div>\n<div class=\"su-table su-table-alternate\">\n<table style=\"width: 100%; height: 652px;\" width=\"80%\">\n<tbody>\n<tr style=\"height: 24px;\">\n<td style=\"height: 24px;\" width=\"209\"><strong>EMPRESA<\/strong><\/td>\n<td style=\"height: 24px;\" width=\"83\"><strong>ACTIVIDAD<\/strong><\/td>\n<\/tr>\n<tr style=\"height: 24px;\">\n<td style=\"height: 24px;\" width=\"209\">ANTONIO ESPEJO<\/td>\n<td style=\"height: 24px;\" width=\"83\">\u00d3ptica<\/td>\n<\/tr>\n<tr style=\"height: 24px;\">\n<td style=\"height: 24px;\" width=\"209\">BRIOT\/WECO<\/td>\n<td style=\"height: 24px;\" width=\"83\">Maquinaria<\/td>\n<\/tr>\n<tr style=\"height: 24px;\">\n<td style=\"height: 24px;\" width=\"209\">CENTRO \u00d3PTICO MONTRULL<\/td>\n<td style=\"height: 24px;\" width=\"83\">\u00d3ptica<\/td>\n<\/tr>\n<tr style=\"height: 44px;\">\n<td style=\"height: 44px;\" width=\"209\">ESSILOR ESPA\u00d1A S.A.<\/td>\n<td style=\"height: 44px;\" width=\"83\">Fabrica de lentes y maquinaria<\/td>\n<\/tr>\n<tr style=\"height: 44px;\">\n<td style=\"height: 44px;\" width=\"209\">HOLGADO E HIJOS<\/td>\n<td style=\"height: 44px;\" width=\"83\">F\u00e1brica de planchas de acetato<\/td>\n<\/tr>\n<tr style=\"height: 44px;\">\n<td style=\"height: 44px;\" width=\"209\">INDO<\/td>\n<td style=\"height: 44px;\" width=\"83\">F\u00e1brica de lentes y maquinaria<\/td>\n<\/tr>\n<tr style=\"height: 24px;\">\n<td style=\"height: 24px;\" width=\"209\">INICITAVAS \u00d3PTICAS S.L.<\/td>\n<td style=\"height: 24px;\" width=\"83\">\u00d3ptica<\/td>\n<\/tr>\n<tr style=\"height: 24px;\">\n<td style=\"height: 24px;\" width=\"209\">INS. VALENCIANO DE LA VISI\u00d3N<\/td>\n<td style=\"height: 24px;\" width=\"83\">\u00d3ptica<\/td>\n<\/tr>\n<tr style=\"height: 24px;\">\n<td style=\"height: 24px;\" width=\"209\">MAKE-OPTIC S.L.L.<\/td>\n<td style=\"height: 24px;\" width=\"83\">Taller de \u00f3ptica<\/td>\n<\/tr>\n<tr style=\"height: 24px;\">\n<td style=\"height: 24px;\" width=\"209\">MULTI\u00d3PTICAS (Imledosa)<\/td>\n<td style=\"height: 24px;\" width=\"83\">Suministro de gafas<\/td>\n<\/tr>\n<tr style=\"height: 24px;\">\n<td style=\"height: 24px;\" width=\"209\">NIDEK<\/td>\n<td style=\"height: 24px;\" width=\"83\">Maquinaria<\/td>\n<\/tr>\n<tr style=\"height: 24px;\">\n<td style=\"height: 24px;\" width=\"209\">NOVOLENT<\/td>\n<td style=\"height: 24px;\" width=\"83\">\u00d3ptica<\/td>\n<\/tr>\n<tr style=\"height: 24px;\">\n<td style=\"height: 24px;\" width=\"209\">\u00d3PTICA CRISTINA MAYOR<\/td>\n<td style=\"height: 24px;\" width=\"83\">\u00d3ptica<\/td>\n<\/tr>\n<tr style=\"height: 24px;\">\n<td style=\"height: 24px;\" width=\"209\">\u00d3PTICA PALOMERO<\/td>\n<td style=\"height: 24px;\" width=\"83\">\u00d3ptica<\/td>\n<\/tr>\n<tr style=\"height: 44px;\">\n<td style=\"height: 44px;\" width=\"209\">\u00d3PTICA SANTANDREU<br \/>\n(zas visi\u00f3n)<\/td>\n<td style=\"height: 44px;\" width=\"83\">\u00d3ptica<\/td>\n<\/tr>\n<tr style=\"height: 24px;\">\n<td style=\"height: 24px;\" width=\"209\">OPTICAL DEPOT<\/td>\n<td style=\"height: 24px;\" width=\"83\">Suministros \u00f3ptica<\/td>\n<\/tr>\n<tr style=\"height: 24px;\">\n<td style=\"height: 24px;\" width=\"209\">OPTIMIL-CANDELA<\/td>\n<td style=\"height: 24px;\" width=\"83\">\u00d3ptica<\/td>\n<\/tr>\n<tr style=\"height: 24px;\">\n<td style=\"height: 24px;\" width=\"209\">PRATS<\/td>\n<td style=\"height: 24px;\" width=\"83\">F\u00e1brica de lentes<\/td>\n<\/tr>\n<tr style=\"height: 44px;\">\n<td style=\"height: 44px;\" width=\"209\">TOP CON<\/td>\n<td style=\"height: 44px;\" width=\"83\">Fabricante de maquinaria<\/td>\n<\/tr>\n<tr style=\"height: 24px;\">\n<td style=\"height: 24px;\" width=\"209\">VENTUS<\/td>\n<td style=\"height: 24px;\" width=\"83\">Suministros docencia<\/td>\n<\/tr>\n<tr style=\"height: 24px;\">\n<td style=\"height: 24px;\" width=\"209\">VISIONLAB<\/td>\n<td style=\"height: 24px;\" width=\"83\">\u00d3ptica<\/td>\n<\/tr>\n<tr style=\"height: 24px;\">\n<td style=\"height: 24px;\" width=\"209\">VISTA CINCO S.L.<\/td>\n<td style=\"height: 24px;\" width=\"83\">Grupo de \u00f3pticas<\/td>\n<\/tr>\n<tr>\n<td>CIOLAB<\/td>\n<td>Fabricaci\u00f3n lentes, venta y montaje<\/td>\n<\/tr>\n<\/tbody>\n<\/table>\n<\/div>\n<div class=\"su-divider su-divider-style-default\" style=\"margin:15px 0;border-width:3px;border-color:#999999\"><a href=\"#\" style=\"color:#999999\">Ir arriba<\/a><\/div>\n","protected":false},"excerpt":{"rendered":"<p>&nbsp; &nbsp; La formaci\u00f3n profesional es hoy en d\u00eda, gracias a los ciclos formativos que la constituyen, una herramienta indispensable a la hora de barajar alternativas para una futura inserci\u00f3n laboral. Dentro de este abanico profesional existente, podemos encontrar un ciclo innovador que cubre el sector profesional \u00f3ptico que hasta hace unos a\u00f1os no estaba&hellip;<\/p>\n","protected":false},"author":1,"featured_media":1857,"parent":61,"menu_order":0,"comment_status":"closed","ping_status":"closed","template":"","meta":{"ngg_post_thumbnail":0},"_links":{"self":[{"href":"https:\/\/www.fpmislata.com\/wordpress\/wp-json\/wp\/v2\/pages\/103"}],"collection":[{"href":"https:\/\/www.fpmislata.com\/wordpress\/wp-json\/wp\/v2\/pages"}],"about":[{"href":"https:\/\/www.fpmislata.com\/wordpress\/wp-json\/wp\/v2\/types\/page"}],"author":[{"embeddable":true,"href":"https:\/\/www.fpmislata.com\/wordpress\/wp-json\/wp\/v2\/users\/1"}],"replies":[{"embeddable":true,"href":"https:\/\/www.fpmislata.com\/wordpress\/wp-json\/wp\/v2\/comments?post=103"}],"version-history":[{"count":1,"href":"https:\/\/www.fpmislata.com\/wordpress\/wp-json\/wp\/v2\/pages\/103\/revisions"}],"predecessor-version":[{"id":8962,"href":"https:\/\/www.fpmislata.com\/wordpress\/wp-json\/wp\/v2\/pages\/103\/revisions\/8962"}],"up":[{"embeddable":true,"href":"https:\/\/www.fpmislata.com\/wordpress\/wp-json\/wp\/v2\/pages\/61"}],"wp:featuredmedia":[{"embeddable":true,"href":"https:\/\/www.fpmislata.com\/wordpress\/wp-json\/wp\/v2\/media\/1857"}],"wp:attachment":[{"href":"https:\/\/www.fpmislata.com\/wordpress\/wp-json\/wp\/v2\/media?parent=103"}],"curies":[{"name":"wp","href":"https:\/\/api.w.org\/{rel}","templated":true}]}}