{"id":11537,"date":"2023-04-11T04:44:15","date_gmt":"2023-04-11T08:44:15","guid":{"rendered":"https:\/\/www.fpmislata.com\/wordpress\/?page_id=11537"},"modified":"2026-04-20T04:44:19","modified_gmt":"2026-04-20T08:44:19","slug":"pruebas-de-acceso-a-ciclos-2","status":"publish","type":"page","link":"https:\/\/www.fpmislata.com\/wordpress\/secretaria\/proceso-admision-informacion\/pruebas-de-acceso-a-ciclos-2\/","title":{"rendered":"PROCESO DE ADMISI\u00d3N | GRADO MEDIO"},"content":{"rendered":"\t\t<div data-elementor-type=\"wp-page\" data-elementor-id=\"11537\" class=\"elementor elementor-11537\" data-elementor-settings=\"[]\">\n\t\t\t\t\t\t<div class=\"elementor-inner\">\n\t\t\t\t\t\t\t<div class=\"elementor-section-wrap\">\n\t\t\t\t\t\t\t<section class=\"elementor-section elementor-top-section elementor-element elementor-element-2b2f31e0 elementor-section-boxed elementor-section-height-default elementor-section-height-default\" data-id=\"2b2f31e0\" data-element_type=\"section\">\n\t\t\t\t\t\t<div class=\"elementor-container elementor-column-gap-default\">\n\t\t\t\t\t\t\t<div class=\"elementor-row\">\n\t\t\t\t\t<div class=\"elementor-column elementor-col-100 elementor-top-column elementor-element elementor-element-4f78e146\" data-id=\"4f78e146\" data-element_type=\"column\">\n\t\t\t<div class=\"elementor-column-wrap elementor-element-populated\">\n\t\t\t\t\t\t\t<div class=\"elementor-widget-wrap\">\n\t\t\t\t\t\t<div class=\"elementor-element elementor-element-3358474e elementor-widget elementor-widget-text-editor\" data-id=\"3358474e\" data-element_type=\"widget\" data-widget_type=\"text-editor.default\">\n\t\t\t\t<div class=\"elementor-widget-container\">\n\t\t\t\t\t\t\t\t<div class=\"elementor-text-editor elementor-clearfix\">\n\t\t\t\t\t<p style=\"text-align: center;\"><span style=\"color: #0000ff; font-size: 14pt;\"><strong><span style=\"font-family: tahoma, arial, helvetica, sans-serif;\">\u00bfQuieres cursar un Ciclo de Grado Medio?\u00a0<\/span><\/strong><\/span><\/p>\n<p style=\"text-align: center;\"><span style=\"color: #ff6600;\"><strong><span style=\"font-size: 10pt; font-family: tahoma, arial, helvetica, sans-serif;\"><em>Aqu\u00ed encontrar\u00e1s + info del proceso de ADMISI\u00d3N Y MATR\u00cdCULA c<\/em><\/span><span style=\"font-size: 10pt; font-family: tahoma, arial, helvetica, sans-serif;\"><em>urso 2025-26\u00a0<\/em><\/span><\/strong><\/span><\/p>\n<p style=\"text-align: center;\"><strong><span style=\"font-size: 10pt; font-family: tahoma, arial, helvetica, sans-serif;\"><em>\u00a0<\/em><\/span><\/strong><\/p>\n<p style=\"text-align: center;\"><span style=\"color: #ff0000; font-size: 14pt;\"><span style=\"text-decoration: underline;\"><span style=\"font-family: tahoma, arial, helvetica, sans-serif;\"><span style=\"color: #3366ff; text-decoration: underline;\"><a id=\"LPlnk243195\" style=\"color: #3366ff; text-decoration: underline;\" title=\"https:\/\/ceice.gva.es\/es\/web\/formacion-profesional\/admision-alumnado-en-ciclos-formativos\" href=\"https:\/\/ceice.gva.es\/es\/web\/formacion-profesional\/admision-alumnado-en-ciclos-formativos\" data-auth=\"NotApplicable\" data-linkindex=\"4\">Admisi\u00f3n curso 2025-26<\/a><\/span><\/span><\/span><\/span><\/p>\n<p><!-- wp:tadv\/classic-paragraph \/--><\/p>\t\t\t\t\t<\/div>\n\t\t\t\t\t\t<\/div>\n\t\t\t\t<\/div>\n\t\t\t\t<div class=\"elementor-element elementor-element-df6a463 elementor-widget elementor-widget-heading\" data-id=\"df6a463\" data-element_type=\"widget\" data-widget_type=\"heading.default\">\n\t\t\t\t<div class=\"elementor-widget-container\">\n\t\t\t<h2 class=\"elementor-heading-title elementor-size-default\">GRADO MEDIO <\/h2>\t\t<\/div>\n\t\t\t\t<\/div>\n\t\t\t\t<div class=\"elementor-element elementor-element-90dfe6f elementor-widget elementor-widget-toggle\" data-id=\"90dfe6f\" data-element_type=\"widget\" data-widget_type=\"toggle.default\">\n\t\t\t\t<div class=\"elementor-widget-container\">\n\t\t\t\t\t<div class=\"elementor-toggle\" role=\"tablist\">\n\t\t\t\t\t\t\t<div class=\"elementor-toggle-item\">\n\t\t\t\t\t<div id=\"elementor-tab-title-1511\" class=\"elementor-tab-title\" data-tab=\"1\" role=\"tab\" aria-controls=\"elementor-tab-content-1511\" aria-expanded=\"false\">\n\t\t\t\t\t\t\t\t\t\t\t\t<span class=\"elementor-toggle-icon elementor-toggle-icon-left\" aria-hidden=\"true\">\n\t\t\t\t\t\t\t\t\t\t\t\t\t\t\t<span class=\"elementor-toggle-icon-closed\"><i class=\"fas fa-caret-right\"><\/i><\/span>\n\t\t\t\t\t\t\t\t<span class=\"elementor-toggle-icon-opened\"><i class=\"elementor-toggle-icon-opened fas fa-caret-up\"><\/i><\/span>\n\t\t\t\t\t\t\t\t\t\t\t\t\t<\/span>\n\t\t\t\t\t\t\t\t\t\t\t\t<a href=\"\" class=\"elementor-toggle-title\">ANTES DE RELLENAR TU SOLICITUD \u2026 \u00a1Atent@ a esto!<\/a>\n\t\t\t\t\t<\/div>\n\t\t\t\t\t<div id=\"elementor-tab-content-1511\" class=\"elementor-tab-content elementor-clearfix\" data-tab=\"1\" role=\"tabpanel\" aria-labelledby=\"elementor-tab-title-1511\"><p>\ud83d\ude80<strong> Solicitud de admisi\u00f3n: <\/strong>\u00a0se realiza <strong data-start=\"298\" data-end=\"321\">de forma telem\u00e1tica<\/strong> a trav\u00e9s de la p\u00e1gina <a href=\"https:\/\/portal.edu.gva.es\/adminova\/\"><strong data-start=\"344\" data-end=\"356\">Adminova<\/strong><\/a>.<\/p>\n<p>\u2705 <strong data-start=\"613\" data-end=\"639\">Confirma tu solicitud:<\/strong> No puede quedarse en borrador.<\/p>\n<p>\ud83d\udd58 <strong data-start=\"678\" data-end=\"700\">Consulta el turno:<\/strong> Puede ser de ma\u00f1ana o tarde, pregunta en el centro. La obtenci\u00f3n de una plaza no garantiza un turno determinado.\u00a0<\/p>\n<p>\ud83d\udd10<strong data-start=\"749\" data-end=\"771\">Clave de admisi\u00f3n:<\/strong> Si eres menor de edad, deben hacerlo tus padres\/tutores. Acude al centro si solo tienes pasaporte.<\/p>\n<p>\ud83c\udfaf<strong data-start=\"853\" data-end=\"879\">Criterios de admisi\u00f3n:<\/strong> Las plazas no solo se asignan por nota media, tambi\u00e9n existen cupos y prioridades.<\/p>\n<p>\ud83d\udcdd<strong data-start=\"938\" data-end=\"962\">Formaliza matr\u00edcula:<\/strong> Si resultas <strong data-start=\"690\" data-end=\"704\">admitido\/a<\/strong>, recuerda <strong data-start=\"715\" data-end=\"740\">matricularte en plazo<\/strong> o perder\u00e1s tu plaza.\u00a0<\/p>\n<p>\ud83d\udd0e Consulta m\u00e1s <strong>info<\/strong> en los apartados siguientes.<\/p><\/div>\n\t\t\t\t<\/div>\n\t\t\t\t\t\t\t<div class=\"elementor-toggle-item\">\n\t\t\t\t\t<div id=\"elementor-tab-title-1512\" class=\"elementor-tab-title\" data-tab=\"2\" role=\"tab\" aria-controls=\"elementor-tab-content-1512\" aria-expanded=\"false\">\n\t\t\t\t\t\t\t\t\t\t\t\t<span class=\"elementor-toggle-icon elementor-toggle-icon-left\" aria-hidden=\"true\">\n\t\t\t\t\t\t\t\t\t\t\t\t\t\t\t<span class=\"elementor-toggle-icon-closed\"><i class=\"fas fa-caret-right\"><\/i><\/span>\n\t\t\t\t\t\t\t\t<span class=\"elementor-toggle-icon-opened\"><i class=\"elementor-toggle-icon-opened fas fa-caret-up\"><\/i><\/span>\n\t\t\t\t\t\t\t\t\t\t\t\t\t<\/span>\n\t\t\t\t\t\t\t\t\t\t\t\t<a href=\"\" class=\"elementor-toggle-title\">CALENDARIO DE ADMISI\u00d3N Y MATR\u00cdCULA<\/a>\n\t\t\t\t\t<\/div>\n\t\t\t\t\t<div id=\"elementor-tab-content-1512\" class=\"elementor-tab-content elementor-clearfix\" data-tab=\"2\" role=\"tabpanel\" aria-labelledby=\"elementor-tab-title-1512\"><table style=\"border-color: #808080; width: 78.8063%; height: 544px;\" border=\"1\" width=\"66%\" cellpadding=\"1\">\n<tbody>\n<tr style=\"height: 49px;\">\n<td style=\"text-align: left; width: 50%; height: 49px;\" width=\"50%\">\u00a0<\/td>\n<td style=\"text-align: left; width: 69.403%; height: 49px;\" width=\"50%\">\n<p><strong>GRADO MEDIO<\/strong><\/p>\n<\/td>\n<\/tr>\n<tr style=\"height: 109px;\">\n<td style=\"width: 50%; height: 109px;\" width=\"50%\">\n<p>Presentaci\u00f3n telem\u00e1tica de las solicitudes<\/p>\n<\/td>\n<td style=\"width: 69.403%; height: 109px;\" width=\"50%\">\n<p>23 de mayo al 2 de junio de 2025<\/p>\n<p>( si necesitas ayuda, puedes coger\u00a0cita previa)<\/p>\n<\/td>\n<\/tr>\n<tr style=\"height: 73px;\">\n<td style=\"width: 50%; height: 73px;\" width=\"50%\">\n<p>Presentaci\u00f3n del requisito acad\u00e9mico<\/p>\n<\/td>\n<td style=\"width: 69.403%; height: 73px;\" width=\"50%\">\n<p>hasta el 1 de julio de 2025<\/p>\n<\/td>\n<\/tr>\n<tr style=\"height: 49px;\">\n<td style=\"width: 50%; height: 49px;\" width=\"50%\">\n<p>Listas Provisionales<\/p>\n<\/td>\n<td style=\"width: 69.403%; height: 49px;\" width=\"50%\">\n<p>8 de julio de 2025<\/p>\n<\/td>\n<\/tr>\n<tr style=\"height: 73px;\">\n<td style=\"width: 50%; height: 73px;\" width=\"50%\">\n<p>Reclamaciones ante la direcci\u00f3n o titularidad del centro<\/p>\n<\/td>\n<td style=\"width: 69.403%; height: 73px;\" width=\"50%\">\n<p>8 al 10 de julio de 2025<\/p>\n<\/td>\n<\/tr>\n<tr style=\"height: 49px;\">\n<td style=\"width: 50%; height: 49px;\" width=\"50%\">\n<p>Listas definitivas<\/p>\n<\/td>\n<td style=\"width: 69.403%; height: 49px;\" width=\"50%\">\n<p>23 de julio de 2025<\/p>\n<\/td>\n<\/tr>\n<tr style=\"height: 73px;\">\n<td style=\"width: 50%; height: 73px;\" width=\"50%\">\n<p>Alegaciones ante la comisi\u00f3n de escolarizaci\u00f3n<\/p>\n<\/td>\n<td style=\"width: 69.403%; height: 73px;\" width=\"50%\">\n<p>23 al 25 de julio de 2025<\/p>\n<\/td>\n<\/tr>\n<tr style=\"height: 49px;\">\n<td style=\"width: 50%; height: 49px;\" width=\"50%\">\n<p>Matr\u00edcula online AdmiNOVA<\/p>\n<\/td>\n<td style=\"width: 69.403%; height: 49px;\" width=\"50%\">\n<p>24 al 28 de julio de 2025<\/p>\n<\/td>\n<\/tr>\n<tr style=\"height: 20px;\">\n<td style=\"width: 50%; height: 20px;\" width=\"50%\">\u00a0<\/td>\n<td style=\"width: 69.403%; height: 20px;\" width=\"50%\">\n<p>\u00a0<\/p>\n<\/td>\n<\/tr>\n<\/tbody>\n<\/table>\n<p>M\u00e1s <strong>informaci\u00f3n<\/strong> acerca del <a href=\"https:\/\/dogv.gva.es\/datos\/2025\/04\/16\/pdf\/2025_11882_es.pdf\">calendario de admisi\u00f3n y matr\u00cdcula<\/a><\/p><\/div>\n\t\t\t\t<\/div>\n\t\t\t\t\t\t\t<div class=\"elementor-toggle-item\">\n\t\t\t\t\t<div id=\"elementor-tab-title-1513\" class=\"elementor-tab-title\" data-tab=\"3\" role=\"tab\" aria-controls=\"elementor-tab-content-1513\" aria-expanded=\"false\">\n\t\t\t\t\t\t\t\t\t\t\t\t<span class=\"elementor-toggle-icon elementor-toggle-icon-left\" aria-hidden=\"true\">\n\t\t\t\t\t\t\t\t\t\t\t\t\t\t\t<span class=\"elementor-toggle-icon-closed\"><i class=\"fas fa-caret-right\"><\/i><\/span>\n\t\t\t\t\t\t\t\t<span class=\"elementor-toggle-icon-opened\"><i class=\"elementor-toggle-icon-opened fas fa-caret-up\"><\/i><\/span>\n\t\t\t\t\t\t\t\t\t\t\t\t\t<\/span>\n\t\t\t\t\t\t\t\t\t\t\t\t<a href=\"\" class=\"elementor-toggle-title\">CLAVE DE ADMISI\u00d3N <\/a>\n\t\t\t\t\t<\/div>\n\t\t\t\t\t<div id=\"elementor-tab-content-1513\" class=\"elementor-tab-content elementor-clearfix\" data-tab=\"3\" role=\"tabpanel\" aria-labelledby=\"elementor-tab-title-1513\"><p class=\"p1\">La <strong>clave de admisi\u00f3n<\/strong> se podr\u00e1 obtener mediante alguno de los <span style=\"text-decoration: underline;\">siguientes sistemas de verificaci\u00f3n<\/span> de identidad:<\/p>\n<p class=\"p1\">a)\u00a0 DNI<\/p>\n<p class=\"p1\">b)\u00a0 NIE, tarjeta de extranjero o permiso de residencia<\/p>\n<p class=\"p1\">c) Certificado de registro de ciudadan\u00eda de la Uni\u00f3n Europea<\/p>\n<p class=\"p1\">d) Cualquier de los medios electr\u00f3nicos de verificaci\u00f3n de identidad siguientes:<\/p>\n<ul>\n<li>Certificado digital emitido por la Agencia de Tecnolog\u00eda y Certificaci\u00f3n Electr\u00f3nica de la Generalitat (ACCV).<\/li>\n<li>\u00a0Sistema de identidad electr\u00f3nica para las administraciones Cl@ve.<\/li>\n<li>eDNI, con su respectivo lector.\u00a0<\/li>\n<\/ul>\n<p class=\"p1\" style=\"text-align: left;\">e) Las personas solicitantes que \u00fanicamente dispongan como documento de identificaci\u00f3n el <span style=\"text-decoration: underline;\">pasaporte<\/span> o cualquier <span style=\"text-decoration: underline;\">otro documento<\/span> aceptado en el procedimiento de admisi\u00f3n <span style=\"text-decoration: underline;\">distinto al DNI o NIE<\/span>, <strong>deber\u00e1n acudir a cualquier centro<\/strong> docente p\u00fablico o privado concertado de la Comunitat Valenciana que imparta las ense\u00f1anzas a las cuales se refiere la presente resoluci\u00f3n.<\/p>\n<p>\u00a0<\/p>\n<p><a href=\"https:\/\/ceice.gva.es\/webitaca\/docs\/admissio\/sdigital\/Manual_SD_CAS.pdf\">+ info<\/a>\u00a0<\/p><\/div>\n\t\t\t\t<\/div>\n\t\t\t\t\t\t\t<div class=\"elementor-toggle-item\">\n\t\t\t\t\t<div id=\"elementor-tab-title-1514\" class=\"elementor-tab-title\" data-tab=\"4\" role=\"tab\" aria-controls=\"elementor-tab-content-1514\" aria-expanded=\"false\">\n\t\t\t\t\t\t\t\t\t\t\t\t<span class=\"elementor-toggle-icon elementor-toggle-icon-left\" aria-hidden=\"true\">\n\t\t\t\t\t\t\t\t\t\t\t\t\t\t\t<span class=\"elementor-toggle-icon-closed\"><i class=\"fas fa-caret-right\"><\/i><\/span>\n\t\t\t\t\t\t\t\t<span class=\"elementor-toggle-icon-opened\"><i class=\"elementor-toggle-icon-opened fas fa-caret-up\"><\/i><\/span>\n\t\t\t\t\t\t\t\t\t\t\t\t\t<\/span>\n\t\t\t\t\t\t\t\t\t\t\t\t<a href=\"\" class=\"elementor-toggle-title\">REQUISITO ACAD\u00c9MICO<\/a>\n\t\t\t\t\t<\/div>\n\t\t\t\t\t<div id=\"elementor-tab-content-1514\" class=\"elementor-tab-content elementor-clearfix\" data-tab=\"4\" role=\"tabpanel\" aria-labelledby=\"elementor-tab-title-1514\"><h3 class=\"\" data-start=\"105\" data-end=\"182\">\ud83d\udccc <span style=\"font-family: tahoma, arial, helvetica, sans-serif;\">Documentaci\u00f3n obligatoria para alumnado con 1\u00aa opci\u00f3n en CIPFP Mislata<\/span><\/h3>\n<p class=\"\" data-start=\"184\" data-end=\"387\">Todo el alumnado que haya seleccionado <strong data-start=\"223\" data-end=\"260\">CIPFP Mislata como primera opci\u00f3n<\/strong> en su solicitud de admisi\u00f3n deber\u00e1 enviar por correo electr\u00f3nico la siguiente documentaci\u00f3n a:<\/p>\n<p class=\"\" data-start=\"389\" data-end=\"417\"><strong data-start=\"389\" data-end=\"417\">Documentaci\u00f3n requerida:<\/strong><\/p>\n<ul data-start=\"418\" data-end=\"602\">\n<li class=\"\" data-start=\"418\" data-end=\"491\">\n<p class=\"\" data-start=\"420\" data-end=\"491\">Solicitud de preinscripci\u00f3n (<em data-start=\"452\" data-end=\"487\">documento definitivo, no borrador<\/em>).<\/p>\n<\/li>\n<li class=\"\" data-start=\"492\" data-end=\"514\">\n<p class=\"\" data-start=\"494\" data-end=\"514\">Copia del DNI\/NIE.<\/p>\n<\/li>\n<li class=\"\" data-start=\"515\" data-end=\"602\">\n<p class=\"\" data-start=\"517\" data-end=\"602\">Documentaci\u00f3n que acredite los estudios que dan acceso al ciclo formativo solicitado.<\/p>\n<\/li>\n<\/ul>\n<p>\u00a0<\/p>\n<p style=\"text-align: center;\"><span style=\"font-size: 12pt; color: #808080;\"><em><span style=\"text-decoration: underline;\"><strong>El plazo finaliza el 1 de julio de 2025 a las 13:00 horas<\/strong><\/span><\/em><\/span><\/p><\/div>\n\t\t\t\t<\/div>\n\t\t\t\t\t\t\t<div class=\"elementor-toggle-item\">\n\t\t\t\t\t<div id=\"elementor-tab-title-1515\" class=\"elementor-tab-title\" data-tab=\"5\" role=\"tab\" aria-controls=\"elementor-tab-content-1515\" aria-expanded=\"false\">\n\t\t\t\t\t\t\t\t\t\t\t\t<span class=\"elementor-toggle-icon elementor-toggle-icon-left\" aria-hidden=\"true\">\n\t\t\t\t\t\t\t\t\t\t\t\t\t\t\t<span class=\"elementor-toggle-icon-closed\"><i class=\"fas fa-caret-right\"><\/i><\/span>\n\t\t\t\t\t\t\t\t<span class=\"elementor-toggle-icon-opened\"><i class=\"elementor-toggle-icon-opened fas fa-caret-up\"><\/i><\/span>\n\t\t\t\t\t\t\t\t\t\t\t\t\t<\/span>\n\t\t\t\t\t\t\t\t\t\t\t\t<a href=\"\" class=\"elementor-toggle-title\">PORTAL TELEMATRICULA<\/a>\n\t\t\t\t\t<\/div>\n\t\t\t\t\t<div id=\"elementor-tab-content-1515\" class=\"elementor-tab-content elementor-clearfix\" data-tab=\"5\" role=\"tabpanel\" aria-labelledby=\"elementor-tab-title-1515\"><p><a href=\"https:\/\/portal.edu.gva.es\/adminova\/es\/inicio\/\">https:\/\/portal.edu.gva.es\/adminova\/es\/inicio\/<\/a><\/p><\/div>\n\t\t\t\t<\/div>\n\t\t\t\t\t\t\t<div class=\"elementor-toggle-item\">\n\t\t\t\t\t<div id=\"elementor-tab-title-1516\" class=\"elementor-tab-title\" data-tab=\"6\" role=\"tab\" aria-controls=\"elementor-tab-content-1516\" aria-expanded=\"false\">\n\t\t\t\t\t\t\t\t\t\t\t\t<span class=\"elementor-toggle-icon elementor-toggle-icon-left\" aria-hidden=\"true\">\n\t\t\t\t\t\t\t\t\t\t\t\t\t\t\t<span class=\"elementor-toggle-icon-closed\"><i class=\"fas fa-caret-right\"><\/i><\/span>\n\t\t\t\t\t\t\t\t<span class=\"elementor-toggle-icon-opened\"><i class=\"elementor-toggle-icon-opened fas fa-caret-up\"><\/i><\/span>\n\t\t\t\t\t\t\t\t\t\t\t\t\t<\/span>\n\t\t\t\t\t\t\t\t\t\t\t\t<a href=\"\" class=\"elementor-toggle-title\">NOTAS DE CORTE CURSO ANTERIOR<\/a>\n\t\t\t\t\t<\/div>\n\t\t\t\t\t<div id=\"elementor-tab-content-1516\" class=\"elementor-tab-content elementor-clearfix\" data-tab=\"6\" role=\"tabpanel\" aria-labelledby=\"elementor-tab-title-1516\"><p><a href=\"https:\/\/ceice.gva.es\/es\/web\/formacion-profesional\/notes-de-tall\">https:\/\/ceice.gva.es\/es\/web\/formacion-profesional\/notes-de-tall<\/a><\/p><\/div>\n\t\t\t\t<\/div>\n\t\t\t\t\t\t\t<div class=\"elementor-toggle-item\">\n\t\t\t\t\t<div id=\"elementor-tab-title-1517\" class=\"elementor-tab-title\" data-tab=\"7\" role=\"tab\" aria-controls=\"elementor-tab-content-1517\" aria-expanded=\"false\">\n\t\t\t\t\t\t\t\t\t\t\t\t<span class=\"elementor-toggle-icon elementor-toggle-icon-left\" aria-hidden=\"true\">\n\t\t\t\t\t\t\t\t\t\t\t\t\t\t\t<span class=\"elementor-toggle-icon-closed\"><i class=\"fas fa-caret-right\"><\/i><\/span>\n\t\t\t\t\t\t\t\t<span class=\"elementor-toggle-icon-opened\"><i class=\"elementor-toggle-icon-opened fas fa-caret-up\"><\/i><\/span>\n\t\t\t\t\t\t\t\t\t\t\t\t\t<\/span>\n\t\t\t\t\t\t\t\t\t\t\t\t<a href=\"\" class=\"elementor-toggle-title\">RESERVA CUPO DISCAPACIDAD<\/a>\n\t\t\t\t\t<\/div>\n\t\t\t\t\t<div id=\"elementor-tab-content-1517\" class=\"elementor-tab-content elementor-clearfix\" data-tab=\"7\" role=\"tabpanel\" aria-labelledby=\"elementor-tab-title-1517\"><p>En este\u00a0<a href=\"https:\/\/www.fpmislata.com\/wordpress\/wp-content\/uploads\/2025_cupo_diversidad_funcional.pdf\">enlace<\/a>\u00a0encontrar\u00e1s toda la informaci\u00f3n relativa al\u00a0cupo de diversidad funcional.\u00a0<\/p>\n<p>Si necesitas\u00a0<strong>coger cita<\/strong>\u00a0con el\u00a0departamento de orientaci\u00f3n\u00a0durante el periodo de preinscripci\u00f3n,\u00a0pincha aqu\u00ed.\u00a0<\/p>\n<p style=\"text-align: left;\">\ud83d\udcc5 Horarios para pedir cita seg\u00fan el ciclo que quieras estudiar:<\/p>\n<table class=\"min-w-full\" data-start=\"524\" data-end=\"1052\">\n<thead data-start=\"524\" data-end=\"550\">\n<tr data-start=\"524\" data-end=\"550\">\n<th data-start=\"524\" data-end=\"532\"><span style=\"color: #000080;\">Ciclo<\/span><\/th>\n<th data-start=\"532\" data-end=\"550\"><span style=\"color: #000080;\">D\u00edas y Horario (26 mayo al 2 junio de 2025)<\/span><\/th>\n<\/tr>\n<\/thead>\n<tbody data-start=\"578\" data-end=\"1052\">\n<tr data-start=\"578\" data-end=\"670\">\n<td class=\"max-w-[calc(var(--thread-content-max-width)*2\/3)]\" data-start=\"578\" data-end=\"596\"><strong data-start=\"580\" data-end=\"595\">Inform\u00e1tica<\/strong><\/td>\n<td class=\"max-w-[calc(var(--thread-content-max-width)*2\/3)] min-w-[calc(var(--thread-content-max-width)\/3)]\" data-start=\"596\" data-end=\"670\">Lunes, mi\u00e9rcoles y viernes: 10:00 a 13:45h <br \/>Martes: 15:00 a 18:45h<\/td>\n<\/tr>\n<tr data-start=\"671\" data-end=\"766\">\n<td class=\"max-w-[calc(var(--thread-content-max-width)*2\/3)]\" data-start=\"671\" data-end=\"692\"><strong data-start=\"673\" data-end=\"691\">Administraci\u00f3n<\/strong><\/td>\n<td class=\"max-w-[calc(var(--thread-content-max-width)*2\/3)] min-w-[calc(var(--thread-content-max-width)\/3)]\" data-start=\"692\" data-end=\"766\">Lunes, mi\u00e9rcoles y viernes: 10:00 a 13:45h <br \/>Martes: 15:00 a 18:45h<\/td>\n<\/tr>\n<tr data-start=\"767\" data-end=\"855\">\n<td class=\"max-w-[calc(var(--thread-content-max-width)*2\/3)]\" data-start=\"767\" data-end=\"781\"><strong data-start=\"769\" data-end=\"780\">Sanidad<\/strong><\/td>\n<td class=\"max-w-[calc(var(--thread-content-max-width)*2\/3)] min-w-[calc(var(--thread-content-max-width)\/3)]\" data-start=\"781\" data-end=\"855\">Lunes, mi\u00e9rcoles y viernes: 10:00 a 13:45h <br \/>Jueves: 15:00 a 18:30h<\/td>\n<\/tr>\n<tr data-start=\"856\" data-end=\"934\">\n<td class=\"max-w-[calc(var(--thread-content-max-width)*2\/3)]\" data-start=\"856\" data-end=\"871\"><strong data-start=\"858\" data-end=\"870\">Comercio<\/strong><\/td>\n<td class=\"max-w-[calc(var(--thread-content-max-width)*2\/3)] min-w-[calc(var(--thread-content-max-width)\/3)]\" data-start=\"871\" data-end=\"934\">Martes y jueves: 10:00 a 13:45h <br \/>Jueves: 15:00 a 18:30h<\/td>\n<\/tr>\n<tr data-start=\"935\" data-end=\"1012\">\n<td class=\"max-w-[calc(var(--thread-content-max-width)*2\/3)]\" data-start=\"935\" data-end=\"949\"><strong data-start=\"937\" data-end=\"948\">Turismo<\/strong><\/td>\n<td class=\"max-w-[calc(var(--thread-content-max-width)*2\/3)] min-w-[calc(var(--thread-content-max-width)\/3)]\" data-start=\"949\" data-end=\"1012\">\n<p>Martes y jueves: 10:00 a 13:45h <br \/>Martes: 15:00 a 18:45h<\/p>\n<\/td>\n<\/tr>\n<tr data-start=\"1013\" data-end=\"1052\">\n<td class=\"max-w-[calc(var(--thread-content-max-width)*2\/3)]\" data-start=\"1013\" data-end=\"1026\"><strong data-start=\"1015\" data-end=\"1025\">\u00d3ptica<\/strong><\/td>\n<td class=\"max-w-[calc(var(--thread-content-max-width)*2\/3)]\" data-start=\"1026\" data-end=\"1052\">Martes: 10:00 a 13:30h<\/td>\n<\/tr>\n<\/tbody>\n<\/table>\n<p>\u00a0<\/p>\n<p data-start=\"1059\" data-end=\"1081\">\u26a0\ufe0f <strong><span style=\"font-family: verdana, geneva, sans-serif; font-size: 14pt;\">\u00a1Muy importante!<\/span><\/strong><\/p>\n<ul>\n<li data-start=\"1085\" data-end=\"1213\">Al <strong data-start=\"1088\" data-end=\"1115\">formalizar la matr\u00edcula<\/strong>, deber\u00e1s <strong data-start=\"1125\" data-end=\"1168\">presentar la documentaci\u00f3n acreditativa<\/strong> para participar por el cupo de discapacidad.<\/li>\n<li data-start=\"1216\" data-end=\"1325\">Si la documentaci\u00f3n no corresponde con las circunstancias alegadas, <strong data-start=\"1284\" data-end=\"1324\">se perder\u00e1 el derecho a la matr\u00edcula<\/strong>.<\/li>\n<\/ul><\/div>\n\t\t\t\t<\/div>\n\t\t\t\t\t\t\t<div class=\"elementor-toggle-item\">\n\t\t\t\t\t<div id=\"elementor-tab-title-1518\" class=\"elementor-tab-title\" data-tab=\"8\" role=\"tab\" aria-controls=\"elementor-tab-content-1518\" aria-expanded=\"false\">\n\t\t\t\t\t\t\t\t\t\t\t\t<span class=\"elementor-toggle-icon elementor-toggle-icon-left\" aria-hidden=\"true\">\n\t\t\t\t\t\t\t\t\t\t\t\t\t\t\t<span class=\"elementor-toggle-icon-closed\"><i class=\"fas fa-caret-right\"><\/i><\/span>\n\t\t\t\t\t\t\t\t<span class=\"elementor-toggle-icon-opened\"><i class=\"elementor-toggle-icon-opened fas fa-caret-up\"><\/i><\/span>\n\t\t\t\t\t\t\t\t\t\t\t\t\t<\/span>\n\t\t\t\t\t\t\t\t\t\t\t\t<a href=\"\" class=\"elementor-toggle-title\">CITA PREVIA<\/a>\n\t\t\t\t\t<\/div>\n\t\t\t\t\t<div id=\"elementor-tab-content-1518\" class=\"elementor-tab-content elementor-clearfix\" data-tab=\"8\" role=\"tabpanel\" aria-labelledby=\"elementor-tab-title-1518\"><p>Si quieres venir al centro para que te ayudemos con tu preinscripci\u00f3n, solicita tu <span style=\"color: #0000ff;\"><strong>cita previa<\/strong><\/span> aqu\u00ed.\u00a0<\/p>\n<p>Si necesitas cita con el <strong>departamento de orientaci\u00f3n<\/strong>, puedes hacerlo a trav\u00e9s del apartado \u00bb <span style=\"color: #008000;\">Reserva Cupo Discapacidad<\/span>\u00bb que encontrar\u00e1s m\u00e1s arriba.\u00a0<\/p>\n<p>Si necesitas obtener tu <strong><span style=\"color: #ff6600;\"><span style=\"color: #0000ff;\">clave de acceso <\/span><\/span><\/strong><span style=\"color: #ff6600;\"><span style=\"color: #0000ff;\"><span style=\"color: #808080;\">utilizando el<\/span><\/span><\/span> <strong><span style=\"color: #ff6600;\"><span style=\"color: #0000ff;\">pasaporte<\/span>,<\/span> <span style=\"color: #ff0000;\">no es necesario pedir cita previa.<\/span><\/strong> Puedes acudir directamente a la secretar\u00eda del centro en horario de 09:00 a 13:30 de lunes a viernes y martes, mi\u00e9rcoles y jueves de 16:00 a 18:00h.<\/p><\/div>\n\t\t\t\t<\/div>\n\t\t\t\t\t\t\t<div class=\"elementor-toggle-item\">\n\t\t\t\t\t<div id=\"elementor-tab-title-1519\" class=\"elementor-tab-title\" data-tab=\"9\" role=\"tab\" aria-controls=\"elementor-tab-content-1519\" aria-expanded=\"false\">\n\t\t\t\t\t\t\t\t\t\t\t\t<span class=\"elementor-toggle-icon elementor-toggle-icon-left\" aria-hidden=\"true\">\n\t\t\t\t\t\t\t\t\t\t\t\t\t\t\t<span class=\"elementor-toggle-icon-closed\"><i class=\"fas fa-caret-right\"><\/i><\/span>\n\t\t\t\t\t\t\t\t<span class=\"elementor-toggle-icon-opened\"><i class=\"elementor-toggle-icon-opened fas fa-caret-up\"><\/i><\/span>\n\t\t\t\t\t\t\t\t\t\t\t\t\t<\/span>\n\t\t\t\t\t\t\t\t\t\t\t\t<a href=\"\" class=\"elementor-toggle-title\">PASO 1: REALIZAR LA SOLICITUD TELEM\u00c1TICAMENTE<\/a>\n\t\t\t\t\t<\/div>\n\t\t\t\t\t<div id=\"elementor-tab-content-1519\" class=\"elementor-tab-content elementor-clearfix\" data-tab=\"9\" role=\"tabpanel\" aria-labelledby=\"elementor-tab-title-1519\"><p style=\"text-align: center;\"><span style=\"color: #333333;\"><b>PLAZO: DEL 23 DE MAYO AL 2 DE JUNIO DE 2025<\/b><\/span><\/p>\n<table style=\"background-color: #ffffff; width: 581.297px;\" width=\"80%\">\n<tbody>\n<tr>\n<td width=\"52%\">\n<p><strong>PRESENCIAL<\/strong><\/p>\n<ul>\n<li><span style=\"color: #0000ff;\"><a href=\"https:\/\/portal.edu.gva.es\/adminova\/es\/fp-interior\/\">ASISTENTE DE ADMISI\u00d3N GRADO MEDIO<\/a> ( se activar\u00e1 el 23 de mayo 2025)<\/span><\/li>\n<li><a href=\"https:\/\/www.fpmislata.com\/wordpress\/wp-content\/uploads\/2025_Observaciones_preinscripcio\u0301n_presencial.pdf\"><span style=\"color: #0000ff;\">OBSERVACIONES MODALIDAD PRESENCIAL\u00a0<\/span><\/a><\/li>\n<\/ul>\n<div><strong style=\"font-family: Poppins, sans-serif;\">SEMIPRESENCIAL<\/strong><\/div>\n<div>\n<ul>\n<li><span style=\"color: #0000ff;\"><a href=\"https:\/\/portal.edu.gva.es\/adminova\/es\/fp-interior\/\">ASISTENTE DE ADMISI\u00d3N SEMIPRESENCIAL<\/a> ( se activar\u00e1 el 23 de mayo 2025)<\/span><\/li>\n<li><a href=\"https:\/\/www.fpmislata.com\/wordpress\/wp-content\/uploads\/2025_Observaciones_preinscripcio\u0301n_semipresencial.pdf\"><span style=\"color: #0000ff;\">OBSERVACIONES MODALIDAD SEMIPRESENCIAL<\/span><\/a><\/li>\n<\/ul>\n<div><span style=\"font-family: Poppins, sans-serif;\"><b>INFO ADICIONAL<\/b><\/span><\/div>\n<\/div>\n<div>\n<table style=\"background-color: #ffffff; width: 581.297px;\" width=\"80%\">\n<tbody>\n<tr>\n<td width=\"100%\">\n<ul>\n<li><span style=\"color: #0000ff;\"><a style=\"color: #0000ff;\" href=\"https:\/\/www.fpmislata.com\/wordpress\/wp-content\/uploads\/2025_cupo_deportista_de_e\u0301lite.pdf\">ALUMNADO CUPO DEPORTISTAS DE \u00c9LITE<\/a><\/span><\/li>\n<li><span style=\"color: #0000ff;\"><a style=\"color: #0000ff;\" href=\"https:\/\/www.fpmislata.com\/wordpress\/wp-content\/uploads\/2025_alumnado_menor_edad.pdf\">ALUMNADO MENOR DE EDAD<\/a><\/span><\/li>\n<li><span style=\"color: #0000ff;\"><a style=\"color: #0000ff;\" href=\"https:\/\/www.fpmislata.com\/wordpress\/wp-content\/uploads\/2025_alumnado_extranjero.pdf\">ALUMNADO EXTRANJERO<\/a><\/span><\/li>\n<\/ul>\n<\/td>\n<\/tr>\n<tr>\n<td width=\"100%\">\n<div>\u00a0<\/div>\n<\/td>\n<\/tr>\n<\/tbody>\n<\/table>\n<\/div>\n<\/td>\n<\/tr>\n<\/tbody>\n<\/table><\/div>\n\t\t\t\t<\/div>\n\t\t\t\t\t\t\t<div class=\"elementor-toggle-item\">\n\t\t\t\t\t<div id=\"elementor-tab-title-15110\" class=\"elementor-tab-title\" data-tab=\"10\" role=\"tab\" aria-controls=\"elementor-tab-content-15110\" aria-expanded=\"false\">\n\t\t\t\t\t\t\t\t\t\t\t\t<span class=\"elementor-toggle-icon elementor-toggle-icon-left\" aria-hidden=\"true\">\n\t\t\t\t\t\t\t\t\t\t\t\t\t\t\t<span class=\"elementor-toggle-icon-closed\"><i class=\"fas fa-caret-right\"><\/i><\/span>\n\t\t\t\t\t\t\t\t<span class=\"elementor-toggle-icon-opened\"><i class=\"elementor-toggle-icon-opened fas fa-caret-up\"><\/i><\/span>\n\t\t\t\t\t\t\t\t\t\t\t\t\t<\/span>\n\t\t\t\t\t\t\t\t\t\t\t\t<a href=\"\" class=\"elementor-toggle-title\">PASO 2: PRESENTAR DOCUMENTACI\u00d3N JUSTIFICATIVA<\/a>\n\t\t\t\t\t<\/div>\n\t\t\t\t\t<div id=\"elementor-tab-content-15110\" class=\"elementor-tab-content elementor-clearfix\" data-tab=\"10\" role=\"tabpanel\" aria-labelledby=\"elementor-tab-title-15110\"><p style=\"text-align: center;\"><span style=\"color: #333333;\"><b>PLAZO: DEL 3 DE JUNIO\u00a0 AL 1 DE JULIO DE 2025<\/b><\/span><\/p>\n<ul>\n<li><a href=\"https:\/\/www.fpmislata.com\/wordpress\/wp-content\/uploads\/2025_paso_2_aportar_documentacio\u0301n.pdf\"><span style=\"color: #0000ff;\">INSTRUCCIONES PRESENTACI\u00d3N DOCUMENTACI\u00d3N JUSTIFICATIVA<\/span><\/a><\/li>\n<\/ul>\n<p>\u00a0<\/p>\n<p>\u00a0<\/p>\n<table style=\"background-color: #ffffff; width: 581.297px;\" width=\"80%\">\n<tbody>\n<tr>\n<td style=\"width: 580.297px;\">\u00a0<\/td>\n<\/tr>\n<\/tbody>\n<\/table><\/div>\n\t\t\t\t<\/div>\n\t\t\t\t\t\t\t<div class=\"elementor-toggle-item\">\n\t\t\t\t\t<div id=\"elementor-tab-title-15111\" class=\"elementor-tab-title\" data-tab=\"11\" role=\"tab\" aria-controls=\"elementor-tab-content-15111\" aria-expanded=\"false\">\n\t\t\t\t\t\t\t\t\t\t\t\t<span class=\"elementor-toggle-icon elementor-toggle-icon-left\" aria-hidden=\"true\">\n\t\t\t\t\t\t\t\t\t\t\t\t\t\t\t<span class=\"elementor-toggle-icon-closed\"><i class=\"fas fa-caret-right\"><\/i><\/span>\n\t\t\t\t\t\t\t\t<span class=\"elementor-toggle-icon-opened\"><i class=\"elementor-toggle-icon-opened fas fa-caret-up\"><\/i><\/span>\n\t\t\t\t\t\t\t\t\t\t\t\t\t<\/span>\n\t\t\t\t\t\t\t\t\t\t\t\t<a href=\"\" class=\"elementor-toggle-title\">PASO 3: PUBLICACI\u00d3N LISTAS PROVISIONALES <\/a>\n\t\t\t\t\t<\/div>\n\t\t\t\t\t<div id=\"elementor-tab-content-15111\" class=\"elementor-tab-content elementor-clearfix\" data-tab=\"11\" role=\"tabpanel\" aria-labelledby=\"elementor-tab-title-15111\"><p><span style=\"font-size: 12pt;\"><strong><span style=\"color: #800080;\">MODALIDAD PRESENCIAL<\/span><\/strong><\/span><\/p>\n<div id=\"\" class=\"su-heading su-heading-style-default su-heading-align-center\">\n<div class=\"su-heading-inner\"><strong>LISTADO PROVISIONAL DE ADMITID@S ( 8 de julio 2025)\u00a0<\/strong><\/div>\n<\/div>\n<div><strong>LISTADO PROVISIONAL DE NO ADMITIDOS ( 8 de julio 2025)\u00a0<\/strong><\/div>\n<div>\u00a0<\/div>\n<div>\u00a0<\/div>\n<div><span style=\"font-size: 12pt;\"><strong><span style=\"color: #800080;\">MODALIDAD SEMIPRESENCIAL\u00a0<\/span><\/strong><\/span><\/div>\n<div>\n<div><span style=\"color: #000000;\"><strong>LISTAS DE ADMITIDOS PROVISIONALES ( 8 de julio 2025)\u00a0\u00a0<\/strong><\/span><\/div>\n<ul>\n<li>Relaci\u00f3n por ciclo formativo<\/li>\n<li>Relaci\u00f3n por m\u00f3dulos<\/li>\n<\/ul>\n<p><span style=\"color: #000000;\"><strong>LISTA PROVISIONALES DE NO ADMITIDOS (8 de julio 2025)<\/strong><\/span><\/p>\n<ul>\n<li>Relaci\u00f3n por ciclo formativo<\/li>\n<li>Relaci\u00f3n por m\u00f3dulos<\/li>\n<\/ul>\n<\/div>\n<table border=\"0\">\n<tbody>\n<tr>\n<td>\u00a0<\/td>\n<td>\u00a0<\/td>\n<\/tr>\n<\/tbody>\n<\/table>\n<div id=\"\" class=\"su-heading su-heading-style-default su-heading-align-center\">\n<div><span style=\"text-decoration: underline;\"><span style=\"color: #0000ff;\"><strong>RECLAMACIONES A LAS LISTAS\u00a0 ( del 8 al 10 de julio 2025)<\/strong><\/span><\/span><\/div>\n<div>\u00a0<\/div>\n<\/div><\/div>\n\t\t\t\t<\/div>\n\t\t\t\t\t\t\t<div class=\"elementor-toggle-item\">\n\t\t\t\t\t<div id=\"elementor-tab-title-15112\" class=\"elementor-tab-title\" data-tab=\"12\" role=\"tab\" aria-controls=\"elementor-tab-content-15112\" aria-expanded=\"false\">\n\t\t\t\t\t\t\t\t\t\t\t\t<span class=\"elementor-toggle-icon elementor-toggle-icon-left\" aria-hidden=\"true\">\n\t\t\t\t\t\t\t\t\t\t\t\t\t\t\t<span class=\"elementor-toggle-icon-closed\"><i class=\"fas fa-caret-right\"><\/i><\/span>\n\t\t\t\t\t\t\t\t<span class=\"elementor-toggle-icon-opened\"><i class=\"elementor-toggle-icon-opened fas fa-caret-up\"><\/i><\/span>\n\t\t\t\t\t\t\t\t\t\t\t\t\t<\/span>\n\t\t\t\t\t\t\t\t\t\t\t\t<a href=\"\" class=\"elementor-toggle-title\">PASO 4: PUBLICACI\u00d3N LISTAS DEFINITIVAS <\/a>\n\t\t\t\t\t<\/div>\n\t\t\t\t\t<div id=\"elementor-tab-content-15112\" class=\"elementor-tab-content elementor-clearfix\" data-tab=\"12\" role=\"tabpanel\" aria-labelledby=\"elementor-tab-title-15112\"><p>\u00a0<\/p>\n<div id=\"\" class=\"su-heading su-heading-style-default su-heading-align-center\">\n<div class=\"su-heading-inner\"><strong>LISTAS DE ADMITIDOS DEFINITIVAS ( 23 de julio 2025)\u00a0<\/strong><\/div>\n<div><strong><br \/>RECLAMACIONES A LAS LISTAS\u00a0 ( del 23 al 25 de julio 2025)<\/strong><\/div>\n<\/div><\/div>\n\t\t\t\t<\/div>\n\t\t\t\t\t\t\t<div class=\"elementor-toggle-item\">\n\t\t\t\t\t<div id=\"elementor-tab-title-15113\" class=\"elementor-tab-title\" data-tab=\"13\" role=\"tab\" aria-controls=\"elementor-tab-content-15113\" aria-expanded=\"false\">\n\t\t\t\t\t\t\t\t\t\t\t\t<span class=\"elementor-toggle-icon elementor-toggle-icon-left\" aria-hidden=\"true\">\n\t\t\t\t\t\t\t\t\t\t\t\t\t\t\t<span class=\"elementor-toggle-icon-closed\"><i class=\"fas fa-caret-right\"><\/i><\/span>\n\t\t\t\t\t\t\t\t<span class=\"elementor-toggle-icon-opened\"><i class=\"elementor-toggle-icon-opened fas fa-caret-up\"><\/i><\/span>\n\t\t\t\t\t\t\t\t\t\t\t\t\t<\/span>\n\t\t\t\t\t\t\t\t\t\t\t\t<a href=\"\" class=\"elementor-toggle-title\">PASO 5: MATR\u00cdCULA<\/a>\n\t\t\t\t\t<\/div>\n\t\t\t\t\t<div id=\"elementor-tab-content-15113\" class=\"elementor-tab-content elementor-clearfix\" data-tab=\"13\" role=\"tabpanel\" aria-labelledby=\"elementor-tab-title-15113\"><p><strong><span style=\"font-size: 12pt;\">Instrucciones y calendario de matr\u00edcula curso 25-26 ( in progress)<\/span><\/strong><\/p>\n<ul>\n<li>MATR\u00cdCULA PRESENCIAL EN EL CENTRO ( del 24 al 30 de julio 2025)<\/li>\n<li>MATR\u00cdCULA TELEM\u00c1TICA ( del 24 al 28 de julio 2025)\u00a0<\/li>\n<\/ul>\n<p><strong>AVISO:<\/strong> Antes de iniciar los tr\u00e1mites de la matr\u00edcula debes comprobar que apareces en las listas DEFINITIVAS de admitid@s.\u00a0<\/p>\n<p><strong>RECUERDA<\/strong> consultar el calendario de matr\u00edcula un par de d\u00edas antes del d\u00eda asignado por si hubiera alg\u00fan imprevisto.\u00a0<\/p>\n<p>\u00a0<\/p>\n<p style=\"text-align: center;\"><span style=\"color: #800080;\"><strong>MUY IMPORTANTE: EL ALUMNNADO QUE NO FORMALICE LA MATR\u00cdCULA EN EL PLAZO INDICADO, PERDER\u00c1 SU PLAZA<\/strong><\/span><\/p>\n<hr \/>\n<p><strong>SOLICITUD DE TURNO<\/strong><\/p>\n<p>S\u00d3LO EN LOS CICLOS CON DOBLE TURNO:<\/p>\n<ul>\n<li><strong>CUIDADOS AUXILIARES DE ENFERMER\u00cdA<\/strong><\/li>\n<\/ul>\n<p>se asignar\u00e1 turno de ma\u00f1ana o tarde en funci\u00f3n de la\u00a0<strong>solicitud del alumno\/a\u00a0<\/strong>y la calificaci\u00f3n de acceso obtenida. El modelo a utilizar se le proporcionar\u00e1 en el PDF de matr\u00edcula.\u00a0<\/p>\n<p>En caso de existir alg\u00fan motivo justificado que les impide asistir a uno de los dos turnos (ma\u00f1ana o tarde)\u00a0<a href=\"https:\/\/www.fpmislata.com\/wordpress\/wp-content\/uploads\/Solicitud-cambio-turno-alumnos-del-centro-formulario-1.pdf\"><strong>se deber\u00e1 hacer constar esta circunstancia JUSTIFICANDO EL MOTIVO DOCUMENTALMENTE.<\/strong><\/a><\/p>\n<p>No se admitir\u00e1n solicitudes fuera del plazo de matr\u00edcula. La Direcci\u00f3n del Centro resolver\u00e1 las solicitudes y publicar\u00e1 antes del comienzo de las clases la relaci\u00f3n de alumnos en cada turno.<\/p><\/div>\n\t\t\t\t<\/div>\n\t\t\t\t\t\t\t\t\t\t<script type=\"application\/ld+json\">{\"@context\":\"https:\\\/\\\/schema.org\",\"@type\":\"FAQPage\",\"mainEntity\":[{\"@type\":\"Question\",\"name\":\"ANTES DE RELLENAR TU SOLICITUD \\u2026 \\u00a1Atent@ a esto!\",\"acceptedAnswer\":{\"@type\":\"Answer\",\"text\":\"<p>\\ud83d\\ude80<strong> Solicitud de admisi\\u00f3n: <\\\/strong>\\u00a0se realiza <strong data-start=\\\"298\\\" data-end=\\\"321\\\">de forma telem\\u00e1tica<\\\/strong> a trav\\u00e9s de la p\\u00e1gina <a href=\\\"https:\\\/\\\/portal.edu.gva.es\\\/adminova\\\/\\\"><strong data-start=\\\"344\\\" data-end=\\\"356\\\">Adminova<\\\/strong><\\\/a>.<\\\/p>\\n<p>\\u2705 <strong data-start=\\\"613\\\" data-end=\\\"639\\\">Confirma tu solicitud:<\\\/strong> No puede quedarse en borrador.<\\\/p>\\n<p>\\ud83d\\udd58 <strong data-start=\\\"678\\\" data-end=\\\"700\\\">Consulta el turno:<\\\/strong> Puede ser de ma\\u00f1ana o tarde, pregunta en el centro. La obtenci\\u00f3n de una plaza no garantiza un turno determinado.\\u00a0<\\\/p>\\n<p>\\ud83d\\udd10<strong data-start=\\\"749\\\" data-end=\\\"771\\\">Clave de admisi\\u00f3n:<\\\/strong> Si eres menor de edad, deben hacerlo tus padres\\\/tutores. Acude al centro si solo tienes pasaporte.<\\\/p>\\n<p>\\ud83c\\udfaf<strong data-start=\\\"853\\\" data-end=\\\"879\\\">Criterios de admisi\\u00f3n:<\\\/strong> Las plazas no solo se asignan por nota media, tambi\\u00e9n existen cupos y prioridades.<\\\/p>\\n<p>\\ud83d\\udcdd<strong data-start=\\\"938\\\" data-end=\\\"962\\\">Formaliza matr\\u00edcula:<\\\/strong> Si resultas <strong data-start=\\\"690\\\" data-end=\\\"704\\\">admitido\\\/a<\\\/strong>, recuerda <strong data-start=\\\"715\\\" data-end=\\\"740\\\">matricularte en plazo<\\\/strong> o perder\\u00e1s tu plaza.\\u00a0<\\\/p>\\n<p>\\ud83d\\udd0e Consulta m\\u00e1s <strong>info<\\\/strong> en los apartados siguientes.<\\\/p>\"}},{\"@type\":\"Question\",\"name\":\"CALENDARIO DE ADMISI\\u00d3N Y MATR\\u00cdCULA\",\"acceptedAnswer\":{\"@type\":\"Answer\",\"text\":\"<table style=\\\"border-color: #808080; width: 78.8063%; height: 544px;\\\" border=\\\"1\\\" width=\\\"66%\\\" cellpadding=\\\"1\\\">\\n<tbody>\\n<tr style=\\\"height: 49px;\\\">\\n<td style=\\\"text-align: left; width: 50%; height: 49px;\\\" width=\\\"50%\\\">\\u00a0<\\\/td>\\n<td style=\\\"text-align: left; width: 69.403%; height: 49px;\\\" width=\\\"50%\\\">\\n<p><strong>GRADO MEDIO<\\\/strong><\\\/p>\\n<\\\/td>\\n<\\\/tr>\\n<tr style=\\\"height: 109px;\\\">\\n<td style=\\\"width: 50%; height: 109px;\\\" width=\\\"50%\\\">\\n<p>Presentaci\\u00f3n telem\\u00e1tica de las solicitudes<\\\/p>\\n<\\\/td>\\n<td style=\\\"width: 69.403%; height: 109px;\\\" width=\\\"50%\\\">\\n<p>23 de mayo al 2 de junio de 2025<\\\/p>\\n<p>( si necesitas ayuda, puedes coger\\u00a0cita previa)<\\\/p>\\n<\\\/td>\\n<\\\/tr>\\n<tr style=\\\"height: 73px;\\\">\\n<td style=\\\"width: 50%; height: 73px;\\\" width=\\\"50%\\\">\\n<p>Presentaci\\u00f3n del requisito acad\\u00e9mico<\\\/p>\\n<\\\/td>\\n<td style=\\\"width: 69.403%; height: 73px;\\\" width=\\\"50%\\\">\\n<p>hasta el 1 de julio de 2025<\\\/p>\\n<\\\/td>\\n<\\\/tr>\\n<tr style=\\\"height: 49px;\\\">\\n<td style=\\\"width: 50%; height: 49px;\\\" width=\\\"50%\\\">\\n<p>Listas Provisionales<\\\/p>\\n<\\\/td>\\n<td style=\\\"width: 69.403%; height: 49px;\\\" width=\\\"50%\\\">\\n<p>8 de julio de 2025<\\\/p>\\n<\\\/td>\\n<\\\/tr>\\n<tr style=\\\"height: 73px;\\\">\\n<td style=\\\"width: 50%; height: 73px;\\\" width=\\\"50%\\\">\\n<p>Reclamaciones ante la direcci\\u00f3n o titularidad del centro<\\\/p>\\n<\\\/td>\\n<td style=\\\"width: 69.403%; height: 73px;\\\" width=\\\"50%\\\">\\n<p>8 al 10 de julio de 2025<\\\/p>\\n<\\\/td>\\n<\\\/tr>\\n<tr style=\\\"height: 49px;\\\">\\n<td style=\\\"width: 50%; height: 49px;\\\" width=\\\"50%\\\">\\n<p>Listas definitivas<\\\/p>\\n<\\\/td>\\n<td style=\\\"width: 69.403%; height: 49px;\\\" width=\\\"50%\\\">\\n<p>23 de julio de 2025<\\\/p>\\n<\\\/td>\\n<\\\/tr>\\n<tr style=\\\"height: 73px;\\\">\\n<td style=\\\"width: 50%; height: 73px;\\\" width=\\\"50%\\\">\\n<p>Alegaciones ante la comisi\\u00f3n de escolarizaci\\u00f3n<\\\/p>\\n<\\\/td>\\n<td style=\\\"width: 69.403%; height: 73px;\\\" width=\\\"50%\\\">\\n<p>23 al 25 de julio de 2025<\\\/p>\\n<\\\/td>\\n<\\\/tr>\\n<tr style=\\\"height: 49px;\\\">\\n<td style=\\\"width: 50%; height: 49px;\\\" width=\\\"50%\\\">\\n<p>Matr\\u00edcula online AdmiNOVA<\\\/p>\\n<\\\/td>\\n<td style=\\\"width: 69.403%; height: 49px;\\\" width=\\\"50%\\\">\\n<p>24 al 28 de julio de 2025<\\\/p>\\n<\\\/td>\\n<\\\/tr>\\n<tr style=\\\"height: 20px;\\\">\\n<td style=\\\"width: 50%; height: 20px;\\\" width=\\\"50%\\\">\\u00a0<\\\/td>\\n<td style=\\\"width: 69.403%; height: 20px;\\\" width=\\\"50%\\\">\\n<p>\\u00a0<\\\/p>\\n<\\\/td>\\n<\\\/tr>\\n<\\\/tbody>\\n<\\\/table>\\n<p>M\\u00e1s <strong>informaci\\u00f3n<\\\/strong> acerca del <a href=\\\"https:\\\/\\\/dogv.gva.es\\\/datos\\\/2025\\\/04\\\/16\\\/pdf\\\/2025_11882_es.pdf\\\">calendario de admisi\\u00f3n y matr\\u00cdcula<\\\/a><\\\/p>\"}},{\"@type\":\"Question\",\"name\":\"CLAVE DE ADMISI\\u00d3N\",\"acceptedAnswer\":{\"@type\":\"Answer\",\"text\":\"<p class=\\\"p1\\\">La <strong>clave de admisi\\u00f3n<\\\/strong> se podr\\u00e1 obtener mediante alguno de los <span style=\\\"text-decoration: underline;\\\">siguientes sistemas de verificaci\\u00f3n<\\\/span> de identidad:<\\\/p>\\n<p class=\\\"p1\\\">a)\\u00a0 DNI<\\\/p>\\n<p class=\\\"p1\\\">b)\\u00a0 NIE, tarjeta de extranjero o permiso de residencia<\\\/p>\\n<p class=\\\"p1\\\">c) Certificado de registro de ciudadan\\u00eda de la Uni\\u00f3n Europea<\\\/p>\\n<p class=\\\"p1\\\">d) Cualquier de los medios electr\\u00f3nicos de verificaci\\u00f3n de identidad siguientes:<\\\/p>\\n<ul>\\n<li>Certificado digital emitido por la Agencia de Tecnolog\\u00eda y Certificaci\\u00f3n Electr\\u00f3nica de la Generalitat (ACCV).<\\\/li>\\n<li>\\u00a0Sistema de identidad electr\\u00f3nica para las administraciones Cl@ve.<\\\/li>\\n<li>eDNI, con su respectivo lector.\\u00a0<\\\/li>\\n<\\\/ul>\\n<p class=\\\"p1\\\" style=\\\"text-align: left;\\\">e) Las personas solicitantes que \\u00fanicamente dispongan como documento de identificaci\\u00f3n el <span style=\\\"text-decoration: underline;\\\">pasaporte<\\\/span> o cualquier <span style=\\\"text-decoration: underline;\\\">otro documento<\\\/span> aceptado en el procedimiento de admisi\\u00f3n <span style=\\\"text-decoration: underline;\\\">distinto al DNI o NIE<\\\/span>, <strong>deber\\u00e1n acudir a cualquier centro<\\\/strong> docente p\\u00fablico o privado concertado de la Comunitat Valenciana que imparta las ense\\u00f1anzas a las cuales se refiere la presente resoluci\\u00f3n.<\\\/p>\\n<p>\\u00a0<\\\/p>\\n<p><a href=\\\"https:\\\/\\\/ceice.gva.es\\\/webitaca\\\/docs\\\/admissio\\\/sdigital\\\/Manual_SD_CAS.pdf\\\">+ info<\\\/a>\\u00a0<\\\/p>\"}},{\"@type\":\"Question\",\"name\":\"REQUISITO ACAD\\u00c9MICO\",\"acceptedAnswer\":{\"@type\":\"Answer\",\"text\":\"<h3 class=\\\"\\\" data-start=\\\"105\\\" data-end=\\\"182\\\">\\ud83d\\udccc <span style=\\\"font-family: tahoma, arial, helvetica, sans-serif;\\\">Documentaci\\u00f3n obligatoria para alumnado con 1\\u00aa opci\\u00f3n en CIPFP Mislata<\\\/span><\\\/h3>\\n<p class=\\\"\\\" data-start=\\\"184\\\" data-end=\\\"387\\\">Todo el alumnado que haya seleccionado <strong data-start=\\\"223\\\" data-end=\\\"260\\\">CIPFP Mislata como primera opci\\u00f3n<\\\/strong> en su solicitud de admisi\\u00f3n deber\\u00e1 enviar por correo electr\\u00f3nico la siguiente documentaci\\u00f3n a:<\\\/p>\\n<p class=\\\"\\\" data-start=\\\"389\\\" data-end=\\\"417\\\"><strong data-start=\\\"389\\\" data-end=\\\"417\\\">Documentaci\\u00f3n requerida:<\\\/strong><\\\/p>\\n<ul data-start=\\\"418\\\" data-end=\\\"602\\\">\\n<li class=\\\"\\\" data-start=\\\"418\\\" data-end=\\\"491\\\">\\n<p class=\\\"\\\" data-start=\\\"420\\\" data-end=\\\"491\\\">Solicitud de preinscripci\\u00f3n (<em data-start=\\\"452\\\" data-end=\\\"487\\\">documento definitivo, no borrador<\\\/em>).<\\\/p>\\n<\\\/li>\\n<li class=\\\"\\\" data-start=\\\"492\\\" data-end=\\\"514\\\">\\n<p class=\\\"\\\" data-start=\\\"494\\\" data-end=\\\"514\\\">Copia del DNI\\\/NIE.<\\\/p>\\n<\\\/li>\\n<li class=\\\"\\\" data-start=\\\"515\\\" data-end=\\\"602\\\">\\n<p class=\\\"\\\" data-start=\\\"517\\\" data-end=\\\"602\\\">Documentaci\\u00f3n que acredite los estudios que dan acceso al ciclo formativo solicitado.<\\\/p>\\n<\\\/li>\\n<\\\/ul>\\n<p>\\u00a0<\\\/p>\\n<p style=\\\"text-align: center;\\\"><span style=\\\"font-size: 12pt; color: #808080;\\\"><em><span style=\\\"text-decoration: underline;\\\"><strong>El plazo finaliza el 1 de julio de 2025 a las 13:00 horas<\\\/strong><\\\/span><\\\/em><\\\/span><\\\/p>\"}},{\"@type\":\"Question\",\"name\":\"PORTAL TELEMATRICULA\",\"acceptedAnswer\":{\"@type\":\"Answer\",\"text\":\"<p><a href=\\\"https:\\\/\\\/portal.edu.gva.es\\\/adminova\\\/es\\\/inicio\\\/\\\">https:\\\/\\\/portal.edu.gva.es\\\/adminova\\\/es\\\/inicio\\\/<\\\/a><\\\/p>\"}},{\"@type\":\"Question\",\"name\":\"NOTAS DE CORTE CURSO ANTERIOR\",\"acceptedAnswer\":{\"@type\":\"Answer\",\"text\":\"<p><a href=\\\"https:\\\/\\\/ceice.gva.es\\\/es\\\/web\\\/formacion-profesional\\\/notes-de-tall\\\">https:\\\/\\\/ceice.gva.es\\\/es\\\/web\\\/formacion-profesional\\\/notes-de-tall<\\\/a><\\\/p>\"}},{\"@type\":\"Question\",\"name\":\"RESERVA CUPO DISCAPACIDAD\",\"acceptedAnswer\":{\"@type\":\"Answer\",\"text\":\"<p>En este\\u00a0<a href=\\\"https:\\\/\\\/www.fpmislata.com\\\/wordpress\\\/wp-content\\\/uploads\\\/2025_cupo_diversidad_funcional.pdf\\\">enlace<\\\/a>\\u00a0encontrar\\u00e1s toda la informaci\\u00f3n relativa al\\u00a0cupo de diversidad funcional.\\u00a0<\\\/p>\\n<p>Si necesitas\\u00a0<strong>coger cita<\\\/strong>\\u00a0con el\\u00a0departamento de orientaci\\u00f3n\\u00a0durante el periodo de preinscripci\\u00f3n,\\u00a0pincha aqu\\u00ed.\\u00a0<\\\/p>\\n<p style=\\\"text-align: left;\\\">\\ud83d\\udcc5 Horarios para pedir cita seg\\u00fan el ciclo que quieras estudiar:<\\\/p>\\n<table class=\\\"min-w-full\\\" data-start=\\\"524\\\" data-end=\\\"1052\\\">\\n<thead data-start=\\\"524\\\" data-end=\\\"550\\\">\\n<tr data-start=\\\"524\\\" data-end=\\\"550\\\">\\n<th data-start=\\\"524\\\" data-end=\\\"532\\\"><span style=\\\"color: #000080;\\\">Ciclo<\\\/span><\\\/th>\\n<th data-start=\\\"532\\\" data-end=\\\"550\\\"><span style=\\\"color: #000080;\\\">D\\u00edas y Horario (26 mayo al 2 junio de 2025)<\\\/span><\\\/th>\\n<\\\/tr>\\n<\\\/thead>\\n<tbody data-start=\\\"578\\\" data-end=\\\"1052\\\">\\n<tr data-start=\\\"578\\\" data-end=\\\"670\\\">\\n<td class=\\\"max-w-[calc(var(--thread-content-max-width)*2\\\/3)]\\\" data-start=\\\"578\\\" data-end=\\\"596\\\"><strong data-start=\\\"580\\\" data-end=\\\"595\\\">Inform\\u00e1tica<\\\/strong><\\\/td>\\n<td class=\\\"max-w-[calc(var(--thread-content-max-width)*2\\\/3)] min-w-[calc(var(--thread-content-max-width)\\\/3)]\\\" data-start=\\\"596\\\" data-end=\\\"670\\\">Lunes, mi\\u00e9rcoles y viernes: 10:00 a 13:45h <br \\\/>Martes: 15:00 a 18:45h<\\\/td>\\n<\\\/tr>\\n<tr data-start=\\\"671\\\" data-end=\\\"766\\\">\\n<td class=\\\"max-w-[calc(var(--thread-content-max-width)*2\\\/3)]\\\" data-start=\\\"671\\\" data-end=\\\"692\\\"><strong data-start=\\\"673\\\" data-end=\\\"691\\\">Administraci\\u00f3n<\\\/strong><\\\/td>\\n<td class=\\\"max-w-[calc(var(--thread-content-max-width)*2\\\/3)] min-w-[calc(var(--thread-content-max-width)\\\/3)]\\\" data-start=\\\"692\\\" data-end=\\\"766\\\">Lunes, mi\\u00e9rcoles y viernes: 10:00 a 13:45h <br \\\/>Martes: 15:00 a 18:45h<\\\/td>\\n<\\\/tr>\\n<tr data-start=\\\"767\\\" data-end=\\\"855\\\">\\n<td class=\\\"max-w-[calc(var(--thread-content-max-width)*2\\\/3)]\\\" data-start=\\\"767\\\" data-end=\\\"781\\\"><strong data-start=\\\"769\\\" data-end=\\\"780\\\">Sanidad<\\\/strong><\\\/td>\\n<td class=\\\"max-w-[calc(var(--thread-content-max-width)*2\\\/3)] min-w-[calc(var(--thread-content-max-width)\\\/3)]\\\" data-start=\\\"781\\\" data-end=\\\"855\\\">Lunes, mi\\u00e9rcoles y viernes: 10:00 a 13:45h <br \\\/>Jueves: 15:00 a 18:30h<\\\/td>\\n<\\\/tr>\\n<tr data-start=\\\"856\\\" data-end=\\\"934\\\">\\n<td class=\\\"max-w-[calc(var(--thread-content-max-width)*2\\\/3)]\\\" data-start=\\\"856\\\" data-end=\\\"871\\\"><strong data-start=\\\"858\\\" data-end=\\\"870\\\">Comercio<\\\/strong><\\\/td>\\n<td class=\\\"max-w-[calc(var(--thread-content-max-width)*2\\\/3)] min-w-[calc(var(--thread-content-max-width)\\\/3)]\\\" data-start=\\\"871\\\" data-end=\\\"934\\\">Martes y jueves: 10:00 a 13:45h <br \\\/>Jueves: 15:00 a 18:30h<\\\/td>\\n<\\\/tr>\\n<tr data-start=\\\"935\\\" data-end=\\\"1012\\\">\\n<td class=\\\"max-w-[calc(var(--thread-content-max-width)*2\\\/3)]\\\" data-start=\\\"935\\\" data-end=\\\"949\\\"><strong data-start=\\\"937\\\" data-end=\\\"948\\\">Turismo<\\\/strong><\\\/td>\\n<td class=\\\"max-w-[calc(var(--thread-content-max-width)*2\\\/3)] min-w-[calc(var(--thread-content-max-width)\\\/3)]\\\" data-start=\\\"949\\\" data-end=\\\"1012\\\">\\n<p>Martes y jueves: 10:00 a 13:45h <br \\\/>Martes: 15:00 a 18:45h<\\\/p>\\n<\\\/td>\\n<\\\/tr>\\n<tr data-start=\\\"1013\\\" data-end=\\\"1052\\\">\\n<td class=\\\"max-w-[calc(var(--thread-content-max-width)*2\\\/3)]\\\" data-start=\\\"1013\\\" data-end=\\\"1026\\\"><strong data-start=\\\"1015\\\" data-end=\\\"1025\\\">\\u00d3ptica<\\\/strong><\\\/td>\\n<td class=\\\"max-w-[calc(var(--thread-content-max-width)*2\\\/3)]\\\" data-start=\\\"1026\\\" data-end=\\\"1052\\\">Martes: 10:00 a 13:30h<\\\/td>\\n<\\\/tr>\\n<\\\/tbody>\\n<\\\/table>\\n<p>\\u00a0<\\\/p>\\n<p data-start=\\\"1059\\\" data-end=\\\"1081\\\">\\u26a0\\ufe0f <strong><span style=\\\"font-family: verdana, geneva, sans-serif; font-size: 14pt;\\\">\\u00a1Muy importante!<\\\/span><\\\/strong><\\\/p>\\n<ul>\\n<li data-start=\\\"1085\\\" data-end=\\\"1213\\\">Al <strong data-start=\\\"1088\\\" data-end=\\\"1115\\\">formalizar la matr\\u00edcula<\\\/strong>, deber\\u00e1s <strong data-start=\\\"1125\\\" data-end=\\\"1168\\\">presentar la documentaci\\u00f3n acreditativa<\\\/strong> para participar por el cupo de discapacidad.<\\\/li>\\n<li data-start=\\\"1216\\\" data-end=\\\"1325\\\">Si la documentaci\\u00f3n no corresponde con las circunstancias alegadas, <strong data-start=\\\"1284\\\" data-end=\\\"1324\\\">se perder\\u00e1 el derecho a la matr\\u00edcula<\\\/strong>.<\\\/li>\\n<\\\/ul>\"}},{\"@type\":\"Question\",\"name\":\"CITA PREVIA\",\"acceptedAnswer\":{\"@type\":\"Answer\",\"text\":\"<p>Si quieres venir al centro para que te ayudemos con tu preinscripci\\u00f3n, solicita tu <span style=\\\"color: #0000ff;\\\"><strong>cita previa<\\\/strong><\\\/span> aqu\\u00ed.\\u00a0<\\\/p>\\n<p>Si necesitas cita con el <strong>departamento de orientaci\\u00f3n<\\\/strong>, puedes hacerlo a trav\\u00e9s del apartado \\u00bb <span style=\\\"color: #008000;\\\">Reserva Cupo Discapacidad<\\\/span>\\u00bb que encontrar\\u00e1s m\\u00e1s arriba.\\u00a0<\\\/p>\\n<p>Si necesitas obtener tu <strong><span style=\\\"color: #ff6600;\\\"><span style=\\\"color: #0000ff;\\\">clave de acceso <\\\/span><\\\/span><\\\/strong><span style=\\\"color: #ff6600;\\\"><span style=\\\"color: #0000ff;\\\"><span style=\\\"color: #808080;\\\">utilizando el<\\\/span><\\\/span><\\\/span> <strong><span style=\\\"color: #ff6600;\\\"><span style=\\\"color: #0000ff;\\\">pasaporte<\\\/span>,<\\\/span> <span style=\\\"color: #ff0000;\\\">no es necesario pedir cita previa.<\\\/span><\\\/strong> Puedes acudir directamente a la secretar\\u00eda del centro en horario de 09:00 a 13:30 de lunes a viernes y martes, mi\\u00e9rcoles y jueves de 16:00 a 18:00h.<\\\/p>\"}},{\"@type\":\"Question\",\"name\":\"PASO 1: REALIZAR LA SOLICITUD TELEM\\u00c1TICAMENTE\",\"acceptedAnswer\":{\"@type\":\"Answer\",\"text\":\"<p style=\\\"text-align: center;\\\"><span style=\\\"color: #333333;\\\"><b>PLAZO: DEL 23 DE MAYO AL 2 DE JUNIO DE 2025<\\\/b><\\\/span><\\\/p>\\n<table style=\\\"background-color: #ffffff; width: 581.297px;\\\" width=\\\"80%\\\">\\n<tbody>\\n<tr>\\n<td width=\\\"52%\\\">\\n<p><strong>PRESENCIAL<\\\/strong><\\\/p>\\n<ul>\\n<li><span style=\\\"color: #0000ff;\\\"><a href=\\\"https:\\\/\\\/portal.edu.gva.es\\\/adminova\\\/es\\\/fp-interior\\\/\\\">ASISTENTE DE ADMISI\\u00d3N GRADO MEDIO<\\\/a> ( se activar\\u00e1 el 23 de mayo 2025)<\\\/span><\\\/li>\\n<li><a href=\\\"https:\\\/\\\/www.fpmislata.com\\\/wordpress\\\/wp-content\\\/uploads\\\/2025_Observaciones_preinscripcio\\u0301n_presencial.pdf\\\"><span style=\\\"color: #0000ff;\\\">OBSERVACIONES MODALIDAD PRESENCIAL\\u00a0<\\\/span><\\\/a><\\\/li>\\n<\\\/ul>\\n<div><strong style=\\\"font-family: Poppins, sans-serif;\\\">SEMIPRESENCIAL<\\\/strong><\\\/div>\\n<div>\\n<ul>\\n<li><span style=\\\"color: #0000ff;\\\"><a href=\\\"https:\\\/\\\/portal.edu.gva.es\\\/adminova\\\/es\\\/fp-interior\\\/\\\">ASISTENTE DE ADMISI\\u00d3N SEMIPRESENCIAL<\\\/a> ( se activar\\u00e1 el 23 de mayo 2025)<\\\/span><\\\/li>\\n<li><a href=\\\"https:\\\/\\\/www.fpmislata.com\\\/wordpress\\\/wp-content\\\/uploads\\\/2025_Observaciones_preinscripcio\\u0301n_semipresencial.pdf\\\"><span style=\\\"color: #0000ff;\\\">OBSERVACIONES MODALIDAD SEMIPRESENCIAL<\\\/span><\\\/a><\\\/li>\\n<\\\/ul>\\n<div><span style=\\\"font-family: Poppins, sans-serif;\\\"><b>INFO ADICIONAL<\\\/b><\\\/span><\\\/div>\\n<\\\/div>\\n<div>\\n<table style=\\\"background-color: #ffffff; width: 581.297px;\\\" width=\\\"80%\\\">\\n<tbody>\\n<tr>\\n<td width=\\\"100%\\\">\\n<ul>\\n<li><span style=\\\"color: #0000ff;\\\"><a style=\\\"color: #0000ff;\\\" href=\\\"https:\\\/\\\/www.fpmislata.com\\\/wordpress\\\/wp-content\\\/uploads\\\/2025_cupo_deportista_de_e\\u0301lite.pdf\\\">ALUMNADO CUPO DEPORTISTAS DE \\u00c9LITE<\\\/a><\\\/span><\\\/li>\\n<li><span style=\\\"color: #0000ff;\\\"><a style=\\\"color: #0000ff;\\\" href=\\\"https:\\\/\\\/www.fpmislata.com\\\/wordpress\\\/wp-content\\\/uploads\\\/2025_alumnado_menor_edad.pdf\\\">ALUMNADO MENOR DE EDAD<\\\/a><\\\/span><\\\/li>\\n<li><span style=\\\"color: #0000ff;\\\"><a style=\\\"color: #0000ff;\\\" href=\\\"https:\\\/\\\/www.fpmislata.com\\\/wordpress\\\/wp-content\\\/uploads\\\/2025_alumnado_extranjero.pdf\\\">ALUMNADO EXTRANJERO<\\\/a><\\\/span><\\\/li>\\n<\\\/ul>\\n<\\\/td>\\n<\\\/tr>\\n<tr>\\n<td width=\\\"100%\\\">\\n<div>\\u00a0<\\\/div>\\n<\\\/td>\\n<\\\/tr>\\n<\\\/tbody>\\n<\\\/table>\\n<\\\/div>\\n<\\\/td>\\n<\\\/tr>\\n<\\\/tbody>\\n<\\\/table>\"}},{\"@type\":\"Question\",\"name\":\"PASO 2: PRESENTAR DOCUMENTACI\\u00d3N JUSTIFICATIVA\",\"acceptedAnswer\":{\"@type\":\"Answer\",\"text\":\"<p style=\\\"text-align: center;\\\"><span style=\\\"color: #333333;\\\"><b>PLAZO: DEL 3 DE JUNIO\\u00a0 AL 1 DE JULIO DE 2025<\\\/b><\\\/span><\\\/p>\\n<ul>\\n<li><a href=\\\"https:\\\/\\\/www.fpmislata.com\\\/wordpress\\\/wp-content\\\/uploads\\\/2025_paso_2_aportar_documentacio\\u0301n.pdf\\\"><span style=\\\"color: #0000ff;\\\">INSTRUCCIONES PRESENTACI\\u00d3N DOCUMENTACI\\u00d3N JUSTIFICATIVA<\\\/span><\\\/a><\\\/li>\\n<\\\/ul>\\n<p>\\u00a0<\\\/p>\\n<p>\\u00a0<\\\/p>\\n<table style=\\\"background-color: #ffffff; width: 581.297px;\\\" width=\\\"80%\\\">\\n<tbody>\\n<tr>\\n<td style=\\\"width: 580.297px;\\\">\\u00a0<\\\/td>\\n<\\\/tr>\\n<\\\/tbody>\\n<\\\/table>\"}},{\"@type\":\"Question\",\"name\":\"PASO 3: PUBLICACI\\u00d3N LISTAS PROVISIONALES\",\"acceptedAnswer\":{\"@type\":\"Answer\",\"text\":\"<p><span style=\\\"font-size: 12pt;\\\"><strong><span style=\\\"color: #800080;\\\">MODALIDAD PRESENCIAL<\\\/span><\\\/strong><\\\/span><\\\/p>\\n<div id=\\\"\\\" class=\\\"su-heading su-heading-style-default su-heading-align-center\\\">\\n<div class=\\\"su-heading-inner\\\"><strong>LISTADO PROVISIONAL DE ADMITID@S ( 8 de julio 2025)\\u00a0<\\\/strong><\\\/div>\\n<\\\/div>\\n<div><strong>LISTADO PROVISIONAL DE NO ADMITIDOS ( 8 de julio 2025)\\u00a0<\\\/strong><\\\/div>\\n<div>\\u00a0<\\\/div>\\n<div>\\u00a0<\\\/div>\\n<div><span style=\\\"font-size: 12pt;\\\"><strong><span style=\\\"color: #800080;\\\">MODALIDAD SEMIPRESENCIAL\\u00a0<\\\/span><\\\/strong><\\\/span><\\\/div>\\n<div>\\n<div><span style=\\\"color: #000000;\\\"><strong>LISTAS DE ADMITIDOS PROVISIONALES ( 8 de julio 2025)\\u00a0\\u00a0<\\\/strong><\\\/span><\\\/div>\\n<ul>\\n<li>Relaci\\u00f3n por ciclo formativo<\\\/li>\\n<li>Relaci\\u00f3n por m\\u00f3dulos<\\\/li>\\n<\\\/ul>\\n<p><span style=\\\"color: #000000;\\\"><strong>LISTA PROVISIONALES DE NO ADMITIDOS (8 de julio 2025)<\\\/strong><\\\/span><\\\/p>\\n<ul>\\n<li>Relaci\\u00f3n por ciclo formativo<\\\/li>\\n<li>Relaci\\u00f3n por m\\u00f3dulos<\\\/li>\\n<\\\/ul>\\n<\\\/div>\\n<table border=\\\"0\\\">\\n<tbody>\\n<tr>\\n<td>\\u00a0<\\\/td>\\n<td>\\u00a0<\\\/td>\\n<\\\/tr>\\n<\\\/tbody>\\n<\\\/table>\\n<div id=\\\"\\\" class=\\\"su-heading su-heading-style-default su-heading-align-center\\\">\\n<div><span style=\\\"text-decoration: underline;\\\"><span style=\\\"color: #0000ff;\\\"><strong>RECLAMACIONES A LAS LISTAS\\u00a0 ( del 8 al 10 de julio 2025)<\\\/strong><\\\/span><\\\/span><\\\/div>\\n<div>\\u00a0<\\\/div>\\n<\\\/div>\"}},{\"@type\":\"Question\",\"name\":\"PASO 4: PUBLICACI\\u00d3N LISTAS DEFINITIVAS\",\"acceptedAnswer\":{\"@type\":\"Answer\",\"text\":\"<p>\\u00a0<\\\/p>\\n<div id=\\\"\\\" class=\\\"su-heading su-heading-style-default su-heading-align-center\\\">\\n<div class=\\\"su-heading-inner\\\"><strong>LISTAS DE ADMITIDOS DEFINITIVAS ( 23 de julio 2025)\\u00a0<\\\/strong><\\\/div>\\n<div><strong><br \\\/>RECLAMACIONES A LAS LISTAS\\u00a0 ( del 23 al 25 de julio 2025)<\\\/strong><\\\/div>\\n<\\\/div>\"}},{\"@type\":\"Question\",\"name\":\"PASO 5: MATR\\u00cdCULA\",\"acceptedAnswer\":{\"@type\":\"Answer\",\"text\":\"<p><strong><span style=\\\"font-size: 12pt;\\\">Instrucciones y calendario de matr\\u00edcula curso 25-26 ( in progress)<\\\/span><\\\/strong><\\\/p>\\n<ul>\\n<li>MATR\\u00cdCULA PRESENCIAL EN EL CENTRO ( del 24 al 30 de julio 2025)<\\\/li>\\n<li>MATR\\u00cdCULA TELEM\\u00c1TICA ( del 24 al 28 de julio 2025)\\u00a0<\\\/li>\\n<\\\/ul>\\n<p><strong>AVISO:<\\\/strong> Antes de iniciar los tr\\u00e1mites de la matr\\u00edcula debes comprobar que apareces en las listas DEFINITIVAS de admitid@s.\\u00a0<\\\/p>\\n<p><strong>RECUERDA<\\\/strong> consultar el calendario de matr\\u00edcula un par de d\\u00edas antes del d\\u00eda asignado por si hubiera alg\\u00fan imprevisto.\\u00a0<\\\/p>\\n<p>\\u00a0<\\\/p>\\n<p style=\\\"text-align: center;\\\"><span style=\\\"color: #800080;\\\"><strong>MUY IMPORTANTE: EL ALUMNNADO QUE NO FORMALICE LA MATR\\u00cdCULA EN EL PLAZO INDICADO, PERDER\\u00c1 SU PLAZA<\\\/strong><\\\/span><\\\/p>\\n<hr \\\/>\\n<p><strong>SOLICITUD DE TURNO<\\\/strong><\\\/p>\\n<p>S\\u00d3LO EN LOS CICLOS CON DOBLE TURNO:<\\\/p>\\n<ul>\\n<li><strong>CUIDADOS AUXILIARES DE ENFERMER\\u00cdA<\\\/strong><\\\/li>\\n<\\\/ul>\\n<p>se asignar\\u00e1 turno de ma\\u00f1ana o tarde en funci\\u00f3n de la\\u00a0<strong>solicitud del alumno\\\/a\\u00a0<\\\/strong>y la calificaci\\u00f3n de acceso obtenida. El modelo a utilizar se le proporcionar\\u00e1 en el PDF de matr\\u00edcula.\\u00a0<\\\/p>\\n<p>En caso de existir alg\\u00fan motivo justificado que les impide asistir a uno de los dos turnos (ma\\u00f1ana o tarde)\\u00a0<a href=\\\"https:\\\/\\\/www.fpmislata.com\\\/wordpress\\\/wp-content\\\/uploads\\\/Solicitud-cambio-turno-alumnos-del-centro-formulario-1.pdf\\\"><strong>se deber\\u00e1 hacer constar esta circunstancia JUSTIFICANDO EL MOTIVO DOCUMENTALMENTE.<\\\/strong><\\\/a><\\\/p>\\n<p>No se admitir\\u00e1n solicitudes fuera del plazo de matr\\u00edcula. La Direcci\\u00f3n del Centro resolver\\u00e1 las solicitudes y publicar\\u00e1 antes del comienzo de las clases la relaci\\u00f3n de alumnos en cada turno.<\\\/p>\"}}]}<\/script>\n\t\t\t\t\t<\/div>\n\t\t\t\t<\/div>\n\t\t\t\t<\/div>\n\t\t\t\t<div class=\"elementor-element elementor-element-d143e6e elementor-widget elementor-widget-spacer\" data-id=\"d143e6e\" data-element_type=\"widget\" data-widget_type=\"spacer.default\">\n\t\t\t\t<div class=\"elementor-widget-container\">\n\t\t\t\t\t<div class=\"elementor-spacer\">\n\t\t\t<div class=\"elementor-spacer-inner\"><\/div>\n\t\t<\/div>\n\t\t\t\t<\/div>\n\t\t\t\t<\/div>\n\t\t\t\t<div class=\"elementor-element elementor-element-5eb0576 elementor-widget elementor-widget-heading\" data-id=\"5eb0576\" data-element_type=\"widget\" data-widget_type=\"heading.default\">\n\t\t\t\t<div class=\"elementor-widget-container\">\n\t\t\t<h2 class=\"elementor-heading-title elementor-size-default\">Requisito acad\u00e9mico POR CUPOS<\/h2>\t\t<\/div>\n\t\t\t\t<\/div>\n\t\t\t\t<div class=\"elementor-element elementor-element-8d34540 elementor-widget elementor-widget-text-editor\" data-id=\"8d34540\" data-element_type=\"widget\" data-widget_type=\"text-editor.default\">\n\t\t\t\t<div class=\"elementor-widget-container\">\n\t\t\t\t\t\t\t\t<div class=\"elementor-text-editor elementor-clearfix\">\n\t\t\t\t\t<img loading=\"lazy\" src=\"data:image\/gif;base64,R0lGODlhAQABAAAAACH5BAEKAAEALAAAAAABAAEAAAICTAEAOw==\" alt=\"\" width=\"300\" height=\"240\" class=\"alignnone size-medium wp-image-15421 lazyload\" data-src=\"https:\/\/www.fpmislata.com\/wordpress\/wp-content\/uploads\/RequisitosAccesoGM-300x240.png\">\t\t\t\t\t<\/div>\n\t\t\t\t\t\t<\/div>\n\t\t\t\t<\/div>\n\t\t\t\t<div class=\"elementor-element elementor-element-77dfc05 elementor-widget elementor-widget-button\" data-id=\"77dfc05\" data-element_type=\"widget\" data-widget_type=\"button.default\">\n\t\t\t\t<div class=\"elementor-widget-container\">\n\t\t\t\t\t<div class=\"elementor-button-wrapper\">\n\t\t\t<a href=\"https:\/\/ceice.gva.es\/documents\/161863064\/382398802\/NuevosCupos_GM.pdf\" class=\"elementor-button-link elementor-button elementor-size-xs\" role=\"button\">\n\t\t\t\t\t\t<span class=\"elementor-button-content-wrapper\">\n\t\t\t\t\t\t<span class=\"elementor-button-icon elementor-align-icon-left\">\n\t\t\t\t<i aria-hidden=\"true\" class=\"far fa-arrow-alt-circle-right\"><\/i>\t\t\t<\/span>\n\t\t\t\t\t\t<span class=\"elementor-button-text\">+ info<\/span>\n\t\t<\/span>\n\t\t\t\t\t<\/a>\n\t\t<\/div>\n\t\t\t\t<\/div>\n\t\t\t\t<\/div>\n\t\t\t\t<div class=\"elementor-element elementor-element-e89b9d2 elementor-widget elementor-widget-spacer\" data-id=\"e89b9d2\" data-element_type=\"widget\" data-widget_type=\"spacer.default\">\n\t\t\t\t<div class=\"elementor-widget-container\">\n\t\t\t\t\t<div class=\"elementor-spacer\">\n\t\t\t<div class=\"elementor-spacer-inner\"><\/div>\n\t\t<\/div>\n\t\t\t\t<\/div>\n\t\t\t\t<\/div>\n\t\t\t\t<div class=\"elementor-element elementor-element-667a566 elementor-widget elementor-widget-heading\" data-id=\"667a566\" data-element_type=\"widget\" data-widget_type=\"heading.default\">\n\t\t\t\t<div class=\"elementor-widget-container\">\n\t\t\t<h2 class=\"elementor-heading-title elementor-size-default\">CRITERIOS DE PRIORIDAD<\/h2>\t\t<\/div>\n\t\t\t\t<\/div>\n\t\t\t\t<div class=\"elementor-element elementor-element-0a40ece elementor-widget elementor-widget-text-editor\" data-id=\"0a40ece\" data-element_type=\"widget\" data-widget_type=\"text-editor.default\">\n\t\t\t\t<div class=\"elementor-widget-container\">\n\t\t\t\t\t\t\t\t<div class=\"elementor-text-editor elementor-clearfix\">\n\t\t\t\t\t<p class=\"\" data-start=\"237\" data-end=\"419\">La admisi\u00f3n se realiza siguiendo los criterios de prioridad establecidos en el art\u00edculo 23 de la <a href=\"https:\/\/dogv.gva.es\/datos\/2024\/05\/14\/pdf\/2024_4272.pdf\">Orden 10\/2024, de 10 de mayo, de la Conselleria de Educaci\u00f3n, Universidades y Empleo.<\/a><\/p>\n<ul data-start=\"421\" data-end=\"1361\">\n<li class=\"\" data-start=\"421\" data-end=\"1007\">\n<p class=\"\" data-start=\"423\" data-end=\"519\">En el acceso a ciclos formativos de <strong>grado medio<\/strong> por el <strong><span style=\"color: #ff6600;\">cupo de acceso directo<\/span><\/strong> tendr\u00e1n prioridad:<\/p>\n<ul data-start=\"522\" data-end=\"1007\">\n<li class=\"\" data-start=\"522\" data-end=\"607\">\n<p class=\"\" data-start=\"524\" data-end=\"607\">El alumnado que haya finalizado sus estudios en los<span style=\"text-decoration: underline;\"> tres \u00faltimos cursos acad\u00e9micos.<\/span><\/p>\n<\/li>\n<li class=\"\" data-start=\"610\" data-end=\"765\">\n<p class=\"\" data-start=\"612\" data-end=\"765\">El alumnado que haya obtenido el t\u00edtulo de Educaci\u00f3n Secundaria Obligatoria o de T\u00e9cnico B\u00e1sico de Formaci\u00f3n Profesional en <span style=\"text-decoration: underline;\">convocatoria final ordinaria<\/span>.<\/p>\n<\/li>\n<li class=\"\" data-start=\"768\" data-end=\"1007\">\n<p class=\"\" data-start=\"770\" data-end=\"1007\">Entre quienes est\u00e9n en posesi\u00f3n del t\u00edtulo profesional b\u00e1sico, tendr\u00e1n preferencia aquellos cuyos estudios est\u00e9n vinculados a f<span style=\"text-decoration: underline;\">amilias profesionales consideradas prioritarias para el ciclo<\/span> solicitado, de acuerdo con la normativa vigente.<\/p>\n<\/li>\n<\/ul>\n<\/li>\n<li class=\"\" data-start=\"1009\" data-end=\"1205\">\n<p class=\"\" data-start=\"1011\" data-end=\"1205\">Una vez aplicadas estas prioridades, las solicitudes se ordenar\u00e1n por la nota media del requisito acad\u00e9mico alegado, calculada conforme al art\u00edculo 111 del Real Decreto 659\/2023, de 18 de julio.<\/p>\n<\/li>\n<li class=\"\" data-start=\"1207\" data-end=\"1361\">\n<p class=\"\" data-start=\"1209\" data-end=\"1361\">En el r<strong>esto de cupos de acceso<\/strong>, las solicitudes se priorizar\u00e1n en funci\u00f3n de la <strong>nota obtenida<\/strong> en las pruebas, cursos o expedientes acad\u00e9micos aportados.<\/p>\n<\/li>\n<\/ul>\n<p class=\"\" data-start=\"1363\" data-end=\"1439\">Para m\u00e1s <strong>informaci\u00f3n<\/strong>, se puede consultar la <a href=\"https:\/\/dogv.gva.es\/datos\/2024\/05\/14\/pdf\/2024_4272.pdf\">Orden 10\/2024<\/a>.<\/p>\n<p><span style=\"color: #000000; font-size: 10pt;\">.<\/span><\/p>\t\t\t\t\t<\/div>\n\t\t\t\t\t\t<\/div>\n\t\t\t\t<\/div>\n\t\t\t\t<div class=\"elementor-element elementor-element-492008f elementor-widget elementor-widget-button\" data-id=\"492008f\" data-element_type=\"widget\" data-widget_type=\"button.default\">\n\t\t\t\t<div class=\"elementor-widget-container\">\n\t\t\t\t\t<div class=\"elementor-button-wrapper\">\n\t\t\t<a href=\"https:\/\/ceice.gva.es\/documents\/161863064\/382353680\/Prioridades_GM.pdf\" class=\"elementor-button-link elementor-button elementor-size-xs\" role=\"button\">\n\t\t\t\t\t\t<span class=\"elementor-button-content-wrapper\">\n\t\t\t\t\t\t<span class=\"elementor-button-icon elementor-align-icon-left\">\n\t\t\t\t<i aria-hidden=\"true\" class=\"far fa-arrow-alt-circle-right\"><\/i>\t\t\t<\/span>\n\t\t\t\t\t\t<span class=\"elementor-button-text\">+info<\/span>\n\t\t<\/span>\n\t\t\t\t\t<\/a>\n\t\t<\/div>\n\t\t\t\t<\/div>\n\t\t\t\t<\/div>\n\t\t\t\t<div class=\"elementor-element elementor-element-0c1b0bf elementor-widget elementor-widget-spacer\" data-id=\"0c1b0bf\" data-element_type=\"widget\" data-widget_type=\"spacer.default\">\n\t\t\t\t<div class=\"elementor-widget-container\">\n\t\t\t\t\t<div class=\"elementor-spacer\">\n\t\t\t<div class=\"elementor-spacer-inner\"><\/div>\n\t\t<\/div>\n\t\t\t\t<\/div>\n\t\t\t\t<\/div>\n\t\t\t\t<div class=\"elementor-element elementor-element-468cbb1 elementor-widget elementor-widget-heading\" data-id=\"468cbb1\" data-element_type=\"widget\" data-widget_type=\"heading.default\">\n\t\t\t\t<div class=\"elementor-widget-container\">\n\t\t\t<h2 class=\"elementor-heading-title elementor-size-default\">VACANTES<\/h2>\t\t<\/div>\n\t\t\t\t<\/div>\n\t\t\t\t<div class=\"elementor-element elementor-element-83a4bbb elementor-widget elementor-widget-text-editor\" data-id=\"83a4bbb\" data-element_type=\"widget\" data-widget_type=\"text-editor.default\">\n\t\t\t\t<div class=\"elementor-widget-container\">\n\t\t\t\t\t\t\t\t<div class=\"elementor-text-editor elementor-clearfix\">\n\t\t\t\t\t<p><span style=\"color: #000000; font-size: 10pt;\">Las vacantes en cada ciclo formativo se distribuyen en funci\u00f3n de unos cupos, seg\u00fan la procedencia del alumnado.\u00a0\u00a0<\/span><\/p>\t\t\t\t\t<\/div>\n\t\t\t\t\t\t<\/div>\n\t\t\t\t<\/div>\n\t\t\t\t<div class=\"elementor-element elementor-element-b90dd3a elementor-widget elementor-widget-button\" data-id=\"b90dd3a\" data-element_type=\"widget\" data-widget_type=\"button.default\">\n\t\t\t\t<div class=\"elementor-widget-container\">\n\t\t\t\t\t<div class=\"elementor-button-wrapper\">\n\t\t\t<a class=\"elementor-button elementor-size-xs\" role=\"button\">\n\t\t\t\t\t\t<span class=\"elementor-button-content-wrapper\">\n\t\t\t\t\t\t<span class=\"elementor-button-icon elementor-align-icon-left\">\n\t\t\t\t<i aria-hidden=\"true\" class=\"far fa-arrow-alt-circle-right\"><\/i>\t\t\t<\/span>\n\t\t\t\t\t\t<span class=\"elementor-button-text\">+ info<\/span>\n\t\t<\/span>\n\t\t\t\t\t<\/a>\n\t\t<\/div>\n\t\t\t\t<\/div>\n\t\t\t\t<\/div>\n\t\t\t\t<div class=\"elementor-element elementor-element-6ee6e2a elementor-widget elementor-widget-spacer\" data-id=\"6ee6e2a\" data-element_type=\"widget\" data-widget_type=\"spacer.default\">\n\t\t\t\t<div class=\"elementor-widget-container\">\n\t\t\t\t\t<div class=\"elementor-spacer\">\n\t\t\t<div class=\"elementor-spacer-inner\"><\/div>\n\t\t<\/div>\n\t\t\t\t<\/div>\n\t\t\t\t<\/div>\n\t\t\t\t<div class=\"elementor-element elementor-element-08bf428 elementor-widget elementor-widget-heading\" data-id=\"08bf428\" data-element_type=\"widget\" data-widget_type=\"heading.default\">\n\t\t\t\t<div class=\"elementor-widget-container\">\n\t\t\t<h2 class=\"elementor-heading-title elementor-size-default\">NORMATIVA<\/h2>\t\t<\/div>\n\t\t\t\t<\/div>\n\t\t\t\t<div class=\"elementor-element elementor-element-d7f3b60 elementor-widget elementor-widget-button\" data-id=\"d7f3b60\" data-element_type=\"widget\" data-widget_type=\"button.default\">\n\t\t\t\t<div class=\"elementor-widget-container\">\n\t\t\t\t\t<div class=\"elementor-button-wrapper\">\n\t\t\t<a href=\"https:\/\/ceice.gva.es\/es\/web\/formacion-profesional\/admision-alumnado-en-ciclos-formativos\" class=\"elementor-button-link elementor-button elementor-size-xs\" role=\"button\">\n\t\t\t\t\t\t<span class=\"elementor-button-content-wrapper\">\n\t\t\t\t\t\t<span class=\"elementor-button-icon elementor-align-icon-left\">\n\t\t\t\t<i aria-hidden=\"true\" class=\"far fa-arrow-alt-circle-right\"><\/i>\t\t\t<\/span>\n\t\t\t\t\t\t<span class=\"elementor-button-text\">+ info<\/span>\n\t\t<\/span>\n\t\t\t\t\t<\/a>\n\t\t<\/div>\n\t\t\t\t<\/div>\n\t\t\t\t<\/div>\n\t\t\t\t\t\t<\/div>\n\t\t\t\t\t<\/div>\n\t\t<\/div>\n\t\t\t\t\t\t\t\t<\/div>\n\t\t\t\t\t<\/div>\n\t\t<\/section>\n\t\t\t\t\t\t<\/div>\n\t\t\t\t\t\t<\/div>\n\t\t\t\t\t<\/div>\n\t\t","protected":false},"excerpt":{"rendered":"<p>\u00bfQuieres cursar un Ciclo de Grado Medio?\u00a0 Aqu\u00ed encontrar\u00e1s + info del proceso de ADMISI\u00d3N Y MATR\u00cdCULA curso 2025-26 ( IN PROGRESS) \u00a0 Admisi\u00f3n curso 2025-26 GRADO MEDIO CALENDARIO ADMISI\u00d3N \u00a0 GRADO MEDIO\u00a0 Presentaci\u00f3n oline AdmiNOVA de las solicitudes 23 de mayo al 2 de junio de 2025 ( si necesitas ayuda, puedes coger cita&hellip;<\/p>\n","protected":false},"author":6,"featured_media":11733,"parent":290,"menu_order":0,"comment_status":"closed","ping_status":"closed","template":"elementor_header_footer","meta":{"ngg_post_thumbnail":0},"_links":{"self":[{"href":"https:\/\/www.fpmislata.com\/wordpress\/wp-json\/wp\/v2\/pages\/11537"}],"collection":[{"href":"https:\/\/www.fpmislata.com\/wordpress\/wp-json\/wp\/v2\/pages"}],"about":[{"href":"https:\/\/www.fpmislata.com\/wordpress\/wp-json\/wp\/v2\/types\/page"}],"author":[{"embeddable":true,"href":"https:\/\/www.fpmislata.com\/wordpress\/wp-json\/wp\/v2\/users\/6"}],"replies":[{"embeddable":true,"href":"https:\/\/www.fpmislata.com\/wordpress\/wp-json\/wp\/v2\/comments?post=11537"}],"version-history":[{"count":421,"href":"https:\/\/www.fpmislata.com\/wordpress\/wp-json\/wp\/v2\/pages\/11537\/revisions"}],"predecessor-version":[{"id":17695,"href":"https:\/\/www.fpmislata.com\/wordpress\/wp-json\/wp\/v2\/pages\/11537\/revisions\/17695"}],"up":[{"embeddable":true,"href":"https:\/\/www.fpmislata.com\/wordpress\/wp-json\/wp\/v2\/pages\/290"}],"wp:featuredmedia":[{"embeddable":true,"href":"https:\/\/www.fpmislata.com\/wordpress\/wp-json\/wp\/v2\/media\/11733"}],"wp:attachment":[{"href":"https:\/\/www.fpmislata.com\/wordpress\/wp-json\/wp\/v2\/media?parent=11537"}],"curies":[{"name":"wp","href":"https:\/\/api.w.org\/{rel}","templated":true}]}}