{"id":14511,"date":"2024-09-04T08:10:46","date_gmt":"2024-09-04T12:10:46","guid":{"rendered":"https:\/\/www.fpmislata.com\/wordpress\/?page_id=14511"},"modified":"2024-11-12T06:53:28","modified_gmt":"2024-11-12T10:53:28","slug":"curso-seguridad-y-bienestar-digital-para-el-profesorado-iii","status":"publish","type":"page","link":"https:\/\/www.fpmislata.com\/wordpress\/centro-excelencia-ciberseguridad\/curso-seguridad-y-bienestar-digital-para-el-profesorado-iii\/","title":{"rendered":"Curso Seguridad y Bienestar Digital para el profesorado 3\u00aaed"},"content":{"rendered":"\t\t<div data-elementor-type=\"wp-page\" data-elementor-id=\"14511\" class=\"elementor elementor-14511\" data-elementor-settings=\"[]\">\n\t\t\t\t\t\t<div class=\"elementor-inner\">\n\t\t\t\t\t\t\t<div class=\"elementor-section-wrap\">\n\t\t\t\t\t\t\t<section class=\"elementor-section elementor-top-section elementor-element elementor-element-1a72b74 elementor-section-boxed elementor-section-height-default elementor-section-height-default\" data-id=\"1a72b74\" data-element_type=\"section\">\n\t\t\t\t\t\t<div class=\"elementor-container elementor-column-gap-default\">\n\t\t\t\t\t\t\t<div class=\"elementor-row\">\n\t\t\t\t\t<div class=\"elementor-column elementor-col-100 elementor-top-column elementor-element elementor-element-e163d73\" data-id=\"e163d73\" data-element_type=\"column\">\n\t\t\t<div class=\"elementor-column-wrap\">\n\t\t\t\t\t\t\t<div class=\"elementor-widget-wrap\">\n\t\t\t\t\t\t\t\t<\/div>\n\t\t\t\t\t<\/div>\n\t\t<\/div>\n\t\t\t\t\t\t\t\t<\/div>\n\t\t\t\t\t<\/div>\n\t\t<\/section>\n\t\t\t\t<section class=\"elementor-section elementor-top-section elementor-element elementor-element-a8a91ce elementor-section-boxed elementor-section-height-default elementor-section-height-default\" data-id=\"a8a91ce\" data-element_type=\"section\">\n\t\t\t\t\t\t<div class=\"elementor-container elementor-column-gap-default\">\n\t\t\t\t\t\t\t<div class=\"elementor-row\">\n\t\t\t\t\t<div class=\"elementor-column elementor-col-100 elementor-top-column elementor-element elementor-element-815bf09\" data-id=\"815bf09\" data-element_type=\"column\">\n\t\t\t<div class=\"elementor-column-wrap elementor-element-populated\">\n\t\t\t\t\t\t\t<div class=\"elementor-widget-wrap\">\n\t\t\t\t\t\t<div class=\"elementor-element elementor-element-c28031d elementor-widget elementor-widget-text-editor\" data-id=\"c28031d\" data-element_type=\"widget\" data-widget_type=\"text-editor.default\">\n\t\t\t\t<div class=\"elementor-widget-container\">\n\t\t\t\t\t\t\t\t<div class=\"elementor-text-editor elementor-clearfix\">\n\t\t\t\t\t<p>En el marco de la Red de Centros de Excelencia de Formaci\u00f3n Profesional en el sector de la Ciberseguridad, el CIPFP Mislata organiza el curso Seguridad y Bienestar digital para el profesorado en modalidad a distancia. El curso va dirigido a profesores de secundaria y maestros de toda Espa\u00f1a.<\/p><p>Ante un panorama en el que los ciberataques y los incidentes en l\u00ednea est\u00e1n a la orden del d\u00eda y la sobreexposici\u00f3n, la desinformaci\u00f3n, el contenido inapropiado y los riesgos digitales nos acechan a todos sin distinciones, este curso pretende ayudar a los asistentes a mejorar su seguridad y privacidad en l\u00ednea desde un lenguaje sencillo, cercano y pr\u00e1ctico y sin necesidad de contar con conocimientos previos en ciberseguridad. Se dar\u00e1n a conocer medidas b\u00e1sicas de protecci\u00f3n y seguridad digital; se mostrar\u00e1 c\u00f3mo cuidar y proteger mejor la identidad digital; se ense\u00f1ar\u00e1 a reconocer de frente las principales amenazas y enga\u00f1os en internet, as\u00ed como a saber distinguir los riesgos en el entorno digital a los que todos nos exponemos para as\u00ed, contando con informaci\u00f3n y recursos, poder actuar a tiempo, ya sea en el entorno cercano o desde el aula ayudando al alumnado a mejorar su seguridad y bienestar digital.<\/p>\t\t\t\t\t<\/div>\n\t\t\t\t\t\t<\/div>\n\t\t\t\t<\/div>\n\t\t\t\t\t\t<\/div>\n\t\t\t\t\t<\/div>\n\t\t<\/div>\n\t\t\t\t\t\t\t\t<\/div>\n\t\t\t\t\t<\/div>\n\t\t<\/section>\n\t\t\t\t<section class=\"elementor-section elementor-top-section elementor-element elementor-element-24d66d8 elementor-section-boxed elementor-section-height-default elementor-section-height-default\" data-id=\"24d66d8\" data-element_type=\"section\">\n\t\t\t\t\t\t<div class=\"elementor-container elementor-column-gap-default\">\n\t\t\t\t\t\t\t<div class=\"elementor-row\">\n\t\t\t\t\t<div class=\"elementor-column elementor-col-100 elementor-top-column elementor-element elementor-element-2d82001\" data-id=\"2d82001\" data-element_type=\"column\">\n\t\t\t<div class=\"elementor-column-wrap elementor-element-populated\">\n\t\t\t\t\t\t\t<div class=\"elementor-widget-wrap\">\n\t\t\t\t\t\t<div class=\"elementor-element elementor-element-ffd225e elementor-widget elementor-widget-text-editor\" data-id=\"ffd225e\" data-element_type=\"widget\" data-widget_type=\"text-editor.default\">\n\t\t\t\t<div class=\"elementor-widget-container\">\n\t\t\t\t\t\t\t\t<div class=\"elementor-text-editor elementor-clearfix\">\n\t\t\t\t\t<p><strong>Objetivos:<br \/><\/strong><\/p><p>El objetivo general del curso es capacitar al profesorado en la protecci\u00f3n de datos personales, privacidad, seguridad y bienestar digital. Se pretende que los asistentes aprendan a utilizar de forma responsable, segura y saludable las tecnolog\u00edas digitales para evitar riesgos laborales, personales y en el entorno y para garantizar la convivencia y el bienestar del alumnado a utilizar las tecnolog\u00edas digitales cumpliendo con la mejora de la Competencia digital docente recogida en el \u00c1rea 1 &#8211; Compromiso profesional en el Marco de Referencia de Competencia Digital Docente (MRCDD).<br \/>Los objetivos espec\u00edficos del curso son:<\/p><ul><li>Adoptar h\u00e1bitos de higiene digital para poder proteger los dispositivos, datos personales, privacidad y contenidos.<\/li><li>Aplicar medidas de cuidado y protecci\u00f3n de la identidad digital.<\/li><li>Evitar la violencia en l\u00ednea, los riesgos digitales y las amenazas al bienestar emocional en el uso de las tecnolog\u00edas digitales.<\/li><li>Identificar estrategias, recursos y herramientas que permitan al alumnado realizar un uso seguro y responsable de la tecnolog\u00eda y desarrollar pr\u00e1cticas saludables a la hora de utilizar las tecnolog\u00edas digitales.<\/li><li>Comprender la importancia de la alfabetizaci\u00f3n medi\u00e1tica y el correcto desarrollo de la capacidad cr\u00edtica para discriminar la informaci\u00f3n falsa o sesgada y tambi\u00e9n las estafas o enga\u00f1os en la red.<\/li><\/ul><p><strong>Contenidos:<br \/><\/strong><\/p><ul><li>Introducci\u00f3n a la seguridad digital.<\/li><li>Buenas pr\u00e1cticas de seguridad digital.<\/li><li>Principios de la ingenier\u00eda social.<\/li><li>Principales enga\u00f1os y amenazas en la red: estafas, phishing, malware y ransomware.<\/li><li>Identidad digital<\/li><li>Oversharing, sobreexposici\u00f3n en la red.<\/li><li>Bienestar digital.<\/li><li>Contenido inapropiado y comunidades peligrosas.<\/li><li>Violencia en l\u00ednea.<\/li><li>Sexting, sexpreading, sextorsi\u00f3n y grooming.<\/li><li>Netiqueta. Licencias de uso.<\/li><li>Desinformaci\u00f3n.<\/li><li>Recursos educativos y sitios de referencia.<\/li><\/ul><p><strong>Destinatarios y requisitos de admisi\u00f3n:<\/strong><\/p><p>El curso va dirigido a profesores de secundaria y maestros de todo el estado espa\u00f1ol, estando limitada la inscripci\u00f3n al mismo a un m\u00e1ximo del 20% de las plazas para docentes de la Comunidad\u00a0Valenciana.<\/p><p>La admisi\u00f3n se realizar\u00e1 por orden de llegada de las solicitudes. No se tramitar\u00e1n solicitudes fuera de los plazos de apertura y cierre de inscripci\u00f3n.<\/p><p>En aras de un mejor aprovechamiento de las plazas disponibles para el curso,<span style=\"color: #ff0000;\"> se dar\u00e1 de baja autom\u00e1ticamente a aquellos participantes que no realicen ninguna conexi\u00f3n en las dos primeras sesiones s\u00edncronas<\/span> y se cubrir\u00e1n las plazas con la lista de espera.<\/p><p>Asimismo, <span style=\"color: #ff0000;\">a<\/span> <span style=\"color: #ff0000;\">aquellos participantes que abandonen el curso sin causa justificada, se les penalizar\u00e1 en la admisi\u00f3n de otras acciones formativas<\/span> realizadas por el CIPFP Mislata en el marco de la Red de Centros de Excelencia.<\/p>\t\t\t\t\t<\/div>\n\t\t\t\t\t\t<\/div>\n\t\t\t\t<\/div>\n\t\t\t\t\t\t<\/div>\n\t\t\t\t\t<\/div>\n\t\t<\/div>\n\t\t\t\t\t\t\t\t<\/div>\n\t\t\t\t\t<\/div>\n\t\t<\/section>\n\t\t\t\t<section class=\"elementor-section elementor-top-section elementor-element elementor-element-e897587 elementor-section-boxed elementor-section-height-default elementor-section-height-default\" data-id=\"e897587\" data-element_type=\"section\">\n\t\t\t\t\t\t<div class=\"elementor-container elementor-column-gap-default\">\n\t\t\t\t\t\t\t<div class=\"elementor-row\">\n\t\t\t\t\t<div class=\"elementor-column elementor-col-25 elementor-top-column elementor-element elementor-element-b481c54\" data-id=\"b481c54\" data-element_type=\"column\">\n\t\t\t<div class=\"elementor-column-wrap\">\n\t\t\t\t\t\t\t<div class=\"elementor-widget-wrap\">\n\t\t\t\t\t\t\t\t<\/div>\n\t\t\t\t\t<\/div>\n\t\t<\/div>\n\t\t\t\t<div class=\"elementor-column elementor-col-50 elementor-top-column elementor-element elementor-element-e52b297\" data-id=\"e52b297\" data-element_type=\"column\">\n\t\t\t<div class=\"elementor-column-wrap elementor-element-populated\">\n\t\t\t\t\t\t\t<div class=\"elementor-widget-wrap\">\n\t\t\t\t\t\t<div class=\"elementor-element elementor-element-52d7b56 elementor-widget elementor-widget-image\" data-id=\"52d7b56\" data-element_type=\"widget\" data-widget_type=\"image.default\">\n\t\t\t\t<div class=\"elementor-widget-container\">\n\t\t\t\t\t\t\t\t<div class=\"elementor-image\">\n\t\t\t\t\t\t\t\t\t\t\t\t<img width=\"640\" height=\"355\" src=\"data:image\/gif;base64,R0lGODlhAQABAAAAACH5BAEKAAEALAAAAAABAAEAAAICTAEAOw==\" class=\"attachment-large size-large lazyload\" alt=\"\" loading=\"lazy\" sizes=\"(max-width: 640px) 100vw, 640px\" data-src=\"https:\/\/www.fpmislata.com\/wordpress\/wp-content\/uploads\/Logotipos-800x444.png\" data-srcset=\"https:\/\/www.fpmislata.com\/wordpress\/wp-content\/uploads\/Logotipos-800x444.png 800w, https:\/\/www.fpmislata.com\/wordpress\/wp-content\/uploads\/Logotipos-300x166.png 300w, https:\/\/www.fpmislata.com\/wordpress\/wp-content\/uploads\/Logotipos-768x426.png 768w, https:\/\/www.fpmislata.com\/wordpress\/wp-content\/uploads\/Logotipos.png 1040w\">\t\t\t\t\t\t\t\t\t\t\t\t\t\t<\/div>\n\t\t\t\t\t\t<\/div>\n\t\t\t\t<\/div>\n\t\t\t\t\t\t<\/div>\n\t\t\t\t\t<\/div>\n\t\t<\/div>\n\t\t\t\t<div class=\"elementor-column elementor-col-25 elementor-top-column elementor-element elementor-element-01f6fea\" data-id=\"01f6fea\" data-element_type=\"column\">\n\t\t\t<div class=\"elementor-column-wrap\">\n\t\t\t\t\t\t\t<div class=\"elementor-widget-wrap\">\n\t\t\t\t\t\t\t\t<\/div>\n\t\t\t\t\t<\/div>\n\t\t<\/div>\n\t\t\t\t\t\t\t\t<\/div>\n\t\t\t\t\t<\/div>\n\t\t<\/section>\n\t\t\t\t<section class=\"elementor-section elementor-top-section elementor-element elementor-element-93aec42 elementor-section-boxed elementor-section-height-default elementor-section-height-default\" data-id=\"93aec42\" data-element_type=\"section\">\n\t\t\t\t\t\t<div class=\"elementor-container elementor-column-gap-default\">\n\t\t\t\t\t\t\t<div class=\"elementor-row\">\n\t\t\t\t\t<div class=\"elementor-column elementor-col-100 elementor-top-column elementor-element elementor-element-73d346d\" data-id=\"73d346d\" data-element_type=\"column\">\n\t\t\t<div class=\"elementor-column-wrap elementor-element-populated\">\n\t\t\t\t\t\t\t<div class=\"elementor-widget-wrap\">\n\t\t\t\t\t\t<div class=\"elementor-element elementor-element-820e38c elementor-widget elementor-widget-text-editor\" data-id=\"820e38c\" data-element_type=\"widget\" data-widget_type=\"text-editor.default\">\n\t\t\t\t<div class=\"elementor-widget-container\">\n\t\t\t\t\t\t\t\t<div class=\"elementor-text-editor elementor-clearfix\">\n\t\t\t\t\t<p><strong>Duraci\u00f3n:<\/strong>\u00a040 horas<\/p><p><strong>N\u00famero de plazas:<\/strong>\u00a0100<\/p><p><strong>Modalidad:<\/strong> El curso se realizar\u00e1 en modalidad a distancia, mediante plataforma de formaci\u00f3n a distancia.<\/p><p><strong>Recursos:<\/strong><\/p><ul><li>Plataforma de e-learning del CIPFP Mislata: <a href=\"https:\/\/ciberseguridad.edu.es\">https:\/\/ciberseguridad.edu.es<\/a><\/li><li>Materiales de elaboraci\u00f3n propia por la tutora del curso.<\/li><\/ul><p><strong>Metodolog\u00eda:<\/strong><\/p><ul><li>Sesiones magistrales s\u00edncronas de car\u00e1cter obligatorio en las que se explicar\u00e1n los contenidos del curso que adem\u00e1s van a estar disponibles en m\u00f3dulos detallados en la plataforma como complemento. Durante las sesiones tambi\u00e9n se mostrar\u00e1n y se experimentar\u00e1 de manera interactiva con algunos recursos disponibles en l\u00ednea de aplicaci\u00f3n pr\u00e1ctica relacionados con las tem\u00e1ticas y se resolver\u00e1n dudas.<\/li><li>Elaboraci\u00f3n de una tarea final que consistir\u00e1 en la entrega de una propuesta did\u00e1ctica enfocada en trabajar la seguridad y el bienestar digital con el alumnado junto a una reflexi\u00f3n final del curso.<\/li><li>Se proporcionar\u00e1n materiales recomendados, actividades did\u00e1cticas y recursos adicionales en las diferentes tem\u00e1ticas como complemento a todos los contenidos con los que los asistentes podr\u00e1n profundizar y planificar<\/li><li>Tutor\u00edas o actividades para su alumnado.<\/li><\/ul><p><strong>Criterios de evaluaci\u00f3n:<\/strong><\/p><p><strong><span style=\"color: #ff0000;\">Asistencia al 85% de las sesiones<\/span><\/strong> y realizaci\u00f3n y superaci\u00f3n de actividades tales como cuestionarios, actividades interactivas y recursos disponibles en l\u00ednea relacionados con las tem\u00e1ticas y reflexi\u00f3n sobre las mismas. En caso de no poder asistir a alguna sesi\u00f3n, se dejar\u00e1n disponibles las grabaciones para su posterior visualizaci\u00f3n y la realizaci\u00f3n de alguna actividad relacionada con los contenidos de la grabaci\u00f3n.<\/p><p><strong>Lugar de realizaci\u00f3n:\u00a0<\/strong>Modalidad online.<\/p><p><strong>Fechas de inscripci\u00f3n y confirmaci\u00f3n de plaza:<\/strong><\/p><ul><li>Fechas de difusi\u00f3n, publicaci\u00f3n e inscripci\u00f3n: <strong><span style=\"color: #0000ff;\">del 28 de octubre al 11 de noviembre de 2024.<\/span><\/strong><\/li><li>Fechas de confirmaci\u00f3n y reserva de plaza por correo electr\u00f3nico: <strong><span style=\"color: #0000ff;\">a partir del 11 de noviembre.<\/span><\/strong><\/li><\/ul><p><strong>Fechas de realizaci\u00f3n y horarios:<\/strong><\/p><ul><li>Esta edici\u00f3n del curso se realizar\u00e1 <span style=\"color: #0000ff;\"><strong>del 18 de noviembre al 17 de enero de 2025<\/strong><\/span>, ambos inclusive. <span style=\"color: #ff0000;\"><strong>Las sesiones s\u00edncronas a distancia se realizar\u00e1n en plataforma online de formaci\u00f3n, siendo obligatoria una asistencia del 85% a las mismas.<\/strong><\/span> En caso de no poder asistir, se dejar\u00e1n disponibles las grabaciones para su posterior visualizaci\u00f3n.<\/li><li>Sesiones s\u00edncronas a trav\u00e9s de la plataforma de e-learning del CIPFP Mislata.<\/li><li><span style=\"color: #0000ff;\"><strong>32 horas s\u00edncronas repartidas en 13 sesiones de dos horas y media de duraci\u00f3n en horario de 18:30 a 21:00 horas los martes y jueves a excepci\u00f3n del 23 de diciembre que es lunes.<\/strong><\/span><ul><li><em><strong>Martes 19 Noviembre &#8211; Jueves 21 Noviembre.<\/strong><\/em><\/li><li><em><strong>Martes 26 Noviembre &#8211; Jueves 28 Noviembre.<\/strong><\/em><\/li><li><em><strong>Martes 3 Diciembre &#8211; Jueves 5 Diciembre.<\/strong><\/em><\/li><li><em><strong>Martes 10 Diciembre &#8211; Jueves 12 Diciembre.<\/strong><\/em><\/li><li><em><strong>Martes 17 Diciembre &#8211; Jueves 19 Diciembre.<\/strong><\/em><\/li><li><em><strong>Lunes 23 Diciembre.<\/strong><\/em><\/li><li><em><strong>Martes 7 Enero &#8211; Jueves 9 Enero.<\/strong><\/em><\/li><\/ul><\/li><li>Se elaborar\u00e1 una <span style=\"color: #ff0000;\"><strong>tarea final<\/strong><\/span> con fecha l\u00edmite de entrega el <span style=\"color: #ff0000;\"><strong>17 de Enero.<\/strong><\/span><\/li><\/ul><p><strong>Ponentes:<\/strong><\/p><p><strong>YOLANDA CORRAL MURCIA<\/strong><br \/>Licenciada en Ciencias de la Informaci\u00f3n, Periodismo. M\u00e1ster en Community Management y gesti\u00f3n de las redes sociales en la empresa. Certificado de profesionalidad en Docencia de la Formaci\u00f3n Profesional para el Empleo. Periodista y formadora especializada en ciberseguridad y competencias digitales. Autora del libro \u2018Ciberseguridad de t\u00fa a t\u00fa. Lo que tienes que conocer para sentirte m\u00e1s seguro\u2019 editorial 0xWord y fundadora del canal divulgativo en ciberseguridad &#8216;Palabra de hacker&#8217;. M\u00e1s informaci\u00f3n:<a href=\"https:\/\/www.yolandacorral.com\"> https:\/\/www.yolandacorral.com<\/a> y <a href=\"https:\/\/www.linkedin.com\/in\/yolandacorralm\">https:\/\/www.linkedin.com\/in\/yolandacorralm<\/a><\/p><p><strong>Instrucciones de inscripci\u00f3n:<\/strong><\/p><p>La inscripci\u00f3n y matriculaci\u00f3n al curso se gestionar\u00e1 \u00fanicamente a trav\u00e9s del siguiente formulario:<u><\/u><\/p>\t\t\t\t\t<\/div>\n\t\t\t\t\t\t<\/div>\n\t\t\t\t<\/div>\n\t\t\t\t\t\t<\/div>\n\t\t\t\t\t<\/div>\n\t\t<\/div>\n\t\t\t\t\t\t\t\t<\/div>\n\t\t\t\t\t<\/div>\n\t\t<\/section>\n\t\t\t\t<section class=\"elementor-section elementor-top-section elementor-element elementor-element-0288f80 elementor-section-boxed elementor-section-height-default elementor-section-height-default\" data-id=\"0288f80\" data-element_type=\"section\">\n\t\t\t\t\t\t<div class=\"elementor-container elementor-column-gap-default\">\n\t\t\t\t\t\t\t<div class=\"elementor-row\">\n\t\t\t\t\t<div class=\"elementor-column elementor-col-33 elementor-top-column elementor-element elementor-element-9b412dd\" data-id=\"9b412dd\" data-element_type=\"column\">\n\t\t\t<div class=\"elementor-column-wrap\">\n\t\t\t\t\t\t\t<div class=\"elementor-widget-wrap\">\n\t\t\t\t\t\t\t\t<\/div>\n\t\t\t\t\t<\/div>\n\t\t<\/div>\n\t\t\t\t<div class=\"elementor-column elementor-col-33 elementor-top-column elementor-element elementor-element-1624231\" data-id=\"1624231\" data-element_type=\"column\">\n\t\t\t<div class=\"elementor-column-wrap elementor-element-populated\">\n\t\t\t\t\t\t\t<div class=\"elementor-widget-wrap\">\n\t\t\t\t\t\t<div class=\"elementor-element elementor-element-02152d4 elementor-align-center elementor-widget elementor-widget-button\" data-id=\"02152d4\" data-element_type=\"widget\" data-widget_type=\"button.default\">\n\t\t\t\t<div class=\"elementor-widget-container\">\n\t\t\t\t\t<div class=\"elementor-button-wrapper\">\n\t\t\t<a href=\"https:\/\/forms.office.com\/e\/9HzVMNA8iv\" target=\"_blank\" class=\"elementor-button-link elementor-button elementor-size-md\" role=\"button\">\n\t\t\t\t\t\t<span class=\"elementor-button-content-wrapper\">\n\t\t\t\t\t\t<span class=\"elementor-button-text\">Formulario de inscripci\u00f3n<\/span>\n\t\t<\/span>\n\t\t\t\t\t<\/a>\n\t\t<\/div>\n\t\t\t\t<\/div>\n\t\t\t\t<\/div>\n\t\t\t\t\t\t<\/div>\n\t\t\t\t\t<\/div>\n\t\t<\/div>\n\t\t\t\t<div class=\"elementor-column elementor-col-33 elementor-top-column elementor-element elementor-element-b1d6187\" data-id=\"b1d6187\" data-element_type=\"column\">\n\t\t\t<div class=\"elementor-column-wrap\">\n\t\t\t\t\t\t\t<div class=\"elementor-widget-wrap\">\n\t\t\t\t\t\t\t\t<\/div>\n\t\t\t\t\t<\/div>\n\t\t<\/div>\n\t\t\t\t\t\t\t\t<\/div>\n\t\t\t\t\t<\/div>\n\t\t<\/section>\n\t\t\t\t<section class=\"elementor-section elementor-top-section elementor-element elementor-element-e9d1296 elementor-section-boxed elementor-section-height-default elementor-section-height-default\" data-id=\"e9d1296\" data-element_type=\"section\">\n\t\t\t\t\t\t<div class=\"elementor-container elementor-column-gap-default\">\n\t\t\t\t\t\t\t<div class=\"elementor-row\">\n\t\t\t\t\t<div class=\"elementor-column elementor-col-100 elementor-top-column elementor-element elementor-element-158e5ef\" data-id=\"158e5ef\" data-element_type=\"column\">\n\t\t\t<div class=\"elementor-column-wrap elementor-element-populated\">\n\t\t\t\t\t\t\t<div class=\"elementor-widget-wrap\">\n\t\t\t\t\t\t<div class=\"elementor-element elementor-element-2334bcd elementor-widget elementor-widget-text-editor\" data-id=\"2334bcd\" data-element_type=\"widget\" data-widget_type=\"text-editor.default\">\n\t\t\t\t<div class=\"elementor-widget-container\">\n\t\t\t\t\t\t\t\t<div class=\"elementor-text-editor elementor-clearfix\">\n\t\t\t\t\t<p><strong>Informaci\u00f3n sobre protecci\u00f3n de datos:<\/strong><\/p><p>En cumplimiento de la normativa de protecci\u00f3n de datos personales, le informamos de que tiene la condici\u00f3n de responsable del tratamiento la Conselleria de Educaci\u00f3n, Cultura y Deporte de la Generalitat Valenciana.<\/p><p>Sus datos ser\u00e1n incorporados al tratamiento denominado \u00abActividades y Cursos de Formaci\u00f3n para el Profesorado \u00ab, cuya finalidad es el control, organizaci\u00f3n, gesti\u00f3n y celebraci\u00f3n de actividades y cursos de formaci\u00f3n para el personal docente.<\/p><p>La legitimaci\u00f3n del tratamiento se basa en el consentimiento, art\u00edculo 6.1. c) y 6.1. e) del RGPD, Reglamento UE 2016\/679.<\/p><p>La persona interesada est\u00e1 obligada a facilitar los datos personales, en caso de no hacerlo no se tramitar\u00e1 su inscripci\u00f3n al curso.<\/p><p>Puede usted ejercitar los derechos de acceso, rectificaci\u00f3n, oposici\u00f3n, supresi\u00f3n (\u00abderecho al olvido\u00bb), limitaci\u00f3n de tratamiento y portabilidad y a no ser objeto de decisiones individuales automatizadas, de forma presencial o telem\u00e1tica, de conformidad con lo previsto en el siguiente enlace: <a href=\"http:\/\/sede.gva.es\/es\/proc19970\">http:\/\/sede.gva.es\/es\/proc19970<\/a><\/p><p>Puede obtener informaci\u00f3n m\u00e1s detallada en el siguiente enlace: <a href=\"https:\/\/ceice.gva.es\/documents\/161634279\/172734302\/Actividades+y+Cursos+de+Formaci%C3%B3n+para+el+Profesorado.pdf\/4114ba79-4624-b694-7541-9b68fc7a4c2a?t=1686311009244\" target=\"_blank\" rel=\"noopener\">[descarga de pdf]<\/a><\/p>\t\t\t\t\t<\/div>\n\t\t\t\t\t\t<\/div>\n\t\t\t\t<\/div>\n\t\t\t\t\t\t<\/div>\n\t\t\t\t\t<\/div>\n\t\t<\/div>\n\t\t\t\t\t\t\t\t<\/div>\n\t\t\t\t\t<\/div>\n\t\t<\/section>\n\t\t\t\t<section class=\"elementor-section elementor-top-section elementor-element elementor-element-8c07f3e elementor-section-boxed elementor-section-height-default elementor-section-height-default\" data-id=\"8c07f3e\" data-element_type=\"section\">\n\t\t\t\t\t\t<div class=\"elementor-container elementor-column-gap-default\">\n\t\t\t\t\t\t\t<div class=\"elementor-row\">\n\t\t\t\t\t<div class=\"elementor-column elementor-col-100 elementor-top-column elementor-element elementor-element-998a4cc\" data-id=\"998a4cc\" data-element_type=\"column\">\n\t\t\t<div class=\"elementor-column-wrap elementor-element-populated\">\n\t\t\t\t\t\t\t<div class=\"elementor-widget-wrap\">\n\t\t\t\t\t\t<div class=\"elementor-element elementor-element-81bb352 elementor-widget elementor-widget-heading\" data-id=\"81bb352\" data-element_type=\"widget\" data-widget_type=\"heading.default\">\n\t\t\t\t<div class=\"elementor-widget-container\">\n\t\t\t<h2 class=\"elementor-heading-title elementor-size-default\">NOVEDAD<\/h2>\t\t<\/div>\n\t\t\t\t<\/div>\n\t\t\t\t<div class=\"elementor-element elementor-element-992c670 elementor-widget elementor-widget-button\" data-id=\"992c670\" data-element_type=\"widget\" data-widget_type=\"button.default\">\n\t\t\t\t<div class=\"elementor-widget-container\">\n\t\t\t\t\t<div class=\"elementor-button-wrapper\">\n\t\t\t<a href=\"https:\/\/www.fpmislata.com\/wordpress\/wp-content\/uploads\/11_2024_Listado-admitidos_Curso-Seguridad-y-Bienestar-3ED_firmada.pdf\" class=\"elementor-button-link elementor-button elementor-size-sm\" role=\"button\">\n\t\t\t\t\t\t<span class=\"elementor-button-content-wrapper\">\n\t\t\t\t\t\t<span class=\"elementor-button-text\">Consulta la lista de admitidos<\/span>\n\t\t<\/span>\n\t\t\t\t\t<\/a>\n\t\t<\/div>\n\t\t\t\t<\/div>\n\t\t\t\t<\/div>\n\t\t\t\t\t\t<\/div>\n\t\t\t\t\t<\/div>\n\t\t<\/div>\n\t\t\t\t\t\t\t\t<\/div>\n\t\t\t\t\t<\/div>\n\t\t<\/section>\n\t\t\t\t\t\t<\/div>\n\t\t\t\t\t\t<\/div>\n\t\t\t\t\t<\/div>\n\t\t","protected":false},"excerpt":{"rendered":"<p>En el marco de la Red de Centros de Excelencia de Formaci\u00f3n Profesional en el sector de la Ciberseguridad, el CIPFP Mislata organiza el curso Seguridad y Bienestar digital para el profesorado en modalidad a distancia. El curso va dirigido a profesores de secundaria y maestros de toda Espa\u00f1a. Ante un panorama en el que&hellip;<\/p>\n","protected":false},"author":13,"featured_media":13075,"parent":12796,"menu_order":0,"comment_status":"closed","ping_status":"closed","template":"","meta":{"ngg_post_thumbnail":0},"_links":{"self":[{"href":"https:\/\/www.fpmislata.com\/wordpress\/wp-json\/wp\/v2\/pages\/14511"}],"collection":[{"href":"https:\/\/www.fpmislata.com\/wordpress\/wp-json\/wp\/v2\/pages"}],"about":[{"href":"https:\/\/www.fpmislata.com\/wordpress\/wp-json\/wp\/v2\/types\/page"}],"author":[{"embeddable":true,"href":"https:\/\/www.fpmislata.com\/wordpress\/wp-json\/wp\/v2\/users\/13"}],"replies":[{"embeddable":true,"href":"https:\/\/www.fpmislata.com\/wordpress\/wp-json\/wp\/v2\/comments?post=14511"}],"version-history":[{"count":37,"href":"https:\/\/www.fpmislata.com\/wordpress\/wp-json\/wp\/v2\/pages\/14511\/revisions"}],"predecessor-version":[{"id":14833,"href":"https:\/\/www.fpmislata.com\/wordpress\/wp-json\/wp\/v2\/pages\/14511\/revisions\/14833"}],"up":[{"embeddable":true,"href":"https:\/\/www.fpmislata.com\/wordpress\/wp-json\/wp\/v2\/pages\/12796"}],"wp:featuredmedia":[{"embeddable":true,"href":"https:\/\/www.fpmislata.com\/wordpress\/wp-json\/wp\/v2\/media\/13075"}],"wp:attachment":[{"href":"https:\/\/www.fpmislata.com\/wordpress\/wp-json\/wp\/v2\/media?parent=14511"}],"curies":[{"name":"wp","href":"https:\/\/api.w.org\/{rel}","templated":true}]}}