{"id":15029,"date":"2025-01-24T04:40:26","date_gmt":"2025-01-24T08:40:26","guid":{"rendered":"https:\/\/www.fpmislata.com\/wordpress\/?page_id=15029"},"modified":"2025-02-10T07:46:38","modified_gmt":"2025-02-10T11:46:38","slug":"curso-aprendizaje-basado-en-retos-para-ciberseguridad-2a-edicion","status":"publish","type":"page","link":"https:\/\/www.fpmislata.com\/wordpress\/centro-excelencia-ciberseguridad\/curso-aprendizaje-basado-en-retos-para-ciberseguridad-2a-edicion\/","title":{"rendered":"Curso de Aprendizaje basado en retos para ciberseguridad 2\u00aa edici\u00f3n"},"content":{"rendered":"\t\t<div data-elementor-type=\"wp-page\" data-elementor-id=\"15029\" class=\"elementor elementor-15029\" data-elementor-settings=\"[]\">\n\t\t\t\t\t\t<div class=\"elementor-inner\">\n\t\t\t\t\t\t\t<div class=\"elementor-section-wrap\">\n\t\t\t\t\t\t\t<section class=\"elementor-section elementor-top-section elementor-element elementor-element-2fbd843f elementor-section-boxed elementor-section-height-default elementor-section-height-default\" data-id=\"2fbd843f\" data-element_type=\"section\">\n\t\t\t\t\t\t<div class=\"elementor-container elementor-column-gap-default\">\n\t\t\t\t\t\t\t<div class=\"elementor-row\">\n\t\t\t\t\t<div class=\"elementor-column elementor-col-100 elementor-top-column elementor-element elementor-element-f1f2336\" data-id=\"f1f2336\" data-element_type=\"column\">\n\t\t\t<div class=\"elementor-column-wrap\">\n\t\t\t\t\t\t\t<div class=\"elementor-widget-wrap\">\n\t\t\t\t\t\t\t\t<\/div>\n\t\t\t\t\t<\/div>\n\t\t<\/div>\n\t\t\t\t\t\t\t\t<\/div>\n\t\t\t\t\t<\/div>\n\t\t<\/section>\n\t\t\t\t<section class=\"elementor-section elementor-top-section elementor-element elementor-element-a8a91ce elementor-section-boxed elementor-section-height-default elementor-section-height-default\" data-id=\"a8a91ce\" data-element_type=\"section\">\n\t\t\t\t\t\t<div class=\"elementor-container elementor-column-gap-default\">\n\t\t\t\t\t\t\t<div class=\"elementor-row\">\n\t\t\t\t\t<div class=\"elementor-column elementor-col-100 elementor-top-column elementor-element elementor-element-815bf09\" data-id=\"815bf09\" data-element_type=\"column\">\n\t\t\t<div class=\"elementor-column-wrap elementor-element-populated\">\n\t\t\t\t\t\t\t<div class=\"elementor-widget-wrap\">\n\t\t\t\t\t\t<div class=\"elementor-element elementor-element-c28031d elementor-widget elementor-widget-text-editor\" data-id=\"c28031d\" data-element_type=\"widget\" data-widget_type=\"text-editor.default\">\n\t\t\t\t<div class=\"elementor-widget-container\">\n\t\t\t\t\t\t\t\t<div class=\"elementor-text-editor elementor-clearfix\">\n\t\t\t\t\t<p>En el marco de la Red de Centros de Excelencia de Formaci\u00f3n Profesional en el sector de la Ciberseguridad, el <strong>CIPFP Mislata<\/strong> organiza el <strong>curso<\/strong><strong>\u00a0Aprendizaje basado en retos aplicado a la ciberseguridad <\/strong>en modalidad en modalidad <strong>a distancia <\/strong>en plataforma de formaci\u00f3n online.<\/p><p>El curso va<strong> dirigido<\/strong> en orden preferente <strong>a docentes<\/strong> que est\u00e9n impartiendo o vayan a impartir docencia en el Curso de Especializaci\u00f3n en Ciberseguridad en Entornos de las Tecnolog\u00edas de la Informaci\u00f3n o en el Curso de Especializaci\u00f3n en Ciberseguridad en Entornos de las Tecnolog\u00edas de Operaci\u00f3n y en segundo lugar al resto de docentes de la familia profesional de Inform\u00e1tica y Comunicaciones que impartan o vayan a impartir m\u00f3dulos profesionales relacionados con la seguridad inform\u00e1tica.<\/p><p>Este curso pretende introducir al asistente en los conocimientos necesarios para poder elaborar una serie de <b>actividades orientadas a retos<\/b> y proyectos a trav\u00e9s de plataformas existentes, llevando a cabo una metodolog\u00eda mayormente pr\u00e1ctica mediante retos con diferentes objetivos, dificultades y duraci\u00f3n. Adem\u00e1s, se presentar\u00e1n plataformas para llevar a cabo actividades CTF, as\u00ed como alguna plataforma del tipo Cyber Range, clave en la investigaci\u00f3n y desarrollo de tecnolog\u00eda en ciberseguridad.<\/p><p style=\"margin-bottom: 7.0pt; text-align: justify; line-height: 115%;\">\u00a0<\/p>\t\t\t\t\t<\/div>\n\t\t\t\t\t\t<\/div>\n\t\t\t\t<\/div>\n\t\t\t\t\t\t<\/div>\n\t\t\t\t\t<\/div>\n\t\t<\/div>\n\t\t\t\t\t\t\t\t<\/div>\n\t\t\t\t\t<\/div>\n\t\t<\/section>\n\t\t\t\t<section class=\"elementor-section elementor-top-section elementor-element elementor-element-24d66d8 elementor-section-boxed elementor-section-height-default elementor-section-height-default\" data-id=\"24d66d8\" data-element_type=\"section\">\n\t\t\t\t\t\t<div class=\"elementor-container elementor-column-gap-default\">\n\t\t\t\t\t\t\t<div class=\"elementor-row\">\n\t\t\t\t\t<div class=\"elementor-column elementor-col-100 elementor-top-column elementor-element elementor-element-2d82001\" data-id=\"2d82001\" data-element_type=\"column\">\n\t\t\t<div class=\"elementor-column-wrap elementor-element-populated\">\n\t\t\t\t\t\t\t<div class=\"elementor-widget-wrap\">\n\t\t\t\t\t\t<div class=\"elementor-element elementor-element-ffd225e elementor-widget elementor-widget-text-editor\" data-id=\"ffd225e\" data-element_type=\"widget\" data-widget_type=\"text-editor.default\">\n\t\t\t\t<div class=\"elementor-widget-container\">\n\t\t\t\t\t\t\t\t<div class=\"elementor-text-editor elementor-clearfix\">\n\t\t\t\t\t<p><strong>Objetivos:<\/strong><\/p><ul><li>Comprender la metodolog\u00eda de aprendizaje basada en retos para ser capaz de implantarla en el aula.<\/li><li>Conocer los recursos existentes en CTF para poder realizar actividades en el aula motivadoras.<\/li><li>Estudiar los tipos de retos existentes, las categor\u00edas y niveles para adaptarlos al funcionamiento diario de las clases.<\/li><li>Analizar las diferentes plataformas e identificar las fortalezas y debilidades de las mismas.<\/li><li>Implantar una plataforma de CTF existente y crear retos con diferentes caracter\u00edsticas.<\/li><li>Crear recursos did\u00e1cticos para utilizar en el aula de ciberseguridad.<\/li><\/ul><p><strong>Contenidos:<\/strong><\/p><ul><li><p><strong>Introducci\u00f3n curso. Conceptos relacionados ABR y CTF<\/strong><\/p><ul><li>M\u00f3dulo 0. Presentaci\u00f3n y organizaci\u00f3n del curso<\/li><li>M\u00f3dulo 1: Introducci\u00f3n al curso. Conceptos del Aprendizaje Basado en Retos y de los relacionados con los Capture The Flag<\/li><li>M\u00f3dulo 2: Plataformas existentes, caracter\u00edsticas y tipos de retos<\/li><\/ul><p>\u00a0<\/p><p><strong>Puesta en marcha de algunas plataformas existentes<\/strong><\/p><ul><li>M\u00f3dulo 3. Configuraci\u00f3n y puesta en marcha: echoCTF.RED<\/li><li>M\u00f3dulo 4: Configuraci\u00f3n y puesta en marcha: CTFd<\/li><li>M\u00f3dulo 5: Puesta en marcha: RootTheBox, Mellivora y otras<\/li><li>M\u00f3dulo 6: Proyecto de implementaci\u00f3n plataforma CTFs<\/li><\/ul><p>\u00a0<\/p><p><strong>Dise\u00f1o e implementaci\u00f3n de una plataforma personalizada<\/strong><\/p><ul><li>M\u00f3dulo 7. Ejemplos y pr\u00e1cticas de retos iniciales. Herramientas para la creaci\u00f3n de retos<\/li><li>M\u00f3dulo 8. Puesta en marcha de la plataforma. Creaci\u00f3n de retos en las distintas categor\u00edas<\/li><li>M\u00f3dulo 9. Creaci\u00f3n de una plataforma ad-hoc seg\u00fan requisitos. CTFd<\/li><li>M\u00f3dulo 10. Infraestructura como c\u00f3digo (IoC). Ejemplo con un laboratorio desplegado con vagrant.<\/li><\/ul><p>\u00a0<\/p><p><strong>Creaci\u00f3n de recursos did\u00e1cticos para el aula de ciberseguridad<\/strong><\/p><ul><li>M\u00f3dulo 11: Cyber-Range. Plataformas existentes. Configuraci\u00f3n y puesta en marcha de alguna de ellas.<\/li><li>M\u00f3dulo 12: Creaci\u00f3n de retos a trav\u00e9s de aplicaciones ofim\u00e1ticas y otras herramientas b\u00e1sicas.<\/li><li>M\u00f3dulo 13: Creaci\u00f3n de eventos y difusi\u00f3n a trav\u00e9s de plataformas relacionadas.<\/li><\/ul><\/li><\/ul><p><strong>Destinatarios y requisitos de admisi\u00f3n:<\/strong><\/p><p>El curso est\u00e1 dirigido a profesorado de todo el estado espa\u00f1ol, estando limitada la inscripci\u00f3n a un <strong>m\u00e1ximo del 20% de las plazas para docentes de la Comunidad Valenciana.<\/strong><\/p><p>Admisi\u00f3n por orden preferente:<\/p><ol><li>Profesorado que est\u00e9 impartiendo actualmente alg\u00fan m\u00f3dulo en los Cursos de Especializaci\u00f3n en Ciberseguridad.<\/li><li>Profesorado de la Familia Profesional de Inform\u00e1tica y Comunicaciones que est\u00e9 impartiendo actualmente alg\u00fan m\u00f3dulo profesional relacionado con la seguridad inform\u00e1tica.<\/li><li>Resto de profesorado de la Familia Profesional de Inform\u00e1tica y Comunicaciones<\/li><\/ol><p><strong><span style=\"color: #ff0000;\">La admisi\u00f3n se realizar\u00e1 por orden de llegada de las solicitudes.<\/span><\/strong> No se tramitar\u00e1n solicitudes fuera de los plazos de apertura y cierre de inscripci\u00f3n.<\/p><p>En aras de un mejor aprovechamiento de las plazas disponibles para el curso, <strong><span style=\"color: #ff0000;\">se dar\u00e1 de baja a aquellos participantes que no hayan realizado ninguna conexi\u00f3n al curso ni haber publicado ning\u00fan mensaje de presentaci\u00f3n en el foro durante la primera semana<\/span><\/strong> y se cubrir\u00e1n las plazas con la lista de espera.<\/p><p>Asimismo, <span style=\"color: #ff0000;\"><strong>a aquellos participantes que abandonen el curso sin causa justificada, se les penalizar\u00e1 en la admisi\u00f3n de otras acciones formativas<\/strong> <\/span>realizadas por el CIPFP Mislata en el marco de la Red de Centros de Excelencia.<\/p>\t\t\t\t\t<\/div>\n\t\t\t\t\t\t<\/div>\n\t\t\t\t<\/div>\n\t\t\t\t\t\t<\/div>\n\t\t\t\t\t<\/div>\n\t\t<\/div>\n\t\t\t\t\t\t\t\t<\/div>\n\t\t\t\t\t<\/div>\n\t\t<\/section>\n\t\t\t\t<section class=\"elementor-section elementor-top-section elementor-element elementor-element-e897587 elementor-section-boxed elementor-section-height-default elementor-section-height-default\" data-id=\"e897587\" data-element_type=\"section\">\n\t\t\t\t\t\t<div class=\"elementor-container elementor-column-gap-default\">\n\t\t\t\t\t\t\t<div class=\"elementor-row\">\n\t\t\t\t\t<div class=\"elementor-column elementor-col-25 elementor-top-column elementor-element elementor-element-b481c54\" data-id=\"b481c54\" data-element_type=\"column\">\n\t\t\t<div class=\"elementor-column-wrap\">\n\t\t\t\t\t\t\t<div class=\"elementor-widget-wrap\">\n\t\t\t\t\t\t\t\t<\/div>\n\t\t\t\t\t<\/div>\n\t\t<\/div>\n\t\t\t\t<div class=\"elementor-column elementor-col-50 elementor-top-column elementor-element elementor-element-e52b297\" data-id=\"e52b297\" data-element_type=\"column\">\n\t\t\t<div class=\"elementor-column-wrap elementor-element-populated\">\n\t\t\t\t\t\t\t<div class=\"elementor-widget-wrap\">\n\t\t\t\t\t\t<div class=\"elementor-element elementor-element-52d7b56 elementor-widget elementor-widget-image\" data-id=\"52d7b56\" data-element_type=\"widget\" data-widget_type=\"image.default\">\n\t\t\t\t<div class=\"elementor-widget-container\">\n\t\t\t\t\t\t\t\t<div class=\"elementor-image\">\n\t\t\t\t\t\t\t\t\t\t\t\t<img width=\"640\" height=\"355\" src=\"data:image\/gif;base64,R0lGODlhAQABAAAAACH5BAEKAAEALAAAAAABAAEAAAICTAEAOw==\" class=\"attachment-large size-large lazyload\" alt=\"\" loading=\"lazy\" sizes=\"(max-width: 640px) 100vw, 640px\" data-src=\"https:\/\/www.fpmislata.com\/wordpress\/wp-content\/uploads\/Logotipos-800x444.png\" data-srcset=\"https:\/\/www.fpmislata.com\/wordpress\/wp-content\/uploads\/Logotipos-800x444.png 800w, https:\/\/www.fpmislata.com\/wordpress\/wp-content\/uploads\/Logotipos-300x166.png 300w, https:\/\/www.fpmislata.com\/wordpress\/wp-content\/uploads\/Logotipos-768x426.png 768w, https:\/\/www.fpmislata.com\/wordpress\/wp-content\/uploads\/Logotipos.png 1040w\">\t\t\t\t\t\t\t\t\t\t\t\t\t\t<\/div>\n\t\t\t\t\t\t<\/div>\n\t\t\t\t<\/div>\n\t\t\t\t\t\t<\/div>\n\t\t\t\t\t<\/div>\n\t\t<\/div>\n\t\t\t\t<div class=\"elementor-column elementor-col-25 elementor-top-column elementor-element elementor-element-01f6fea\" data-id=\"01f6fea\" data-element_type=\"column\">\n\t\t\t<div class=\"elementor-column-wrap\">\n\t\t\t\t\t\t\t<div class=\"elementor-widget-wrap\">\n\t\t\t\t\t\t\t\t<\/div>\n\t\t\t\t\t<\/div>\n\t\t<\/div>\n\t\t\t\t\t\t\t\t<\/div>\n\t\t\t\t\t<\/div>\n\t\t<\/section>\n\t\t\t\t<section class=\"elementor-section elementor-top-section elementor-element elementor-element-e9d1296 elementor-section-boxed elementor-section-height-default elementor-section-height-default\" data-id=\"e9d1296\" data-element_type=\"section\">\n\t\t\t\t\t\t<div class=\"elementor-container elementor-column-gap-default\">\n\t\t\t\t\t\t\t<div class=\"elementor-row\">\n\t\t\t\t\t<div class=\"elementor-column elementor-col-100 elementor-top-column elementor-element elementor-element-158e5ef\" data-id=\"158e5ef\" data-element_type=\"column\">\n\t\t\t<div class=\"elementor-column-wrap elementor-element-populated\">\n\t\t\t\t\t\t\t<div class=\"elementor-widget-wrap\">\n\t\t\t\t\t\t<div class=\"elementor-element elementor-element-2334bcd elementor-widget elementor-widget-text-editor\" data-id=\"2334bcd\" data-element_type=\"widget\" data-widget_type=\"text-editor.default\">\n\t\t\t\t<div class=\"elementor-widget-container\">\n\t\t\t\t\t\t\t\t<div class=\"elementor-text-editor elementor-clearfix\">\n\t\t\t\t\t<p><strong>Duraci\u00f3n:<\/strong> 60 horas<\/p>\n<p><strong>N\u00famero de plazas:<\/strong>&nbsp;80<\/p>\n<p><strong>Modalidad:<\/strong> El curso se realizar\u00e1 en modalidad a distancia, mediante plataforma de formaci\u00f3n a distancia.<\/p>\n<p><strong>Recursos materiales:<\/strong><\/p>\n<ul>\n<li>Plataforma de e-learning del CIPFP Mislata: <a href=\"https:\/\/ciberseguridad.edu.es\/moodle\/\" target=\"_blank\" rel=\"noopener\">https:\/\/ciberseguridad.edu.es\/moodle\/<\/a><\/li>\n<li>Es necesario que el\/la participante disponga de ordenador personal con VirtualBox y al menos 8 gigas libres de RAM para realizar con \u00e9xito los talleres del curso.<\/li>\n<\/ul>\n<p><strong>Metodolog\u00eda:<\/strong><\/p>\n<ul>\n<li>Sesiones s\u00edncronas voluntarias para la exposici\u00f3n de los conceptos y presentaci\u00f3n de las actividades.<\/li>\n<li>Retos para fomentar la creatividad y participaci\u00f3n activa de los asistentes.<\/li>\n<li>Realizaci\u00f3n de actividades y talleres para la aplicaci\u00f3n pr\u00e1ctica en el aula.<\/li>\n<li>Fomento de debates para participaci\u00f3n de los asistentes.<\/li>\n<\/ul>\n<p><strong>Criterios de evaluaci\u00f3n:<\/strong><\/p>\n<p>Para obtener el apto en la realizaci\u00f3n del curso, se exige a los participantes que <strong><span style=\"color: #ff0000;\">visualicen la totalidad de las sesiones s\u00edncronas<\/span><\/strong> que se realizan en la sala de videoconferencias (en directo o grabaci\u00f3n) y realicen <span style=\"color: #ff0000;\"><strong>y superen los cuestionarios asociados a cada sesi\u00f3n<\/strong><\/span> y opcionalmente la realizaci\u00f3n de una tarea final voluntaria para reforzar las competencias adquiridas. Hay tres intentos para realizar cada cuestionario y se califica con la puntuaci\u00f3n m\u00e1s alta, siendo necesario un 5 para superarlo.<\/p>\n<p>La visualizaci\u00f3n de las sesiones se puede realizar de dos formas: conectando en directo a las sesiones siguiendo el calendario programado o visualizando en diferido la grabaci\u00f3n de cada sesi\u00f3n, que quedan siempre disponibles en la plataforma unas horas despu\u00e9s de su realizaci\u00f3n. En ambos casos hay que realizar el cuestionario b\u00e1sico asociado a cada una de las sesiones s\u00edncronas programadas y que se activan tras la finalizaci\u00f3n de cada sesi\u00f3n.<\/p>\n<p>El plazo para realizar los cuestionarios asociados a las sesiones se corresponde con la fecha de la finalizaci\u00f3n del curso, pero lo recomendable es realizarlos tras cada sesi\u00f3n.<\/p>\n<p><strong>Lugar de realizaci\u00f3n: <\/strong>Online<\/p>\n<p><strong>Fechas de inscripci\u00f3n y confirmaci\u00f3n de plaza:<\/strong><\/p>\n<p>Inscripci\u00f3n: <strong><span style=\"color: #0000ff;\">del 27 de enero al 9 de febrero de 2025 ambos inclusive.<\/span><\/strong><br>Confirmaci\u00f3n de plaza por correo electr\u00f3nico y web: <strong><span style=\"color: #0000ff;\">a partir del 10 de febrero de 2025.<\/span><\/strong><\/p>\n<p><strong>Fechas de realizaci\u00f3n y horarios:<\/strong><\/p>\n<p>El curso se realizar\u00e1 mediante sesiones s\u00edncronas de videoconferencia. En caso de no poder asistir a alguna de ellas, se debe visualizar posteriormente la grabaci\u00f3n de cada sesi\u00f3n. El calendario de las sesiones es el siguiente:<\/p>\n<ul style=\"list-style-type: circle;\">\n<li><strong>FECHA&nbsp; &nbsp; &nbsp; HORARIO<\/strong><\/li>\n<\/ul>\n<ul>\n<li>18\/2&nbsp;&nbsp;&nbsp;&nbsp;&nbsp;&nbsp;&nbsp;&nbsp;&nbsp;&nbsp; 9:30 a 12:30<\/li>\n<li>20\/2&nbsp;&nbsp;&nbsp;&nbsp;&nbsp;&nbsp;&nbsp;&nbsp;&nbsp;&nbsp; 9:30 a 12:30<\/li>\n<li>25\/2&nbsp;&nbsp;&nbsp;&nbsp;&nbsp;&nbsp;&nbsp;&nbsp;&nbsp;&nbsp; 9:30 a 12:30<\/li>\n<li>27\/2&nbsp;&nbsp;&nbsp;&nbsp;&nbsp;&nbsp;&nbsp;&nbsp;&nbsp;&nbsp; 9:30 a 12:30<\/li>\n<li>6\/3&nbsp;&nbsp;&nbsp;&nbsp;&nbsp;&nbsp;&nbsp;&nbsp;&nbsp;&nbsp;&nbsp;&nbsp; 9:30 a 12:30<\/li>\n<li>11\/3&nbsp; &nbsp; &nbsp; &nbsp; &nbsp; &nbsp;9:30 a 12:30<\/li>\n<li>13\/3&nbsp;&nbsp;&nbsp;&nbsp;&nbsp;&nbsp;&nbsp;&nbsp;&nbsp;&nbsp; 9:30 a 12:30<\/li>\n<li>25\/3&nbsp;&nbsp;&nbsp;&nbsp;&nbsp;&nbsp;&nbsp;&nbsp;&nbsp;&nbsp; 9:30 a 12:30<\/li>\n<li>27\/3&nbsp;&nbsp;&nbsp;&nbsp;&nbsp;&nbsp;&nbsp;&nbsp;&nbsp;&nbsp; 9:30 a 12:30<\/li>\n<li>1\/4&nbsp; &nbsp; &nbsp; &nbsp; &nbsp; &nbsp; &nbsp;9:30 a 12:30<\/li>\n<li>3\/4&nbsp; &nbsp; &nbsp; &nbsp; &nbsp; &nbsp; &nbsp;9:30 a 12:30<\/li>\n<li>8\/4&nbsp; &nbsp; &nbsp; &nbsp; &nbsp; &nbsp; &nbsp;9:30 a 12:30<\/li>\n<li>10\/4&nbsp; &nbsp; &nbsp; &nbsp; &nbsp; &nbsp;9:30 a 12:30<\/li>\n<li>28\/4&nbsp; &nbsp; &nbsp; &nbsp; &nbsp; &nbsp;9:30 a 12:30<\/li>\n<li>30\/4&nbsp; &nbsp; &nbsp; &nbsp; &nbsp; &nbsp;9:30 a 12:30<\/li>\n<li>6\/5&nbsp; &nbsp; &nbsp; &nbsp; &nbsp; &nbsp; &nbsp;9:30 a 12:30<\/li>\n<\/ul>\n<p><strong>Ponentes:<\/strong><\/p>\n<p><strong>MANUEL GONZ\u00c1LEZ REGAL:<\/strong><\/p>\n<ul>\n<li>Catedr\u00e1tico de Inform\u00e1tica y Comunicaciones, Profesor de Hacking \u00c9tico y Coordinador del m\u00e1ster de ciberseguridad IT<\/li>\n<li>Certificaciones OSCP (Offensive Security Certified Professional), OSWP (Offensive Security Wireless Professional) y BTL1 (Blue Team Level 1)<\/li>\n<li>Ponente en conferencias de ciberseguridad como CiberGal, ViCON y MorterueloCON<\/li>\n<\/ul>\n<p><strong>MIQUEL SANCHIS GANDIA:<\/strong><\/p>\n<ul>\n<li>Ingeniero T\u00e9cnico de Inform\u00e1tica de Gesti\u00f3n por la Universidade da Coru\u00f1a y docente en la Comunidad Valenciana.<\/li>\n<li>M\u00e1ster de postgrado en la Universidad de Murcia.<\/li>\n<li>Trabaj\u00f3 como investigador en el departamento de Ingenier\u00eda de la Informaci\u00f3n y las Comunicaciones de la Universidad de Murcia.<\/li>\n<li>Trabaj\u00f3 en varios departamentos t\u00e9cnicos en ESET Espa\u00f1a.<\/li>\n<\/ul>\n<p><strong>Instrucciones de inscripci\u00f3n:<\/strong><br>La inscripci\u00f3n y matriculaci\u00f3n al curso se gestionar\u00e1 rellenando el siguiente formulario:<\/p>\t\t\t\t\t<\/div>\n\t\t\t\t\t\t<\/div>\n\t\t\t\t<\/div>\n\t\t\t\t\t\t<\/div>\n\t\t\t\t\t<\/div>\n\t\t<\/div>\n\t\t\t\t\t\t\t\t<\/div>\n\t\t\t\t\t<\/div>\n\t\t<\/section>\n\t\t\t\t<section class=\"elementor-section elementor-top-section elementor-element elementor-element-9cae833 elementor-section-boxed elementor-section-height-default elementor-section-height-default\" data-id=\"9cae833\" data-element_type=\"section\">\n\t\t\t\t\t\t<div class=\"elementor-container elementor-column-gap-default\">\n\t\t\t\t\t\t\t<div class=\"elementor-row\">\n\t\t\t\t\t<div class=\"elementor-column elementor-col-33 elementor-top-column elementor-element elementor-element-cc3fd02\" data-id=\"cc3fd02\" data-element_type=\"column\">\n\t\t\t<div class=\"elementor-column-wrap\">\n\t\t\t\t\t\t\t<div class=\"elementor-widget-wrap\">\n\t\t\t\t\t\t\t\t<\/div>\n\t\t\t\t\t<\/div>\n\t\t<\/div>\n\t\t\t\t<div class=\"elementor-column elementor-col-33 elementor-top-column elementor-element elementor-element-b613d9c\" data-id=\"b613d9c\" data-element_type=\"column\">\n\t\t\t<div class=\"elementor-column-wrap elementor-element-populated\">\n\t\t\t\t\t\t\t<div class=\"elementor-widget-wrap\">\n\t\t\t\t\t\t<div class=\"elementor-element elementor-element-738d1a1 elementor-align-center elementor-widget elementor-widget-button\" data-id=\"738d1a1\" data-element_type=\"widget\" data-widget_type=\"button.default\">\n\t\t\t\t<div class=\"elementor-widget-container\">\n\t\t\t\t\t<div class=\"elementor-button-wrapper\">\n\t\t\t<a href=\"https:\/\/forms.office.com\/e\/eWUDRs3KF8\" target=\"_blank\" class=\"elementor-button-link elementor-button elementor-size-md\" role=\"button\">\n\t\t\t\t\t\t<span class=\"elementor-button-content-wrapper\">\n\t\t\t\t\t\t<span class=\"elementor-button-text\">Formulario de inscripci\u00f3n<\/span>\n\t\t<\/span>\n\t\t\t\t\t<\/a>\n\t\t<\/div>\n\t\t\t\t<\/div>\n\t\t\t\t<\/div>\n\t\t\t\t\t\t<\/div>\n\t\t\t\t\t<\/div>\n\t\t<\/div>\n\t\t\t\t<div class=\"elementor-column elementor-col-33 elementor-top-column elementor-element elementor-element-6ae94d5\" data-id=\"6ae94d5\" data-element_type=\"column\">\n\t\t\t<div class=\"elementor-column-wrap\">\n\t\t\t\t\t\t\t<div class=\"elementor-widget-wrap\">\n\t\t\t\t\t\t\t\t<\/div>\n\t\t\t\t\t<\/div>\n\t\t<\/div>\n\t\t\t\t\t\t\t\t<\/div>\n\t\t\t\t\t<\/div>\n\t\t<\/section>\n\t\t\t\t<section class=\"elementor-section elementor-top-section elementor-element elementor-element-d514899 elementor-section-boxed elementor-section-height-default elementor-section-height-default\" data-id=\"d514899\" data-element_type=\"section\">\n\t\t\t\t\t\t<div class=\"elementor-container elementor-column-gap-default\">\n\t\t\t\t\t\t\t<div class=\"elementor-row\">\n\t\t\t\t\t<div class=\"elementor-column elementor-col-100 elementor-top-column elementor-element elementor-element-070bb77\" data-id=\"070bb77\" data-element_type=\"column\">\n\t\t\t<div class=\"elementor-column-wrap elementor-element-populated\">\n\t\t\t\t\t\t\t<div class=\"elementor-widget-wrap\">\n\t\t\t\t\t\t<div class=\"elementor-element elementor-element-baf726d elementor-widget elementor-widget-text-editor\" data-id=\"baf726d\" data-element_type=\"widget\" data-widget_type=\"text-editor.default\">\n\t\t\t\t<div class=\"elementor-widget-container\">\n\t\t\t\t\t\t\t\t<div class=\"elementor-text-editor elementor-clearfix\">\n\t\t\t\t\t<p><strong>Informaci\u00f3n sobre protecci\u00f3n de datos:<\/strong><\/p><p>En cumplimiento de la normativa de protecci\u00f3n de datos personales, le informamos de que tiene la condici\u00f3n de responsable del tratamiento la Conselleria de Educaci\u00f3n, Cultura y Deporte de la Generalitat Valenciana.<\/p><p>Sus datos ser\u00e1n incorporados al tratamiento denominado \u00abActividades y Cursos de Formaci\u00f3n para el Profesorado \u00ab, cuya finalidad es el control, organizaci\u00f3n, gesti\u00f3n y celebraci\u00f3n de actividades y cursos de formaci\u00f3n para el personal docente.<\/p><p>La legitimaci\u00f3n del tratamiento se basa en el consentimiento, art\u00edculo 6.1. c) y 6.1. e) del RGPD, Reglamento UE 2016\/679.<\/p><p>La persona interesada est\u00e1 obligada a facilitar los datos personales, en caso de no hacerlo no se tramitar\u00e1 su inscripci\u00f3n al curso.<\/p><p>Puede usted ejercitar los derechos de acceso, rectificaci\u00f3n, oposici\u00f3n, supresi\u00f3n (\u00abderecho al olvido\u00bb), limitaci\u00f3n de tratamiento y portabilidad y a no ser objeto de decisiones individuales automatizadas, de forma presencial o telem\u00e1tica, de conformidad con<br \/>lo previsto en el siguiente enlace:\u00a0<a href=\"http:\/\/sede.gva.es\/es\/proc19970\">http:\/\/sede.gva.es\/es\/proc19970<\/a><\/p><p>Puede obtener informaci\u00f3n m\u00e1s detallada en el siguiente enlace:\u00a0<a href=\"https:\/\/ceice.gva.es\/documents\/161634279\/172734302\/Actividades+y+Cursos+de+Formaci%C3%B3n+para+el+Profesorado.pdf\/4114ba79-4624-b694-7541-9b68fc7a4c2a?t=1686311009244\">[descarga de pdf]<\/a><\/p>\t\t\t\t\t<\/div>\n\t\t\t\t\t\t<\/div>\n\t\t\t\t<\/div>\n\t\t\t\t\t\t<\/div>\n\t\t\t\t\t<\/div>\n\t\t<\/div>\n\t\t\t\t\t\t\t\t<\/div>\n\t\t\t\t\t<\/div>\n\t\t<\/section>\n\t\t\t\t<section class=\"elementor-section elementor-top-section elementor-element elementor-element-8065d31 elementor-section-boxed elementor-section-height-default elementor-section-height-default\" data-id=\"8065d31\" data-element_type=\"section\">\n\t\t\t\t\t\t<div class=\"elementor-container elementor-column-gap-default\">\n\t\t\t\t\t\t\t<div class=\"elementor-row\">\n\t\t\t\t\t<div class=\"elementor-column elementor-col-33 elementor-top-column elementor-element elementor-element-6cabfe0\" data-id=\"6cabfe0\" data-element_type=\"column\">\n\t\t\t<div class=\"elementor-column-wrap\">\n\t\t\t\t\t\t\t<div class=\"elementor-widget-wrap\">\n\t\t\t\t\t\t\t\t<\/div>\n\t\t\t\t\t<\/div>\n\t\t<\/div>\n\t\t\t\t<div class=\"elementor-column elementor-col-33 elementor-top-column elementor-element elementor-element-e651701\" data-id=\"e651701\" data-element_type=\"column\">\n\t\t\t<div class=\"elementor-column-wrap elementor-element-populated\">\n\t\t\t\t\t\t\t<div class=\"elementor-widget-wrap\">\n\t\t\t\t\t\t<div class=\"elementor-element elementor-element-dd08d65 elementor-widget elementor-widget-text-editor\" data-id=\"dd08d65\" data-element_type=\"widget\" data-widget_type=\"text-editor.default\">\n\t\t\t\t<div class=\"elementor-widget-container\">\n\t\t\t\t\t\t\t\t<div class=\"elementor-text-editor elementor-clearfix\">\n\t\t\t\t\t<h1 style=\"text-align: center;\">NOVEDAD<\/h1>\t\t\t\t\t<\/div>\n\t\t\t\t\t\t<\/div>\n\t\t\t\t<\/div>\n\t\t\t\t<div class=\"elementor-element elementor-element-f9bc8a2 elementor-align-center elementor-widget elementor-widget-button\" data-id=\"f9bc8a2\" data-element_type=\"widget\" data-widget_type=\"button.default\">\n\t\t\t\t<div class=\"elementor-widget-container\">\n\t\t\t\t\t<div class=\"elementor-button-wrapper\">\n\t\t\t<a href=\"https:\/\/www.fpmislata.com\/wordpress\/wp-content\/uploads\/02_2025_Listado-admitidos_Curso-ABR-para-ciberseguridad-2ED_FIRMADO.pdf\" target=\"_blank\" class=\"elementor-button-link elementor-button elementor-size-sm\" role=\"button\">\n\t\t\t\t\t\t<span class=\"elementor-button-content-wrapper\">\n\t\t\t\t\t\t<span class=\"elementor-button-text\">Lista de admitidos<\/span>\n\t\t<\/span>\n\t\t\t\t\t<\/a>\n\t\t<\/div>\n\t\t\t\t<\/div>\n\t\t\t\t<\/div>\n\t\t\t\t\t\t<\/div>\n\t\t\t\t\t<\/div>\n\t\t<\/div>\n\t\t\t\t<div class=\"elementor-column elementor-col-33 elementor-top-column elementor-element elementor-element-09e0fd0\" data-id=\"09e0fd0\" data-element_type=\"column\">\n\t\t\t<div class=\"elementor-column-wrap\">\n\t\t\t\t\t\t\t<div class=\"elementor-widget-wrap\">\n\t\t\t\t\t\t\t\t<\/div>\n\t\t\t\t\t<\/div>\n\t\t<\/div>\n\t\t\t\t\t\t\t\t<\/div>\n\t\t\t\t\t<\/div>\n\t\t<\/section>\n\t\t\t\t\t\t<\/div>\n\t\t\t\t\t\t<\/div>\n\t\t\t\t\t<\/div>\n\t\t","protected":false},"excerpt":{"rendered":"<p>En el marco de la Red de Centros de Excelencia de Formaci\u00f3n Profesional en el sector de la Ciberseguridad, el CIPFP Mislata organiza el curso\u00a0Aprendizaje basado en retos aplicado a la ciberseguridad en modalidad en modalidad a distancia en plataforma de formaci\u00f3n online. El curso va dirigido en orden preferente a docentes que est\u00e9n impartiendo&hellip;<\/p>\n","protected":false},"author":15,"featured_media":12753,"parent":12796,"menu_order":0,"comment_status":"closed","ping_status":"closed","template":"","meta":{"ngg_post_thumbnail":0},"_links":{"self":[{"href":"https:\/\/www.fpmislata.com\/wordpress\/wp-json\/wp\/v2\/pages\/15029"}],"collection":[{"href":"https:\/\/www.fpmislata.com\/wordpress\/wp-json\/wp\/v2\/pages"}],"about":[{"href":"https:\/\/www.fpmislata.com\/wordpress\/wp-json\/wp\/v2\/types\/page"}],"author":[{"embeddable":true,"href":"https:\/\/www.fpmislata.com\/wordpress\/wp-json\/wp\/v2\/users\/15"}],"replies":[{"embeddable":true,"href":"https:\/\/www.fpmislata.com\/wordpress\/wp-json\/wp\/v2\/comments?post=15029"}],"version-history":[{"count":14,"href":"https:\/\/www.fpmislata.com\/wordpress\/wp-json\/wp\/v2\/pages\/15029\/revisions"}],"predecessor-version":[{"id":15066,"href":"https:\/\/www.fpmislata.com\/wordpress\/wp-json\/wp\/v2\/pages\/15029\/revisions\/15066"}],"up":[{"embeddable":true,"href":"https:\/\/www.fpmislata.com\/wordpress\/wp-json\/wp\/v2\/pages\/12796"}],"wp:featuredmedia":[{"embeddable":true,"href":"https:\/\/www.fpmislata.com\/wordpress\/wp-json\/wp\/v2\/media\/12753"}],"wp:attachment":[{"href":"https:\/\/www.fpmislata.com\/wordpress\/wp-json\/wp\/v2\/media?parent=15029"}],"curies":[{"name":"wp","href":"https:\/\/api.w.org\/{rel}","templated":true}]}}