{"id":16176,"date":"2025-07-24T04:29:02","date_gmt":"2025-07-24T08:29:02","guid":{"rendered":"https:\/\/www.fpmislata.com\/wordpress\/?page_id=16176"},"modified":"2025-07-24T04:29:02","modified_gmt":"2025-07-24T08:29:02","slug":"becas-alumnado-grado-medio-cuidados-auxiliares-de-enfermeria","status":"publish","type":"page","link":"https:\/\/www.fpmislata.com\/wordpress\/internacional\/becas-alumnado-grado-medio-cuidados-auxiliares-de-enfermeria\/","title":{"rendered":"Becas alumnado  Grado Medio Cuidados Auxiliares de Enfermer\u00eda"},"content":{"rendered":"<p><strong><span style=\"font-size: 12pt; color: #000000;\">Erasmus+ Project 2024-1-ES01-KA121-VET-000235621<\/span><\/strong><\/p>\n<p><span style=\"font-size: 12pt; color: #000000;\">Becas Movilidad Internacional del alumnado.<\/span><\/p>\n<p><span style=\"font-size: 12pt; color: #000000;\"><strong>Erasmus+ &nbsp; &#8211;&nbsp; Grado Medio Cuidados Auxiliares de Enfermer\u00eda:<\/strong><\/span><\/p>\n<p><span style=\"font-size: 12pt; color: #000000;\">En esta p\u00e1gina pod\u00e9is encontrar las bases de la convocatoria y todos los documentos necesarios para las becas Erasmus+. As\u00ed como informaci\u00f3n complementaria que os ayudar\u00e1 a decidiros pulsando sobre los enlaces.<\/span><\/p>\n<p style=\"text-align: center;\">&nbsp;<\/p>\n<table style=\"width: 99.8815%;\" border=\"1\" cellspacing=\"0\" cellpadding=\"0\">\n<tbody>\n<tr>\n<td style=\"width: 510px;\"><span style=\"font-size: 12pt; color: #000000;\"><strong>BECAS ERASMUS+<\/strong><\/span><\/td>\n<td style=\"width: 329px;\">\n<p align=\"center\"><span style=\"font-size: 12pt; color: #000000;\"><strong>Documentos<\/strong><\/span><\/p>\n<\/td>\n<\/tr>\n<tr>\n<td style=\"width: 510px;\"><span style=\"font-size: 12pt; color: #000000;\"><strong>Convocatoria<\/strong><\/span><\/td>\n<td style=\"width: 329px;\">\n<p align=\"center\"><a href=\"https:\/\/www.fpmislata.com\/wordpress\/wp-content\/uploads\/NOVA-Convocatoria-CAE-2025_2026.pdf\"><strong><span style=\"font-size: 12pt; color: #0000ff;\">Bases Grado Medio<\/span><\/strong><\/a><\/p>\n<\/td>\n<\/tr>\n<tr>\n<td style=\"width: 510px;\"><span style=\"font-size: 12pt; color: #000000;\"><strong>Solicitud<\/strong><\/span><\/td>\n<td style=\"width: 329px;\">\n<p align=\"center\"><a href=\"https:\/\/www.fpmislata.com\/wordpress\/wp-content\/uploads\/Solicitud-Estudiantes-Becas-GM-AC.docx\"><strong><span style=\"font-size: 12pt; color: #0000ff;\">Solicitud<\/span><\/strong><\/a><\/p>\n<\/td>\n<\/tr>\n<tr>\n<td style=\"width: 510px;\"><span style=\"font-size: 12pt; color: #000000;\"><strong>CV Europass<\/strong><\/span><\/td>\n<td style=\"width: 329px;\">\n<p align=\"center\"><strong><span style=\"color: #0000ff;\"><span style=\"font-size: 12pt;\"><a style=\"color: #0000ff;\" href=\"https:\/\/europa.eu\/europass\/es\" target=\"_blank\" rel=\"noopener\">C.V.<\/a><\/span><\/span><\/strong><\/p>\n<\/td>\n<\/tr>\n<\/tbody>\n<\/table>\n<p>&nbsp;<\/p>\n","protected":false},"excerpt":{"rendered":"<p>Erasmus+ Project 2024-1-ES01-KA121-VET-000235621 Becas Movilidad Internacional del alumnado. Erasmus+ &nbsp; &#8211;&nbsp; Grado Medio Cuidados Auxiliares de Enfermer\u00eda: En esta p\u00e1gina pod\u00e9is encontrar las bases de la convocatoria y todos los documentos necesarios para las becas Erasmus+. As\u00ed como informaci\u00f3n complementaria que os ayudar\u00e1 a decidiros pulsando sobre los enlaces. &nbsp; BECAS ERASMUS+ Documentos Convocatoria Bases&hellip;<\/p>\n","protected":false},"author":13,"featured_media":0,"parent":240,"menu_order":0,"comment_status":"closed","ping_status":"closed","template":"","meta":{"ngg_post_thumbnail":0},"_links":{"self":[{"href":"https:\/\/www.fpmislata.com\/wordpress\/wp-json\/wp\/v2\/pages\/16176"}],"collection":[{"href":"https:\/\/www.fpmislata.com\/wordpress\/wp-json\/wp\/v2\/pages"}],"about":[{"href":"https:\/\/www.fpmislata.com\/wordpress\/wp-json\/wp\/v2\/types\/page"}],"author":[{"embeddable":true,"href":"https:\/\/www.fpmislata.com\/wordpress\/wp-json\/wp\/v2\/users\/13"}],"replies":[{"embeddable":true,"href":"https:\/\/www.fpmislata.com\/wordpress\/wp-json\/wp\/v2\/comments?post=16176"}],"version-history":[{"count":1,"href":"https:\/\/www.fpmislata.com\/wordpress\/wp-json\/wp\/v2\/pages\/16176\/revisions"}],"predecessor-version":[{"id":16178,"href":"https:\/\/www.fpmislata.com\/wordpress\/wp-json\/wp\/v2\/pages\/16176\/revisions\/16178"}],"up":[{"embeddable":true,"href":"https:\/\/www.fpmislata.com\/wordpress\/wp-json\/wp\/v2\/pages\/240"}],"wp:attachment":[{"href":"https:\/\/www.fpmislata.com\/wordpress\/wp-json\/wp\/v2\/media?parent=16176"}],"curies":[{"name":"wp","href":"https:\/\/api.w.org\/{rel}","templated":true}]}}