{"id":16793,"date":"2025-10-16T05:55:50","date_gmt":"2025-10-16T09:55:50","guid":{"rendered":"https:\/\/www.fpmislata.com\/wordpress\/?page_id=16793"},"modified":"2025-11-05T10:11:20","modified_gmt":"2025-11-05T14:11:20","slug":"curso-ciberseguridad-industrial-3a-edicion","status":"publish","type":"page","link":"https:\/\/www.fpmislata.com\/wordpress\/centro-excelencia-ciberseguridad\/curso-ciberseguridad-industrial-3a-edicion\/","title":{"rendered":"Curso Ciberseguridad Industrial 3\u00aa edici\u00f3n"},"content":{"rendered":"\t\t<div data-elementor-type=\"wp-page\" data-elementor-id=\"16793\" class=\"elementor elementor-16793\" data-elementor-settings=\"[]\">\n\t\t\t\t\t\t<div class=\"elementor-inner\">\n\t\t\t\t\t\t\t<div class=\"elementor-section-wrap\">\n\t\t\t\t\t\t\t<section class=\"elementor-section elementor-top-section elementor-element elementor-element-2fbd843f elementor-section-boxed elementor-section-height-default elementor-section-height-default\" data-id=\"2fbd843f\" data-element_type=\"section\">\n\t\t\t\t\t\t<div class=\"elementor-container elementor-column-gap-default\">\n\t\t\t\t\t\t\t<div class=\"elementor-row\">\n\t\t\t\t\t<div class=\"elementor-column elementor-col-100 elementor-top-column elementor-element elementor-element-f1f2336\" data-id=\"f1f2336\" data-element_type=\"column\">\n\t\t\t<div class=\"elementor-column-wrap\">\n\t\t\t\t\t\t\t<div class=\"elementor-widget-wrap\">\n\t\t\t\t\t\t\t\t<\/div>\n\t\t\t\t\t<\/div>\n\t\t<\/div>\n\t\t\t\t\t\t\t\t<\/div>\n\t\t\t\t\t<\/div>\n\t\t<\/section>\n\t\t\t\t<section class=\"elementor-section elementor-top-section elementor-element elementor-element-a8a91ce elementor-section-boxed elementor-section-height-default elementor-section-height-default\" data-id=\"a8a91ce\" data-element_type=\"section\">\n\t\t\t\t\t\t<div class=\"elementor-container elementor-column-gap-default\">\n\t\t\t\t\t\t\t<div class=\"elementor-row\">\n\t\t\t\t\t<div class=\"elementor-column elementor-col-100 elementor-top-column elementor-element elementor-element-815bf09\" data-id=\"815bf09\" data-element_type=\"column\">\n\t\t\t<div class=\"elementor-column-wrap elementor-element-populated\">\n\t\t\t\t\t\t\t<div class=\"elementor-widget-wrap\">\n\t\t\t\t\t\t<div class=\"elementor-element elementor-element-c28031d elementor-widget elementor-widget-text-editor\" data-id=\"c28031d\" data-element_type=\"widget\" data-widget_type=\"text-editor.default\">\n\t\t\t\t<div class=\"elementor-widget-container\">\n\t\t\t\t\t\t\t\t<div class=\"elementor-text-editor elementor-clearfix\">\n\t\t\t\t\t<p>En el marco de la Red de Centros de Excelencia de Formaci\u00f3n Profesional en el sector de la Ciberseguridad, el <strong>CIPFP Mislata<\/strong> organiza el <strong>curso<\/strong><strong> Cibserseguridad Industrial<\/strong> en modalidad en modalidad <strong>a distancia <\/strong>en plataforma de formaci\u00f3n online.<\/p><p><span style=\"color: var( --e-global-color-text ); font-weight: var( --e-global-typography-text-font-weight );\">El objetivo de la formaci\u00f3n es proporcionar a los participantes un conocimiento integral y pr\u00e1ctico sobre la <\/span><strong style=\"color: var( --e-global-color-text );\">ciberseguridad industrial<\/strong><span style=\"color: var( --e-global-color-text ); font-weight: var( --e-global-typography-text-font-weight );\">, centr\u00e1ndose en tres \u00e1reas clave: el conocimiento sobre las redes industriales y el entorno OT, los principales est\u00e1ndares y las herramientas basadas en el an\u00e1lisis de tr\u00e1fico como los sistemas de detecci\u00f3n y prevenci\u00f3n ante intrusiones.<\/span><\/p>\t\t\t\t\t<\/div>\n\t\t\t\t\t\t<\/div>\n\t\t\t\t<\/div>\n\t\t\t\t\t\t<\/div>\n\t\t\t\t\t<\/div>\n\t\t<\/div>\n\t\t\t\t\t\t\t\t<\/div>\n\t\t\t\t\t<\/div>\n\t\t<\/section>\n\t\t\t\t<section class=\"elementor-section elementor-top-section elementor-element elementor-element-24d66d8 elementor-section-boxed elementor-section-height-default elementor-section-height-default\" data-id=\"24d66d8\" data-element_type=\"section\">\n\t\t\t\t\t\t<div class=\"elementor-container elementor-column-gap-default\">\n\t\t\t\t\t\t\t<div class=\"elementor-row\">\n\t\t\t\t\t<div class=\"elementor-column elementor-col-100 elementor-top-column elementor-element elementor-element-2d82001\" data-id=\"2d82001\" data-element_type=\"column\">\n\t\t\t<div class=\"elementor-column-wrap elementor-element-populated\">\n\t\t\t\t\t\t\t<div class=\"elementor-widget-wrap\">\n\t\t\t\t\t\t<div class=\"elementor-element elementor-element-ffd225e elementor-widget elementor-widget-text-editor\" data-id=\"ffd225e\" data-element_type=\"widget\" data-widget_type=\"text-editor.default\">\n\t\t\t\t<div class=\"elementor-widget-container\">\n\t\t\t\t\t\t\t\t<div class=\"elementor-text-editor elementor-clearfix\">\n\t\t\t\t\t<p><strong>Objetivos:<br \/><\/strong><\/p><ul><li>Conocimiento de redes industriales y del entorno OT.<\/li><li>Comprensi\u00f3n de los principales est\u00e1ndares y normativas.<\/li><li>Desarrollar habilidades en la gesti\u00f3n de activos y la evaluaci\u00f3n de riesgos para garantizar la identificaci\u00f3n y mitigaci\u00f3n proactiva de posibles amenazas y vulnerabilidades en entornos industriales.<\/li><li>Entendimiento para abordar la implementaci\u00f3n y gesti\u00f3n de un Sistema de Gesti\u00f3n de Ciberseguridad Industrial (CSMS).<\/li><li>Conocimiento de las diferentes herramientas del mercado y su uso para el an\u00e1lisis del tr\u00e1fico de redes industriales: IDS e IPS.<\/li><\/ul><p>En resumen, la formaci\u00f3n tiene como objetivo equipar a los participantes con las habilidades y conocimientos necesarios para dise\u00f1ar, implementar y mantener sistemas de ciberseguridad industrial eficaces, abordando tanto los est\u00e1ndares como las pr\u00e1cticas espec\u00edficas relacionadas con las redes y entornos OT.<\/p><p><strong>Contenidos:<br \/><\/strong><\/p><ul><li>Redes Industriales y entorno OT<ul><li>Niveles de automatizaci\u00f3n industrial<\/li><li>Dispositivos de control y supervisi\u00f3n disponibles en el mercado<\/li><li>Comunicaciones y protocolos industriales<\/li><li>Iniciativas, buenas pr\u00e1cticas y soluciones de seguridad en entornos industriales<\/li><li>Detecci\u00f3n y correcci\u00f3n de vulnerabilidades en aplicaciones industriales<\/li><\/ul><\/li><li>Est\u00e1ndares de ciberseguridad industrial<ul><li>Introducci\u00f3n a normativas, regulaciones y est\u00e1ndares principales: ISA 62443, NIS 2, NIST 800-82.<\/li><li>Presentaci\u00f3n de la ISA\/IEC 62443<\/li><li>ISA\/IEC 62443 1-1: Terminolog\u00eda, conceptos y modelos<\/li><li>ISA\/IEC 62443 2-1: Sistema de gesti\u00f3n de la ciberseguridad industrial CSMS<\/li><li>ISA\/IEC 62443 3-2: An\u00e1lisis de riesgos y Dise\u00f1o de Sistemas<\/li><li>ISA\/IEC 62443 3-3: Requisitos de seguridad del sistema y niveles de seguridad<\/li><\/ul><\/li><li>An\u00e1lisis de tr\u00e1fico de red industrial &#8211; Sistemas IDS e IPS<ul><li>An\u00e1lisis de tr\u00e1fico de red y comportamientos<\/li><li>Introducci\u00f3n a los IDS (Intrusion Detection Systems)<\/li><li>Tipos de IDS<\/li><li>Arquitectura e implementaci\u00f3n de un IDS<\/li><li>Integraciones, mantenimiento y configuraci\u00f3n<\/li><li>Pr\u00e1ctica de despliegue de sonda<\/li><li>Introducci\u00f3n a los IPS (Intrusion Prevention Systems)<\/li><\/ul><\/li><\/ul><p><strong>Destinatarios y requisitos de admisi\u00f3n:<\/strong><\/p><p>El curso est\u00e1 dirigido a profesorado de todo el estado espa\u00f1ol, estando limitada la inscripci\u00f3n a un m\u00e1ximo del 20% de las plazas para docentes de la Comunidad Valenciana.<\/p><p>Admisi\u00f3n por orden preferente:<\/p><ol><li>Profesorado que est\u00e9 impartiendo actualmente alg\u00fan m\u00f3dulo en los Cursos de Especializaci\u00f3n en Ciberseguridad.<\/li><li>Profesorado de la Familia Profesional de Inform\u00e1tica y Comunicaciones que est\u00e9 impartiendo actualmente alg\u00fan m\u00f3dulo profesional relacionado con la seguridad inform\u00e1tica.<\/li><li>Resto de profesorado de la Familia Profesional de Inform\u00e1tica y Comunicaciones<\/li><\/ol><p><span style=\"font-weight: 400;\">La admisi\u00f3n se realizar\u00e1 por orden de llegada de las solicitudes. No se tramitar\u00e1n solicitudes fuera de los plazos de apertura y cierre de inscripci\u00f3n.<\/span><\/p><p>En aras de un mejor aprovechamiento de las plazas disponibles para el curso<span style=\"color: #ff6600;\">, <span style=\"color: #ff0000;\">se dar\u00e1 de baja a aquellos participantes que no hayan realizado ninguna conexi\u00f3n al curso ni haber publicado ning\u00fan mensaje de presentaci\u00f3n en el foro durante la primera semana<\/span><\/span> y se cubrir\u00e1n las plazas con la lista de espera.<br \/>Asimismo,<span style=\"color: #ff0000;\"> a aquellos participantes que abandonen el curso sin causa justificada, se les penalizar\u00e1 en la admisi\u00f3n de otras acciones formativas<\/span> realizadas por el CIPFP Mislata en el marco de la Red de Centros de Excelencia.<\/p>\t\t\t\t\t<\/div>\n\t\t\t\t\t\t<\/div>\n\t\t\t\t<\/div>\n\t\t\t\t\t\t<\/div>\n\t\t\t\t\t<\/div>\n\t\t<\/div>\n\t\t\t\t\t\t\t\t<\/div>\n\t\t\t\t\t<\/div>\n\t\t<\/section>\n\t\t\t\t<section class=\"elementor-section elementor-top-section elementor-element elementor-element-e897587 elementor-section-boxed elementor-section-height-default elementor-section-height-default\" data-id=\"e897587\" data-element_type=\"section\">\n\t\t\t\t\t\t<div class=\"elementor-container elementor-column-gap-default\">\n\t\t\t\t\t\t\t<div class=\"elementor-row\">\n\t\t\t\t\t<div class=\"elementor-column elementor-col-25 elementor-top-column elementor-element elementor-element-b481c54\" data-id=\"b481c54\" data-element_type=\"column\">\n\t\t\t<div class=\"elementor-column-wrap\">\n\t\t\t\t\t\t\t<div class=\"elementor-widget-wrap\">\n\t\t\t\t\t\t\t\t<\/div>\n\t\t\t\t\t<\/div>\n\t\t<\/div>\n\t\t\t\t<div class=\"elementor-column elementor-col-50 elementor-top-column elementor-element elementor-element-e52b297\" data-id=\"e52b297\" data-element_type=\"column\">\n\t\t\t<div class=\"elementor-column-wrap elementor-element-populated\">\n\t\t\t\t\t\t\t<div class=\"elementor-widget-wrap\">\n\t\t\t\t\t\t<div class=\"elementor-element elementor-element-52d7b56 elementor-widget elementor-widget-image\" data-id=\"52d7b56\" data-element_type=\"widget\" data-widget_type=\"image.default\">\n\t\t\t\t<div class=\"elementor-widget-container\">\n\t\t\t\t\t\t\t\t<div class=\"elementor-image\">\n\t\t\t\t\t\t\t\t\t\t\t\t<img width=\"640\" height=\"355\" src=\"data:image\/gif;base64,R0lGODlhAQABAAAAACH5BAEKAAEALAAAAAABAAEAAAICTAEAOw==\" class=\"attachment-large size-large lazyload\" alt=\"\" loading=\"lazy\" sizes=\"(max-width: 640px) 100vw, 640px\" data-src=\"https:\/\/www.fpmislata.com\/wordpress\/wp-content\/uploads\/Logotipos-800x444.png\" data-srcset=\"https:\/\/www.fpmislata.com\/wordpress\/wp-content\/uploads\/Logotipos-800x444.png 800w, https:\/\/www.fpmislata.com\/wordpress\/wp-content\/uploads\/Logotipos-300x166.png 300w, https:\/\/www.fpmislata.com\/wordpress\/wp-content\/uploads\/Logotipos-768x426.png 768w, https:\/\/www.fpmislata.com\/wordpress\/wp-content\/uploads\/Logotipos.png 1040w\">\t\t\t\t\t\t\t\t\t\t\t\t\t\t<\/div>\n\t\t\t\t\t\t<\/div>\n\t\t\t\t<\/div>\n\t\t\t\t\t\t<\/div>\n\t\t\t\t\t<\/div>\n\t\t<\/div>\n\t\t\t\t<div class=\"elementor-column elementor-col-25 elementor-top-column elementor-element elementor-element-01f6fea\" data-id=\"01f6fea\" data-element_type=\"column\">\n\t\t\t<div class=\"elementor-column-wrap\">\n\t\t\t\t\t\t\t<div class=\"elementor-widget-wrap\">\n\t\t\t\t\t\t\t\t<\/div>\n\t\t\t\t\t<\/div>\n\t\t<\/div>\n\t\t\t\t\t\t\t\t<\/div>\n\t\t\t\t\t<\/div>\n\t\t<\/section>\n\t\t\t\t<section class=\"elementor-section elementor-top-section elementor-element elementor-element-93aec42 elementor-section-boxed elementor-section-height-default elementor-section-height-default\" data-id=\"93aec42\" data-element_type=\"section\">\n\t\t\t\t\t\t<div class=\"elementor-container elementor-column-gap-default\">\n\t\t\t\t\t\t\t<div class=\"elementor-row\">\n\t\t\t\t\t<div class=\"elementor-column elementor-col-100 elementor-top-column elementor-element elementor-element-73d346d\" data-id=\"73d346d\" data-element_type=\"column\">\n\t\t\t<div class=\"elementor-column-wrap elementor-element-populated\">\n\t\t\t\t\t\t\t<div class=\"elementor-widget-wrap\">\n\t\t\t\t\t\t<div class=\"elementor-element elementor-element-820e38c elementor-widget elementor-widget-text-editor\" data-id=\"820e38c\" data-element_type=\"widget\" data-widget_type=\"text-editor.default\">\n\t\t\t\t<div class=\"elementor-widget-container\">\n\t\t\t\t\t\t\t\t<div class=\"elementor-text-editor elementor-clearfix\">\n\t\t\t\t\t<p><strong>Duraci\u00f3n<\/strong>: 60 horas<\/p>\n<p><strong>N\u00famero de plazas:<\/strong> 100<\/p>\n<p><strong>Modalidad:<\/strong> El curso se realizar\u00e1 en modalidad a distancia, mediante plataforma de formaci\u00f3n a distancia.<\/p>\n<p><strong>Recursos materiales:<\/strong><\/p>\n<ul>\n<li>Plataforma de e-learning del CIPFP Mislata: https:\/\/ciberseguridad.edu.es\/moodle\/<\/li>\n<li>Material del curso enviado a los participantes antes del inicio de curso: OVA preparada de Nozomi para el despliegue. OVA Nozomi licenciada para la duraci\u00f3n del curso.<\/li>\n<li>Software libre que se ir\u00e1 indicando en las sesiones.<\/li>\n<li>Es necesario que el\/la participante disponga de ordenador personal con VMWare Player y al menos 8 gigas libres de RAM para realizar con \u00e9xito los talleres del curso.<\/li>\n<\/ul>\n<p><strong>Metodolog\u00eda:<\/strong><\/p>\n<ul>\n<li>Sesiones s\u00edncronas voluntarias para resoluci\u00f3n de dudas y realizaci\u00f3n de demostraciones, que quedar\u00e1n grabadas.<\/li>\n<li>Consulta del material del curso y realizaci\u00f3n de las actividades entregables y cuestionarios en la plataforma online.<\/li>\n<\/ul>\n<p><strong>Criterios de evaluaci\u00f3n:<\/strong><\/p>\n<p><span style=\"font-weight: 400;\">Consulta del material del curso y realizaci\u00f3n de las actividades entregables y cuestionarios en la plataforma online.<\/span><\/p>\n<p><strong>Fechas de inscripci\u00f3n y confirmaci\u00f3n de plaza:<\/strong><\/p>\n<p>Inscripci\u00f3n: <strong><span style=\"color: #0000ff;\">20 de octubre al 2 de noviembre de 2025 ambos inclusive.<\/span><\/strong><br>Confirmaci\u00f3n de plaza por correo electr\u00f3nico y web: <strong><span style=\"color: #0000ff;\">a partir del 3 de noviembre 2025.<\/span><\/strong><\/p>\n<p><strong>Fechas de realizaci\u00f3n y horarios:<\/strong><\/p>\n<p>El curso se realizar\u00e1 a distancia en el mejor horario que convenga al participante, entre el <span style=\"color: #3366ff;\"><span style=\"color: #0000ff;\"><strong>10 de noviembre y el 8 de febrero de 2026<\/strong><\/span>,<\/span> ambos inclusive. Se planificar\u00e1n algunas sesiones s\u00edncronas voluntarias los jueves de 16:45 a 18:00 horas para resoluci\u00f3n de dudas, que quedar\u00e1n grabadas y podr\u00e1n ser visualizadas posteriormente.<\/p>\n<p><strong>Ponente\/s:<\/strong><\/p>\n<p><strong>JULI LIZCANO:<\/strong><\/p>\n<p>Consultora de Ciberseguridad Industrial (IICS\/OT\/IoT ) con diferentes certificaciones oficiales en ISA\/IEC 62443, NOZOMI Networks, ITIL4, SCADA WinCC OA. Docente en el master de Industria 4.0 de la universidad la VIU. M\u00e1s informaci\u00f3n: <a href=\"https:\/\/www.linkedin.com\/in\/juli-lizcano-99304b123\/\">https:\/\/www.linkedin.com\/in\/juli-lizcano-99304b123\/<\/a><\/p>\n<p><strong>PEDRO GARC\u00cdA VILLACA\u00d1AS:<\/strong><\/p>\n<p><span style=\"font-weight: 400;\">Cybersecurity Senior Consultant en OT\/ICS\/IoT. Certificado en CISSP, ISA\/IEC 62443, ITIL v4, Lead Auditor 27001:2022, entre otras. Tiene experiencia en elaboraci\u00f3n e implantaci\u00f3n de sistemas de gesti\u00f3n de ciberseguridad, auditor\u00edas de ciberseguridad en entornos ICS\/OT, evaluaciones del nivel de madurez, an\u00e1lisis de riesgos y despliegue de diferentes herramientas de ciberseguridad industrial.<\/span><\/p>\n<p><strong>Instrucciones de inscripci\u00f3n:<\/strong><\/p>\n<p>La inscripci\u00f3n y matriculaci\u00f3n al curso se gestionar\u00e1 rellenando el siguiente formulario:<\/p>\t\t\t\t\t<\/div>\n\t\t\t\t\t\t<\/div>\n\t\t\t\t<\/div>\n\t\t\t\t\t\t<\/div>\n\t\t\t\t\t<\/div>\n\t\t<\/div>\n\t\t\t\t\t\t\t\t<\/div>\n\t\t\t\t\t<\/div>\n\t\t<\/section>\n\t\t\t\t<section class=\"elementor-section elementor-top-section elementor-element elementor-element-39a9ada elementor-section-boxed elementor-section-height-default elementor-section-height-default\" data-id=\"39a9ada\" data-element_type=\"section\">\n\t\t\t\t\t\t<div class=\"elementor-container elementor-column-gap-default\">\n\t\t\t\t\t\t\t<div class=\"elementor-row\">\n\t\t\t\t\t<div class=\"elementor-column elementor-col-33 elementor-top-column elementor-element elementor-element-403cf3d\" data-id=\"403cf3d\" data-element_type=\"column\">\n\t\t\t<div class=\"elementor-column-wrap\">\n\t\t\t\t\t\t\t<div class=\"elementor-widget-wrap\">\n\t\t\t\t\t\t\t\t<\/div>\n\t\t\t\t\t<\/div>\n\t\t<\/div>\n\t\t\t\t<div class=\"elementor-column elementor-col-33 elementor-top-column elementor-element elementor-element-06768af\" data-id=\"06768af\" data-element_type=\"column\">\n\t\t\t<div class=\"elementor-column-wrap elementor-element-populated\">\n\t\t\t\t\t\t\t<div class=\"elementor-widget-wrap\">\n\t\t\t\t\t\t<div class=\"elementor-element elementor-element-a76cb7c elementor-align-center elementor-widget elementor-widget-button\" data-id=\"a76cb7c\" data-element_type=\"widget\" data-widget_type=\"button.default\">\n\t\t\t\t<div class=\"elementor-widget-container\">\n\t\t\t\t\t<div class=\"elementor-button-wrapper\">\n\t\t\t<a href=\"https:\/\/www.fpmislata.com\/wordpress\/centro-excelencia-ciberseguridad\/curso-ciberseguridad-industrial-3a-edicion\/\" target=\"_blank\" class=\"elementor-button-link elementor-button elementor-size-md\" role=\"button\">\n\t\t\t\t\t\t<span class=\"elementor-button-content-wrapper\">\n\t\t\t\t\t\t<span class=\"elementor-button-text\">Formulario de inscripci\u00f3n<\/span>\n\t\t<\/span>\n\t\t\t\t\t<\/a>\n\t\t<\/div>\n\t\t\t\t<\/div>\n\t\t\t\t<\/div>\n\t\t\t\t\t\t<\/div>\n\t\t\t\t\t<\/div>\n\t\t<\/div>\n\t\t\t\t<div class=\"elementor-column elementor-col-33 elementor-top-column elementor-element elementor-element-f20a18a\" data-id=\"f20a18a\" data-element_type=\"column\">\n\t\t\t<div class=\"elementor-column-wrap\">\n\t\t\t\t\t\t\t<div class=\"elementor-widget-wrap\">\n\t\t\t\t\t\t\t\t<\/div>\n\t\t\t\t\t<\/div>\n\t\t<\/div>\n\t\t\t\t\t\t\t\t<\/div>\n\t\t\t\t\t<\/div>\n\t\t<\/section>\n\t\t\t\t<section class=\"elementor-section elementor-top-section elementor-element elementor-element-77d596d elementor-section-boxed elementor-section-height-default elementor-section-height-default\" data-id=\"77d596d\" data-element_type=\"section\">\n\t\t\t\t\t\t<div class=\"elementor-container elementor-column-gap-default\">\n\t\t\t\t\t\t\t<div class=\"elementor-row\">\n\t\t\t\t\t<div class=\"elementor-column elementor-col-100 elementor-top-column elementor-element elementor-element-d62ce2a\" data-id=\"d62ce2a\" data-element_type=\"column\">\n\t\t\t<div class=\"elementor-column-wrap elementor-element-populated\">\n\t\t\t\t\t\t\t<div class=\"elementor-widget-wrap\">\n\t\t\t\t\t\t<div class=\"elementor-element elementor-element-78834fb elementor-widget elementor-widget-text-editor\" data-id=\"78834fb\" data-element_type=\"widget\" data-widget_type=\"text-editor.default\">\n\t\t\t\t<div class=\"elementor-widget-container\">\n\t\t\t\t\t\t\t\t<div class=\"elementor-text-editor elementor-clearfix\">\n\t\t\t\t\t<p><strong>Informaci\u00f3n sobre protecci\u00f3n de datos:<\/strong><\/p><p>En cumplimiento de la normativa de protecci\u00f3n de datos personales, le informamos de que tiene la condici\u00f3n de responsable del tratamiento la Conselleria de Educaci\u00f3n, Cultura y Deporte de la Generalitat Valenciana.<\/p><p>Sus datos ser\u00e1n incorporados al tratamiento denominado \u00abActividades y Cursos de Formaci\u00f3n para el Profesorado \u00ab, cuya finalidad es el control, organizaci\u00f3n, gesti\u00f3n y celebraci\u00f3n de actividades y cursos de formaci\u00f3n para el personal docente.<\/p><p>La legitimaci\u00f3n del tratamiento se basa en el consentimiento, art\u00edculo 6.1. c) y 6.1. e) del RGPD, Reglamento UE 2016\/679.<\/p><p>La persona interesada est\u00e1 obligada a facilitar los datos personales, en caso de no hacerlo no se tramitar\u00e1 su inscripci\u00f3n al curso.<\/p><p>Puede usted ejercitar los derechos de acceso, rectificaci\u00f3n, oposici\u00f3n, supresi\u00f3n (\u00abderecho al olvido\u00bb), limitaci\u00f3n de tratamiento y portabilidad y a no ser objeto de decisiones individuales automatizadas, de forma presencial o telem\u00e1tica, de conformidad con<br \/>lo previsto en el siguiente enlace:\u00a0<a href=\"http:\/\/sede.gva.es\/es\/proc19970\">http:\/\/sede.gva.es\/es\/proc19970<\/a><\/p><p>Puede obtener informaci\u00f3n m\u00e1s detallada en el siguiente enlace:\u00a0<a href=\"https:\/\/ceice.gva.es\/documents\/161634279\/172734302\/Actividades+y+Cursos+de+Formaci%C3%B3n+para+el+Profesorado.pdf\/4114ba79-4624-b694-7541-9b68fc7a4c2a?t=1686311009244\">[descarga de pdf]<\/a><\/p>\t\t\t\t\t<\/div>\n\t\t\t\t\t\t<\/div>\n\t\t\t\t<\/div>\n\t\t\t\t\t\t<\/div>\n\t\t\t\t\t<\/div>\n\t\t<\/div>\n\t\t\t\t\t\t\t\t<\/div>\n\t\t\t\t\t<\/div>\n\t\t<\/section>\n\t\t\t\t<section class=\"elementor-section elementor-top-section elementor-element elementor-element-cd982d5 elementor-section-boxed elementor-section-height-default elementor-section-height-default\" data-id=\"cd982d5\" data-element_type=\"section\">\n\t\t\t\t\t\t<div class=\"elementor-container elementor-column-gap-default\">\n\t\t\t\t\t\t\t<div class=\"elementor-row\">\n\t\t\t\t\t<div class=\"elementor-column elementor-col-33 elementor-top-column elementor-element elementor-element-797961c\" data-id=\"797961c\" data-element_type=\"column\">\n\t\t\t<div class=\"elementor-column-wrap\">\n\t\t\t\t\t\t\t<div class=\"elementor-widget-wrap\">\n\t\t\t\t\t\t\t\t<\/div>\n\t\t\t\t\t<\/div>\n\t\t<\/div>\n\t\t\t\t<div class=\"elementor-column elementor-col-33 elementor-top-column elementor-element elementor-element-de9e62d\" data-id=\"de9e62d\" data-element_type=\"column\">\n\t\t\t<div class=\"elementor-column-wrap elementor-element-populated\">\n\t\t\t\t\t\t\t<div class=\"elementor-widget-wrap\">\n\t\t\t\t\t\t<div class=\"elementor-element elementor-element-dfd927c elementor-widget elementor-widget-text-editor\" data-id=\"dfd927c\" data-element_type=\"widget\" data-widget_type=\"text-editor.default\">\n\t\t\t\t<div class=\"elementor-widget-container\">\n\t\t\t\t\t\t\t\t<div class=\"elementor-text-editor elementor-clearfix\">\n\t\t\t\t\t<h1 style=\"text-align: center;\">NOVEDAD<\/h1>\t\t\t\t\t<\/div>\n\t\t\t\t\t\t<\/div>\n\t\t\t\t<\/div>\n\t\t\t\t<div class=\"elementor-element elementor-element-9e8ef4e elementor-align-center elementor-widget elementor-widget-button\" data-id=\"9e8ef4e\" data-element_type=\"widget\" data-widget_type=\"button.default\">\n\t\t\t\t<div class=\"elementor-widget-container\">\n\t\t\t\t\t<div class=\"elementor-button-wrapper\">\n\t\t\t<a href=\"https:\/\/www.fpmislata.com\/wordpress\/wp-content\/uploads\/02_2025_Listado-admitidos_Curso-CI-3ED_firmado.pdf\" class=\"elementor-button-link elementor-button elementor-size-sm\" role=\"button\">\n\t\t\t\t\t\t<span class=\"elementor-button-content-wrapper\">\n\t\t\t\t\t\t<span class=\"elementor-button-text\">Lista de admitidos<\/span>\n\t\t<\/span>\n\t\t\t\t\t<\/a>\n\t\t<\/div>\n\t\t\t\t<\/div>\n\t\t\t\t<\/div>\n\t\t\t\t\t\t<\/div>\n\t\t\t\t\t<\/div>\n\t\t<\/div>\n\t\t\t\t<div class=\"elementor-column elementor-col-33 elementor-top-column elementor-element elementor-element-37aef12\" data-id=\"37aef12\" data-element_type=\"column\">\n\t\t\t<div class=\"elementor-column-wrap\">\n\t\t\t\t\t\t\t<div class=\"elementor-widget-wrap\">\n\t\t\t\t\t\t\t\t<\/div>\n\t\t\t\t\t<\/div>\n\t\t<\/div>\n\t\t\t\t\t\t\t\t<\/div>\n\t\t\t\t\t<\/div>\n\t\t<\/section>\n\t\t\t\t\t\t<\/div>\n\t\t\t\t\t\t<\/div>\n\t\t\t\t\t<\/div>\n\t\t","protected":false},"excerpt":{"rendered":"<p>En el marco de la Red de Centros de Excelencia de Formaci\u00f3n Profesional en el sector de la Ciberseguridad, el CIPFP Mislata organiza el curso Cibserseguridad Industrial en modalidad en modalidad a distancia en plataforma de formaci\u00f3n online. El objetivo de la formaci\u00f3n es proporcionar a los participantes un conocimiento integral y pr\u00e1ctico sobre la&hellip;<\/p>\n","protected":false},"author":18,"featured_media":13174,"parent":12796,"menu_order":0,"comment_status":"closed","ping_status":"closed","template":"","meta":{"ngg_post_thumbnail":0},"_links":{"self":[{"href":"https:\/\/www.fpmislata.com\/wordpress\/wp-json\/wp\/v2\/pages\/16793"}],"collection":[{"href":"https:\/\/www.fpmislata.com\/wordpress\/wp-json\/wp\/v2\/pages"}],"about":[{"href":"https:\/\/www.fpmislata.com\/wordpress\/wp-json\/wp\/v2\/types\/page"}],"author":[{"embeddable":true,"href":"https:\/\/www.fpmislata.com\/wordpress\/wp-json\/wp\/v2\/users\/18"}],"replies":[{"embeddable":true,"href":"https:\/\/www.fpmislata.com\/wordpress\/wp-json\/wp\/v2\/comments?post=16793"}],"version-history":[{"count":51,"href":"https:\/\/www.fpmislata.com\/wordpress\/wp-json\/wp\/v2\/pages\/16793\/revisions"}],"predecessor-version":[{"id":16985,"href":"https:\/\/www.fpmislata.com\/wordpress\/wp-json\/wp\/v2\/pages\/16793\/revisions\/16985"}],"up":[{"embeddable":true,"href":"https:\/\/www.fpmislata.com\/wordpress\/wp-json\/wp\/v2\/pages\/12796"}],"wp:featuredmedia":[{"embeddable":true,"href":"https:\/\/www.fpmislata.com\/wordpress\/wp-json\/wp\/v2\/media\/13174"}],"wp:attachment":[{"href":"https:\/\/www.fpmislata.com\/wordpress\/wp-json\/wp\/v2\/media?parent=16793"}],"curies":[{"name":"wp","href":"https:\/\/api.w.org\/{rel}","templated":true}]}}