{"id":17025,"date":"2025-11-24T00:00:00","date_gmt":"2025-11-24T04:00:00","guid":{"rendered":"https:\/\/www.fpmislata.com\/wordpress\/?page_id=17025"},"modified":"2025-12-16T14:11:59","modified_gmt":"2025-12-16T18:11:59","slug":"curso-de-analisis-forense-informatico-3a-edicion","status":"publish","type":"page","link":"https:\/\/www.fpmislata.com\/wordpress\/centro-excelencia-ciberseguridad\/curso-de-analisis-forense-informatico-3a-edicion\/","title":{"rendered":"Curso de An\u00e1lisis Forense Inform\u00e1tico 3\u00aa edici\u00f3n"},"content":{"rendered":"\t\t<div data-elementor-type=\"wp-page\" data-elementor-id=\"17025\" class=\"elementor elementor-17025\" data-elementor-settings=\"[]\">\n\t\t\t\t\t\t<div class=\"elementor-inner\">\n\t\t\t\t\t\t\t<div class=\"elementor-section-wrap\">\n\t\t\t\t\t\t\t<section class=\"elementor-section elementor-top-section elementor-element elementor-element-2fbd843f elementor-section-boxed elementor-section-height-default elementor-section-height-default\" data-id=\"2fbd843f\" data-element_type=\"section\">\n\t\t\t\t\t\t<div class=\"elementor-container elementor-column-gap-default\">\n\t\t\t\t\t\t\t<div class=\"elementor-row\">\n\t\t\t\t\t<div class=\"elementor-column elementor-col-100 elementor-top-column elementor-element elementor-element-f1f2336\" data-id=\"f1f2336\" data-element_type=\"column\">\n\t\t\t<div class=\"elementor-column-wrap\">\n\t\t\t\t\t\t\t<div class=\"elementor-widget-wrap\">\n\t\t\t\t\t\t\t\t<\/div>\n\t\t\t\t\t<\/div>\n\t\t<\/div>\n\t\t\t\t\t\t\t\t<\/div>\n\t\t\t\t\t<\/div>\n\t\t<\/section>\n\t\t\t\t<section class=\"elementor-section elementor-top-section elementor-element elementor-element-a8a91ce elementor-section-boxed elementor-section-height-default elementor-section-height-default\" data-id=\"a8a91ce\" data-element_type=\"section\">\n\t\t\t\t\t\t<div class=\"elementor-container elementor-column-gap-default\">\n\t\t\t\t\t\t\t<div class=\"elementor-row\">\n\t\t\t\t\t<div class=\"elementor-column elementor-col-100 elementor-top-column elementor-element elementor-element-815bf09\" data-id=\"815bf09\" data-element_type=\"column\">\n\t\t\t<div class=\"elementor-column-wrap elementor-element-populated\">\n\t\t\t\t\t\t\t<div class=\"elementor-widget-wrap\">\n\t\t\t\t\t\t<div class=\"elementor-element elementor-element-c28031d elementor-widget elementor-widget-text-editor\" data-id=\"c28031d\" data-element_type=\"widget\" data-widget_type=\"text-editor.default\">\n\t\t\t\t<div class=\"elementor-widget-container\">\n\t\t\t\t\t\t\t\t<div class=\"elementor-text-editor elementor-clearfix\">\n\t\t\t\t\t<p>En el marco de la Red de Centros de Excelencia de Formaci\u00f3n Profesional en el sector de la Ciberseguridad, el <strong>CIPFP Mislata<\/strong> organiza el <strong>curso<\/strong><strong> An\u00e1lisis Forense Inform\u00e1tico<\/strong> en modalidad en modalidad <strong>a distancia <\/strong>en plataforma de formaci\u00f3n online.<\/p><p>El curso va<strong> dirigido<\/strong> en orden preferente <strong>a docentes<\/strong> que est\u00e9n impartiendo o vayan a impartir docencia en el Curso de Especializaci\u00f3n en Ciberseguridad en Entornos de las Tecnolog\u00edas de la Informaci\u00f3n o en el Curso de Especializaci\u00f3n en Ciberseguridad en Entornos de las Tecnolog\u00edas de Operaci\u00f3n y en segundo lugar al resto de docentes de la familia profesional de Inform\u00e1tica y Comunicaciones que impartan o vayan a impartir m\u00f3dulos profesionales relacionados con la seguridad inform\u00e1tica.<\/p><p>Este curso pretende introducir al asistente en los conocimientos y competencias necesarios para <strong>realizar las funciones de un <\/strong><strong>analista forense inform\u00e1tico<\/strong> que permitir\u00e1n al docente aplicarlas en el aula para el alumnado de los ciclos y m\u00f3dulos relacionados con la seguridad inform\u00e1tica.<\/p>\t\t\t\t\t<\/div>\n\t\t\t\t\t\t<\/div>\n\t\t\t\t<\/div>\n\t\t\t\t\t\t<\/div>\n\t\t\t\t\t<\/div>\n\t\t<\/div>\n\t\t\t\t\t\t\t\t<\/div>\n\t\t\t\t\t<\/div>\n\t\t<\/section>\n\t\t\t\t<section class=\"elementor-section elementor-top-section elementor-element elementor-element-24d66d8 elementor-section-boxed elementor-section-height-default elementor-section-height-default\" data-id=\"24d66d8\" data-element_type=\"section\">\n\t\t\t\t\t\t<div class=\"elementor-container elementor-column-gap-default\">\n\t\t\t\t\t\t\t<div class=\"elementor-row\">\n\t\t\t\t\t<div class=\"elementor-column elementor-col-100 elementor-top-column elementor-element elementor-element-2d82001\" data-id=\"2d82001\" data-element_type=\"column\">\n\t\t\t<div class=\"elementor-column-wrap elementor-element-populated\">\n\t\t\t\t\t\t\t<div class=\"elementor-widget-wrap\">\n\t\t\t\t\t\t<div class=\"elementor-element elementor-element-ffd225e elementor-widget elementor-widget-text-editor\" data-id=\"ffd225e\" data-element_type=\"widget\" data-widget_type=\"text-editor.default\">\n\t\t\t\t<div class=\"elementor-widget-container\">\n\t\t\t\t\t\t\t\t<div class=\"elementor-text-editor elementor-clearfix\">\n\t\t\t\t\t<p><strong>Objetivos:<\/strong><\/p><ul><li>Obtener una visi\u00f3n general del proceso que sigue un perito forense para resolver un caso.<\/li><li>Practicar la adquisici\u00f3n de evidencias en diversos dispositivos de almacenamiento.<\/li><li><span data-olk-copy-source=\"MessageBody\">Practicar el an\u00e1lisis de evidencias en sistemas\u00a0Windows y Linux, as\u00ed como dispositivos M\u00f3viles, IoT y Cloud.<\/span><\/li><\/ul><p><strong>Contenidos:<\/strong><\/p><ul><li>Introducci\u00f3n al An\u00e1lisis Forense Inform\u00e1tico.<\/li><li>Adquisici\u00f3n de evidencias.<\/li><li>An\u00e1lisis de memoria en entornos Windows.<\/li><li>An\u00e1lisis de disco en entornos Windows.<\/li><li>An\u00e1lisis de memoria en entornos Linux.<\/li><li>An\u00e1lisis de disco en entornos Linux.<\/li><li>An\u00e1lisis de dispositivos m\u00f3viles.<\/li><li>An\u00e1lisis de dispositivos IoT.<\/li><li>An\u00e1lisis de evidencia en Cloud.<\/li><\/ul><p><strong>Destinatarios y requisitos de admisi\u00f3n:<\/strong><\/p><p>El curso est\u00e1 dirigido a profesorado de todo el estado espa\u00f1ol, estando limitada la inscripci\u00f3n a un m\u00e1ximo del 20% de las plazas para docentes de la Comunidad Valenciana.<\/p><p>Admisi\u00f3n por orden preferente:<\/p><ol><li>Profesorado que est\u00e9 impartiendo actualmente alg\u00fan m\u00f3dulo en los Cursos de Especializaci\u00f3n en Ciberseguridad.<\/li><li>Profesorado de la Familia Profesional de Inform\u00e1tica y Comunicaciones que est\u00e9 impartiendo actualmente alg\u00fan m\u00f3dulo profesional relacionado con la seguridad inform\u00e1tica.<\/li><li>Resto de profesorado de la Familia Profesional de Inform\u00e1tica y Comunicaciones<\/li><\/ol><p>La admisi\u00f3n se realizar\u00e1 por orden de llegada de las solicitudes. No se tramitar\u00e1n solicitudes fuera de los plazos de apertura y cierre de inscripci\u00f3n.<\/p><p>En aras de un mejor aprovechamiento de las plazas disponibles para el curso, <span style=\"color: #ff0000;\"><strong>se dar\u00e1 de baja a aquellos participantes que en el plazo de 7 d\u00edas no hayan realizado ninguna conexi\u00f3n al curso ni haber publicado ning\u00fan mensaje de presentaci\u00f3n en el foro durante la primera semana<\/strong><\/span>\u00a0y se cubrir\u00e1n las plazas con la lista de espera.<\/p><p>Asimismo, <span style=\"color: #ff0000;\"><strong>a aquellos participantes que abandonen el curso sin causa justificada, se les penalizar\u00e1 en la admisi\u00f3n de otras acciones formativas<\/strong> <\/span>realizadas por el CIPFP Mislata en el marco de la Red de Centros de Excelencia.<\/p>\t\t\t\t\t<\/div>\n\t\t\t\t\t\t<\/div>\n\t\t\t\t<\/div>\n\t\t\t\t\t\t<\/div>\n\t\t\t\t\t<\/div>\n\t\t<\/div>\n\t\t\t\t\t\t\t\t<\/div>\n\t\t\t\t\t<\/div>\n\t\t<\/section>\n\t\t\t\t<section class=\"elementor-section elementor-top-section elementor-element elementor-element-e897587 elementor-section-boxed elementor-section-height-default elementor-section-height-default\" data-id=\"e897587\" data-element_type=\"section\">\n\t\t\t\t\t\t<div class=\"elementor-container elementor-column-gap-default\">\n\t\t\t\t\t\t\t<div class=\"elementor-row\">\n\t\t\t\t\t<div class=\"elementor-column elementor-col-25 elementor-top-column elementor-element elementor-element-b481c54\" data-id=\"b481c54\" data-element_type=\"column\">\n\t\t\t<div class=\"elementor-column-wrap\">\n\t\t\t\t\t\t\t<div class=\"elementor-widget-wrap\">\n\t\t\t\t\t\t\t\t<\/div>\n\t\t\t\t\t<\/div>\n\t\t<\/div>\n\t\t\t\t<div class=\"elementor-column elementor-col-50 elementor-top-column elementor-element elementor-element-e52b297\" data-id=\"e52b297\" data-element_type=\"column\">\n\t\t\t<div class=\"elementor-column-wrap elementor-element-populated\">\n\t\t\t\t\t\t\t<div class=\"elementor-widget-wrap\">\n\t\t\t\t\t\t<div class=\"elementor-element elementor-element-52d7b56 elementor-widget elementor-widget-image\" data-id=\"52d7b56\" data-element_type=\"widget\" data-widget_type=\"image.default\">\n\t\t\t\t<div class=\"elementor-widget-container\">\n\t\t\t\t\t\t\t\t<div class=\"elementor-image\">\n\t\t\t\t\t\t\t\t\t\t\t\t<img width=\"640\" height=\"355\" src=\"data:image\/gif;base64,R0lGODlhAQABAAAAACH5BAEKAAEALAAAAAABAAEAAAICTAEAOw==\" class=\"attachment-large size-large lazyload\" alt=\"\" loading=\"lazy\" sizes=\"(max-width: 640px) 100vw, 640px\" data-src=\"https:\/\/www.fpmislata.com\/wordpress\/wp-content\/uploads\/Logotipos-800x444.png\" data-srcset=\"https:\/\/www.fpmislata.com\/wordpress\/wp-content\/uploads\/Logotipos-800x444.png 800w, https:\/\/www.fpmislata.com\/wordpress\/wp-content\/uploads\/Logotipos-300x166.png 300w, https:\/\/www.fpmislata.com\/wordpress\/wp-content\/uploads\/Logotipos-768x426.png 768w, https:\/\/www.fpmislata.com\/wordpress\/wp-content\/uploads\/Logotipos.png 1040w\">\t\t\t\t\t\t\t\t\t\t\t\t\t\t<\/div>\n\t\t\t\t\t\t<\/div>\n\t\t\t\t<\/div>\n\t\t\t\t\t\t<\/div>\n\t\t\t\t\t<\/div>\n\t\t<\/div>\n\t\t\t\t<div class=\"elementor-column elementor-col-25 elementor-top-column elementor-element elementor-element-01f6fea\" data-id=\"01f6fea\" data-element_type=\"column\">\n\t\t\t<div class=\"elementor-column-wrap\">\n\t\t\t\t\t\t\t<div class=\"elementor-widget-wrap\">\n\t\t\t\t\t\t\t\t<\/div>\n\t\t\t\t\t<\/div>\n\t\t<\/div>\n\t\t\t\t\t\t\t\t<\/div>\n\t\t\t\t\t<\/div>\n\t\t<\/section>\n\t\t\t\t<section class=\"elementor-section elementor-top-section elementor-element elementor-element-e9d1296 elementor-section-boxed elementor-section-height-default elementor-section-height-default\" data-id=\"e9d1296\" data-element_type=\"section\">\n\t\t\t\t\t\t<div class=\"elementor-container elementor-column-gap-default\">\n\t\t\t\t\t\t\t<div class=\"elementor-row\">\n\t\t\t\t\t<div class=\"elementor-column elementor-col-100 elementor-top-column elementor-element elementor-element-158e5ef\" data-id=\"158e5ef\" data-element_type=\"column\">\n\t\t\t<div class=\"elementor-column-wrap elementor-element-populated\">\n\t\t\t\t\t\t\t<div class=\"elementor-widget-wrap\">\n\t\t\t\t\t\t<div class=\"elementor-element elementor-element-2334bcd elementor-widget elementor-widget-text-editor\" data-id=\"2334bcd\" data-element_type=\"widget\" data-widget_type=\"text-editor.default\">\n\t\t\t\t<div class=\"elementor-widget-container\">\n\t\t\t\t\t\t\t\t<div class=\"elementor-text-editor elementor-clearfix\">\n\t\t\t\t\t<p><strong>Duraci\u00f3n:<\/strong> 60 horas<\/p>\n<p><strong>N\u00famero de plazas:<\/strong>&nbsp;100<\/p>\n<p><strong>Modalidad:<\/strong> El curso se realizar\u00e1 en modalidad a distancia, mediante plataforma de formaci\u00f3n a distancia.<\/p>\n<p><strong>Recursos materiales:<\/strong><\/p>\n<p style=\"padding-left: 40px;\">\u2022 Plataforma de e-learning del CIPFP Mislata: https:\/\/ciberseguridad.edu.es\/moodle\/<br>\u2022 Cada participante deber\u00e1 contar con conexi\u00f3n a Internet con el suficiente ancho de banda para descargar archivos de gran tama\u00f1o.<br>\u2022 Se recomienda que cada participante disponga de con un pendrive USB.<br>\u2022 Se recomienda que cada participante disponga de un PC con suficiente espacio para alojar varias m\u00e1quinas virtuales e im\u00e1genes forenses (se recomiendan unos 200GB).Las m\u00e1quinas, se instalar\u00e1n con unos 70 GB de espacio en disco y 4GB de RAM.<\/p>\n<p><strong>Metodolog\u00eda de evaluaci\u00f3n:<\/strong><\/p>\n<p>Los participantes deber\u00e1n <strong><span style=\"color: #ff0000;\">superar el 75% de las tareas propuestas.<\/span><\/strong><\/p>\n<p><strong>Lugar de realizaci\u00f3n: <\/strong>Online<\/p>\n<p><strong>Fechas de inscripci\u00f3n y confirmaci\u00f3n de plaza:<\/strong><\/p>\n<p>Inscripci\u00f3n: <strong><span style=\"color: #0000ff;\">1 al 14 de diciembre de 2025 ambos inclusive.<\/span><\/strong><br>Confirmaci\u00f3n de plaza por correo electr\u00f3nico y web: <strong><span style=\"color: #0000ff;\">a partir del 17 de diciembre de 2025.<\/span><\/strong><\/p>\n<p><strong>Fechas de realizaci\u00f3n y horarios:<\/strong><\/p>\n<p>El curso se realizar\u00e1 online de forma as\u00edncrona, de forma que los estudiantes tendr\u00e1n que leer los materiales y visualizar los v\u00eddeos propuestos por el docente. Tambi\u00e9n habr\u00e1 una serie de horas dedicadas a tutor\u00edas colectivas por videoconferencia, aunque la asistencia a las mismas no ser\u00e1 obligatoria. Dichas sesiones se realizar\u00e1n en el siguiente calendario:<\/p>\n<table style=\"border-collapse: collapse; width: 39.1655%; height: 303px; margin-left: 80px;\">\n<tbody>\n<tr>\n<td style=\"width: 33.9156%;\"><strong>FECHA<\/strong><\/td>\n<td style=\"width: 14.4387%; text-align: center;\"><strong>HORARIO<\/strong><\/td>\n<\/tr>\n<tr>\n<td style=\"width: 33.9156%; text-align: left; margin-top: 20px;\">Jueves 8\/1 (Apertura del curso)<\/td>\n<td style=\"width: 14.4387%; text-align: center; margin-top: 20px;\">&nbsp;11:00 a 13:00<\/td>\n<\/tr>\n<tr>\n<td style=\"width: 33.9156%; text-align: left; margin-top: 40px;\">Lunes 12\/1<\/td>\n<td style=\"width: 14.4387%; text-align: center;\">&nbsp;11:00 a 13:00<\/td>\n<\/tr>\n<tr>\n<td style=\"width: 33.9156%; text-align: left;\">Lunes 19\/1<\/td>\n<td style=\"width: 14.4387%; text-align: center;\">&nbsp;11:00 a 13:00<\/td>\n<\/tr>\n<tr>\n<td style=\"width: 33.9156%; text-align: left;\">Lunes 26\/1<\/td>\n<td style=\"width: 14.4387%; text-align: center;\">&nbsp;11:00 a 13:00<\/td>\n<\/tr>\n<tr>\n<td style=\"width: 33.9156%; text-align: left;\">Lunes 2\/2<\/td>\n<td style=\"width: 14.4387%; text-align: center;\">&nbsp;11:00 a 13:00<\/td>\n<\/tr>\n<tr>\n<td style=\"width: 33.9156%; text-align: left;\">Lunes 9\/2<\/td>\n<td style=\"width: 14.4387%; text-align: center;\">&nbsp;11:00 a 13:00<\/td>\n<\/tr>\n<tr>\n<td style=\"width: 33.9156%; text-align: left;\">Lunes 16\/2<\/td>\n<td style=\"width: 14.4387%; text-align: center;\">&nbsp;11:00 a 13:00<\/td>\n<\/tr>\n<tr>\n<td style=\"width: 33.9156%; text-align: left;\">Lunes 23\/2<\/td>\n<td style=\"width: 14.4387%; text-align: center;\">&nbsp;11:00 a 13:00<\/td>\n<\/tr>\n<tr>\n<td style=\"width: 33.9156%; text-align: left;\">Lunes 2\/3<\/td>\n<td style=\"width: 14.4387%; text-align: center;\">&nbsp;11:00 a 13:00<\/td>\n<\/tr>\n<tr>\n<td style=\"width: 33.9156%; text-align: left;\">Lunes 9\/3<\/td>\n<td style=\"width: 14.4387%; text-align: center;\">&nbsp;11:00 a 13:00<\/td>\n<\/tr>\n<tr>\n<td style=\"width: 33.9156%; text-align: left;\">Lunes 16\/3<\/td>\n<td style=\"width: 14.4387%; text-align: center;\">&nbsp;11:00 a 13:00<\/td>\n<\/tr>\n<tr>\n<td style=\"width: 33.9156%; text-align: left;\">Viernes 20\/3<br>(Despedida del curso)<\/td>\n<td style=\"width: 14.4387%; text-align: center;\">&nbsp;11:00 a 13:00<\/td>\n<\/tr>\n<\/tbody>\n<\/table>\n<p><strong>Ponentes:<\/strong><\/p>\n<ul style=\"list-style-type: circle;\">\n<li><strong>Rafael L\u00f3pez Garc\u00eda: <\/strong>profesor de An\u00e1lisis Forense Inform\u00e1tico en el CIFP Rodolfo Ucha Pi\u00f1eiro de Ferrol y en el M\u00e1ster en Ciberseguridad y Seguridad de la Informaci\u00f3n de la UCLM. Rafael ha sido galardonado con varios premios de innovaci\u00f3n did\u00e1ctica en Galicia y tambi\u00e9n imparte formaci\u00f3n al profesorado en diversas tem\u00e1ticas.<\/li>\n<li><strong>Manuel Enguidanos Alama<\/strong>: profesor del m\u00f3dulo de An\u00e1lisis Forense en el CIPFP Mislata.<\/li>\n<\/ul>\n<p><strong>Instrucciones de inscripci\u00f3n:<\/strong><br>La inscripci\u00f3n y matriculaci\u00f3n al curso se gestionar\u00e1 rellenando el siguiente formulario:<\/p>\t\t\t\t\t<\/div>\n\t\t\t\t\t\t<\/div>\n\t\t\t\t<\/div>\n\t\t\t\t\t\t<\/div>\n\t\t\t\t\t<\/div>\n\t\t<\/div>\n\t\t\t\t\t\t\t\t<\/div>\n\t\t\t\t\t<\/div>\n\t\t<\/section>\n\t\t\t\t<section class=\"elementor-section elementor-top-section elementor-element elementor-element-9cae833 elementor-section-boxed elementor-section-height-default elementor-section-height-default\" data-id=\"9cae833\" data-element_type=\"section\">\n\t\t\t\t\t\t<div class=\"elementor-container elementor-column-gap-default\">\n\t\t\t\t\t\t\t<div class=\"elementor-row\">\n\t\t\t\t\t<div class=\"elementor-column elementor-col-33 elementor-top-column elementor-element elementor-element-cc3fd02\" data-id=\"cc3fd02\" data-element_type=\"column\">\n\t\t\t<div class=\"elementor-column-wrap\">\n\t\t\t\t\t\t\t<div class=\"elementor-widget-wrap\">\n\t\t\t\t\t\t\t\t<\/div>\n\t\t\t\t\t<\/div>\n\t\t<\/div>\n\t\t\t\t<div class=\"elementor-column elementor-col-33 elementor-top-column elementor-element elementor-element-b613d9c\" data-id=\"b613d9c\" data-element_type=\"column\">\n\t\t\t<div class=\"elementor-column-wrap elementor-element-populated\">\n\t\t\t\t\t\t\t<div class=\"elementor-widget-wrap\">\n\t\t\t\t\t\t<div class=\"elementor-element elementor-element-738d1a1 elementor-align-center elementor-widget elementor-widget-button\" data-id=\"738d1a1\" data-element_type=\"widget\" data-widget_type=\"button.default\">\n\t\t\t\t<div class=\"elementor-widget-container\">\n\t\t\t\t\t<div class=\"elementor-button-wrapper\">\n\t\t\t<a href=\"https:\/\/www.fpmislata.com\/wordpress\/centro-excelencia-ciberseguridad\/curso-de-analisis-forense-informatico-3a-edicion\/\" target=\"_blank\" class=\"elementor-button-link elementor-button elementor-size-md\" role=\"button\">\n\t\t\t\t\t\t<span class=\"elementor-button-content-wrapper\">\n\t\t\t\t\t\t<span class=\"elementor-button-text\">Formulario de inscripci\u00f3n<\/span>\n\t\t<\/span>\n\t\t\t\t\t<\/a>\n\t\t<\/div>\n\t\t\t\t<\/div>\n\t\t\t\t<\/div>\n\t\t\t\t\t\t<\/div>\n\t\t\t\t\t<\/div>\n\t\t<\/div>\n\t\t\t\t<div class=\"elementor-column elementor-col-33 elementor-top-column elementor-element elementor-element-6ae94d5\" data-id=\"6ae94d5\" data-element_type=\"column\">\n\t\t\t<div class=\"elementor-column-wrap\">\n\t\t\t\t\t\t\t<div class=\"elementor-widget-wrap\">\n\t\t\t\t\t\t\t\t<\/div>\n\t\t\t\t\t<\/div>\n\t\t<\/div>\n\t\t\t\t\t\t\t\t<\/div>\n\t\t\t\t\t<\/div>\n\t\t<\/section>\n\t\t\t\t<section class=\"elementor-section elementor-top-section elementor-element elementor-element-d514899 elementor-section-boxed elementor-section-height-default elementor-section-height-default\" data-id=\"d514899\" data-element_type=\"section\">\n\t\t\t\t\t\t<div class=\"elementor-container elementor-column-gap-default\">\n\t\t\t\t\t\t\t<div class=\"elementor-row\">\n\t\t\t\t\t<div class=\"elementor-column elementor-col-100 elementor-top-column elementor-element elementor-element-070bb77\" data-id=\"070bb77\" data-element_type=\"column\">\n\t\t\t<div class=\"elementor-column-wrap elementor-element-populated\">\n\t\t\t\t\t\t\t<div class=\"elementor-widget-wrap\">\n\t\t\t\t\t\t<div class=\"elementor-element elementor-element-baf726d elementor-widget elementor-widget-text-editor\" data-id=\"baf726d\" data-element_type=\"widget\" data-widget_type=\"text-editor.default\">\n\t\t\t\t<div class=\"elementor-widget-container\">\n\t\t\t\t\t\t\t\t<div class=\"elementor-text-editor elementor-clearfix\">\n\t\t\t\t\t<p><strong>Informaci\u00f3n sobre protecci\u00f3n de datos:<\/strong><\/p><p>En cumplimiento de la normativa de protecci\u00f3n de datos personales, le informamos de que tiene la condici\u00f3n de responsable del tratamiento la Conselleria de Educaci\u00f3n, Cultura y Deporte de la Generalitat Valenciana.<\/p><p>Sus datos ser\u00e1n incorporados al tratamiento denominado \u00abActividades y Cursos de Formaci\u00f3n para el Profesorado \u00ab, cuya finalidad es el control, organizaci\u00f3n, gesti\u00f3n y celebraci\u00f3n de actividades y cursos de formaci\u00f3n para el personal docente.<\/p><p>La legitimaci\u00f3n del tratamiento se basa en el consentimiento, art\u00edculo 6.1. c) y 6.1. e) del RGPD, Reglamento UE 2016\/679.<\/p><p>La persona interesada est\u00e1 obligada a facilitar los datos personales, en caso de no hacerlo no se tramitar\u00e1 su inscripci\u00f3n al curso.<\/p><p>Puede usted ejercitar los derechos de acceso, rectificaci\u00f3n, oposici\u00f3n, supresi\u00f3n (\u00abderecho al olvido\u00bb), limitaci\u00f3n de tratamiento y portabilidad y a no ser objeto de decisiones individuales automatizadas, de forma presencial o telem\u00e1tica, de conformidad con<br \/>lo previsto en el siguiente enlace:\u00a0<a href=\"http:\/\/sede.gva.es\/es\/proc19970\">http:\/\/sede.gva.es\/es\/proc19970<\/a><\/p><p>Puede obtener informaci\u00f3n m\u00e1s detallada en el siguiente enlace:\u00a0<a href=\"https:\/\/ceice.gva.es\/documents\/161634279\/172734302\/Actividades+y+Cursos+de+Formaci%C3%B3n+para+el+Profesorado.pdf\/4114ba79-4624-b694-7541-9b68fc7a4c2a?t=1686311009244\">[descarga de pdf]<\/a><\/p>\t\t\t\t\t<\/div>\n\t\t\t\t\t\t<\/div>\n\t\t\t\t<\/div>\n\t\t\t\t\t\t<\/div>\n\t\t\t\t\t<\/div>\n\t\t<\/div>\n\t\t\t\t\t\t\t\t<\/div>\n\t\t\t\t\t<\/div>\n\t\t<\/section>\n\t\t\t\t<section class=\"elementor-section elementor-top-section elementor-element elementor-element-8065d31 elementor-section-boxed elementor-section-height-default elementor-section-height-default\" data-id=\"8065d31\" data-element_type=\"section\">\n\t\t\t\t\t\t<div class=\"elementor-container elementor-column-gap-default\">\n\t\t\t\t\t\t\t<div class=\"elementor-row\">\n\t\t\t\t\t<div class=\"elementor-column elementor-col-33 elementor-top-column elementor-element elementor-element-6cabfe0\" data-id=\"6cabfe0\" data-element_type=\"column\">\n\t\t\t<div class=\"elementor-column-wrap\">\n\t\t\t\t\t\t\t<div class=\"elementor-widget-wrap\">\n\t\t\t\t\t\t\t\t<\/div>\n\t\t\t\t\t<\/div>\n\t\t<\/div>\n\t\t\t\t<div class=\"elementor-column elementor-col-33 elementor-top-column elementor-element elementor-element-e651701\" data-id=\"e651701\" data-element_type=\"column\">\n\t\t\t<div class=\"elementor-column-wrap elementor-element-populated\">\n\t\t\t\t\t\t\t<div class=\"elementor-widget-wrap\">\n\t\t\t\t\t\t<div class=\"elementor-element elementor-element-dd08d65 elementor-widget elementor-widget-text-editor\" data-id=\"dd08d65\" data-element_type=\"widget\" data-widget_type=\"text-editor.default\">\n\t\t\t\t<div class=\"elementor-widget-container\">\n\t\t\t\t\t\t\t\t<div class=\"elementor-text-editor elementor-clearfix\">\n\t\t\t\t\t<h1 style=\"text-align: center;\">NOVEDAD<\/h1>\t\t\t\t\t<\/div>\n\t\t\t\t\t\t<\/div>\n\t\t\t\t<\/div>\n\t\t\t\t<div class=\"elementor-element elementor-element-f9bc8a2 elementor-align-center elementor-widget elementor-widget-button\" data-id=\"f9bc8a2\" data-element_type=\"widget\" data-widget_type=\"button.default\">\n\t\t\t\t<div class=\"elementor-widget-container\">\n\t\t\t\t\t<div class=\"elementor-button-wrapper\">\n\t\t\t<a href=\"https:\/\/www.fpmislata.com\/wordpress\/wp-content\/uploads\/03_2025_Listado-admitidos_Curso-AnalisisForenseInformatico-3ED_signed.pdf\" target=\"_blank\" class=\"elementor-button-link elementor-button elementor-size-sm\" role=\"button\">\n\t\t\t\t\t\t<span class=\"elementor-button-content-wrapper\">\n\t\t\t\t\t\t<span class=\"elementor-button-text\">Lista de admitidos<\/span>\n\t\t<\/span>\n\t\t\t\t\t<\/a>\n\t\t<\/div>\n\t\t\t\t<\/div>\n\t\t\t\t<\/div>\n\t\t\t\t\t\t<\/div>\n\t\t\t\t\t<\/div>\n\t\t<\/div>\n\t\t\t\t<div class=\"elementor-column elementor-col-33 elementor-top-column elementor-element elementor-element-09e0fd0\" data-id=\"09e0fd0\" data-element_type=\"column\">\n\t\t\t<div class=\"elementor-column-wrap\">\n\t\t\t\t\t\t\t<div class=\"elementor-widget-wrap\">\n\t\t\t\t\t\t\t\t<\/div>\n\t\t\t\t\t<\/div>\n\t\t<\/div>\n\t\t\t\t\t\t\t\t<\/div>\n\t\t\t\t\t<\/div>\n\t\t<\/section>\n\t\t\t\t\t\t<\/div>\n\t\t\t\t\t\t<\/div>\n\t\t\t\t\t<\/div>\n\t\t","protected":false},"excerpt":{"rendered":"<p>En el marco de la Red de Centros de Excelencia de Formaci\u00f3n Profesional en el sector de la Ciberseguridad, el CIPFP Mislata organiza el curso An\u00e1lisis Forense Inform\u00e1tico en modalidad en modalidad a distancia en plataforma de formaci\u00f3n online. El curso va dirigido en orden preferente a docentes que est\u00e9n impartiendo o vayan a impartir&hellip;<\/p>\n","protected":false},"author":18,"featured_media":12753,"parent":12796,"menu_order":0,"comment_status":"closed","ping_status":"closed","template":"","meta":{"ngg_post_thumbnail":0},"_links":{"self":[{"href":"https:\/\/www.fpmislata.com\/wordpress\/wp-json\/wp\/v2\/pages\/17025"}],"collection":[{"href":"https:\/\/www.fpmislata.com\/wordpress\/wp-json\/wp\/v2\/pages"}],"about":[{"href":"https:\/\/www.fpmislata.com\/wordpress\/wp-json\/wp\/v2\/types\/page"}],"author":[{"embeddable":true,"href":"https:\/\/www.fpmislata.com\/wordpress\/wp-json\/wp\/v2\/users\/18"}],"replies":[{"embeddable":true,"href":"https:\/\/www.fpmislata.com\/wordpress\/wp-json\/wp\/v2\/comments?post=17025"}],"version-history":[{"count":43,"href":"https:\/\/www.fpmislata.com\/wordpress\/wp-json\/wp\/v2\/pages\/17025\/revisions"}],"predecessor-version":[{"id":17258,"href":"https:\/\/www.fpmislata.com\/wordpress\/wp-json\/wp\/v2\/pages\/17025\/revisions\/17258"}],"up":[{"embeddable":true,"href":"https:\/\/www.fpmislata.com\/wordpress\/wp-json\/wp\/v2\/pages\/12796"}],"wp:featuredmedia":[{"embeddable":true,"href":"https:\/\/www.fpmislata.com\/wordpress\/wp-json\/wp\/v2\/media\/12753"}],"wp:attachment":[{"href":"https:\/\/www.fpmislata.com\/wordpress\/wp-json\/wp\/v2\/media?parent=17025"}],"curies":[{"name":"wp","href":"https:\/\/api.w.org\/{rel}","templated":true}]}}