{"id":248,"date":"2018-03-11T09:23:50","date_gmt":"2018-03-11T09:23:50","guid":{"rendered":"http:\/\/www.fpmislata.com\/wordpress\/?page_id=248"},"modified":"2025-12-10T10:54:32","modified_gmt":"2025-12-10T14:54:32","slug":"ciclos-formativos-informatica-smr-daw-dam-asir","status":"publish","type":"page","link":"https:\/\/www.fpmislata.com\/wordpress\/formacion\/ciclos-formativos-informatica-smr-daw-dam-asir\/","title":{"rendered":"Ciclos formativos en Inform\u00e1tica"},"content":{"rendered":"\t\t<div data-elementor-type=\"wp-page\" data-elementor-id=\"248\" class=\"elementor elementor-248\" data-elementor-settings=\"[]\">\n\t\t\t\t\t\t<div class=\"elementor-inner\">\n\t\t\t\t\t\t\t<div class=\"elementor-section-wrap\">\n\t\t\t\t\t\t\t<section class=\"elementor-section elementor-top-section elementor-element elementor-element-5751ac2 elementor-section-boxed elementor-section-height-default elementor-section-height-default\" data-id=\"5751ac2\" data-element_type=\"section\">\n\t\t\t\t\t\t<div class=\"elementor-container elementor-column-gap-default\">\n\t\t\t\t\t\t\t<div class=\"elementor-row\">\n\t\t\t\t\t<div class=\"elementor-column elementor-col-50 elementor-top-column elementor-element elementor-element-49efa98\" data-id=\"49efa98\" data-element_type=\"column\">\n\t\t\t<div class=\"elementor-column-wrap elementor-element-populated\">\n\t\t\t\t\t\t\t<div class=\"elementor-widget-wrap\">\n\t\t\t\t\t\t<div class=\"elementor-element elementor-element-183d0b9 elementor-button-info elementor-align-center elementor-widget elementor-widget-button\" data-id=\"183d0b9\" data-element_type=\"widget\" data-widget_type=\"button.default\">\n\t\t\t\t<div class=\"elementor-widget-container\">\n\t\t\t\t\t<div class=\"elementor-button-wrapper\">\n\t\t\t<a href=\"https:\/\/www.fpmislata.com\/wordpress\/departamentos\/informatica\/\" class=\"elementor-button-link elementor-button elementor-size-sm\" role=\"button\">\n\t\t\t\t\t\t<span class=\"elementor-button-content-wrapper\">\n\t\t\t\t\t\t<span class=\"elementor-button-icon elementor-align-icon-left\">\n\t\t\t\t<i aria-hidden=\"true\" class=\"fas fa-house-user\"><\/i>\t\t\t<\/span>\n\t\t\t\t\t\t<span class=\"elementor-button-text\">Departamento Inform\u00e1tica<\/span>\n\t\t<\/span>\n\t\t\t\t\t<\/a>\n\t\t<\/div>\n\t\t\t\t<\/div>\n\t\t\t\t<\/div>\n\t\t\t\t\t\t<\/div>\n\t\t\t\t\t<\/div>\n\t\t<\/div>\n\t\t\t\t<div class=\"elementor-column elementor-col-50 elementor-top-column elementor-element elementor-element-69de04e\" data-id=\"69de04e\" data-element_type=\"column\">\n\t\t\t<div class=\"elementor-column-wrap elementor-element-populated\">\n\t\t\t\t\t\t\t<div class=\"elementor-widget-wrap\">\n\t\t\t\t\t\t<div class=\"elementor-element elementor-element-cb11d21 elementor-button-info elementor-align-center elementor-widget elementor-widget-button\" data-id=\"cb11d21\" data-element_type=\"widget\" data-widget_type=\"button.default\">\n\t\t\t\t<div class=\"elementor-widget-container\">\n\t\t\t\t\t<div class=\"elementor-button-wrapper\">\n\t\t\t<a href=\"https:\/\/www.fpmislata.com\/wordpress\/secretaria\/proceso-admision-informacion\/\" class=\"elementor-button-link elementor-button elementor-size-sm\" role=\"button\">\n\t\t\t\t\t\t<span class=\"elementor-button-content-wrapper\">\n\t\t\t\t\t\t<span class=\"elementor-button-icon elementor-align-icon-left\">\n\t\t\t\t<i aria-hidden=\"true\" class=\"fas fa-laptop\"><\/i>\t\t\t<\/span>\n\t\t\t\t\t\t<span class=\"elementor-button-text\">Admisi\u00f3n<\/span>\n\t\t<\/span>\n\t\t\t\t\t<\/a>\n\t\t<\/div>\n\t\t\t\t<\/div>\n\t\t\t\t<\/div>\n\t\t\t\t\t\t<\/div>\n\t\t\t\t\t<\/div>\n\t\t<\/div>\n\t\t\t\t\t\t\t\t<\/div>\n\t\t\t\t\t<\/div>\n\t\t<\/section>\n\t\t\t\t<section class=\"elementor-section elementor-top-section elementor-element elementor-element-eb73770 elementor-section-boxed elementor-section-height-default elementor-section-height-default\" data-id=\"eb73770\" data-element_type=\"section\">\n\t\t\t\t\t\t<div class=\"elementor-container elementor-column-gap-default\">\n\t\t\t\t\t\t\t<div class=\"elementor-row\">\n\t\t\t\t\t<div class=\"elementor-column elementor-col-25 elementor-top-column elementor-element elementor-element-463b29c\" data-id=\"463b29c\" data-element_type=\"column\">\n\t\t\t<div class=\"elementor-column-wrap elementor-element-populated\">\n\t\t\t\t\t\t\t<div class=\"elementor-widget-wrap\">\n\t\t\t\t\t\t<div class=\"elementor-element elementor-element-1a06081 elementor-aspect-ratio-169 elementor-widget elementor-widget-video\" data-id=\"1a06081\" data-element_type=\"widget\" data-settings=\"{&quot;youtube_url&quot;:&quot;https:\\\/\\\/youtu.be\\\/38RzUPXpoac&quot;,&quot;video_type&quot;:&quot;youtube&quot;,&quot;controls&quot;:&quot;yes&quot;,&quot;aspect_ratio&quot;:&quot;169&quot;}\" data-widget_type=\"video.default\">\n\t\t\t\t<div class=\"elementor-widget-container\">\n\t\t\t\t\t<div class=\"elementor-wrapper elementor-fit-aspect-ratio elementor-open-inline\">\n\t\t\t<div class=\"elementor-video\"><\/div>\t\t<\/div>\n\t\t\t\t<\/div>\n\t\t\t\t<\/div>\n\t\t\t\t\t\t<\/div>\n\t\t\t\t\t<\/div>\n\t\t<\/div>\n\t\t\t\t<div class=\"elementor-column elementor-col-25 elementor-top-column elementor-element elementor-element-0372ef5\" data-id=\"0372ef5\" data-element_type=\"column\">\n\t\t\t<div class=\"elementor-column-wrap elementor-element-populated\">\n\t\t\t\t\t\t\t<div class=\"elementor-widget-wrap\">\n\t\t\t\t\t\t<div class=\"elementor-element elementor-element-a3b4138 elementor-aspect-ratio-169 elementor-widget elementor-widget-video\" data-id=\"a3b4138\" data-element_type=\"widget\" data-settings=\"{&quot;youtube_url&quot;:&quot;https:\\\/\\\/youtu.be\\\/wypnl5Lo4Nw&quot;,&quot;video_type&quot;:&quot;youtube&quot;,&quot;controls&quot;:&quot;yes&quot;,&quot;aspect_ratio&quot;:&quot;169&quot;}\" data-widget_type=\"video.default\">\n\t\t\t\t<div class=\"elementor-widget-container\">\n\t\t\t\t\t<div class=\"elementor-wrapper elementor-fit-aspect-ratio elementor-open-inline\">\n\t\t\t<div class=\"elementor-video\"><\/div>\t\t<\/div>\n\t\t\t\t<\/div>\n\t\t\t\t<\/div>\n\t\t\t\t\t\t<\/div>\n\t\t\t\t\t<\/div>\n\t\t<\/div>\n\t\t\t\t<div class=\"elementor-column elementor-col-25 elementor-top-column elementor-element elementor-element-6923865\" data-id=\"6923865\" data-element_type=\"column\">\n\t\t\t<div class=\"elementor-column-wrap elementor-element-populated\">\n\t\t\t\t\t\t\t<div class=\"elementor-widget-wrap\">\n\t\t\t\t\t\t<div class=\"elementor-element elementor-element-81f8b07 elementor-aspect-ratio-169 elementor-widget elementor-widget-video\" data-id=\"81f8b07\" data-element_type=\"widget\" data-settings=\"{&quot;youtube_url&quot;:&quot;https:\\\/\\\/youtu.be\\\/KD8U1WDan5w&quot;,&quot;video_type&quot;:&quot;youtube&quot;,&quot;controls&quot;:&quot;yes&quot;,&quot;aspect_ratio&quot;:&quot;169&quot;}\" data-widget_type=\"video.default\">\n\t\t\t\t<div class=\"elementor-widget-container\">\n\t\t\t\t\t<div class=\"elementor-wrapper elementor-fit-aspect-ratio elementor-open-inline\">\n\t\t\t<div class=\"elementor-video\"><\/div>\t\t<\/div>\n\t\t\t\t<\/div>\n\t\t\t\t<\/div>\n\t\t\t\t\t\t<\/div>\n\t\t\t\t\t<\/div>\n\t\t<\/div>\n\t\t\t\t<div class=\"elementor-column elementor-col-25 elementor-top-column elementor-element elementor-element-7ec4e42\" data-id=\"7ec4e42\" data-element_type=\"column\">\n\t\t\t<div class=\"elementor-column-wrap elementor-element-populated\">\n\t\t\t\t\t\t\t<div class=\"elementor-widget-wrap\">\n\t\t\t\t\t\t<div class=\"elementor-element elementor-element-3541a02 elementor-aspect-ratio-169 elementor-widget elementor-widget-video\" data-id=\"3541a02\" data-element_type=\"widget\" data-settings=\"{&quot;youtube_url&quot;:&quot;https:\\\/\\\/youtu.be\\\/qclg1ORVI3E&quot;,&quot;video_type&quot;:&quot;youtube&quot;,&quot;controls&quot;:&quot;yes&quot;,&quot;aspect_ratio&quot;:&quot;169&quot;}\" data-widget_type=\"video.default\">\n\t\t\t\t<div class=\"elementor-widget-container\">\n\t\t\t\t\t<div class=\"elementor-wrapper elementor-fit-aspect-ratio elementor-open-inline\">\n\t\t\t<div class=\"elementor-video\"><\/div>\t\t<\/div>\n\t\t\t\t<\/div>\n\t\t\t\t<\/div>\n\t\t\t\t\t\t<\/div>\n\t\t\t\t\t<\/div>\n\t\t<\/div>\n\t\t\t\t\t\t\t\t<\/div>\n\t\t\t\t\t<\/div>\n\t\t<\/section>\n\t\t\t\t<section class=\"elementor-section elementor-top-section elementor-element elementor-element-df4edd6 elementor-section-boxed elementor-section-height-default elementor-section-height-default\" data-id=\"df4edd6\" data-element_type=\"section\">\n\t\t\t\t\t\t<div class=\"elementor-container elementor-column-gap-default\">\n\t\t\t\t\t\t\t<div class=\"elementor-row\">\n\t\t\t\t\t<div class=\"elementor-column elementor-col-33 elementor-top-column elementor-element elementor-element-4fb1b8d\" data-id=\"4fb1b8d\" data-element_type=\"column\">\n\t\t\t<div class=\"elementor-column-wrap elementor-element-populated\">\n\t\t\t\t\t\t\t<div class=\"elementor-widget-wrap\">\n\t\t\t\t\t\t<div class=\"elementor-element elementor-element-ed2daaf elementor-aspect-ratio-169 elementor-widget elementor-widget-video\" data-id=\"ed2daaf\" data-element_type=\"widget\" data-settings=\"{&quot;youtube_url&quot;:&quot;https:\\\/\\\/youtu.be\\\/Xr1TxZNNQ2A&quot;,&quot;video_type&quot;:&quot;youtube&quot;,&quot;controls&quot;:&quot;yes&quot;,&quot;aspect_ratio&quot;:&quot;169&quot;}\" data-widget_type=\"video.default\">\n\t\t\t\t<div class=\"elementor-widget-container\">\n\t\t\t\t\t<div class=\"elementor-wrapper elementor-fit-aspect-ratio elementor-open-inline\">\n\t\t\t<div class=\"elementor-video\"><\/div>\t\t<\/div>\n\t\t\t\t<\/div>\n\t\t\t\t<\/div>\n\t\t\t\t\t\t<\/div>\n\t\t\t\t\t<\/div>\n\t\t<\/div>\n\t\t\t\t<div class=\"elementor-column elementor-col-33 elementor-top-column elementor-element elementor-element-94cc580\" data-id=\"94cc580\" data-element_type=\"column\">\n\t\t\t<div class=\"elementor-column-wrap elementor-element-populated\">\n\t\t\t\t\t\t\t<div class=\"elementor-widget-wrap\">\n\t\t\t\t\t\t<div class=\"elementor-element elementor-element-681b020 elementor-aspect-ratio-169 elementor-widget elementor-widget-video\" data-id=\"681b020\" data-element_type=\"widget\" data-settings=\"{&quot;youtube_url&quot;:&quot;https:\\\/\\\/youtu.be\\\/Ys_zSIYuMI8&quot;,&quot;video_type&quot;:&quot;youtube&quot;,&quot;controls&quot;:&quot;yes&quot;,&quot;aspect_ratio&quot;:&quot;169&quot;}\" data-widget_type=\"video.default\">\n\t\t\t\t<div class=\"elementor-widget-container\">\n\t\t\t\t\t<div class=\"elementor-wrapper elementor-fit-aspect-ratio elementor-open-inline\">\n\t\t\t<div class=\"elementor-video\"><\/div>\t\t<\/div>\n\t\t\t\t<\/div>\n\t\t\t\t<\/div>\n\t\t\t\t\t\t<\/div>\n\t\t\t\t\t<\/div>\n\t\t<\/div>\n\t\t\t\t<div class=\"elementor-column elementor-col-33 elementor-top-column elementor-element elementor-element-157d919\" data-id=\"157d919\" data-element_type=\"column\">\n\t\t\t<div class=\"elementor-column-wrap elementor-element-populated\">\n\t\t\t\t\t\t\t<div class=\"elementor-widget-wrap\">\n\t\t\t\t\t\t<div class=\"elementor-element elementor-element-8ee4230 elementor-aspect-ratio-169 elementor-widget elementor-widget-video\" data-id=\"8ee4230\" data-element_type=\"widget\" data-settings=\"{&quot;youtube_url&quot;:&quot;https:\\\/\\\/youtu.be\\\/nTjP15w18DM&quot;,&quot;video_type&quot;:&quot;youtube&quot;,&quot;controls&quot;:&quot;yes&quot;,&quot;aspect_ratio&quot;:&quot;169&quot;}\" data-widget_type=\"video.default\">\n\t\t\t\t<div class=\"elementor-widget-container\">\n\t\t\t\t\t<div class=\"elementor-wrapper elementor-fit-aspect-ratio elementor-open-inline\">\n\t\t\t<div class=\"elementor-video\"><\/div>\t\t<\/div>\n\t\t\t\t<\/div>\n\t\t\t\t<\/div>\n\t\t\t\t\t\t<\/div>\n\t\t\t\t\t<\/div>\n\t\t<\/div>\n\t\t\t\t\t\t\t\t<\/div>\n\t\t\t\t\t<\/div>\n\t\t<\/section>\n\t\t\t\t<section class=\"elementor-section elementor-top-section elementor-element elementor-element-ecce2da elementor-section-boxed elementor-section-height-default elementor-section-height-default\" data-id=\"ecce2da\" data-element_type=\"section\">\n\t\t\t\t\t\t<div class=\"elementor-container elementor-column-gap-default\">\n\t\t\t\t\t\t\t<div class=\"elementor-row\">\n\t\t\t\t\t<div class=\"elementor-column elementor-col-100 elementor-top-column elementor-element elementor-element-b1930c4\" data-id=\"b1930c4\" data-element_type=\"column\">\n\t\t\t<div class=\"elementor-column-wrap elementor-element-populated\">\n\t\t\t\t\t\t\t<div class=\"elementor-widget-wrap\">\n\t\t\t\t\t\t<div class=\"elementor-element elementor-element-2279a960 elementor-widget elementor-widget-text-editor\" data-id=\"2279a960\" data-element_type=\"widget\" data-widget_type=\"text-editor.default\">\n\t\t\t\t<div class=\"elementor-widget-container\">\n\t\t\t\t\t\t\t\t<div class=\"elementor-text-editor elementor-clearfix\">\n\t\t\t\t\t<hr \/><p><div class=\"su-tabs su-tabs-style-default su-tabs-mobile-stack\" data-active=\"1\" data-scroll-offset=\"0\" data-anchor-in-url=\"no\"><div class=\"su-tabs-nav\"><span class=\"\" data-url=\"\" data-target=\"blank\" tabindex=\"0\" role=\"button\"><strong>Master FP<\/strong><\/span><span class=\"\" data-url=\"\" data-target=\"blank\" tabindex=\"0\" role=\"button\"><strong>Ciclo Medio<\/strong><\/span><span class=\"\" data-url=\"\" data-target=\"blank\" tabindex=\"0\" role=\"button\"><strong>Ciclos Superiores<\/strong><\/span><span class=\"\" data-url=\"\" data-target=\"blank\" tabindex=\"0\" role=\"button\"><strong>Salidas Profesionales<\/strong><\/span><span class=\"\" data-url=\"\" data-target=\"blank\" tabindex=\"0\" role=\"button\"><strong>Europass Certificate<\/strong><\/span><\/div><div class=\"su-tabs-panes\"><div class=\"su-tabs-pane su-u-clearfix su-u-trim\" data-title=\"&lt;strong&gt;Master FP&lt;\/strong&gt;\"><\/p><p>La Familia de Inform\u00e1tica ofrece toda la oferta formativa actual, ofertando Ciclos Formativos de grado medio y superio, as\u00ed como <strong>Cursos de Especializaci\u00f3n<\/strong>. Pulsa sobre el nombre del ciclo\/curso para ver m\u00e1s informaci\u00f3n.<\/p><p><div class=\"su-heading su-heading-style-default su-heading-align-center\" id=\"\" style=\"font-size:13px;margin-bottom:20px\"><div class=\"su-heading-inner\"><a href=\"https:\/\/ceice.gva.es\/web\/formacion-profesional\/publicador-de-cursos-especialitzacio\/-\/asset_publisher\/MRg14dkTb9DQ\/content\/inteligencia-artificial-y-big-data?_com_liferay_asset_publisher_web_portlet_AssetPublisherPortlet_INSTANCE_MRg14dkTb9DQ_assetEntryId=390408782&amp;_com_liferay_asset_publisher_web_portlet_AssetPublisherPortlet_INSTANCE_MRg14dkTb9DQ_redirect=https%3A%2F%2Fceice.gva.es%2Fes%2Fweb%2Fformacion-profesional%2Fpublicador-de-cursos-especialitzacio%3Fp_p_id%3Dcom_liferay_asset_publisher_web_portlet_AssetPublisherPortlet_INSTANCE_MRg14dkTb9DQ%26p_p_lifecycle%3D0%26p_p_state%3Dnormal%26p_p_mode%3Dview%26_com_liferay_asset_publisher_web_portlet_AssetPublisherPortlet_INSTANCE_MRg14dkTb9DQ_cur%3D0%26p_r_p_resetCur%3Dfalse%26_com_liferay_asset_publisher_web_portlet_AssetPublisherPortlet_INSTANCE_MRg14dkTb9DQ_assetEntryId%3D390408782\" target=\"_blank\" rel=\"noopener noreferrer\">BIG DATA &#8211; Curso de especializaci\u00f3n en Inteligencia Artificial y BIG DATA<\/a>\u00a0 \u00a0 <\/div><\/div><\/p><table style=\"width: 100%;\" border=\"0\" align=\"center\"><tbody><tr><td style=\"width: 85.3462%;\"><strong>M\u00f3dulos Profesionales<\/strong><\/td><td style=\"text-align: center; width: 14.4928%;\"><strong>TURNO<\/strong><\/td><\/tr><tr><td style=\"width: 85.3462%;\"><p>Modelos de Inteligencia Artificial<\/p><p>Sistemas de aprendizaje autom\u00e1tico<\/p><p>Programaci\u00f3n de Inteligencia Artificial<\/p><p>Sistemas de Big Data<\/p><p>Big Data aplicado<\/p><\/td><td style=\"width: 14.4928%; text-align: center; vertical-align: top;\">TARDE<\/td><\/tr><\/tbody><\/table><p><div class=\"su-heading su-heading-style-default su-heading-align-center\" id=\"\" style=\"font-size:13px;margin-bottom:20px\"><div class=\"su-heading-inner\"><a href=\"https:\/\/ceice.gva.es\/web\/formacion-profesional\/publicador-de-cursos-especialitzacio\/-\/asset_publisher\/MRg14dkTb9DQ\/content\/ciberseguridad-en-entornos-de-las-tecnolog%25C3%25ADas-de-la-informaci%25C3%25B3n?_com_liferay_asset_publisher_web_portlet_AssetPublisherPortlet_INSTANCE_MRg14dkTb9DQ_assetEntryId=390408754&amp;_com_liferay_asset_publisher_web_portlet_AssetPublisherPortlet_INSTANCE_MRg14dkTb9DQ_redirect=https%3A%2F%2Fceice.gva.es%2Fes%2Fweb%2Fformacion-profesional%2Fpublicador-de-cursos-especialitzacio%3Fp_p_id%3Dcom_liferay_asset_publisher_web_portlet_AssetPublisherPortlet_INSTANCE_MRg14dkTb9DQ%26p_p_lifecycle%3D0%26p_p_state%3Dnormal%26p_p_mode%3Dview%26_com_liferay_asset_publisher_web_portlet_AssetPublisherPortlet_INSTANCE_MRg14dkTb9DQ_cur%3D0%26p_r_p_resetCur%3Dfalse%26_com_liferay_asset_publisher_web_portlet_AssetPublisherPortlet_INSTANCE_MRg14dkTb9DQ_assetEntryId%3D390408754\" target=\"_blank\" rel=\"noopener noreferrer\">CIBERSEGURIDAD &#8211; Curso de especializaci\u00f3n en Ciberseguridad (presencial y semipresencial)<\/a>\u00a0\u00a0\u00a0 <\/div><\/div><\/p><table style=\"width: 100%;\" border=\"0\" align=\"center\"><tbody><tr><td style=\"width: 85.8293%;\"><strong>M\u00f3dulos Profesionales<\/strong><\/td><td style=\"width: 14.0096%; text-align: center;\"><strong>TURNO<\/strong><\/td><\/tr><tr><td style=\"width: 85.8293%;\"><p>Incidentes de ciberseguridad.<\/p><p>Bastionado de redes y sistemas.<\/p><p>Puesta en producci\u00f3n segura.<\/p><p>An\u00e1lisis forense inform\u00e1tico.<\/p><p>Hacking \u00e9tico.<\/p><p>Normativa de ciberseguridad..<\/p><\/td><td style=\"width: 14.0096%; text-align: center; vertical-align: top;\"><p>TARDE Y SEMIPRESENCIAL<\/p><\/td><\/tr><\/tbody><\/table><p><\/div>\n<div class=\"su-tabs-pane su-u-clearfix su-u-trim\" data-title=\"&lt;strong&gt;Ciclo Medio&lt;\/strong&gt;\"><\/p><p>La Familia de Inform\u00e1tica ofrece toda la oferta formativa actual, ofertando <strong>Ciclos Formativos de grado medio<\/strong> y superio, as\u00ed como Cursos de Especializaci\u00f3n. Pulsa sobre el nombre del ciclo\/curso para ver m\u00e1s informaci\u00f3n.<\/p><p><div class=\"su-heading su-heading-style-default su-heading-align-center\" id=\"\" style=\"font-size:13px;margin-bottom:20px\"><div class=\"su-heading-inner\"><a href=\"https:\/\/ceice.gva.es\/es\/web\/formacion-profesional\/publicador-de-cicles\/-\/asset_publisher\/M0SqOt5YOf05\/content\/ciclo-formativo-sistemas-microinformatico-y-redes\" target=\"_blank\" rel=\"noopener\">SMR &#8211; SISTEMAS MICROINFORM\u00c1TICOS Y REDES<\/a>\u00a0 \u00a0 <\/div><\/div><\/p><table style=\"width: 100%;\" border=\"0\" align=\"center\"><tbody><tr><td style=\"width: 9.01771%;\"><strong>Grado<\/strong><\/td><td style=\"width: 82.1257%;\"><strong>M\u00f3dulos Profesionales<\/strong><\/td><td style=\"width: 8.69563%; text-align: center;\"><strong>TURNO<\/strong><\/td><\/tr><tr><td style=\"width: 9.01771%; vertical-align: top;\"><strong>Medio<\/strong><\/td><td style=\"width: 82.1257%;\"><ul><li>Ingl\u00e9s profesional GM<\/li><li>Montaje y mantenimiento de equipos<\/li><li>Sistemas operativos monopuesto<\/li><li>Aplicaciones ofim\u00e1ticas<\/li><li>Redes locales<\/li><li>Itinerario personal para la empleabilidad I<\/li><li>Sistemas operativos en red<\/li><li>Seguridad inform\u00e1tica<\/li><li>Servicios en red<\/li><li>Aplicaciones web<\/li><li>Itinerario personal para la empleabilidad II<\/li><li>M\u00f3dulo optativo<\/li><li>Sostenibilidad aplicada al sistema productivo<\/li><li>Digitalizaci\u00f3n aplicada al sistema productivo<\/li><li>Proyecto intermodular<\/li><\/ul><\/td><td style=\"width: 8.69563%; vertical-align: top;\"><p style=\"text-align: center;\">GRUPO MA\u00d1ANA<\/p><p style=\"text-align: center;\">Y<\/p><p style=\"text-align: center;\">GRUPO SEMIPRESENCIAL<\/p><\/td><\/tr><\/tbody><\/table><p style=\"text-align: center;\"><\/div>\n<div class=\"su-tabs-pane su-u-clearfix su-u-trim\" data-title=\"&lt;strong&gt;Ciclos Superiores&lt;\/strong&gt;\"><\/p><p>La Familia de Inform\u00e1tica ofrece toda la oferta formativa actual, ofertando <strong>Ciclos Formativos de grado superior<\/strong> y medio, as\u00ed como Cursos de Especializaci\u00f3n. Pulsa sobre el nombre del ciclo\/curso para ver m\u00e1s informaci\u00f3n.<\/p><p><div class=\"su-heading su-heading-style-default su-heading-align-center\" id=\"\" style=\"font-size:13px;margin-bottom:20px\"><div class=\"su-heading-inner\"><a href=\"https:\/\/ceice.gva.es\/es\/web\/formacion-profesional\/publicador-de-cicles\/-\/asset_publisher\/M0SqOt5YOf05\/content\/ciclo-formativo-desarrollo-de-aplicaciones-web\" target=\"_blank\" rel=\"noopener noreferrer\">DAW &#8211; DESARROLLO DE APLICACIONES WEB<\/a>\u00a0 \u00a0 \u00a0 <\/div><\/div><\/p><table style=\"width: 100%;\" border=\"0\" align=\"center\"><tbody><tr><td style=\"width: 10.3806%;\"><strong>Grado<\/strong><\/td><td style=\"width: 72.8028%;\"><strong>M\u00f3dulos Profesionales<\/strong><\/td><td style=\"width: 16.6435%; text-align: center;\"><strong>TURNO<\/strong><\/td><\/tr><tr><td style=\"width: 10.3806%; vertical-align: top;\"><strong>Superior<\/strong><\/td><td style=\"width: 72.8028%;\"><ul><li>Ingl\u00e9s profesional GS<\/li><li>Lenguajes de marcas y sistemas de gesti\u00f3n de informaci\u00f3n<\/li><li>Sistemas inform\u00e1ticos<\/li><li>Bases de datos<\/li><li>Programaci\u00f3n<\/li><li>Entornos de desarrollo<\/li><li>Itinerario personal para la empleabilidad I<\/li><li>Proyecto intermodular de desarrollo de aplicaciones WEB<\/li><li>Desarrollo web en entorno cliente<\/li><li>Desarrollo web en entorno servidor<\/li><li>Despliegue de aplicaciones web<\/li><li>Dise\u00f1o de interfaces web<\/li><li>Itinerario personal para la empleabilidad II<\/li><li>Proyecto intermodular de desarrollo de aplicaciones WEB<\/li><li>M\u00f3dulo optativo<\/li><li>Digitalizaci\u00f3n aplicada al sistema productivo GS<\/li><li>Sostenibilidad aplicada al sistema productivo<\/li><\/ul><\/td><td style=\"width: 16.6435%; text-align: center; vertical-align: top;\">MA\u00d1ANA<\/td><\/tr><\/tbody><\/table><p><a href=\"https:\/\/ceice.gva.es\/es\/web\/formacion-profesional\/publicador-de-cicles\/-\/asset_publisher\/M0SqOt5YOf05\/content\/ciclo-formativo-desarrollo-de-aplicaciones-multiplataforma\" target=\"_blank\" rel=\"noopener noreferrer\"><div class=\"su-heading su-heading-style-default su-heading-align-center\" id=\"\" style=\"font-size:13px;margin-bottom:20px\"><div class=\"su-heading-inner\">DAM &#8211; DESARROLLO DE APLICACIONES MULTIPLATAFORMA (SEMIPRESENCIAL)<\/a>\u00a0 \u00a0 \u00a0<\/div><\/div><\/p><table style=\"height: 431px; width: 100%;\" border=\"0\" align=\"center\"><tbody><tr style=\"height: 25px;\"><td style=\"height: 25px; width: 9.82289%;\"><strong>Grado<\/strong><\/td><td style=\"height: 25px; width: 77.9388%;\"><strong>M\u00f3dulos Profesionales<\/strong><\/td><td style=\"height: 25px; width: 12.0773%; text-align: center;\"><strong>TURNO<\/strong><\/td><\/tr><tr style=\"height: 517px;\"><td style=\"height: 406px; width: 9.82289%; vertical-align: top;\"><strong>Superior<\/strong><\/td><td style=\"height: 406px; width: 77.9388%;\"><ul><li>Ingl\u00e9s profesional GS<\/li><li>Lenguajes de marcas y sistemas de gesti\u00f3n de informaci\u00f3n<\/li><li>Sistemas inform\u00e1ticos<\/li><li>Bases de datos<\/li><li>Programaci\u00f3n<\/li><li>Entornos de desarrollo<\/li><li>Itinerario personal para la empleabilidad I<\/li><li>Proyecto intermodular de desarrollo de aplicaciones multiplataforma<\/li><li>Acceso a datos<\/li><li>Desarrollo de interfaces<\/li><li>Programaci\u00f3n multimedia y dispositivos m\u00f3viles<\/li><li>Programaci\u00f3n de servicios y procesos<\/li><li>Sistemas de gesti\u00f3n empresarial<\/li><li>Itinerario personal para la empleabilidad II<\/li><li>Proyecto intermodular de desarrollo de aplicaciones multiplataforma<\/li><li>M\u00f3dulo optativo<\/li><li>Digitalizaci\u00f3n aplicada al sistema productivo GS<\/li><li>Sostenibilidad aplicada al sistema productivo<\/li><\/ul><\/td><td style=\"height: 406px; width: 12.0773%; text-align: center; vertical-align: top;\">SEMIPRESENCIAL<\/td><\/tr><\/tbody><\/table><p><a href=\"https:\/\/ceice.gva.es\/es\/web\/formacion-profesional\/publicador-de-cicles\/-\/asset_publisher\/M0SqOt5YOf05\/content\/ciclo-formativo-administracion-de-sistemas-informaticos-en-red\" target=\"_blank\" rel=\"noopener noreferrer\"><div class=\"su-heading su-heading-style-default su-heading-align-center\" id=\"\" style=\"font-size:13px;margin-bottom:20px\"><div class=\"su-heading-inner\">ASIR &#8211; ADMINISTRACI\u00d3N DE SISTEMAS INFORM\u00c1TICOS EN RED<\/a>\u00a0 \u00a0 \u00a0<\/div><\/div><\/p><table style=\"width: 100%; height: 386px;\" border=\"0\" align=\"center\"><tbody><tr style=\"height: 25px;\"><td style=\"height: 25px; width: 11.4331%;\"><strong>Grado<\/strong><\/td><td style=\"height: 25px; width: 71.3366%;\"><strong>M\u00f3dulos Profesionales<\/strong><\/td><td style=\"height: 25px; width: 17.0692%; text-align: center;\"><strong>\u00a0TURNO<\/strong><\/td><\/tr><tr style=\"height: 517px;\"><td style=\"height: 361px; width: 11.4331%; vertical-align: top;\"><strong>Superior<\/strong><\/td><td style=\"height: 361px; width: 71.3366%;\"><ul><li>Ingl\u00e9s profesional GS<\/li><li>Implantaci\u00f3n de sistemas operativos<\/li><li>Planificaci\u00f3n y administraci\u00f3n de redes<\/li><li>Fundamentos de hardware<\/li><li>Gesti\u00f3n de bases de datos<\/li><li>Lenguajes de marcas y sistemas de gesti\u00f3n de informaci\u00f3n<\/li><li>Itinerario personal para la empleabilidad I<\/li><li>Proyecto intermodular de Administraci\u00f3n de Sistemas Inform\u00e1ticos<br \/>en Red<\/li><li>Administraci\u00f3n de sistemas operativos<\/li><li>Servicios de red e internet<\/li><li>Implantaci\u00f3n de aplicaciones web<\/li><li>Administraci\u00f3n de sistemas gestores de bases de datos<\/li><li>Seguridad y alta disponibilidad<\/li><li>Itinerario personal para la empleabilidad II<\/li><li>Proyecto intermodular de Administraci\u00f3n de Sistemas Inform\u00e1ticos<br \/>en Red<\/li><li>M\u00f3dulo optativo<\/li><li>Digitalizaci\u00f3n aplicada al sistema productivo GS<\/li><li>Sostenibilidad aplicada al sistema productivo<\/li><\/ul><\/td><td style=\"height: 361px; width: 17.0692%; text-align: center; vertical-align: top;\">MA\u00d1ANA<\/td><\/tr><\/tbody><\/table><p><\/div>\n<div class=\"su-tabs-pane su-u-clearfix su-u-trim\" data-title=\"&lt;strong&gt;Salidas Profesionales&lt;\/strong&gt;\"><\/p><p><div class=\"su-heading su-heading-style-default su-heading-align-center\" id=\"\" style=\"font-size:13px;margin-bottom:20px\"><div class=\"su-heading-inner\">\u00a0<span style=\"color: #000080; font-size: 12pt;\"> <strong>CURSO DE ESPECIALIZACI\u00d3N EN BIG DATA E INTELIGENCIA ARTIFICIAL<\/strong><\/span>\u00a0\u00a0<a href=\"https:\/\/www.fpmislata.com\/wordpress\/wp-content\/uploads\/GA_tgestion-administrativaen-pdf.pdf\" target=\"_blank\" rel=\"noopener noreferrer\">\u00a0<\/a><\/div><\/div><\/p><p class=\"rtejustify\">Las personas que hayan obtenido el certificado que acredita la superaci\u00f3n de este curso de especializaci\u00f3n podr\u00e1n ejercer su actividad en empresas, p\u00fablicas y privadas de todos los sectores productivos, tanto por cuenta ajena como propia, desempe\u00f1ando su trabajo en el \u00e1rea de programaci\u00f3n, infraestructura o consultor\u00eda.<\/p><p><strong>Las ocupaciones y puestos de trabajo m\u00e1s relevantes son los siguientes:<\/strong><\/p><ul><li>Desarrollador de Inteligencia Artificial y Big Data.<\/li><li>Programador de sistemas expertos.<\/li><li>Experto en Inteligencia Artificial y Big Data.<\/li><li>Analista de datos.<\/li><\/ul><p class=\"rtejustify\">La <strong>competencia genera<\/strong>l de este curso de especializaci\u00f3n consiste en programar y aplicar sistemas inteligentes que optimizan la gesti\u00f3n de la informaci\u00f3n y la explotaci\u00f3n de datos masivos, garantizando el acceso a los datos de forma segura y cumpliendo los criterios de accesibilidad, usabilidad y calidad exigidas en los est\u00e1ndares establecidos, as\u00ed como los principios \u00e9ticos y legales.<\/p><p><div class=\"su-heading su-heading-style-default su-heading-align-center\" id=\"\" style=\"font-size:13px;margin-bottom:20px\"><div class=\"su-heading-inner\">\u00a0<span style=\"color: #000080; font-size: 12pt;\"> <strong>CURSO DE ESPECIALIZACI\u00d3N EN CIBERSEGURIDAD<\/strong><\/span>\u00a0\u00a0<a href=\"https:\/\/www.fpmislata.com\/wordpress\/wp-content\/uploads\/GA_tgestion-administrativaen-pdf.pdf\" target=\"_blank\" rel=\"noopener noreferrer\">\u00a0<\/a><\/div><\/div><\/p><p class=\"rtejustify\">Este profesional ejerce su actividad principalmente en entidades de los sectores donde sea necesario establecer mecanismos y medidas para la protecci\u00f3n de los sistemas de informaci\u00f3n y redes de comunicaciones.<\/p><p><strong>Las ocupaciones y puestos de trabajo m\u00e1s relevantes son los siguientes<\/strong>:<\/p><ul><li>Experto\/a en ciberseguridad<\/li><li>Auditor\/a de\u00a0ciberseguridad<\/li><li>Consultor\/a de\u00a0ciberseguridad<\/li><li>Hacker \u00e9tico<\/li><\/ul><p class=\"rtejustify\">La\u00a0<strong>competencia general<\/strong>\u00a0de este t\u00edtulo consiste en definir e implementar estrategias de seguridad en los sistemas de informaci\u00f3n realizando diagn\u00f3sticos de ciberseguridad, identificando vulnerabilidades e implementando las medidas necesarias para mitigarlas aplicando la normativa vigente y est\u00e1ndares del sector, siguiendo los protocolos de calidad, de prevenci\u00f3n de riesgos laborales y respeto ambiental.<\/p><p><div class=\"su-heading su-heading-style-default su-heading-align-center\" id=\"\" style=\"font-size:13px;margin-bottom:20px\"><div class=\"su-heading-inner\">\u00a0<span style=\"color: #000080; font-size: 12pt;\"> <strong>\u00a0SISTEMAS MICROINFORM\u00c1TICOS Y REDES<\/strong><\/span>\u00a0\u00a0<a href=\"https:\/\/www.fpmislata.com\/wordpress\/wp-content\/uploads\/GA_tgestion-administrativaen-pdf.pdf\" target=\"_blank\" rel=\"noopener noreferrer\">\u00a0<\/a><\/div><\/div><\/p><p class=\"rtejustify\">Este Ciclo Formativo de <strong>Grado Medio <\/strong>permite que las personas tituladas realicen su actividad principalmente en empresas del sector servicios que se dediquen a la comercializaci\u00f3n, montaje y reparaci\u00f3n de equipos, redes y servicios microinform\u00e1ticos en general, como parte del soporte inform\u00e1tico de la organizaci\u00f3n o en entidades de cualquier tama\u00f1o y sector productivo que utilizan sistemas microinform\u00e1ticos y redes de datos para su gesti\u00f3n.<\/p><p><strong>Las ocupaciones y puestos de trabajo m\u00e1s relevantes son los siguientes:<\/strong><\/p><ul><li>T\u00e9cnico instalador-reparador equipos inform\u00e1ticos<\/li><li>T\u00e9cnico de soporte inform\u00e1tico<\/li><li>T\u00e9cnico de redes de datos<\/li><li>Reparador de perif\u00e9ricos de sistemas microinform\u00e1ticos<\/li><li>Comercial de microinform\u00e1tica<\/li><li>Operador de tele-asistencia<\/li><li>Operador de sistemas<\/li><\/ul><p class=\"rtejustify\">La\u00a0<strong>competencia general<\/strong>\u00a0de este t\u00edtulo consiste en instalar, configurar y mantener sistemas microinform\u00e1ticos, aislados o en red, as\u00ed como redes locales en peque\u00f1os entornos, asegurando su funcionalidad y aplicando los protocolos de calidad, seguridad y respeto al medio ambiente establecidos.<\/p><p><div class=\"su-heading su-heading-style-default su-heading-align-center\" id=\"\" style=\"font-size:13px;margin-bottom:20px\"><div class=\"su-heading-inner\">\u00a0<span style=\"color: #000080; font-size: 12pt;\"> <strong>\u00a0DESARROLLO DE APLICACIONES WEB<\/strong><\/span>\u00a0\u00a0<a href=\"https:\/\/www.fpmislata.com\/wordpress\/wp-content\/uploads\/GA_tgestion-administrativaen-pdf.pdf\" target=\"_blank\" rel=\"noopener noreferrer\">\u00a0<\/a><\/div><\/div><\/p><p>Este Ciclo Formativo de <strong>Grado Superior<\/strong>\u00a0 permite a las personas tituladas ejercer su actividad en empresas o entidades p\u00fablicas o privadas tanto por cuenta ajena como propia, desempe\u00f1ando su trabajo en el \u00e1rea de desarrollo de aplicaciones inform\u00e1ticas relacionadas con entornos Web (intranet, extranet e internet).<\/p><p><strong>Las ocupaciones y puestos de trabajo m\u00e1s relevantes son los siguientes<\/strong>:<\/p><ul><li>Programador Web<\/li><li>Programador multimedia<\/li><li>Desarrollador de aplicaciones en entornos web<\/li><\/ul><p>La <strong>competencia general<\/strong> de este t\u00edtulo consiste en desarrollar, implantar y mantener aplicaciones web, con independencia del modelo empleado y utilizando tecnolog\u00edas espec\u00edficas, garantizando el acceso a los datos de forma segura y cumpliendo los criterios de accesibilidad, usabilidad y calidad exigidas en los estandares establecidos.<\/p><p><div class=\"su-heading su-heading-style-default su-heading-align-center\" id=\"\" style=\"font-size:13px;margin-bottom:20px\"><div class=\"su-heading-inner\">\u00a0<span style=\"color: #000080; font-size: 12pt;\"> <strong>\u00a0DESARROLLO DE APLICACIONES MULTIPLATAFORMA<\/strong><\/span>\u00a0\u00a0<a href=\"https:\/\/www.fpmislata.com\/wordpress\/wp-content\/uploads\/GA_tgestion-administrativaen-pdf.pdf\" target=\"_blank\" rel=\"noopener noreferrer\">\u00a0<\/a><\/div><\/div><\/p><p>El Ciclo Formativo de <strong>Grado Superior<\/strong> DAM , te permitir\u00e1 trabajar desarrollando, implantando, documentando y manteneniendo aplicaciones inform\u00e1ticas multiplataforma en todas las empresas del sector.<\/p><p>Las personas con este perfil profesional ejercen su actividad en entidades p\u00fablicas o privadas de cualquier tama\u00f1o, tanto por cuenta ajena como por cuenta propia, desempe\u00f1ando su trabajo en el \u00e1rea de desarrollo de aplicaciones inform\u00e1ticas multiplataforma en diversos \u00e1mbitos: gesti\u00f3n empresarial y de negocio, relaciones con clientes, educaci\u00f3n, ocio, dispositivos m\u00f3viles y entretenimiento, entre otros; aplicaciones desarrolladas e implantadas en entornos de alcance intranet, extranet e Internet; implantaci\u00f3n y adaptaci\u00f3n de sistemas de planificaci\u00f3n de recursos empresariales y de gesti\u00f3n de relaciones con clientes.<\/p><p><strong>Las ocupaciones y puestos de trabajo m\u00e1s relevantes son los siguientes:<\/strong><\/p><ul><li>Desarrollar aplicaciones inform\u00e1ticas para la gesti\u00f3n empresarial y de negocio.<\/li><li>Desarrollar aplicaciones de prop\u00f3sito general.<\/li><li>Desarrollar aplicaciones en el \u00e1mbito del entretenimiento y la inform\u00e1tica m\u00f3vil.<\/li><\/ul><p>La\u00a0<strong>competencia general<\/strong>\u00a0de este t\u00edtulo consiste en desarrollar, implantar, documentar y mantener aplicaciones inform\u00e1ticas multiplataforma, utilizando tecnolog\u00edas y entornos de desarrollo espec\u00edficos , garantizando el acceso a los datos de forma segura y cumpliendo los criterios de usabilidad y calidad exigidas en los est\u00e1ndares establecidos.<\/p><p><div class=\"su-heading su-heading-style-default su-heading-align-center\" id=\"\" style=\"font-size:13px;margin-bottom:20px\"><div class=\"su-heading-inner\">\u00a0<span style=\"color: #000080; font-size: 12pt;\"> <strong>\u00a0ADMINISTRACI\u00d3N DE SISTEMAS INFORM\u00c1TICOS Y REDES<\/strong><\/span>\u00a0\u00a0<a href=\"https:\/\/www.fpmislata.com\/wordpress\/wp-content\/uploads\/GA_tgestion-administrativaen-pdf.pdf\" target=\"_blank\" rel=\"noopener noreferrer\">\u00a0<\/a><\/div><\/div><\/p><p>El Ciclo Formativo de <strong>Grado Superior<\/strong> ASIR , te permitir\u00e1 trabajar en empresas de distintos sectores dentro del departamento de inform\u00e1tica o de procesos de datos, desempe\u00f1ando funciones tales como instalaci\u00f3n, mantenimiento, explotaci\u00f3n y soporte del usuario inform\u00e1tico.<\/p><p>Este profesional ejerce su actividad en el \u00e1rea de inform\u00e1tica de entidades que dispongan de sistemas para la gesti\u00f3n de datos e infraestructura de redes (intranet, internet y\/o extranet).<\/p><p><strong>Las ocupaciones y puestos de trabajo m\u00e1s relevantes son los siguientes:<\/strong><\/p><div class=\"espacio-lista\"><ul><li>T\u00e9cnico en administraci\u00f3n de sistemas.<\/li><li>Responsable de inform\u00e1tica.<\/li><li>T\u00e9cnico en servicios de Internet.<\/li><li>T\u00e9cnico en servicios de mensajer\u00eda electr\u00f3nica.<\/li><li>Personal de apoyo y soporte t\u00e9cnico.<\/li><li>T\u00e9cnico en teleasistencia.<\/li><li>T\u00e9cnico en administraci\u00f3n de base de datos.<\/li><li>T\u00e9cnico de redes.<\/li><li>Supervisor de sistemas.<\/li><li>T\u00e9cnico en servicios de comunicaciones.<\/li><li>T\u00e9cnico en entornos web.<\/li><\/ul><p>La\u00a0<strong>competencia general<\/strong>\u00a0es configurar, administrar y mantener sistemas inform\u00e1ticos, garantizando la funcionalidad, la integridad de los recursos y servicios del sistema, con la calidad exigida y cumpliendo la reglamentaci\u00f3n vigente.<\/p><\/div><p><\/div>\n<div class=\"su-tabs-pane su-u-clearfix su-u-trim\" data-title=\"&lt;strong&gt;Europass Certificate&lt;\/strong&gt;\"><\/p><p><div class=\"su-heading su-heading-style-default su-heading-align-center\" id=\"\" style=\"font-size:13px;margin-bottom:20px\"><div class=\"su-heading-inner\">SMR &#8211; SISTEMAS MICROINFORM\u00c1TICOS Y REDES\u00a0 \u00a0<i class=\"fa fa-arrow-right \" ><\/i> \u00a0\u00a0<a href=\"https:\/\/www.fpmislata.com\/wordpress\/wp-content\/uploads\/SMR_tsistemasmicroinformaticosredesen-pdf.pdf\" target=\"_blank\" rel=\"noopener noreferrer\">TECHNICIAN IN MICROCOMPUTING &amp; NETWORK<\/a>\u00a0 <\/div><\/div><\/p><p><div class=\"su-heading su-heading-style-default su-heading-align-center\" id=\"\" style=\"font-size:13px;margin-bottom:20px\"><div class=\"su-heading-inner\">DAW &#8211; DESARROLLO DE APLICACIONES WEB\u00a0 \u00a0<i class=\"fa fa-arrow-right \" ><\/i> \u00a0\u00a0<a href=\"https:\/\/www.fpmislata.com\/wordpress\/wp-content\/uploads\/DAW_tsdesarrolloaplicacionesweben-pdf.pdf\" target=\"_blank\" rel=\"noopener noreferrer\">HIGHER TECHNICIAN IN DEVELOPEMENT WEB APPLICATIONS<\/a> \u00a0 <\/div><\/div><br \/><div class=\"su-heading su-heading-style-default su-heading-align-center\" id=\"\" style=\"font-size:13px;margin-bottom:20px\"><div class=\"su-heading-inner\">DAM &#8211; DESARROLLO DE APLICACIONES MULTIPLATAFORMA (SEMIPRESENCIAL)\u00a0 \u00a0<i class=\"fa fa-arrow-right \" ><\/i> \u00a0\u00a0 <a href=\"https:\/\/www.fpmislata.com\/wordpress\/wp-content\/uploads\/DAM_tsdesarrolloaplicacionesmultiplataformaen-pdf.pdf\" target=\"_blank\" rel=\"noopener noreferrer\">HIGHER TECHNICIAN IN MULTI-PLATFOMR APPLICATIONS DEVELOPMENT<\/a>\u00a0 \u00a0<\/div><\/div><br \/><div class=\"su-heading su-heading-style-default su-heading-align-center\" id=\"\" style=\"font-size:13px;margin-bottom:20px\"><div class=\"su-heading-inner\">ASIR &#8211; ADMINISTRACI\u00d3N DE SISTEMAS INFORM\u00c1TICOS EN RED\u00a0 \u00a0<i class=\"fa fa-arrow-right \" ><\/i> \u00a0\u00a0 <a href=\"https:\/\/www.fpmislata.com\/wordpress\/wp-content\/uploads\/ASIR_tsadministracionsistemasinformaticosreden-pdf.pdf\" target=\"_blank\" rel=\"noopener noreferrer\">HIGHER TECHNICIAN IN COMPUTER NETWORK SYSTEM MANAGEMENT<\/a> \u00a0<\/div><\/div><br \/><\/div><\/div><\/div><\/p>\t\t\t\t\t<\/div>\n\t\t\t\t\t\t<\/div>\n\t\t\t\t<\/div>\n\t\t\t\t\t\t<\/div>\n\t\t\t\t\t<\/div>\n\t\t<\/div>\n\t\t\t\t\t\t\t\t<\/div>\n\t\t\t\t\t<\/div>\n\t\t<\/section>\n\t\t\t\t\t\t<\/div>\n\t\t\t\t\t\t<\/div>\n\t\t\t\t\t<\/div>\n\t\t","protected":false},"excerpt":{"rendered":"<p>Departamento Inform\u00e1tica Admisi\u00f3n https:\/\/youtu.be\/38RzUPXpoachttps:\/\/youtu.be\/wypnl5Lo4Nwhttps:\/\/youtu.be\/KD8U1WDan5whttps:\/\/youtu.be\/qclg1ORVI3Ehttps:\/\/youtu.be\/Xr1TxZNNQ2Ahttps:\/\/youtu.be\/Ys_zSIYuMI8https:\/\/youtu.be\/nTjP15w18DM<\/p>\n","protected":false},"author":1,"featured_media":1915,"parent":232,"menu_order":0,"comment_status":"closed","ping_status":"closed","template":"","meta":{"ngg_post_thumbnail":0},"_links":{"self":[{"href":"https:\/\/www.fpmislata.com\/wordpress\/wp-json\/wp\/v2\/pages\/248"}],"collection":[{"href":"https:\/\/www.fpmislata.com\/wordpress\/wp-json\/wp\/v2\/pages"}],"about":[{"href":"https:\/\/www.fpmislata.com\/wordpress\/wp-json\/wp\/v2\/types\/page"}],"author":[{"embeddable":true,"href":"https:\/\/www.fpmislata.com\/wordpress\/wp-json\/wp\/v2\/users\/1"}],"replies":[{"embeddable":true,"href":"https:\/\/www.fpmislata.com\/wordpress\/wp-json\/wp\/v2\/comments?post=248"}],"version-history":[{"count":110,"href":"https:\/\/www.fpmislata.com\/wordpress\/wp-json\/wp\/v2\/pages\/248\/revisions"}],"predecessor-version":[{"id":17218,"href":"https:\/\/www.fpmislata.com\/wordpress\/wp-json\/wp\/v2\/pages\/248\/revisions\/17218"}],"up":[{"embeddable":true,"href":"https:\/\/www.fpmislata.com\/wordpress\/wp-json\/wp\/v2\/pages\/232"}],"wp:featuredmedia":[{"embeddable":true,"href":"https:\/\/www.fpmislata.com\/wordpress\/wp-json\/wp\/v2\/media\/1915"}],"wp:attachment":[{"href":"https:\/\/www.fpmislata.com\/wordpress\/wp-json\/wp\/v2\/media?parent=248"}],"curies":[{"name":"wp","href":"https:\/\/api.w.org\/{rel}","templated":true}]}}