{"id":2848,"date":"2018-10-26T06:46:26","date_gmt":"2018-10-26T10:46:26","guid":{"rendered":"https:\/\/www.fpmislata.com\/wordpress\/?page_id=2848"},"modified":"2021-06-18T04:16:03","modified_gmt":"2021-06-18T08:16:03","slug":"asociacion-estrategica-erasmus-ka-229","status":"publish","type":"page","link":"https:\/\/www.fpmislata.com\/wordpress\/asociacion-estrategica-erasmus-ka-229\/","title":{"rendered":"Asociaci\u00f3n Estrat\u00e9gica Erasmus+ KA 229"},"content":{"rendered":"<p>&nbsp;<\/p>\n<table style=\"height: 112px; width: 100%; border-collapse: collapse;\" border=\"0\">\n<tbody>\n<tr style=\"height: 112px;\">\n<td style=\"width: 49.215%; height: 112px;\"><img loading=\"lazy\" class=\" wp-image-2841 alignleft\" src=\"https:\/\/www.fpmislata.com\/wordpress\/wp-content\/uploads\/EU-flag-Erasmus-300x86.png\" alt=\"\" width=\"323\" height=\"92\" srcset=\"https:\/\/www.fpmislata.com\/wordpress\/wp-content\/uploads\/EU-flag-Erasmus-300x86.png 300w, https:\/\/www.fpmislata.com\/wordpress\/wp-content\/uploads\/EU-flag-Erasmus-768x219.png 768w, https:\/\/www.fpmislata.com\/wordpress\/wp-content\/uploads\/EU-flag-Erasmus-800x228.png 800w, https:\/\/www.fpmislata.com\/wordpress\/wp-content\/uploads\/EU-flag-Erasmus.png 943w\" sizes=\"(max-width: 323px) 100vw, 323px\" \/><\/td>\n<td style=\"width: 50.785%; height: 112px;\"><a href=\"https:\/\/ec.europa.eu\/programmes\/erasmus-plus\/projects_es#search\/project\/keyword=2018-1-DE03-KA229-047424&amp;amp%3BmatchAllCountries=false\" target=\"_blank\" rel=\"noopener noreferrer\" data-wplink-url-error=\"true\"><img loading=\"lazy\" class=\"alignright wp-image-2884 lazyload\" src=\"data:image\/gif;base64,R0lGODlhAQABAAAAACH5BAEKAAEALAAAAAABAAEAAAICTAEAOw==\" alt=\"\" width=\"300\" height=\"65\" sizes=\"(max-width: 300px) 100vw, 300px\" data-src=\"https:\/\/www.fpmislata.com\/wordpress\/wp-content\/uploads\/cofinanciadoEN-300x65.png\" data-srcset=\"https:\/\/www.fpmislata.com\/wordpress\/wp-content\/uploads\/cofinanciadoEN-300x65.png 300w, https:\/\/www.fpmislata.com\/wordpress\/wp-content\/uploads\/cofinanciadoEN-768x167.png 768w, https:\/\/www.fpmislata.com\/wordpress\/wp-content\/uploads\/cofinanciadoEN-800x174.png 800w, https:\/\/www.fpmislata.com\/wordpress\/wp-content\/uploads\/cofinanciadoEN.png 1720w\"><\/a><\/td>\n<\/tr>\n<\/tbody>\n<\/table>\n<p><strong>T\u00edtulo: We live and experience Europe &#8211; A variety of methods for a life in Europe that takes many shapes.&nbsp;&nbsp;<\/strong><\/p>\n<p>Nuestro centro participa como socio en un programa europeo de intercambio de buenas pr\u00e1cticas de profesorado junto a centros de Finlandia, Turqu\u00eda, Rumania y Alemania, que finalizar\u00e1 en abril de 2021 aplazado por Covid-19.<\/p>\n<p>Los centros participantes:<\/p>\n<p><strong>Finlandia<\/strong><\/p>\n<p>Kouvola<\/p>\n<p>Kouvola Region Vocational College<\/p>\n<p><a href=\"https:\/\/www.ksao.fi\/en\/\" target=\"_blank\" rel=\"noopener noreferrer\">https:\/\/www.ksao.fi\/en\/<\/a><\/p>\n<p><strong>Turqu\u00eda<\/strong><\/p>\n<p>Istanbul<\/p>\n<p>Etiler Mesleki ve Teknik Anadolu Lisesi<\/p>\n<p><a href=\"http:\/\/www.etilerotml.meb.k12.tr\" target=\"_blank\" rel=\"noopener noreferrer\">www.etilerotml.meb.k12.tr<\/a><\/p>\n<p><strong>Rumania<\/strong><\/p>\n<p>Lipova<\/p>\n<p>Liceul Atanasie Marienescu<\/p>\n<p><a href=\"http:\/\/www.lamlipova.ro\" target=\"_blank\" rel=\"noopener noreferrer\">www.lamlipova.ro<\/a><\/p>\n<p><strong>Alemania<\/strong><\/p>\n<p>Aachen<\/p>\n<p>Paul-Julius-Reuter-Berufskolleg f\u00fcr Wirtschaft und Verwaltung der St\u00e4dte Region Aachen<\/p>\n<p><a href=\"http:\/\/www.pjr-bk.de\" target=\"_blank\" rel=\"noopener noreferrer\">www.pjr-bk.de<\/a><\/p>\n<p>&nbsp;<\/p>\n<table style=\"border-collapse: collapse; width: 100%;\">\n<tbody>\n<tr>\n<td style=\"width: 47%;\"><a href=\"https:\/\/www.fpmislata.com\/wordpress\/wp-content\/uploads\/Fi-Programa-Europeu-KA229_2.pdf\" target=\"_blank\" rel=\"noopener noreferrer\"> <img loading=\"lazy\" class=\"aligncenter wp-image-6893 lazyload\" src=\"data:image\/gif;base64,R0lGODlhAQABAAAAACH5BAEKAAEALAAAAAABAAEAAAICTAEAOw==\" alt=\"Fin del proyecto\" width=\"388\" height=\"200\" sizes=\"(max-width: 388px) 100vw, 388px\" data-src=\"https:\/\/www.fpmislata.com\/wordpress\/wp-content\/uploads\/Presentacion-Fin-De-Proyecto-300x155.jpg\" data-srcset=\"https:\/\/www.fpmislata.com\/wordpress\/wp-content\/uploads\/Presentacion-Fin-De-Proyecto-300x155.jpg 300w, https:\/\/www.fpmislata.com\/wordpress\/wp-content\/uploads\/Presentacion-Fin-De-Proyecto-800x413.jpg 800w, https:\/\/www.fpmislata.com\/wordpress\/wp-content\/uploads\/Presentacion-Fin-De-Proyecto-768x396.jpg 768w, https:\/\/www.fpmislata.com\/wordpress\/wp-content\/uploads\/Presentacion-Fin-De-Proyecto.jpg 932w\"><\/a><\/td>\n<td style=\"width: 6%;\">&nbsp;<\/td>\n<td style=\"width: 47%;\"><a href=\"https:\/\/padlet.com\/AgirmanPJR\/x2m9n25jz2z4haka\" target=\"_blank\" rel=\"noopener noreferrer\"> <img loading=\"lazy\" class=\"aligncenter wp-image-8349 lazyload\" src=\"data:image\/gif;base64,R0lGODlhAQABAAAAACH5BAEKAAEALAAAAAABAAEAAAICTAEAOw==\" alt=\"Padlet\" width=\"396\" height=\"200\" sizes=\"(max-width: 396px) 100vw, 396px\" data-src=\"https:\/\/www.fpmislata.com\/wordpress\/wp-content\/uploads\/Padlet-KA229-300x152.jpg\" data-srcset=\"https:\/\/www.fpmislata.com\/wordpress\/wp-content\/uploads\/Padlet-KA229-300x152.jpg 300w, https:\/\/www.fpmislata.com\/wordpress\/wp-content\/uploads\/Padlet-KA229-800x405.jpg 800w, https:\/\/www.fpmislata.com\/wordpress\/wp-content\/uploads\/Padlet-KA229-768x388.jpg 768w, https:\/\/www.fpmislata.com\/wordpress\/wp-content\/uploads\/Padlet-KA229.jpg 1412w\"><\/a><\/td>\n<\/tr>\n<\/tbody>\n<\/table>\n<p>&nbsp;<\/p>\n<p><a href=\"http:\/\/sepie.es\/\" target=\"_blank\" rel=\"noopener noreferrer\"><img loading=\"lazy\" class=\"size-full wp-image-2838 aligncenter lazyload\" src=\"data:image\/gif;base64,R0lGODlhAQABAAAAACH5BAEKAAEALAAAAAABAAEAAAICTAEAOw==\" alt=\"\" width=\"400\" height=\"100\" data-src=\"https:\/\/www.fpmislata.com\/wordpress\/wp-content\/uploads\/SEPIE_erasmus_plus.gif\"><\/a><\/p>\n<p>&nbsp;<\/p>\n<p>Reconocimiento por el proyecto Erasmus+ de la Conselleria de Educaci\u00f3n, Investigaci\u00f3n, Cultura y Deporte por la participaci\u00f3n en los proyectos europeos.<\/p>\n<p><img loading=\"lazy\" class=\"wp-image-2850 aligncenter lazyload\" src=\"data:image\/gif;base64,R0lGODlhAQABAAAAACH5BAEKAAEALAAAAAABAAEAAAICTAEAOw==\" alt=\"\" width=\"463\" height=\"327\" sizes=\"(max-width: 463px) 100vw, 463px\" data-src=\"https:\/\/www.fpmislata.com\/wordpress\/wp-content\/uploads\/Reconixement-Projecte-Erasmus-25_10_2018-300x212.jpg\" data-srcset=\"https:\/\/www.fpmislata.com\/wordpress\/wp-content\/uploads\/Reconixement-Projecte-Erasmus-25_10_2018-300x212.jpg 300w, https:\/\/www.fpmislata.com\/wordpress\/wp-content\/uploads\/Reconixement-Projecte-Erasmus-25_10_2018-768x543.jpg 768w, https:\/\/www.fpmislata.com\/wordpress\/wp-content\/uploads\/Reconixement-Projecte-Erasmus-25_10_2018-800x566.jpg 800w, https:\/\/www.fpmislata.com\/wordpress\/wp-content\/uploads\/Reconixement-Projecte-Erasmus-25_10_2018-340x240.jpg 340w\"><\/p>\n<p>&nbsp;<\/p>\n","protected":false},"excerpt":{"rendered":"<p>&nbsp; T\u00edtulo: We live and experience Europe &#8211; A variety of methods for a life in Europe that takes many shapes.&nbsp;&nbsp; Nuestro centro participa como socio en un programa europeo de intercambio de buenas pr\u00e1cticas de profesorado junto a centros de Finlandia, Turqu\u00eda, Rumania y Alemania, que finalizar\u00e1 en abril de 2021 aplazado por Covid-19.&hellip;<\/p>\n","protected":false},"author":3,"featured_media":0,"parent":0,"menu_order":0,"comment_status":"closed","ping_status":"closed","template":"","meta":{"ngg_post_thumbnail":0},"_links":{"self":[{"href":"https:\/\/www.fpmislata.com\/wordpress\/wp-json\/wp\/v2\/pages\/2848"}],"collection":[{"href":"https:\/\/www.fpmislata.com\/wordpress\/wp-json\/wp\/v2\/pages"}],"about":[{"href":"https:\/\/www.fpmislata.com\/wordpress\/wp-json\/wp\/v2\/types\/page"}],"author":[{"embeddable":true,"href":"https:\/\/www.fpmislata.com\/wordpress\/wp-json\/wp\/v2\/users\/3"}],"replies":[{"embeddable":true,"href":"https:\/\/www.fpmislata.com\/wordpress\/wp-json\/wp\/v2\/comments?post=2848"}],"version-history":[{"count":6,"href":"https:\/\/www.fpmislata.com\/wordpress\/wp-json\/wp\/v2\/pages\/2848\/revisions"}],"predecessor-version":[{"id":8357,"href":"https:\/\/www.fpmislata.com\/wordpress\/wp-json\/wp\/v2\/pages\/2848\/revisions\/8357"}],"wp:attachment":[{"href":"https:\/\/www.fpmislata.com\/wordpress\/wp-json\/wp\/v2\/media?parent=2848"}],"curies":[{"name":"wp","href":"https:\/\/api.w.org\/{rel}","templated":true}]}}