{"id":330,"date":"2018-03-11T12:01:04","date_gmt":"2018-03-11T12:01:04","guid":{"rendered":"http:\/\/www.fpmislata.com\/wordpress\/?page_id=330"},"modified":"2021-02-12T11:09:36","modified_gmt":"2021-02-12T15:09:36","slug":"orientacion-profesional","status":"publish","type":"page","link":"https:\/\/www.fpmislata.com\/wordpress\/orientacion\/orientacion-profesional\/","title":{"rendered":"Orientaci\u00f3n profesional"},"content":{"rendered":"<p><strong>RECURSOS P\u00daBLICOS:<\/strong><\/p>\n<p align=\"justify\">En esta secci\u00f3n se ir\u00e1n publicando todos los recursos en la web que faciliten la b\u00fasqueda de informaci\u00f3n sobre servicios y recursos p\u00fablicos para el empleo.<\/p>\n<ul>\n<li><a href=\"http:\/\/www.labora.gva.es\/es\/ciutadania\" target=\"_blank\" rel=\"noopener noreferrer\">Servicio Valenciano de Ocupaci\u00f3n y Formaci\u00f3n: LABORA<\/a><\/li>\n<li><a href=\"http:\/\/www.ivace.es\/\" target=\"_blank\" rel=\"noopener noreferrer\">Instituto Valenciano de la Competitividad Empresaria IVACE<\/a><\/li>\n<li><a href=\"http:\/\/www.seg-social.es\/\" target=\"_blank\" rel=\"noopener noreferrer\">Seguridad Social (Ministerio de Trabajo e Inmigraci\u00f3n). Servicios y Direcciones (Centros de Atenci\u00f3n e Informaci\u00f3n de la Seguridad Social; Tesorer\u00eda General)<\/a><a href=\"http:\/\/www.seg-social.es\/Internet_1\/index.htm\" target=\"_blank\" rel=\"noopener noreferrer\">&nbsp;<\/a><\/li>\n<\/ul>\n<p>&nbsp;<\/p>\n<p><strong>AGENTES SOCIALES:<\/strong><\/p>\n<p>En esta secci\u00f3n se ir\u00e1n publicando todos los recursos en la web que faciliten la b\u00fasqueda de informaci\u00f3n sobre Sindicatos, Asociaciones empresariales, C\u00e1maras de Comercio, etc.<\/p>\n<ul>\n<li><a href=\"http:\/\/www.camaravalencia.com\/\">C\u00e1mara de Valencia<\/a><\/li>\n<li class=\"_mce_tagged_br\">Sindicatos: <a href=\"http:\/\/www.ccoo.es\" target=\"_blank\" rel=\"noopener noreferrer\">CCOO<\/a> , <a href=\"http:\/\/www.ugt.es\" target=\"_blank\" rel=\"noopener noreferrer\">UGT<\/a>, <a href=\"http:\/\/www.csif.es\" target=\"_blank\" rel=\"noopener noreferrer\">CSIF<\/a><\/li>\n<li><a href=\"https:\/\/www.ceoe.es\/es\" target=\"_blank\" rel=\"noopener noreferrer\">Asociaciones empresariales<\/a><\/li>\n<li><a href=\"http:\/\/www.asociaciones.org\/index.php\" target=\"_blank\" rel=\"noopener noreferrer\">Asociaciones y fundaciones trabajo y seguridad social<\/a><\/li>\n<li><a href=\"http:\/\/www.creatuempresa.org\/\" target=\"_blank\" rel=\"noopener noreferrer\">Creaci\u00f3n de empresas<\/a><\/li>\n<li><a href=\"https:\/\/www.centroartesaniacv.com\/\" target=\"_blank\" rel=\"noopener noreferrer\">Gremios de Artesanos<\/a><\/li>\n<\/ul>\n<p>&nbsp;<\/p>\n<p><strong>B\u00daSQUEDA DE EMPLEO:<\/strong><\/p>\n<div id=\"maininner\" class=\"grid-box\">\n<section id=\"content\" class=\"grid-block\">\n<div id=\"system\">\n<article class=\"item\">\n<div class=\"content clearfix\">\n<div class=\"moduletable\">\n<div data-tabs=\"117\">\n<div class=\"sprocket-tabs layout-top animation-slideandfade\">\n<div class=\"sprocket-tabs-panels\">\n<div class=\"sprocket-tabs-panel active\" data-tabs-panel=\"\">\n<p align=\"justify\">En esta secci\u00f3n se ir\u00e1n publicando todos los recursos en la web que faciliten la b\u00fasqueda&nbsp;de empleo en la web.<\/p>\n<p align=\"justify\"><strong>A.- Portales especializados para la b\u00fasqueda de empleo (ofertas de empleo, salidas profesionales):<\/strong><\/p>\n<div align=\"justify\">\n<ul>\n<li><a href=\"http:\/\/www.laboris.net\/\" target=\"_blank\" rel=\"noopener noreferrer\">Infojobs<\/a><\/li>\n<li><a href=\"http:\/\/www.monster.es\/\" target=\"_blank\" rel=\"noopener noreferrer\">Monster<\/a><\/li>\n<li><a href=\"http:\/\/www.expansionyempleo.com\/\" target=\"_blank\" rel=\"noopener noreferrer\">Expansi\u00f3n y empleo<\/a><\/li>\n<li><a href=\"http:\/\/www.quierounbuentrabajo.com\/\" target=\"_blank\" rel=\"noopener noreferrer\">Quierounbuentrabajo<\/a><\/li>\n<li><a href=\"http:\/\/www.studentjob.es\/\" target=\"_blank\" rel=\"noopener noreferrer\">StudentJob<\/a><\/li>\n<li><a href=\"http:\/\/www.bizneo.com\/\" target=\"_blank\" rel=\"noopener noreferrer\">Bizneo<\/a><\/li>\n<li><a href=\"https:\/\/es.indeed.com\/\" target=\"_blank\" rel=\"noopener noreferrer\">Indeed<\/a><\/li>\n<li><a href=\"https:\/\/www.empleate.gob.es\/\" target=\"_blank\" rel=\"noopener noreferrer\">Empleate (SEPE)<\/a><\/li>\n<li><a href=\"https:\/\/www.randstad.es\/\" target=\"_blank\" rel=\"noopener noreferrer\">Randstad<\/a><\/li>\n<li><a href=\"https:\/\/es.jobrapido.com\/\" target=\"_blank\" rel=\"noopener noreferrer\">Jobrapido<\/a><\/li>\n<li><a href=\"https:\/\/www.linkedin.com\/\" target=\"_blank\" rel=\"noopener noreferrer\">LinkedIn<\/a><\/li>\n<\/ul>\n<p>Webs de empleo de <strong>Marketing, Inform\u00e1tica y Dise\u00f1o<\/strong><\/p>\n<ul>\n<li><a href=\"https:\/\/www.tecnoempleo.com\/\" target=\"_blank\" rel=\"noopener noreferrer\">Tecnoempleo<\/a><\/li>\n<li><a href=\"https:\/\/empleomarketing.com\/\" target=\"_blank\" rel=\"noopener noreferrer\">Empleomarketing<\/a><\/li>\n<li><a href=\"https:\/\/www.domestika.org\/es\" target=\"_blank\" rel=\"noopener noreferrer\">Domestika<\/a><\/li>\n<li><a href=\"https:\/\/es.bebee.com\/jobs\" target=\"_blank\" rel=\"noopener noreferrer\">BeBee<\/a><\/li>\n<li><a href=\"https:\/\/www.linkedin.com\/company\/ecom\/\" target=\"_blank\" rel=\"noopener noreferrer\">eCom &amp; Jobs<\/a><\/li>\n<\/ul>\n<\/div>\n<p><strong>B.- Redes profesionales:<\/strong><\/p>\n<ul>\n<li><a href=\"http:\/\/www.xing.com\/\" target=\"_blank\" rel=\"noopener noreferrer\">Xing (red profesional europea)<\/a><\/li>\n<li class=\"_mce_tagged_br\"><a href=\"http:\/\/es.linkedin.com\/\" target=\"_blank\" rel=\"noopener noreferrer\">Linkedin (red de contactos profesionales)<\/a><\/li>\n<\/ul>\n<p><strong>C.- Empresas de trabajo temporal:<\/strong><\/p>\n<ul>\n<li><a href=\"http:\/\/www.adecco.es\/\" target=\"_blank\" rel=\"noopener noreferrer\">Adecco<\/a><\/li>\n<li><a href=\"http:\/\/www.randstad.es\/\" target=\"_blank\" rel=\"noopener noreferrer\">Randstad<\/a><\/li>\n<\/ul>\n<p><strong>D.- Buscadores de empleo en Europa:<\/strong><\/p>\n<ul>\n<li><a href=\"https:\/\/ec.europa.eu\/eures\/public\/es\/homepage\" target=\"_blank\" rel=\"noopener noreferrer\">Servicio Europeo de Empleo: (buscar trabajo en Europa)<\/a><\/li>\n<li class=\"_mce_tagged_br\"><a href=\"http:\/\/www.eurodyssee.eu\/es\/que-es-eurodisea.html\" target=\"_blank\" rel=\"noopener noreferrer\">Eurodysse (programa de intercambio europeo)<\/a><\/li>\n<li><a href=\"http:\/\/www.europages.es\/\" target=\"_blank\" rel=\"noopener noreferrer\">Listado de empresas europeas<\/a><\/li>\n<\/ul>\n<p><strong>&nbsp;<\/strong><strong>E.- Eventos relacionados con el empleo:<\/strong><\/p>\n<ul>\n<li><a href=\"http:\/\/www.diadelapersonaemprendedora.es\/\" target=\"_blank\" rel=\"noopener noreferrer\">D\u00eda de la persona emprendedora<\/a><\/li>\n<\/ul>\n<p>&nbsp;<\/p>\n<p><strong>EMPLEO P\u00daBLICO:<\/strong><\/p>\n<div id=\"maininner\" class=\"grid-box\">\n<section id=\"content\" class=\"grid-block\">\n<div id=\"system\">\n<article class=\"item\">\n<div class=\"content clearfix\">\n<div class=\"moduletable\">\n<div data-tabs=\"117\">\n<div class=\"sprocket-tabs layout-top animation-slideandfade\">\n<div class=\"sprocket-tabs-panels\">\n<div class=\"sprocket-tabs-panel active\" data-tabs-panel=\"\">\n<p align=\"justify\">En esta secci\u00f3n se ir\u00e1n publicando todos los recursos en la web que faciliten la b\u00fasqueda de informaci\u00f3n de oposiciones y empleo p\u00fablico.<\/p>\n<p align=\"justify\"><strong>A.- Servicios y oferta p\u00fablica de oposiciones:<\/strong><\/p>\n<ul>\n<li><a href=\"https:\/\/www.gva.es\/va\/web\/temesgva\/inicio\/ciudadanos\" target=\"_blank\" rel=\"noopener noreferrer\">PROP &#8211; Generalitat Valenciana<\/a><\/li>\n<li><a href=\"https:\/\/www.gva.es\/va\/web\/temesgva\/inicio\/ciudadanos\/ciu_areas_tematicas\/ciu_at_empleo\/ciu_at_emp_empleo_publico\" target=\"_blank\" rel=\"noopener noreferrer\">Ofertas de empleo p\u00fablico en el \u00e1mbito de la Comunitat Valenciana<\/a><\/li>\n<li><a href=\"https:\/\/www.valencia.es\/ayuntamiento\/oposiciones.nsf\/fCategoriaVistaOposiciones?readForm&amp;Vista=vCategoriasAcctodas&amp;Categoria=Sin_categoria&amp;idapoyo=5328F553A4516EB3C1257B0A0043CC14&amp;lang=1&amp;nivel=11%5f1\" target=\"_blank\" rel=\"noopener noreferrer\">Ayuntamiento de Valencia (tr\u00e1mites y gestiones: oposiciones)<\/a><\/li>\n<li><a href=\"http:\/\/www.boe.es\/\" target=\"_blank\" rel=\"noopener noreferrer\">Bolet\u00edn Oficial del Estado (BOE)<\/a><\/li>\n<li><a href=\"http:\/\/www.dogv.gva.es\/\" target=\"_blank\" rel=\"noopener noreferrer\">Diario Oficial de la Generalitat Valenciana (DOGV)<\/a><\/li>\n<li><a href=\"https:\/\/eur-lex.europa.eu\/homepage.html\" target=\"_blank\" rel=\"noopener noreferrer\">Diario Oficial de la Uni\u00f3n Europea (DOUE)<\/a><\/li>\n<li><a href=\"https:\/\/bop.dival.es\/bop\/drvisapi.dll\/\" target=\"_blank\" rel=\"noopener noreferrer\">Bolet\u00edn Oficial Provincia de Valencia (Diputaci\u00f3n de Valencia)<\/a><\/li>\n<\/ul>\n<p align=\"justify\"><strong>B.- Portales de informaci\u00f3n especializada sobre oposiciones:<\/strong><\/p>\n<ul>\n<li><a href=\"http:\/\/www.opositor.com\/\" target=\"_blank\" rel=\"noopener noreferrer\">Opositor.com<\/a><\/li>\n<li class=\"_mce_tagged_br\"><a href=\"http:\/\/www.empleopublico.net\/\" target=\"_blank\" rel=\"noopener noreferrer\">Empleop\u00fablico.net&nbsp;<\/a><\/li>\n<li><a href=\"http:\/\/www.canaloposiciones.com\/\" target=\"_blank\" rel=\"noopener noreferrer\">Canal Oposiciones<\/a><\/li>\n<\/ul>\n<\/div>\n<\/div>\n<\/div>\n<\/div>\n<\/div>\n<\/div>\n<\/article>\n<\/div>\n<\/section>\n<\/div>\n<\/div>\n<\/div>\n<\/div>\n<\/div>\n<\/div>\n<\/div>\n<\/article>\n<\/div>\n<\/section>\n<\/div>\n","protected":false},"excerpt":{"rendered":"<p>RECURSOS P\u00daBLICOS: En esta secci\u00f3n se ir\u00e1n publicando todos los recursos en la web que faciliten la b\u00fasqueda de informaci\u00f3n sobre servicios y recursos p\u00fablicos para el empleo. Servicio Valenciano de Ocupaci\u00f3n y Formaci\u00f3n: LABORA Instituto Valenciano de la Competitividad Empresaria IVACE Seguridad Social (Ministerio de Trabajo e Inmigraci\u00f3n). Servicios y Direcciones (Centros de Atenci\u00f3n&hellip;<\/p>\n","protected":false},"author":1,"featured_media":0,"parent":327,"menu_order":0,"comment_status":"closed","ping_status":"closed","template":"","meta":{"ngg_post_thumbnail":0},"_links":{"self":[{"href":"https:\/\/www.fpmislata.com\/wordpress\/wp-json\/wp\/v2\/pages\/330"}],"collection":[{"href":"https:\/\/www.fpmislata.com\/wordpress\/wp-json\/wp\/v2\/pages"}],"about":[{"href":"https:\/\/www.fpmislata.com\/wordpress\/wp-json\/wp\/v2\/types\/page"}],"author":[{"embeddable":true,"href":"https:\/\/www.fpmislata.com\/wordpress\/wp-json\/wp\/v2\/users\/1"}],"replies":[{"embeddable":true,"href":"https:\/\/www.fpmislata.com\/wordpress\/wp-json\/wp\/v2\/comments?post=330"}],"version-history":[{"count":0,"href":"https:\/\/www.fpmislata.com\/wordpress\/wp-json\/wp\/v2\/pages\/330\/revisions"}],"up":[{"embeddable":true,"href":"https:\/\/www.fpmislata.com\/wordpress\/wp-json\/wp\/v2\/pages\/327"}],"wp:attachment":[{"href":"https:\/\/www.fpmislata.com\/wordpress\/wp-json\/wp\/v2\/media?parent=330"}],"curies":[{"name":"wp","href":"https:\/\/api.w.org\/{rel}","templated":true}]}}