{"id":334,"date":"2018-03-11T12:03:42","date_gmt":"2018-03-11T12:03:42","guid":{"rendered":"http:\/\/www.fpmislata.com\/wordpress\/?page_id=334"},"modified":"2023-03-28T03:59:41","modified_gmt":"2023-03-28T07:59:41","slug":"orientacion-academica","status":"publish","type":"page","link":"https:\/\/www.fpmislata.com\/wordpress\/orientacion\/orientacion-academica\/","title":{"rendered":"Orientaci\u00f3n acad\u00e9mica"},"content":{"rendered":"\t\t<div data-elementor-type=\"wp-page\" data-elementor-id=\"334\" class=\"elementor elementor-334\" data-elementor-settings=\"[]\">\n\t\t\t\t\t\t<div class=\"elementor-inner\">\n\t\t\t\t\t\t\t<div class=\"elementor-section-wrap\">\n\t\t\t\t\t\t\t<section class=\"elementor-section elementor-top-section elementor-element elementor-element-4e093a7b elementor-section-boxed elementor-section-height-default elementor-section-height-default\" data-id=\"4e093a7b\" data-element_type=\"section\">\n\t\t\t\t\t\t<div class=\"elementor-container elementor-column-gap-default\">\n\t\t\t\t\t\t\t<div class=\"elementor-row\">\n\t\t\t\t\t<div class=\"elementor-column elementor-col-100 elementor-top-column elementor-element elementor-element-4824c383\" data-id=\"4824c383\" data-element_type=\"column\">\n\t\t\t<div class=\"elementor-column-wrap elementor-element-populated\">\n\t\t\t\t\t\t\t<div class=\"elementor-widget-wrap\">\n\t\t\t\t\t\t<div class=\"elementor-element elementor-element-6e9c8ec8 elementor-widget elementor-widget-text-editor\" data-id=\"6e9c8ec8\" data-element_type=\"widget\" data-widget_type=\"text-editor.default\">\n\t\t\t\t<div class=\"elementor-widget-container\">\n\t\t\t\t\t\t\t\t<div class=\"elementor-text-editor elementor-clearfix\">\n\t\t\t\t\t<p><strong>FP:<\/strong><\/p><p align=\"justify\">En esta secci\u00f3n se ir\u00e1n publicando todos los recursos en la web que faciliten la b\u00fasqueda\u00a0de informaci\u00f3n\u00a0sobre ense\u00f1anzas de Formaci\u00f3n Profesional.<\/p><ul><li><a href=\"http:\/\/www.ceice.gva.es\/va\/web\/formacion-profesional\/oferta1\" target=\"_blank\" rel=\"noopener noreferrer\">Oferta de ciclos formativos de grado medio y grado superior<\/a><\/li><li class=\"_mce_tagged_br\"><a href=\"http:\/\/www.edu.gva.es\/eva\/es\/fp\/pruacc.htm\" target=\"_blank\" rel=\"noopener noreferrer\">Pruebas de acceso a ciclos formativos<\/a><\/li><li><a href=\"http:\/\/www.ceice.gva.es\/va\/web\/formacion-profesional\/pruebas-para-obtener-el-titulo-de-tecnico-y-tecnico-superior\" target=\"_blank\" rel=\"noopener noreferrer\">Pruebas para obtener el t\u00edtulo de t\u00e9cnico y t\u00e9cnico superior<\/a><\/li><li><a href=\"http:\/\/www.ceice.gva.es\/va\/web\/formacion-profesional\/presentacion\" target=\"_blank\" rel=\"noopener noreferrer\">Ense\u00f1anza semipresencial y a distancia de F.P.<\/a><\/li><li><a href=\"http:\/\/www.ceice.gva.es\/en\/web\/formacion-profesional\/centros-integrados\" target=\"_blank\" rel=\"noopener noreferrer\">Red\u00a0 P\u00fablica de Centros Integrados de F.P.\u00a0<\/a><\/li><li><a href=\"http:\/\/www.labora.gva.es\/es\/web\/labora-formacio\" target=\"_blank\" rel=\"noopener noreferrer\">Centros Integrados con oferta de formaci\u00f3n profesional para el empleo<\/a><\/li><\/ul><p><strong>Universidad:<\/strong><\/p><p align=\"justify\">En esta secci\u00f3n se ir\u00e1n publicando todos los recursos en la web sobre oferta y acceso a las ense\u00f1anzas universitarias en la Comunidad Valenciana.<\/p><ul><li><a href=\"http:\/\/www.edu.gva.es\/univ\/index_es.asp\" target=\"_blank\" rel=\"noopener noreferrer\">D. G. de Universidades y Estudios Superiores<\/a><\/li><li class=\"_mce_tagged_br\"><a href=\"https:\/\/www.uv.es\/\" target=\"_blank\" rel=\"noopener noreferrer\">Universitat de Val\u00e8ncia<\/a><\/li><li><a href=\"http:\/\/www.upv.es\/estudios\/futuro-alumno\/index-es.html\" target=\"_blank\" rel=\"noopener noreferrer\">Universidad Polit\u00e9cnica de Valencia<\/a><\/li><li><a href=\"http:\/\/www.uji.es\/\" target=\"_blank\" rel=\"noopener noreferrer\">Universitat Jaume I de Castell\u00f3n<\/a><\/li><li><a href=\"http:\/\/www.ua.es\/\" target=\"_blank\" rel=\"noopener noreferrer\">Universidad de Alicante<\/a><\/li><li><a href=\"https:\/\/www.umh.es\/\" target=\"_blank\" rel=\"noopener noreferrer\">Universidad Miguel Hern\u00e1ndez de Elche<\/a><\/li><li><a href=\"https:\/\/www.uchceu.es\/\" target=\"_blank\" rel=\"noopener noreferrer\">U. Cardenal Herrera-CEU (privada)<\/a><\/li><li><a href=\"http:\/\/www.ucv.es\" target=\"_blank\" rel=\"noopener noreferrer\">U. Cat\u00f3lica de Valencia (privada)<\/a><\/li><li><a href=\"http:\/\/www.floridauniversitaria.es\" target=\"_blank\" rel=\"noopener noreferrer\">Florida Universit\u00e0ria\u00a0(privada)<\/a><\/li><li><a href=\"https:\/\/universidadeuropea.com\/conocenos\/valencia\/\" target=\"_blank\" rel=\"noopener noreferrer\">Universidad Europea de Valencia (privada)<\/a><\/li><li><a href=\"https:\/\/www.universidadviu.com\/es\/\" target=\"_blank\" rel=\"noopener noreferrer\">Universidad Internacional de Valencia (privada)<\/a><\/li><li><a href=\"https:\/\/edem.eu\/\" target=\"_blank\" rel=\"noopener noreferrer\">EDEM Escuela de empresa y negocios (privada)<\/a><\/li><\/ul><p><strong>Otros estudios:<\/strong><\/p><p align=\"justify\">En esta secci\u00f3nse ir\u00e1n publicando todos los recursos en la web sobre estudios no universitarios.<\/p><ul><li class=\"_mce_tagged_br\"><a href=\"http:\/\/www.ceice.gva.es\/es\/web\/ordenacion-academica\/formacion-de-personas-adultas\" target=\"_blank\" rel=\"noopener noreferrer\">Formaci\u00f3n personas adultas<\/a><\/li><li class=\"_mce_tagged_br\"><a href=\"https:\/\/portal.edu.gva.es\/ceedcv\/\" target=\"_blank\" rel=\"noopener noreferrer\">Ense\u00f1anza a distancia<\/a><\/li><li><a href=\"http:\/\/www.educacionyfp.gob.es\/gl\/contenidos\/estudiantes\/ensenanza-idiomas\/informacion-general\/organizacion.html\" target=\"_blank\" rel=\"noopener noreferrer\">Ense\u00f1anzas de idiomas<\/a><\/li><li><a href=\"http:\/\/eoi.gva.es\/es\" target=\"_blank\" rel=\"noopener noreferrer\">Escuelas oficiales de idiomas de la Comunitat Valenciana<\/a><\/li><li><a href=\"https:\/\/www.gva.es\/es\/web\/temesgva\/inicio\/ciudadanos\/ciu_quiero_estudiar_y_formarme\/ciu_qeyf_aprendizaje_del_valenciano\" target=\"_blank\" rel=\"noopener noreferrer\">Conocimiento y estudio del valenciano<\/a><\/li><li><a href=\"http:\/\/www.ceice.gva.es\/es\/web\/ordenacion-academica\/formacion-de-personas-adultas\/oferta-formativa\" target=\"_blank\" rel=\"noopener noreferrer\">Cursos ofertados en centros de Formaci\u00f3n de Personas Adultas<\/a><\/li><li><a href=\"http:\/\/www.thatsenglish.com\/\" target=\"_blank\" rel=\"noopener noreferrer\">Estudio oficial de ingl\u00e9s on-line<\/a><\/li><\/ul><p><strong>Universidades a distancia:<\/strong><\/p><p align=\"justify\">En esta secci\u00f3n se ir\u00e1n publicando todos los recursos en la web que faciliten la b\u00fasqueda\u00a0de informaci\u00f3n\u00a0sobre universidades a distancia.<\/p><ul><li><a href=\"https:\/\/www.uned.es\/universidad\/inicio.html\" target=\"_blank\" rel=\"noopener noreferrer\">Universidad Nacional de Educaci\u00f3n a Distancia<\/a><\/li><li class=\"_mce_tagged_br\"><a href=\"https:\/\/www.uoc.edu\/portal\/es\/index.html\" target=\"_blank\" rel=\"noopener noreferrer\">Universitat Oberta de Catalunya<\/a><\/li><li><a href=\"https:\/\/www.universidadviu.com\/es\/grados-online?c=I90502M7001\" target=\"_blank\" rel=\"noopener noreferrer\">Universitat Internacional Valenciana<\/a><\/li><li><a href=\"https:\/\/www.unir.net\/\" target=\"_blank\" rel=\"noopener noreferrer\">Universidad Internacional de la Rioja<\/a><a href=\"http:\/\/www.unir.net\/\" target=\"_blank\" rel=\"noopener noreferrer\">\u00a0<\/a><\/li><\/ul><p><strong>Becas:<\/strong><\/p><div id=\"maininner\" class=\"grid-box\"><section id=\"content\" class=\"grid-block\"><div id=\"system\"><article class=\"item\"><div class=\"content clearfix\"><div class=\"moduletable\"><div data-tabs=\"118\"><div class=\"sprocket-tabs layout-top animation-slideandfade\"><div class=\"sprocket-tabs-panels\"><div class=\"sprocket-tabs-panel active\" data-tabs-panel=\"\"><p align=\"justify\">En esta secci\u00f3n se ir\u00e1n publicando todos los recursos en la web que faciliten la b\u00fasqueda\u00a0de informaci\u00f3n\u00a0sobre becas y ayudas al estudio.<\/p><ul><li><a href=\"http:\/\/www.educacionyfp.gob.es\/eu\/servicios-al-ciudadano\/catalogo\/estudiantes\/becas-ayudas\/para-estudiar\/formacion-profesional.html\" target=\"_blank\" rel=\"noopener noreferrer\">Ministerio de Educaci\u00f3n<\/a><\/li><li class=\"_mce_tagged_br\"><a href=\"http:\/\/www.ceice.gva.es\/va\/web\/formacion-profesional\/becas-ayudas-y-premios\" target=\"_blank\" rel=\"noopener noreferrer\">Conselleria de Educaci\u00f3n<\/a><\/li><li><a href=\"http:\/\/www.ceice.gva.es\/es\/web\/formacion-profesional\/fct-europa\" target=\"_blank\" rel=\"noopener noreferrer\">Becas para estudiantes F.P. (pr\u00e1cticas formativas en Europa): FCT en Europa<\/a><\/li><li><a href=\"http:\/\/www.ceice.gva.es\/es\/web\/formacion-profesional\/erasmus-\" target=\"_blank\" rel=\"noopener noreferrer\">Becas Erasmus+ <\/a><\/li><li><a href=\"http:\/\/www.hablamosdeeuropa.es\/nomeparo\/formacion\/estudiante-fp\" target=\"_blank\" rel=\"noopener noreferrer\">Becas Leonardo<\/a><\/li><li><a href=\"http:\/\/www.educacionyfp.gob.es\/en\/servicios-al-ciudadano\/catalogo\/estudiantes\/becas-ayudas\/para-estudiar\/universidad.html\" target=\"_blank\" rel=\"noopener noreferrer\">Becas para la universidad (Ministerio)<\/a><\/li><li><a href=\"http:\/\/innova.gva.es\/es\/web\/universidad\/becas-de-estudios-universitarios\" target=\"_blank\" rel=\"noopener noreferrer\">Becas para la universidad (Generalitat Valenciana)<\/a><\/li><li><a href=\"http:\/\/ivaj.gva.es\/es\/inici\" target=\"_blank\" rel=\"noopener noreferrer\">Institut Valenci\u00e0 de la Joventud<\/a><\/li><li><a href=\"http:\/\/www.becas.com\/\" target=\"_blank\" rel=\"noopener noreferrer\">Portal de informaci\u00f3n sobre becas (becas.com)<\/a><\/li><\/ul><p><strong>Portales especializados:<\/strong><\/p><p>En esta secci\u00f3n se ir\u00e1n publicando todos los recursos en la web sobre portales especializados para la orientaci\u00f3n acad\u00e9mica.<\/p><ul><li><a href=\"http:\/\/todofp.es\/\" target=\"_blank\" rel=\"noopener noreferrer\">Todofp.es<\/a>\u00a0(Portal sobre orientaci\u00f3n profesional y estudios de FP del Ministerio de Educaci\u00f3n)<\/li><li class=\"_mce_tagged_br\"><a href=\"https:\/\/www.qestudio.com\/\" target=\"_blank\" rel=\"noopener noreferrer\">Qestudio.com<\/a>\u00a0(Revista de orientaci\u00f3n acad\u00e9mica y profesional on-line)<\/li><li class=\"_mce_tagged_br\"><a href=\"http:\/\/www.educaweb.com\/\" target=\"_blank\" rel=\"noopener noreferrer\">Educaweb.com<\/a>\u00a0(Portal de informaci\u00f3n sobres estudios y profesiones)<\/li><li class=\"_mce_tagged_br\"><a href=\"http:\/\/www.kekiero.es\/\" target=\"_blank\" rel=\"noopener noreferrer\">Kekiero.es<\/a>\u00a0(Portal de orientaci\u00f3n acad\u00e9mica y profesional)<\/li><li class=\"_mce_tagged_br\"><a href=\"http:\/\/www.tusestudios.com\/\" target=\"_blank\" rel=\"noopener noreferrer\">Tusestudios.com<\/a>\u00a0(Portal de informaci\u00f3n acad\u00e9mica general)<\/li><li class=\"_mce_tagged_br\"><a href=\"http:\/\/www.universia.es\/\" target=\"_blank\" rel=\"noopener noreferrer\">Universia.es<\/a>\u00a0(Portal de informaci\u00f3n sobre estudios universitarios)<\/li><li><a href=\"https:\/\/fundacionuniversidadempresa.es\/es\/\" target=\"_blank\" rel=\"noopener noreferrer\">Fundaci\u00f3n Universidad-Empresa<\/a>\u00a0<\/li><\/ul><\/div><\/div><\/div><\/div><\/div><\/div><\/article><\/div><\/section><\/div>\t\t\t\t\t<\/div>\n\t\t\t\t\t\t<\/div>\n\t\t\t\t<\/div>\n\t\t\t\t\t\t<\/div>\n\t\t\t\t\t<\/div>\n\t\t<\/div>\n\t\t\t\t\t\t\t\t<\/div>\n\t\t\t\t\t<\/div>\n\t\t<\/section>\n\t\t\t\t\t\t<\/div>\n\t\t\t\t\t\t<\/div>\n\t\t\t\t\t<\/div>\n\t\t","protected":false},"excerpt":{"rendered":"<p>FP: En esta secci\u00f3n se ir\u00e1n publicando todos los recursos en la web que faciliten la b\u00fasqueda\u00a0de informaci\u00f3n\u00a0sobre ense\u00f1anzas de Formaci\u00f3n Profesional. Oferta de ciclos formativos de grado medio y grado superior Pruebas de acceso a ciclos formativos Pruebas para obtener el t\u00edtulo de t\u00e9cnico y t\u00e9cnico superior Ense\u00f1anza semipresencial y a distancia de F.P.&hellip;<\/p>\n","protected":false},"author":1,"featured_media":0,"parent":327,"menu_order":0,"comment_status":"closed","ping_status":"closed","template":"","meta":{"ngg_post_thumbnail":0},"_links":{"self":[{"href":"https:\/\/www.fpmislata.com\/wordpress\/wp-json\/wp\/v2\/pages\/334"}],"collection":[{"href":"https:\/\/www.fpmislata.com\/wordpress\/wp-json\/wp\/v2\/pages"}],"about":[{"href":"https:\/\/www.fpmislata.com\/wordpress\/wp-json\/wp\/v2\/types\/page"}],"author":[{"embeddable":true,"href":"https:\/\/www.fpmislata.com\/wordpress\/wp-json\/wp\/v2\/users\/1"}],"replies":[{"embeddable":true,"href":"https:\/\/www.fpmislata.com\/wordpress\/wp-json\/wp\/v2\/comments?post=334"}],"version-history":[{"count":3,"href":"https:\/\/www.fpmislata.com\/wordpress\/wp-json\/wp\/v2\/pages\/334\/revisions"}],"predecessor-version":[{"id":11494,"href":"https:\/\/www.fpmislata.com\/wordpress\/wp-json\/wp\/v2\/pages\/334\/revisions\/11494"}],"up":[{"embeddable":true,"href":"https:\/\/www.fpmislata.com\/wordpress\/wp-json\/wp\/v2\/pages\/327"}],"wp:attachment":[{"href":"https:\/\/www.fpmislata.com\/wordpress\/wp-json\/wp\/v2\/media?parent=334"}],"curies":[{"name":"wp","href":"https:\/\/api.w.org\/{rel}","templated":true}]}}