{"id":5996,"date":"2020-09-17T04:42:22","date_gmt":"2020-09-17T08:42:22","guid":{"rendered":"https:\/\/www.fpmislata.com\/wordpress\/?page_id=5996"},"modified":"2020-09-23T02:59:42","modified_gmt":"2020-09-23T06:59:42","slug":"nueva-oferta-formativa","status":"publish","type":"page","link":"https:\/\/www.fpmislata.com\/wordpress\/nueva-oferta-formativa\/","title":{"rendered":"Novedad"},"content":{"rendered":"<p>Este curso 20\/21 en el CIPFP Mislata&nbsp; a\u00f1adimos a nuestra oferta formativa los siguientes ciclos formativos&nbsp; y Curso de Especializaci\u00f3n.<\/p>\n<div class=\"su-heading su-heading-style-default su-heading-align-center\" id=\"\" style=\"font-size:17px;margin-bottom:20px\"><div class=\"su-heading-inner\">CICLOS FORMATIVOS<\/div><\/div>\n<div><span class=\"su-frame su-frame-align-left su-frame-style-default\"><span class=\"su-frame-inner\"><a href=\"https:\/\/www.fpmislata.com\/wordpress\/formacion\/ciclos-formativos-administracion-ga-sga-af\/\">Ciclo Superior de Administraci\u00f3n y Finanzas en modalidad Semipresencia<\/a>l&nbsp;<\/span><\/span>&nbsp;<span class=\"su-frame su-frame-align-left su-frame-style-default\"><span class=\"su-frame-inner\"> &nbsp;<a href=\"https:\/\/www.fpmislata.com\/wordpress\/formacion\/ciclos-formativos-en-turismo-gia-avge-gat\/\">Ciclo Superior en Gesti\u00f3n de Alojamientos Tur\u00edsticos en modalidad Semipresencial<\/a>&nbsp;<\/div>\n<div class=\"su-spacer\" style=\"height:20px\"><\/div>\n<p>El proceso de admisi\u00f3n de estos ciclos, estar\u00e1 abierto&nbsp; desde e<strong>l 23 al 28 de septiembre<\/strong>. Se realizar\u00e1 de forma telem\u00e1tica.<\/p>\n<p><a href=\"https:\/\/www.fpmislata.com\/wordpress\/secretaria\/proceso-admision-informacion\/proceso-de-admision-calendario-de-admision-extraordinario\/\">Ver calendario Admisi\u00f3n y Matricula&nbsp;<\/a><\/p>\n<p><a href=\"http:\/\/www.ceice.gva.es\/va\/web\/formacion-profesional\/admision-alumnado-en-ciclos-formativos\">Informaci\u00f3n Web Conselleria<\/a><\/p>\n<div class=\"su-button-center\"><a href=\"https:\/\/itaca.edu.gva.es\/itacatel\/init.do?lang=es&amp;conv=375\" class=\"su-button su-button-style-default\" style=\"color:#ffffff;background-color:#ef412d;border-color:#c03424;border-radius:34px;-moz-border-radius:34px;-webkit-border-radius:34px\" target=\"_self\"><span style=\"color:#ffffff;padding:0px 18px;font-size:14px;line-height:28px;border-color:#f47a6c;border-radius:34px;-moz-border-radius:34px;-webkit-border-radius:34px;text-shadow:none;-moz-text-shadow:none;-webkit-text-shadow:none\"> Inscripci\u00f3n telem\u00e1tica<\/span><\/a><\/div>\n<p><a href=\"https:\/\/portal.edu.gva.es\/telematricula\/es\/inicio\/\">Portal web matr\u00edcula telem\u00e1tica<\/a><\/p>\n<p>&nbsp;<\/p>\n<div class=\"su-spacer\" style=\"height:20px\"><\/div>\n<div class=\"su-heading su-heading-style-default su-heading-align-center\" id=\"\" style=\"font-size:17px;margin-bottom:20px\"><div class=\"su-heading-inner\">CURSO ESPECIALIZACI\u00d3N <\/div><\/div>\n<\/span><\/span>&nbsp;<span class=\"su-frame su-frame-align-left su-frame-style-default\"><span class=\"su-frame-inner\"><a href=\"https:\/\/www.fpmislata.com\/wordpress\/formacion\/ciclos-formativos-informatica-smr-daw-dam-asir\/\"> Curso de Especializaci\u00f3n en Ciberseguridad en las tecnolog\u00edas de la informaci\u00f3n<\/a><\/span><\/span>\n<div class=\"su-spacer\" style=\"height:20px\"><\/div>\n<p>Abiero el plazo de inscripci\u00f3n desde Conselleria. <strong>Desde el 21 al 24 de septiembre.<\/strong>&nbsp;<\/p>\n<p><a href=\"http:\/\/www.ceice.gva.es\/va\/web\/formacion-profesional\/admision-alumnado-en-ciclos-formativos\">Informaci\u00f3n Web Conselleria&nbsp;<\/a><\/p>\n<p><a href=\"http:\/\/www.ceice.gva.es\/documents\/161863064\/172294954\/Resum_calendari_CE.pdf\/11641496-2fcf-4f4c-b42f-ae669b0f5af9\">Ver calendario Admisi\u00f3n y Matricula<\/a><\/p>\n<div class=\"su-button-center\"><a href=\"https:\/\/forms.edu.gva.es\/limesurvey\/index.php\/574211?newtest=Y&amp;lang=ca-valencia\" class=\"su-button su-button-style-default\" style=\"color:#ffffff;background-color:#ef412d;border-color:#c03424;border-radius:34px;-moz-border-radius:34px;-webkit-border-radius:34px\" target=\"_self\"><span style=\"color:#ffffff;padding:0px 18px;font-size:14px;line-height:28px;border-color:#f47a6c;border-radius:34px;-moz-border-radius:34px;-webkit-border-radius:34px;text-shadow:none;-moz-text-shadow:none;-webkit-text-shadow:none\"> solicitud Admisi\u00f3n <\/span><\/a><\/div>\n<div class=\"su-spacer\" style=\"height:20px\"><\/div>\n<div class=\"su-divider su-divider-style-default\" style=\"margin:15px 0;border-width:3px;border-color:#999999\"><a href=\"#\" style=\"color:#999999\">Ir arriba<\/a><\/div>\n<p>Dispones de m\u00e1s informaci\u00f3n de los ciclos formativos en los enlaces correspondientes. El curso de especializaci\u00f3n es una novedad formativa, pensada para los titulados en ciclos superiores.&nbsp;<\/p>\n","protected":false},"excerpt":{"rendered":"<p>Este curso 20\/21 en el CIPFP Mislata&nbsp; a\u00f1adimos a nuestra oferta formativa los siguientes ciclos formativos&nbsp; y Curso de Especializaci\u00f3n. &nbsp;&nbsp; &nbsp; Abiero el plazo de inscripci\u00f3n desde Conselleria. Desde el 21 al 24 de septiembre.&nbsp; Informaci\u00f3n Web Conselleria&nbsp; Ver calendario Admisi\u00f3n y Matricula &nbsp; Dispones de m\u00e1s informaci\u00f3n de los ciclos formativos en los&hellip;<\/p>\n","protected":false},"author":1,"featured_media":6014,"parent":0,"menu_order":0,"comment_status":"closed","ping_status":"closed","template":"","meta":{"ngg_post_thumbnail":0},"_links":{"self":[{"href":"https:\/\/www.fpmislata.com\/wordpress\/wp-json\/wp\/v2\/pages\/5996"}],"collection":[{"href":"https:\/\/www.fpmislata.com\/wordpress\/wp-json\/wp\/v2\/pages"}],"about":[{"href":"https:\/\/www.fpmislata.com\/wordpress\/wp-json\/wp\/v2\/types\/page"}],"author":[{"embeddable":true,"href":"https:\/\/www.fpmislata.com\/wordpress\/wp-json\/wp\/v2\/users\/1"}],"replies":[{"embeddable":true,"href":"https:\/\/www.fpmislata.com\/wordpress\/wp-json\/wp\/v2\/comments?post=5996"}],"version-history":[{"count":0,"href":"https:\/\/www.fpmislata.com\/wordpress\/wp-json\/wp\/v2\/pages\/5996\/revisions"}],"wp:featuredmedia":[{"embeddable":true,"href":"https:\/\/www.fpmislata.com\/wordpress\/wp-json\/wp\/v2\/media\/6014"}],"wp:attachment":[{"href":"https:\/\/www.fpmislata.com\/wordpress\/wp-json\/wp\/v2\/media?parent=5996"}],"curies":[{"name":"wp","href":"https:\/\/api.w.org\/{rel}","templated":true}]}}