{"id":626,"date":"2018-03-31T10:55:57","date_gmt":"2018-03-31T14:55:57","guid":{"rendered":"http:\/\/www.fpmislata.com\/wordpress\/?page_id=626"},"modified":"2022-01-05T13:46:16","modified_gmt":"2022-01-05T17:46:16","slug":"pruebas-libres-informacion","status":"publish","type":"page","link":"https:\/\/www.fpmislata.com\/wordpress\/secretaria\/pruebas\/pruebas-libres-informacion\/","title":{"rendered":"Pruebas libres. Informaci\u00f3n previa"},"content":{"rendered":"<p><span style=\"color: #000000; font-size: 10pt;\"><strong>PRUEBAS LIBRES. INFORMACI\u00d3N PREVIA<\/strong><\/span><\/p>\n<ul>\n<li><span style=\"color: #000000; font-size: 12pt;\"><span style=\"font-size: 10pt;\">NORMATIVA<\/span>: <\/span><a href=\"http:\/\/www.ceice.gva.es\/web\/formacion-profesional\/pruebas-para-obtener-el-titulo-de-tecnico-y-tecnico-superior\" target=\"_blank\" rel=\"noopener noreferrer\">Web Conseller\u00eda de Educaci\u00f3n<\/a><\/li>\n<li style=\"text-align: justify;\"><a href=\"http:\/\/www.dogv.gva.es\/datos\/2021\/03\/03\/pdf\/2021_1657.pdf\" target=\"_blank\" rel=\"noopener noreferrer\" data-wplink-edit=\"true\">RESOLUCI\u00d3N de 15 de diciembre de 2021<\/a>, de la Direcci\u00f3n General de Formaci\u00f3n Profesional y Ense\u00f1anzas de R\u00e9gimen Especial, por la que se convocan pruebas para la obtenci\u00f3n de los t\u00edtulos de t\u00e9cnico y de t\u00e9cnico superior de Formaci\u00f3n Profesional<\/li>\n<\/ul>\n<p>&nbsp;<\/p>\n<p><span style=\"color: #000000; font-size: 10pt;\"><strong>CICLOS QUE MATRICULA EL CIPFP MISLATA CURSO 2021\/22:<\/strong><\/span><\/p>\n<ul>\n<li><span style=\"color: #000000; font-size: 10pt;\">CFGS Agencias de Viaje y Gesti\u00f3n de Eventos<\/span><\/li>\n<\/ul>\n<p><strong style=\"color: #000000; font-size: 10pt;\">PLAZO DE INSCRIPCI\u00d3N:<\/strong><\/p>\n<ul>\n<li><span style=\"color: #000000; font-size: 10pt;\">Del 10 al 21 de enero de 2022<\/span><\/li>\n<\/ul>\n<p><span style=\"color: #000000; font-size: 10pt;\"><strong>REQUISITOS DE PARTICIPACI\u00d3N:<\/strong><\/span><\/p>\n<p><span style=\"color: #000000; font-size: 10pt;\">Para participar en las pruebas de obtenci\u00f3n de los t\u00edtulos ser\u00e1 necesario cumplir los siguientes requisitos:<\/span><\/p>\n<ol>\n<li><span style=\"color: #000000; font-size: 10pt;\">Tener, al menos, dieciocho a\u00f1os de edad para los t\u00edtulos de T\u00e9cnico, y veinte a\u00f1os para los de T\u00e9cnico Superior o diecinueve a\u00f1os para quienes est\u00e9n en posesi\u00f3n del t\u00edtulo de T\u00e9cnico. La condici\u00f3n de edad se entender\u00e1 cumplida durante el a\u00f1o 2021.<\/span><\/li>\n<li><span style=\"color: #000000; font-size: 10pt;\">Poseer alguna de las titulaciones o formaciones que se enumeran a continuaci\u00f3n:<\/span><\/li>\n<\/ol>\n<p><span style=\"color: #000000; font-size: 10pt;\"><strong>Para los ciclos formativos de grado medio:<\/strong><\/span><\/p>\n<ul>\n<li><span style=\"color: #000000; font-size: 10pt;\">T\u00edtulo de Graduado en Educaci\u00f3n Secundaria Obligatoria.<\/span><\/li>\n<li><span style=\"color: #000000; font-size: 10pt;\">T\u00edtulo de Graduado en Educaci\u00f3n Secundaria.<\/span><\/li>\n<li><span style=\"color: #000000; font-size: 10pt;\">T\u00edtulo de Bachiller Superior.<\/span><\/li>\n<li><span style=\"color: #000000; font-size: 10pt;\">T\u00edtulo de T\u00e9cnico Auxiliar.<\/span><\/li>\n<li><span style=\"color: #000000; font-size: 10pt;\">T\u00edtulo de T\u00e9cnico.<\/span><\/li>\n<li><span style=\"color: #000000; font-size: 10pt;\">T\u00edtulo Profesional B\u00e1sico.<\/span><\/li>\n<li><span style=\"color: #000000; font-size: 10pt;\">Haber superado los dos primeros cursos del Bachillerato Unificado y Polivalente con un m\u00e1ximo, en conjunto, de dos materias pendientes.<\/span><\/li>\n<li><span style=\"color: #000000; font-size: 10pt;\">Haber superado el segundo curso del primer ciclo experimental de reforma de las ense\u00f1anzas medias.<\/span><\/li>\n<li><span style=\"color: #000000; font-size: 10pt;\">Haber superado, de las ense\u00f1anzas de Artes Aplicadas y Oficios Art\u00edsticos, el tercer curso del plan de 1963, o el segundo de comunes experimental.<\/span><\/li>\n<li><span style=\"color: #000000; font-size: 10pt;\">Haber superado otros estudios declarados equivalentes a efectos acad\u00e9micos con alguno de los anteriores.<\/span><\/li>\n<li><span style=\"color: #000000; font-size: 10pt;\">Haber superado la prueba de acceso a los ciclos formativos de grado medio.<\/span><\/li>\n<li><span style=\"color: #000000; font-size: 10pt;\">Reunir alguno de los requisitos establecidos en el siguiente apartado para el acceso a los ciclos formativos de grado superior.<\/span><\/li>\n<\/ul>\n<p><span style=\"color: #000000; font-size: 10pt;\"><strong>Para los ciclos formativos de grado superior:<\/strong><\/span><\/p>\n<ul>\n<li><span style=\"color: #000000; font-size: 10pt;\">T\u00edtulo de Bachiller determinado en la LOE.<\/span><\/li>\n<li><span style=\"color: #000000; font-size: 10pt;\">T\u00edtulo de Bachiller establecido en la LOGSE.<\/span><\/li>\n<li><span style=\"color: #000000; font-size: 10pt;\">T\u00edtulo de T\u00e9cnico Especialista, T\u00e9cnico Superior o equivalente a efectos acad\u00e9micos.<\/span><\/li>\n<li><span style=\"color: #000000; font-size: 10pt;\">T\u00edtulo de T\u00e9cnico, obtenido al amparo de la LOGSE o de la LOE.<\/span><\/li>\n<li><span style=\"color: #000000; font-size: 10pt;\">T\u00edtulo de Bachiller, expedido despu\u00e9s de cursar el antiguo Bachillerato Unificado y Polivalente (Orden EFP\/1210\/2021, de 2 de noviembre).<\/span><\/li>\n<li><span style=\"color: #000000; font-size: 10pt;\">Haber superado el segundo curso de cualquier modalidad de Bachillerato Experimental.<\/span><\/li>\n<li><span style=\"color: #000000; font-size: 10pt;\">Haber superado el Curso de Orientaci\u00f3n Universitaria o el preuniversitario.<\/span><\/li>\n<li><span style=\"color: #000000; font-size: 10pt;\">Estar en posesi\u00f3n de una titulaci\u00f3n universitaria o equivalente.<\/span><\/li>\n<li><span style=\"color: #000000; font-size: 10pt;\">Haber superado otros estudios declarados equivalentes a efectos acad\u00e9micos con los t\u00edtulos o formaciones enumerados en este apartado.<\/span><\/li>\n<li><span style=\"color: #000000; font-size: 10pt;\">Haber superado la prueba de acceso al ciclo formativo de grado superior para el que solicita la matriculaci\u00f3n.<\/span><\/li>\n<li><span style=\"color: #000000; font-size: 10pt;\">Haber superado la prueba de acceso a la universidad para mayores de 25 a\u00f1os.<\/span><\/li>\n<\/ul>\n<p><span style=\"color: #000000; font-size: 10pt;\"><strong>IMPORTANTE:<\/strong><\/span><\/p>\n<p style=\"text-align: justify;\"><span style=\"color: #000000; font-size: 10pt;\">Durante el curso acad\u00e9mico en el que se celebra la prueba, <strong>el alumnado no podr\u00e1 estar matriculado en las ense\u00f1anzas conducentes a un t\u00edtulo y, simult\u00e1neamente, en las pruebas que tienen por objeto la obtenci\u00f3n del mismo t\u00edtulo convocadas por esta o cualquier otra administraci\u00f3n educativa.<\/strong><\/span><\/p>\n<p style=\"text-align: justify;\"><span style=\"color: #000000; font-size: 10pt;\">El incumplimiento de lo aqu\u00ed dispuesto conllevar\u00e1 la anulaci\u00f3n de la solicitud de inscripci\u00f3n y matr\u00edcula en la presente convocatoria y de los resultados acad\u00e9micos en ella obtenidos.<\/span><\/p>\n<p style=\"text-align: justify;\"><span style=\"color: #000000; font-size: 10pt;\">No obstante lo anterior, los alumnos matriculados en el curso en el que se celebra la prueba en ense\u00f1anzas de r\u00e9gimen presencial o semipresencial o a distancia en centros de la Comunitat Valenciana que, antes de la conclusi\u00f3n del plazo de matriculaci\u00f3n en las pruebas, hayan agotado en alg\u00fan m\u00f3dulo el n\u00famero de convocatorias establecido en la normativa vigente para su superaci\u00f3n, podr\u00e1n matricularse de dichos m\u00f3dulos profesionales en las pruebas convocadas en esta resoluci\u00f3n.<\/span><\/p>\n<ul>\n<li><a href=\"http:\/\/www.fpmislata.com\/wordpress\/secretaria\/pruebas-libres-calendario\/\" target=\"_blank\" rel=\"noopener noreferrer\">Calendario<\/a><\/li>\n<li><a href=\"http:\/\/www.fpmislata.com\/wordpress\/secretaria\/pruebas-libres-inscripcion\/\" target=\"_blank\" rel=\"noopener noreferrer\">Inscripci\u00f3n<\/a><\/li>\n<li><a href=\"http:\/\/www.fpmislata.com\/wordpress\/secretaria\/pruebas-libres-curriculum\/\" target=\"_blank\" rel=\"noopener noreferrer\">Curriculum<\/a><\/li>\n<li><a href=\"http:\/\/www.fpmislata.com\/wordpress\/secretaria\/646-2\/\">Calendario de ex\u00e1menes<\/a><\/li>\n<\/ul>\n","protected":false},"excerpt":{"rendered":"<p>PRUEBAS LIBRES. INFORMACI\u00d3N PREVIA NORMATIVA: Web Conseller\u00eda de Educaci\u00f3n RESOLUCI\u00d3N de 15 de diciembre de 2021, de la Direcci\u00f3n General de Formaci\u00f3n Profesional y Ense\u00f1anzas de R\u00e9gimen Especial, por la que se convocan pruebas para la obtenci\u00f3n de los t\u00edtulos de t\u00e9cnico y de t\u00e9cnico superior de Formaci\u00f3n Profesional &nbsp; CICLOS QUE MATRICULA EL CIPFP&hellip;<\/p>\n","protected":false},"author":1,"featured_media":7947,"parent":549,"menu_order":0,"comment_status":"closed","ping_status":"closed","template":"","meta":{"ngg_post_thumbnail":0},"_links":{"self":[{"href":"https:\/\/www.fpmislata.com\/wordpress\/wp-json\/wp\/v2\/pages\/626"}],"collection":[{"href":"https:\/\/www.fpmislata.com\/wordpress\/wp-json\/wp\/v2\/pages"}],"about":[{"href":"https:\/\/www.fpmislata.com\/wordpress\/wp-json\/wp\/v2\/types\/page"}],"author":[{"embeddable":true,"href":"https:\/\/www.fpmislata.com\/wordpress\/wp-json\/wp\/v2\/users\/1"}],"replies":[{"embeddable":true,"href":"https:\/\/www.fpmislata.com\/wordpress\/wp-json\/wp\/v2\/comments?post=626"}],"version-history":[{"count":3,"href":"https:\/\/www.fpmislata.com\/wordpress\/wp-json\/wp\/v2\/pages\/626\/revisions"}],"predecessor-version":[{"id":9391,"href":"https:\/\/www.fpmislata.com\/wordpress\/wp-json\/wp\/v2\/pages\/626\/revisions\/9391"}],"up":[{"embeddable":true,"href":"https:\/\/www.fpmislata.com\/wordpress\/wp-json\/wp\/v2\/pages\/549"}],"wp:featuredmedia":[{"embeddable":true,"href":"https:\/\/www.fpmislata.com\/wordpress\/wp-json\/wp\/v2\/media\/7947"}],"wp:attachment":[{"href":"https:\/\/www.fpmislata.com\/wordpress\/wp-json\/wp\/v2\/media?parent=626"}],"curies":[{"name":"wp","href":"https:\/\/api.w.org\/{rel}","templated":true}]}}