{"id":8129,"date":"2021-05-21T12:35:36","date_gmt":"2021-05-21T16:35:36","guid":{"rendered":"https:\/\/www.fpmislata.com\/wordpress\/?page_id=8129"},"modified":"2022-09-19T01:46:40","modified_gmt":"2022-09-19T05:46:40","slug":"informacion-cursos-especializacion","status":"publish","type":"page","link":"https:\/\/www.fpmislata.com\/wordpress\/secretaria\/proceso-admision-informacion\/informacion-cursos-especializacion\/","title":{"rendered":"Informaci\u00f3n Cursos Especializaci\u00f3n"},"content":{"rendered":"<p><strong><span style=\"font-size: 12pt; color: #000080;\">CURSOS DE ESPECIALIZACI\u00d3N<\/span><\/strong><\/p>\n<hr>\n<p style=\"text-align: justify;\">El Real Decreto 1147\/2011, de 29 de julio, por el que se establece la ordenaci\u00f3n general de la formaci\u00f3n profesional del sistema educativo, regula en su art\u00edculo 27 <span style=\"text-decoration: underline;\">los cursos de especializaci\u00f3n de formaci\u00f3n profesional<\/span> e indica los requisitos y condiciones a que deben ajustarse dichos cursos de especializaci\u00f3n. En el mismo art\u00edculo se indica que versar\u00e1n sobre \u00e1reas que impliquen profundizaci\u00f3n en el campo de conocimiento de los t\u00edtulos de referencia, o bien una ampliaci\u00f3n de las competencias que se incluyen en los mismos. Por tanto, <span style=\"text-decoration: underline;\">en cada curso de especializaci\u00f3n se deben especificar los t\u00edtulos de formaci\u00f3n profesional que dan acceso al mismo.<\/span><\/p>\n<p>En el CIPFP MISLATA se ofertan los siguientes cursos de especializaci\u00f3n:<\/p>\n<ul style=\"list-style-type: circle;\">\n<li><span style=\"color: #ff0000;\">CIBERSEGURIDAD EN ENTORNOS DE LAS TECNOLOG\u00cdAS DE LA INFORMACI\u00d3N<\/span><\/li>\n<li><span style=\"color: #ff0000;\">INTELIGENCIA ARTIFICIAL Y BIG DATA<\/span><\/li>\n<\/ul>\n<p><strong><span style=\"color: #003366;\">REQUISITOS DE ACCESO<\/span><\/strong><\/p>\n<p><a href=\"https:\/\/www.fpmislata.com\/wordpress\/wp-content\/uploads\/Requisitos-acceso-curso-especializaci%C3%B3n.pdf\" target=\"_blank\" rel=\"noopener\">Requisito de Acceso<\/a> curso de especializaci\u00f3n CIBERSEGURIDAD EN ENTORNOS DE LAS TECNOLOG\u00cdAS DE LA INFORMACI\u00d3N<\/p>\n<p><a href=\"https:\/\/www.fpmislata.com\/wordpress\/wp-content\/uploads\/Requisitos-acceso-curso-especializacion-Inteligencia-Artificial-y-Big-Data.pdf\" target=\"_blank\" rel=\"noopener\">Requisito de Acceso<\/a> curso de especializaci\u00f3n INTELIGENCIA ARTIFICIAL Y BIG DATA<\/p>\n<p><span style=\"color: #003366;\"><strong>PROCESO DE ADMISI\u00d3N<\/strong><\/span><\/p>\n<ul style=\"list-style-type: circle;\">\n<li><a href=\"https:\/\/ceice.gva.es\/documents\/161863064\/358535986\/Orientaciones_CE_2022_val.pdf\" target=\"_blank\" rel=\"noopener\">ORIENTACIONES<\/a> Procedimiento de admisi\u00f3n Cursos de Especializaci\u00f3n<\/li>\n<li><span style=\"text-decoration: underline;\">PLAZO<\/span> PARA SOLICITAR CURSOS DE ESPECIALIZACI\u00d3N:\n<ul style=\"list-style-type: disc;\">\n<li>Del 19 al 29 de mayo de 2022<\/li>\n<\/ul>\n<\/li>\n<li>PROCEDIMIENTO:\n<ul style=\"list-style-type: disc;\">\n<li>La solicitud se presentar\u00e1 telem\u00e1ticamente,<span style=\"text-decoration: underline;\"> junto con la documentaci\u00f3n necesaria si ya se dispone de ella<\/span> <a href=\"https:\/\/portal.edu.gva.es\/telematricula\/es\/inicio\/\" target=\"_blank\" rel=\"noopener\">Enlace a solicitud telem\u00e1tica<\/a><\/li>\n<li>Datos solicitados: Certificado acad\u00e9mico oficial con nota media del t\u00edtulo requerido y documentaci\u00f3n acreditativa de la identidad (DNI &#8211; NIE &#8211; Permiso de residencia &#8211; Pasaporte)<\/li>\n<li>Requisito acad\u00e9mico: Quienes obtengan el requisito acad\u00e9mico en el presente curso acad\u00e9mico, lo podr\u00e1n presentar del 29 de junio al 5 de julio de 2022 (Previamente se tiene que haber realizado la solicitud telem\u00e1tica)<\/li>\n<\/ul>\n<\/li>\n<li>CURSOS QUE SE PUEDEN SOLICITAR:\n<ul style=\"list-style-type: disc;\">\n<li>Se pueden solicitar por orden de preferencia dos cursos de especializaci\u00f3n, o bien uno en dos centros diferentes (por orden de preferencia)<\/li>\n<\/ul>\n<\/li>\n<li>LISTAS PROVISIONALES:\n<ul style=\"list-style-type: disc;\">\n<li>18 de julio de 2022<\/li>\n<li>Se publicar\u00e1n en la web de admisi\u00f3n de FP:<br \/>\nhttps:\/\/ceice.gva.es\/es\/web\/formacion-profesional\/admision-alumnado-en-ciclos-formativos<\/li>\n<\/ul>\n<\/li>\n<li>RECLAMACIONES A LAS LISTAS PROVISIONALES:\n<ul style=\"list-style-type: disc;\">\n<li>Del 18 al 20 de julio de 2022&nbsp;<\/li>\n<li>Los participantes podr\u00e1n presentar alegaciones del 18 al 20 de julio ante la Direcci\u00f3n General<br \/>\nde Formaci\u00f3n Profesional y Ense\u00f1anzas de R\u00e9gimen Especial mediante el correo<br \/>\nadmissiofp@gva.es La resoluci\u00f3n de las alegaciones se reflejar\u00e1 en las listas definitivas.<\/li>\n<\/ul>\n<\/li>\n<li>LISTADO DEFINITIVO:\n<ul style=\"list-style-type: disc;\">\n<li>26 de julio de 2022<\/li>\n<li><a href=\"https:\/\/ceice.gva.es\/documents\/161863064\/362530757\/Listados_Definitivos_Admitidos_CE2223.pdf\">Enlace al listado definitivos de alumnado admitido y en lista de espera<\/a><\/li>\n<\/ul>\n<\/li>\n<li>RECLAMACI\u00d3N AL LISTADO DEFINITIVO:\n<ul style=\"list-style-type: disc;\">\n<li>Del 26 al 28 de julio de 2022<\/li>\n<li>Del 26 al 28 de julio, se podr\u00e1 interponer reclamaci\u00f3n ante la Direcci\u00f3n General de Formaci\u00f3n<br \/>\nProfesional y Ense\u00f1anzas de R\u00e9gimen Especial mediante el correo admissiofp@gva.es.<\/li>\n<\/ul>\n<\/li>\n<li>MATR\u00cdCULA:\n<ul style=\"list-style-type: disc;\">\n<li><a href=\"https:\/\/www.fpmislata.com\/wordpress\/wp-content\/uploads\/0-2223-Hoja-de-Instrucciones-alumnos-CURSO-ESPECIALIZACION.pdf\">INSTRUCCIONES<\/a> para la MATR\u00cdCULA.<\/li>\n<li>El sobre de matr\u00edcula se puede recoger en la Conserjer\u00eda del centro, a partir del d\u00eda 8 de septiembre, y siempre antes de la fecha-hora establecida para la matr\u00edcula<\/li>\n<li>Horario matr\u00edcula curso especializaci\u00f3n CIBERSEGURIDAD EN ENTORNOS DE LAS TECNOLOG\u00cdAS DE LA INFORMACI\u00d3N:\n<ul style=\"list-style-type: circle;\">\n<li>D\u00cdA 12\/9\/22 12 HORAS APELLIDOS DE LA A-L<\/li>\n<li>D\u00cdA 12\/9\/22 12:30 HORAS APELLIDOS DE LA M-Z<\/li>\n<\/ul>\n<\/li>\n<li>Horario matr\u00edcula curso especializaci\u00f3n INTELIGENCIA ARTIFICIAL Y BIG DATA\n<ul style=\"list-style-type: circle;\">\n<li>D\u00cdA 13\/9\/22 12 HORAS APELLIDOS DE LA A-L<\/li>\n<li>D\u00cdA 13\/9\/22 12:30 HORAS APELLIDOS DE LA M-Z<\/li>\n<\/ul>\n<\/li>\n<li>En caso de no poder venir en las fechas indicadas, se podr\u00e1 venir con CITA PREVIA hasta el 16\/9\/22. <span style=\"text-decoration: underline;\">EN CASO DE NO MATRICULARSE EN LOS PLAZOS INDICADOS SE PERDER\u00c1 LA PLAZA<\/span><\/li>\n<\/ul>\n<\/li>\n<\/ul>\n<ul>\n<li style=\"list-style-type: none;\">\n<ul>\n<li style=\"list-style-type: none;\">&nbsp;<\/li>\n<\/ul>\n<\/li>\n<\/ul>\n<ul style=\"list-style-type: circle;\">\n<li>LISTA DE ESPERA:\n<ul style=\"list-style-type: disc;\">\n<li>Las vacantes producidas despu\u00e9s de la matr\u00edcula se cubrir\u00e1n con la lista de espera. Se contactar\u00e1 v\u00eda telef\u00f3nica\/correo electr\u00f3nico<\/li>\n<\/ul>\n<\/li>\n<\/ul>\n<p><strong><span style=\"color: #003366;\">REQUISITOS DE ACCESO<\/span><\/strong><\/p>\n<p><a href=\"https:\/\/www.fpmislata.com\/wordpress\/wp-content\/uploads\/Requisitos-acceso-curso-especializaci%C3%B3n.pdf\" target=\"_blank\" rel=\"noopener\">Requisito de Acceso<\/a> curso de especializaci\u00f3n CIBERSEGURIDAD EN ENTORNOS DE LAS TECNOLOG\u00cdAS DE LA INFORMACI\u00d3N<\/p>\n<p><a href=\"https:\/\/www.fpmislata.com\/wordpress\/wp-content\/uploads\/Requisitos-acceso-curso-especializacion-Inteligencia-Artificial-y-Big-Data.pdf\" target=\"_blank\" rel=\"noopener\">Requisito de Acceso<\/a> curso de especializaci\u00f3n INTELIGENCIA ARTIFICIAL Y BIG DATA<\/p>\n<p><span style=\"color: #003366;\"><strong>INFORMACI\u00d3N ADICIONAL<\/strong><\/span><\/p>\n<p><a href=\"https:\/\/www.fpmislata.com\/wordpress\/formacion\/ciclos-formativos-informatica-smr-daw-dam-asir\/\" target=\"_blank\" rel=\"noopener\">Ver materias y turnos<\/a><\/p>\n<p><a href=\"https:\/\/www.boe.es\/boe\/dias\/2020\/05\/13\/pdfs\/BOE-A-2020-4963.pdf\" target=\"_blank\" rel=\"noopener\">Real Decreto<\/a> por el que se establece el curso de especializaci\u00f3n Ciberseguridad en Entornos de la informaci\u00f3n<\/p>\n<p><a href=\"https:\/\/www.boe.es\/boe\/dias\/2021\/05\/10\/pdfs\/BOE-A-2021-7686.pdf\" target=\"_blank\" rel=\"noopener\">Real Decreto<\/a> por el que se establece el curso de especializaci\u00f3n Inteligencia Artificial y Big Data<\/p>\n<p style=\"text-align: justify;\">&nbsp;<\/p>\n<p style=\"font-size: 12.16px; line-height: normal; text-align: justify;\">&nbsp;<\/p>\n","protected":false},"excerpt":{"rendered":"<p>CURSOS DE ESPECIALIZACI\u00d3N El Real Decreto 1147\/2011, de 29 de julio, por el que se establece la ordenaci\u00f3n general de la formaci\u00f3n profesional del sistema educativo, regula en su art\u00edculo 27 los cursos de especializaci\u00f3n de formaci\u00f3n profesional e indica los requisitos y condiciones a que deben ajustarse dichos cursos de especializaci\u00f3n. En el mismo&hellip;<\/p>\n","protected":false},"author":1,"featured_media":0,"parent":290,"menu_order":0,"comment_status":"closed","ping_status":"closed","template":"","meta":{"ngg_post_thumbnail":0},"_links":{"self":[{"href":"https:\/\/www.fpmislata.com\/wordpress\/wp-json\/wp\/v2\/pages\/8129"}],"collection":[{"href":"https:\/\/www.fpmislata.com\/wordpress\/wp-json\/wp\/v2\/pages"}],"about":[{"href":"https:\/\/www.fpmislata.com\/wordpress\/wp-json\/wp\/v2\/types\/page"}],"author":[{"embeddable":true,"href":"https:\/\/www.fpmislata.com\/wordpress\/wp-json\/wp\/v2\/users\/1"}],"replies":[{"embeddable":true,"href":"https:\/\/www.fpmislata.com\/wordpress\/wp-json\/wp\/v2\/comments?post=8129"}],"version-history":[{"count":31,"href":"https:\/\/www.fpmislata.com\/wordpress\/wp-json\/wp\/v2\/pages\/8129\/revisions"}],"predecessor-version":[{"id":10831,"href":"https:\/\/www.fpmislata.com\/wordpress\/wp-json\/wp\/v2\/pages\/8129\/revisions\/10831"}],"up":[{"embeddable":true,"href":"https:\/\/www.fpmislata.com\/wordpress\/wp-json\/wp\/v2\/pages\/290"}],"wp:attachment":[{"href":"https:\/\/www.fpmislata.com\/wordpress\/wp-json\/wp\/v2\/media?parent=8129"}],"curies":[{"name":"wp","href":"https:\/\/api.w.org\/{rel}","templated":true}]}}