{"id":958,"date":"2018-05-03T05:23:05","date_gmt":"2018-05-03T09:23:05","guid":{"rendered":"http:\/\/www.fpmislata.com\/wordpress\/?page_id=958"},"modified":"2026-03-31T07:27:58","modified_gmt":"2026-03-31T11:27:58","slug":"tramites-plazos-mas-habituales","status":"publish","type":"page","link":"https:\/\/www.fpmislata.com\/wordpress\/secretaria\/tramites\/tramites-plazos-mas-habituales\/","title":{"rendered":"Plazos y tr\u00e1mites m\u00e1s habituales"},"content":{"rendered":"\t\t<div data-elementor-type=\"wp-page\" data-elementor-id=\"958\" class=\"elementor elementor-958\" data-elementor-settings=\"[]\">\n\t\t\t\t\t\t<div class=\"elementor-inner\">\n\t\t\t\t\t\t\t<div class=\"elementor-section-wrap\">\n\t\t\t\t\t\t\t<section class=\"elementor-section elementor-top-section elementor-element elementor-element-27189f7e elementor-section-boxed elementor-section-height-default elementor-section-height-default\" data-id=\"27189f7e\" data-element_type=\"section\">\n\t\t\t\t\t\t<div class=\"elementor-container elementor-column-gap-default\">\n\t\t\t\t\t\t\t<div class=\"elementor-row\">\n\t\t\t\t\t<div class=\"elementor-column elementor-col-100 elementor-top-column elementor-element elementor-element-7614ad61\" data-id=\"7614ad61\" data-element_type=\"column\">\n\t\t\t<div class=\"elementor-column-wrap elementor-element-populated\">\n\t\t\t\t\t\t\t<div class=\"elementor-widget-wrap\">\n\t\t\t\t\t\t<div class=\"elementor-element elementor-element-bcf35c4 elementor-widget elementor-widget-text-editor\" data-id=\"bcf35c4\" data-element_type=\"widget\" data-widget_type=\"text-editor.default\">\n\t\t\t\t<div class=\"elementor-widget-container\">\n\t\t\t\t\t\t\t\t<div class=\"elementor-text-editor elementor-clearfix\">\n\t\t\t\t\t<p style=\"text-align: center;\"><strong><span style=\"text-decoration: underline; font-size: 14pt;\"><span style=\"color: #0000ff; text-decoration: underline;\">RESUMEN DE PLAZOS PARA LOS TR\u00c1MITES M\u00c1S HABITUALES<\/span><\/span><\/strong><\/p><p><span style=\"color: #000000;\"><strong><u>RECONOCIMIENTO DE M\u00d3DULOS APROBADOS ANTERIORMENTE<\/u><\/strong><\/span><\/p><p><span style=\"color: #000000;\">Primer y segundo curso -&gt;\u00a0\u00a0\u00a0\u00a0\u00a0\u00a0\u00a0\u00a0\u00a0 Durante el mes de <strong>septiembre<\/strong>\u00a0<span style=\"font-weight: var( --e-global-typography-text-font-weight );\">del curso acad\u00e9mico<\/span><\/span><\/p><p><span style=\"color: #000000;\"><strong><u>CONVALIDACI\u00d3N<\/u><\/strong><\/span><\/p><p><span style=\"color: #000000;\">Primer y segundo curso -&gt; \u00a0\u00a0\u00a0\u00a0\u00a0\u00a0\u00a0\u00a0 Durante 3\u00aa semana <strong>septiembre<\/strong> y 1\u00aa de <strong>octubre<\/strong>\u00a0<span style=\"font-weight: var( --e-global-typography-text-font-weight );\">del curso acad\u00e9mico<\/span><\/span><\/p><p><span style=\"color: #000000;\"><strong><u>ANULACI\u00d3N DE MATR\u00cdCULA (EN SEMIPRESENCIAL TAMBI\u00c9N ANULACI\u00d3N POR M\u00d3DULOS)<\/u><\/strong><\/span><\/p><p><span style=\"color: #000000;\">Primer curso -&gt; \u00a0\u00a0\u00a0\u00a0\u00a0\u00a0\u00a0\u00a0\u00a0\u00a0\u00a0\u00a0\u00a0\u00a0\u00a0\u00a0\u00a0\u00a0\u00a0\u00a0\u00a0\u00a0\u00a0\u00a0\u00a0\u00a0\u00a0 Antes del 3\u00ba <strong>trimestre<\/strong> del curso acad\u00e9mico<\/span><\/p><p><span style=\"color: #000000;\">Segundo curso -&gt; \u00a0\u00a0\u00a0\u00a0\u00a0\u00a0\u00a0\u00a0\u00a0\u00a0\u00a0\u00a0\u00a0\u00a0\u00a0\u00a0\u00a0\u00a0\u00a0\u00a0\u00a0\u00a0\u00a0 Antes de <strong>enero<\/strong>\u00a0<span style=\"font-weight: var( --e-global-typography-text-font-weight );\">del curso acad\u00e9mico<\/span><\/span><\/p><hr \/><div>\u00a0<\/div><div style=\"text-align: center;\"><span style=\"color: #000000; font-size: 14pt;\"><b><u data-olk-copy-source=\"MessageBody\">LFP<\/u><\/b><\/span><b><u><\/u><\/b><\/div><div><span style=\"color: #000000;\"><b><u>RENUNCIA CONVOCATORIA ORDINARIA<\/u><\/b><\/span><\/div><div><span style=\"color: #000000;\">Siempre con motivos justificados antes de\u00a0<b>10 d\u00edas h\u00e1biles<\/b>\u00a0de la fecha de la evaluaci\u00f3n.<\/span><b><u><\/u><\/b><\/div><div>\u00a0<\/div><div><span style=\"color: #000000;\"><b><u>RENUNCIA CONVOCATORIA EXTRAORDINARIA<\/u><\/b><\/span><\/div><div><span style=\"color: #000000;\">En el caso de no superar la convocatoria ordinaria, la persona interesada podr\u00e1 decidir su presentaci\u00f3n a la prueba extraordinaria o renunciar a la misma.<\/span><\/div><div><p>\u00a0<\/p><p><span style=\"color: #000000;\"><strong><u>E<\/u><\/strong><\/span><span style=\"color: #000000;\"><strong><u>XENCI\u00d3N DE FE<\/u><\/strong><\/span><\/p><p><span style=\"color: #000000;\">Primer y segundo curso de todos los ciclos -&gt;\u00a0\u00a0\u00a0\u00a0 Durante el <strong>1\u00ba trimestre <\/strong><span style=\"font-weight: var( --e-global-typography-text-font-weight );\">del curso acad\u00e9mico<\/span><\/span><\/p><\/div><hr \/><p style=\"text-align: center;\"><span style=\"color: #000000; font-size: 14pt;\"><strong><u>LOGSE : CAE y \u00d3ptica<\/u><\/strong><\/span><\/p><p><span style=\"color: #000000;\"><strong><u>RENUNCIA CONVOCATORIA ORDINARIA<\/u><\/strong><\/span><\/p><p><span style=\"font-weight: var( --e-global-typography-text-font-weight ); color: #000000;\">Primer curso-&gt; \u00a0\u00a0\u00a0\u00a0\u00a0\u00a0\u00a0\u00a0\u00a0\u00a0\u00a0\u00a0\u00a0\u00a0\u00a0\u00a0\u00a0\u00a0\u00a0\u00a0\u00a0\u00a0\u00a0\u00a0\u00a0\u00a0\u00a0\u00a0 Hasta 1\u00aa semana de <strong>mayo<\/strong>\u00a0del curso acad\u00e9mico<\/span><\/p><p><span style=\"color: #000000;\">Segundo curso -&gt; \u00a0\u00a0\u00a0\u00a0\u00a0\u00a0\u00a0\u00a0\u00a0\u00a0\u00a0\u00a0\u00a0\u00a0\u00a0\u00a0\u00a0\u00a0\u00a0\u00a0\u00a0\u00a0\u00a0 Hasta 1\u00aa semana de <strong>febrero<\/strong>\u00a0<span style=\"font-weight: var( --e-global-typography-text-font-weight );\">del curso acad\u00e9mico<\/span><\/span><\/p><p><span style=\"color: #000000;\"><strong><u>RENUNCIA CONVOCATORIA EXTRAORDINARIA<\/u><\/strong><\/span><\/p><p><span style=\"font-weight: var( --e-global-typography-text-font-weight ); color: #000000;\">Primer curso -&gt;\u00a0\u00a0\u00a0\u00a0\u00a0\u00a0\u00a0\u00a0\u00a0\u00a0\u00a0\u00a0\u00a0\u00a0\u00a0\u00a0\u00a0\u00a0\u00a0\u00a0\u00a0\u00a0\u00a0\u00a0\u00a0\u00a0\u00a0\u00a0\u00a0 Hasta finales de <strong>mayo<\/strong>\u00a0del curso acad\u00e9mico<\/span><\/p><p><span style=\"color: #000000;\">Segundo curso -&gt;\u00a0\u00a0\u00a0\u00a0\u00a0\u00a0\u00a0\u00a0\u00a0\u00a0\u00a0\u00a0\u00a0\u00a0\u00a0\u00a0\u00a0\u00a0\u00a0\u00a0\u00a0\u00a0\u00a0\u00a0 Hasta finales de <strong>mayo<\/strong>\u00a0<span style=\"font-weight: var( --e-global-typography-text-font-weight );\">del curso acad\u00e9mico<\/span><\/span><\/p><hr \/><p><span style=\"color: #000000;\"><strong><u>RENUNCIA FCT<\/u><\/strong><\/span><\/p><p><span style=\"color: #000000;\">Se puede realizar en cualquier momento, incluso iniciada la FCT <strong>por motivo justificado<\/strong>.<\/span><\/p><p><span style=\"color: #000000;\"><strong><u>EXENCI\u00d3N DE FCT<\/u><\/strong><\/span><\/p><p><span style=\"color: #000000;\">Se debe solicitar con una <strong>antelaci\u00f3n m\u00ednima de 30 d\u00edas h\u00e1biles al inicio<\/strong> previsto del per\u00edodo ordinario de realizaci\u00f3n de la FCT.<\/span><\/p><p>\u00a0<\/p>\t\t\t\t\t<\/div>\n\t\t\t\t\t\t<\/div>\n\t\t\t\t<\/div>\n\t\t\t\t\t\t<\/div>\n\t\t\t\t\t<\/div>\n\t\t<\/div>\n\t\t\t\t\t\t\t\t<\/div>\n\t\t\t\t\t<\/div>\n\t\t<\/section>\n\t\t\t\t\t\t<\/div>\n\t\t\t\t\t\t<\/div>\n\t\t\t\t\t<\/div>\n\t\t","protected":false},"excerpt":{"rendered":"<p>RESUMEN DE PLAZOS PARA LOS TR\u00c1MITES M\u00c1S HABITUALES RECONOCIMIENTO DE M\u00d3DULOS APROBADOS ANTERIORMENTE Primer y segundo curso -&gt;\u00a0\u00a0\u00a0\u00a0\u00a0\u00a0\u00a0\u00a0\u00a0 Durante el mes de septiembre\u00a0del curso acad\u00e9mico CONVALIDACI\u00d3N Primer y segundo curso -&gt; \u00a0\u00a0\u00a0\u00a0\u00a0\u00a0\u00a0\u00a0 Durante 3\u00aa semana septiembre y 1\u00aa de octubre\u00a0del curso acad\u00e9mico ANULACI\u00d3N DE MATR\u00cdCULA (EN SEMIPRESENCIAL TAMBI\u00c9N ANULACI\u00d3N POR M\u00d3DULOS) Primer curso -&gt; \u00a0\u00a0\u00a0\u00a0\u00a0\u00a0\u00a0\u00a0\u00a0\u00a0\u00a0\u00a0\u00a0\u00a0\u00a0\u00a0\u00a0\u00a0\u00a0\u00a0\u00a0\u00a0\u00a0\u00a0\u00a0\u00a0\u00a0&hellip;<\/p>\n","protected":false},"author":1,"featured_media":0,"parent":522,"menu_order":0,"comment_status":"closed","ping_status":"closed","template":"","meta":{"ngg_post_thumbnail":0},"_links":{"self":[{"href":"https:\/\/www.fpmislata.com\/wordpress\/wp-json\/wp\/v2\/pages\/958"}],"collection":[{"href":"https:\/\/www.fpmislata.com\/wordpress\/wp-json\/wp\/v2\/pages"}],"about":[{"href":"https:\/\/www.fpmislata.com\/wordpress\/wp-json\/wp\/v2\/types\/page"}],"author":[{"embeddable":true,"href":"https:\/\/www.fpmislata.com\/wordpress\/wp-json\/wp\/v2\/users\/1"}],"replies":[{"embeddable":true,"href":"https:\/\/www.fpmislata.com\/wordpress\/wp-json\/wp\/v2\/comments?post=958"}],"version-history":[{"count":69,"href":"https:\/\/www.fpmislata.com\/wordpress\/wp-json\/wp\/v2\/pages\/958\/revisions"}],"predecessor-version":[{"id":17683,"href":"https:\/\/www.fpmislata.com\/wordpress\/wp-json\/wp\/v2\/pages\/958\/revisions\/17683"}],"up":[{"embeddable":true,"href":"https:\/\/www.fpmislata.com\/wordpress\/wp-json\/wp\/v2\/pages\/522"}],"wp:attachment":[{"href":"https:\/\/www.fpmislata.com\/wordpress\/wp-json\/wp\/v2\/media?parent=958"}],"curies":[{"name":"wp","href":"https:\/\/api.w.org\/{rel}","templated":true}]}}